{"id":64492,"date":"2025-12-17T10:12:15","date_gmt":"2025-12-17T09:12:15","guid":{"rendered":"https:\/\/ayto.mutxamel.org\/eventos\/mascleta-nadalenca\/"},"modified":"2025-12-17T10:12:15","modified_gmt":"2025-12-17T09:12:15","slug":"mascleta-nadalenca","status":"publish","type":"mec-events","link":"https:\/\/ayto.mutxamel.org\/ca\/eventos\/mascleta-nadalenca\/","title":{"rendered":"Masclet\u00e1 nadalenca"},"content":{"rendered":"<p>El 24 de desembre, dia de Nit de Nadal, la pirot\u00e8cnia dels Germans Caballer disparen, a les 14.00 hores, una gran masclet\u00e0 en l&#8217;Avinguda d&#8217;Espanya. T&#8217;esperem.<\/p>\n","protected":false},"excerpt":{"rendered":"<p>El 24 de desembre, dia de Nit de Nadal, la pirot\u00e8cnia dels Germans Caballer disparen, a les 14.00 hores, una gran masclet\u00e0 en l&#8217;Avinguda d&#8217;Espanya. T&#8217;esperem.<\/p>\n","protected":false},"author":12,"featured_media":64449,"comment_status":"closed","ping_status":"closed","template":"","tags":[],"mec_category":[16],"class_list":["post-64492","mec-events","type-mec-events","status-publish","has-post-thumbnail","hentry","mec_category-festes"],"acf":[],"yoast_head":"<!-- This site is optimized with the Yoast SEO plugin v27.3 - https:\/\/yoast.com\/product\/yoast-seo-wordpress\/ -->\n<title>Masclet\u00e1 nadalenca - Ayuntamiento de Mutxamel<\/title>\n<meta name=\"robots\" content=\"index, follow, max-snippet:-1, max-image-preview:large, max-video-preview:-1\" \/>\n<link rel=\"canonical\" href=\"https:\/\/ayto.mutxamel.org\/ca\/eventos\/mascleta-nadalenca\/\" \/>\n<meta property=\"og:locale\" content=\"ca_ES\" \/>\n<meta property=\"og:type\" content=\"article\" \/>\n<meta property=\"og:title\" content=\"Masclet\u00e1 nadalenca - Ayuntamiento de Mutxamel\" \/>\n<meta property=\"og:description\" content=\"El 24 de desembre, dia de Nit de Nadal, la pirot\u00e8cnia dels Germans Caballer disparen, a les 14.00 hores, una gran masclet\u00e0 en l&#8217;Avinguda d&#8217;Espanya. T&#8217;esperem.\" \/>\n<meta property=\"og:url\" content=\"https:\/\/ayto.mutxamel.org\/ca\/eventos\/mascleta-nadalenca\/\" \/>\n<meta property=\"og:site_name\" content=\"Ayuntamiento de Mutxamel\" \/>\n<meta property=\"og:image\" content=\"https:\/\/ayto.mutxamel.org\/wp-content\/uploads\/2025\/12\/3-scaled.png\" \/>\n\t<meta property=\"og:image:width\" content=\"1357\" \/>\n\t<meta property=\"og:image:height\" content=\"1920\" \/>\n\t<meta property=\"og:image:type\" content=\"image\/png\" \/>\n<meta name=\"twitter:card\" content=\"summary_large_image\" \/>\n<script type=\"application\/ld+json\" class=\"yoast-schema-graph\">{\"@context\":\"https:\\\/\\\/schema.org\",\"@graph\":[{\"@type\":\"WebPage\",\"@id\":\"https:\\\/\\\/ayto.mutxamel.org\\\/ca\\\/eventos\\\/mascleta-nadalenca\\\/\",\"url\":\"https:\\\/\\\/ayto.mutxamel.org\\\/ca\\\/eventos\\\/mascleta-nadalenca\\\/\",\"name\":\"Masclet\u00e1 nadalenca - Ayuntamiento de Mutxamel\",\"isPartOf\":{\"@id\":\"https:\\\/\\\/ayto.mutxamel.org\\\/ca\\\/#website\"},\"primaryImageOfPage\":{\"@id\":\"https:\\\/\\\/ayto.mutxamel.org\\\/ca\\\/eventos\\\/mascleta-nadalenca\\\/#primaryimage\"},\"image\":{\"@id\":\"https:\\\/\\\/ayto.mutxamel.org\\\/ca\\\/eventos\\\/mascleta-nadalenca\\\/#primaryimage\"},\"thumbnailUrl\":\"https:\\\/\\\/ayto.mutxamel.org\\\/wp-content\\\/uploads\\\/2025\\\/12\\\/3-scaled.png\",\"datePublished\":\"2025-12-17T09:12:15+00:00\",\"breadcrumb\":{\"@id\":\"https:\\\/\\\/ayto.mutxamel.org\\\/ca\\\/eventos\\\/mascleta-nadalenca\\\/#breadcrumb\"},\"inLanguage\":\"ca\",\"potentialAction\":[{\"@type\":\"ReadAction\",\"target\":[\"https:\\\/\\\/ayto.mutxamel.org\\\/ca\\\/eventos\\\/mascleta-nadalenca\\\/\"]}]},{\"@type\":\"ImageObject\",\"inLanguage\":\"ca\",\"@id\":\"https:\\\/\\\/ayto.mutxamel.org\\\/ca\\\/eventos\\\/mascleta-nadalenca\\\/#primaryimage\",\"url\":\"https:\\\/\\\/ayto.mutxamel.org\\\/wp-content\\\/uploads\\\/2025\\\/12\\\/3-scaled.png\",\"contentUrl\":\"https:\\\/\\\/ayto.mutxamel.org\\\/wp-content\\\/uploads\\\/2025\\\/12\\\/3-scaled.png\",\"width\":1357,\"height\":1920},{\"@type\":\"BreadcrumbList\",\"@id\":\"https:\\\/\\\/ayto.mutxamel.org\\\/ca\\\/eventos\\\/mascleta-nadalenca\\\/#breadcrumb\",\"itemListElement\":[{\"@type\":\"ListItem\",\"position\":1,\"name\":\"Portada\",\"item\":\"https:\\\/\\\/ayto.mutxamel.org\\\/ca\\\/\"},{\"@type\":\"ListItem\",\"position\":2,\"name\":\"Events\",\"item\":\"https:\\\/\\\/ayto.mutxamel.org\\\/ca\\\/eventos\\\/\"},{\"@type\":\"ListItem\",\"position\":3,\"name\":\"Masclet\u00e1 nadalenca\"}]},{\"@type\":\"WebSite\",\"@id\":\"https:\\\/\\\/ayto.mutxamel.org\\\/ca\\\/#website\",\"url\":\"https:\\\/\\\/ayto.mutxamel.org\\\/ca\\\/\",\"name\":\"Ayuntamiento de Mutxamel\",\"description\":\"\",\"potentialAction\":[{\"@type\":\"SearchAction\",\"target\":{\"@type\":\"EntryPoint\",\"urlTemplate\":\"https:\\\/\\\/ayto.mutxamel.org\\\/ca\\\/?s={search_term_string}\"},\"query-input\":{\"@type\":\"PropertyValueSpecification\",\"valueRequired\":true,\"valueName\":\"search_term_string\"}}],\"inLanguage\":\"ca\"}]}<\/script>\n<!-- \/ Yoast SEO plugin. -->","yoast_head_json":{"title":"Masclet\u00e1 nadalenca - Ayuntamiento de Mutxamel","robots":{"index":"index","follow":"follow","max-snippet":"max-snippet:-1","max-image-preview":"max-image-preview:large","max-video-preview":"max-video-preview:-1"},"canonical":"https:\/\/ayto.mutxamel.org\/ca\/eventos\/mascleta-nadalenca\/","og_locale":"ca_ES","og_type":"article","og_title":"Masclet\u00e1 nadalenca - Ayuntamiento de Mutxamel","og_description":"El 24 de desembre, dia de Nit de Nadal, la pirot\u00e8cnia dels Germans Caballer disparen, a les 14.00 hores, una gran masclet\u00e0 en l&#8217;Avinguda d&#8217;Espanya. T&#8217;esperem.","og_url":"https:\/\/ayto.mutxamel.org\/ca\/eventos\/mascleta-nadalenca\/","og_site_name":"Ayuntamiento de Mutxamel","og_image":[{"width":1357,"height":1920,"url":"https:\/\/ayto.mutxamel.org\/wp-content\/uploads\/2025\/12\/3-scaled.png","type":"image\/png"}],"twitter_card":"summary_large_image","schema":{"@context":"https:\/\/schema.org","@graph":[{"@type":"WebPage","@id":"https:\/\/ayto.mutxamel.org\/ca\/eventos\/mascleta-nadalenca\/","url":"https:\/\/ayto.mutxamel.org\/ca\/eventos\/mascleta-nadalenca\/","name":"Masclet\u00e1 nadalenca - Ayuntamiento de Mutxamel","isPartOf":{"@id":"https:\/\/ayto.mutxamel.org\/ca\/#website"},"primaryImageOfPage":{"@id":"https:\/\/ayto.mutxamel.org\/ca\/eventos\/mascleta-nadalenca\/#primaryimage"},"image":{"@id":"https:\/\/ayto.mutxamel.org\/ca\/eventos\/mascleta-nadalenca\/#primaryimage"},"thumbnailUrl":"https:\/\/ayto.mutxamel.org\/wp-content\/uploads\/2025\/12\/3-scaled.png","datePublished":"2025-12-17T09:12:15+00:00","breadcrumb":{"@id":"https:\/\/ayto.mutxamel.org\/ca\/eventos\/mascleta-nadalenca\/#breadcrumb"},"inLanguage":"ca","potentialAction":[{"@type":"ReadAction","target":["https:\/\/ayto.mutxamel.org\/ca\/eventos\/mascleta-nadalenca\/"]}]},{"@type":"ImageObject","inLanguage":"ca","@id":"https:\/\/ayto.mutxamel.org\/ca\/eventos\/mascleta-nadalenca\/#primaryimage","url":"https:\/\/ayto.mutxamel.org\/wp-content\/uploads\/2025\/12\/3-scaled.png","contentUrl":"https:\/\/ayto.mutxamel.org\/wp-content\/uploads\/2025\/12\/3-scaled.png","width":1357,"height":1920},{"@type":"BreadcrumbList","@id":"https:\/\/ayto.mutxamel.org\/ca\/eventos\/mascleta-nadalenca\/#breadcrumb","itemListElement":[{"@type":"ListItem","position":1,"name":"Portada","item":"https:\/\/ayto.mutxamel.org\/ca\/"},{"@type":"ListItem","position":2,"name":"Events","item":"https:\/\/ayto.mutxamel.org\/ca\/eventos\/"},{"@type":"ListItem","position":3,"name":"Masclet\u00e1 nadalenca"}]},{"@type":"WebSite","@id":"https:\/\/ayto.mutxamel.org\/ca\/#website","url":"https:\/\/ayto.mutxamel.org\/ca\/","name":"Ayuntamiento de Mutxamel","description":"","potentialAction":[{"@type":"SearchAction","target":{"@type":"EntryPoint","urlTemplate":"https:\/\/ayto.mutxamel.org\/ca\/?s={search_term_string}"},"query-input":{"@type":"PropertyValueSpecification","valueRequired":true,"valueName":"search_term_string"}}],"inLanguage":"ca"}]}},"_links":{"self":[{"href":"https:\/\/ayto.mutxamel.org\/ca\/wp-json\/wp\/v2\/mec-events\/64492","targetHints":{"allow":["GET"]}}],"collection":[{"href":"https:\/\/ayto.mutxamel.org\/ca\/wp-json\/wp\/v2\/mec-events"}],"about":[{"href":"https:\/\/ayto.mutxamel.org\/ca\/wp-json\/wp\/v2\/types\/mec-events"}],"author":[{"embeddable":true,"href":"https:\/\/ayto.mutxamel.org\/ca\/wp-json\/wp\/v2\/users\/12"}],"replies":[{"embeddable":true,"href":"https:\/\/ayto.mutxamel.org\/ca\/wp-json\/wp\/v2\/comments?post=64492"}],"wp:featuredmedia":[{"embeddable":true,"href":"https:\/\/ayto.mutxamel.org\/ca\/wp-json\/wp\/v2\/media\/64449"}],"wp:attachment":[{"href":"https:\/\/ayto.mutxamel.org\/ca\/wp-json\/wp\/v2\/media?parent=64492"}],"wp:term":[{"taxonomy":"post_tag","embeddable":true,"href":"https:\/\/ayto.mutxamel.org\/ca\/wp-json\/wp\/v2\/tags?post=64492"},{"taxonomy":"mec_category","embeddable":true,"href":"https:\/\/ayto.mutxamel.org\/ca\/wp-json\/wp\/v2\/mec_category?post=64492"}],"curies":[{"name":"wp","href":"https:\/\/api.w.org\/{rel}","templated":true}]}}