{"id":53572,"date":"2025-02-03T12:59:34","date_gmt":"2025-02-03T11:59:34","guid":{"rendered":"https:\/\/ayto.mutxamel.org\/area\/pla-dactuacio-integrat\/"},"modified":"2025-02-06T13:31:07","modified_gmt":"2025-02-06T12:31:07","slug":"pla-dactuacio-integrat","status":"publish","type":"area","link":"https:\/\/ayto.mutxamel.org\/ca\/area\/pla-dactuacio-integrat\/","title":{"rendered":"Pla d\u00b4Actuaci\u00f3 Integrat"},"content":{"rendered":"<section class=\"l-section wpb_row us_custom_9d1e26d6 height_medium width_full color_alternate with_img\"><div class=\"l-section-img\" role=\"img\" aria-label=\"PAI\" data-img-width=\"1400\" data-img-height=\"536\" style=\"background-image: url(https:\/\/ayto.mutxamel.org\/wp-content\/uploads\/2025\/02\/banner-PAI-val.jpg);background-repeat: no-repeat;\"><\/div><div class=\"l-section-overlay\" style=\"background:rgba(100,127,51,0.35)\"><\/div><div class=\"l-section-h i-cf\"><div class=\"g-cols vc_row via_grid cols_1 laptops-cols_inherit tablets-cols_inherit mobiles-cols_1 valign_top type_default stacking_default\" style=\"--columns-gap:1rem;\"><div class=\"wpb_column vc_column_container\"><div class=\"vc_column-inner\"><div class=\"w-image align_center\"><div class=\"w-image-h\"><img decoding=\"async\" width=\"600\" height=\"400\" src=\"https:\/\/ayto.mutxamel.org\/wp-content\/uploads\/2025\/02\/PAI-solo-fondo.png\" class=\"attachment-us_600_400 size-us_600_400\" alt=\"pai\" loading=\"lazy\" srcset=\"https:\/\/ayto.mutxamel.org\/wp-content\/uploads\/2025\/02\/PAI-solo-fondo.png 600w, https:\/\/ayto.mutxamel.org\/wp-content\/uploads\/2025\/02\/PAI-solo-fondo-300x200.png 300w, https:\/\/ayto.mutxamel.org\/wp-content\/uploads\/2025\/02\/PAI-solo-fondo-391x260.png 391w\" sizes=\"auto, (max-width: 600px) 100vw, 600px\" \/><\/div><\/div><\/div><\/div><\/div><\/div><\/section><section class=\"l-section wpb_row us_custom_d8087e8f hidden height_medium width_full color_alternate\"><div class=\"l-section-overlay\" style=\"background:rgba(100,127,51,0.35)\"><\/div><div class=\"l-section-h i-cf\"><div class=\"g-cols vc_row via_grid cols_1 laptops-cols_inherit tablets-cols_inherit mobiles-cols_1 valign_top type_default stacking_default\" style=\"--columns-gap:1rem;\"><div class=\"wpb_column vc_column_container\"><div class=\"vc_column-inner\"><div id=\"ultimate-heading-914269f203353a5b5\" class=\"uvc-heading ult-adjust-bottom-margin ultimate-heading-914269f203353a5b5 uvc-9711 mays\" data-hspacer=\"no_spacer\"  data-halign=\"center\" style=\"text-align:center\"><div class=\"uvc-heading-spacer no_spacer\" style=\"top\"><\/div><div class=\"uvc-main-heading ult-responsive\"  data-ultimate-target='.uvc-heading.ultimate-heading-914269f203353a5b5 h1'  data-responsive-json-new='{\"font-size\":\"\",\"line-height\":\"\"}' ><h1 style=\"font-family:&#039;Lato&#039;;font-weight:300;color:#ffffff;\">Pla d'Actuaci\u00f3 Integrat (PAI)<\/h1><\/div><\/div><\/div><\/div><\/div><\/div><\/section><section class=\"l-section wpb_row us_custom_78eeb0de hide_on_default hide_on_laptops hide_on_tablets hide_on_mobiles height_auto\"><div class=\"l-section-h i-cf\"><div class=\"g-cols vc_row via_grid cols_1 laptops-cols_inherit tablets-cols_inherit mobiles-cols_1 valign_middle type_default stacking_default\"><div class=\"wpb_column vc_column_container\"><div class=\"vc_column-inner\"><div class=\"w-grid us_grid us_custom_ed79db5d has_text_color type_grid layout_25217 cols_3 preload_style_spinner\" id=\"us_grid_1\" style=\"--columns:3;--gap:0rem;\"><style>@media (max-width:1024px){#us_grid_1{--columns:2!important}}@media (max-width:600px){#us_grid_1{--columns:1!important}}.layout_25217 .w-grid-item-h{background:#cbe0d4}.layout_25217 .usg_post_title_1{transition-duration:0.3s;transform-origin:50% 50%;transform:scale(1) translate(0%,0%)}.layout_25217 .w-grid-item-h:focus-within .usg_post_title_1,.layout_25217 .w-grid-item-h:hover .usg_post_title_1{transform:scale(1) translate(0%,0%);opacity:0.6}.layout_25217 .usg_hwrapper_1{text-align:center!important;padding-top:12px!important;padding-bottom:12px!important;border-left-width:0.5px!important;border-right-width:0.5px!important;border-color:#a7c7b5!important;background:#cbe0d4!important}.layout_25217 .usg_post_title_1{color:#2a5c41!important;text-align:center!important;font-size:0.78rem!important;line-height:0.92rem!important;text-transform:uppercase!important;width:100%!important;height:100%!important;margin-left:-0.5px!important;margin-right:-0.5px!important;border-left-width:1px!important;border-right-width:1px!important;border-color:#a7c7b5!important;border-right-style:solid!important;border-left-style:solid!important;background:#cbe0d4!important}<\/style><div class=\"w-grid-list\">\t<article class=\"w-grid-item size_1x1 post-43227 area type-area status-publish hentry categoria_area-medi-ambient\" data-id=\"43227\">\r\n\t\t<div class=\"w-grid-item-h\">\r\n\t\t\t\t\t\t<div class=\"w-hwrapper usg_hwrapper_1 menu_subarea align_center valign_middle wrap stack_on_mobiles\" style=\"--hwrapper-gap:0px\"><span class=\"w-post-elm post_title usg_post_title_1 has_text_color align_center entry-title color_link_inherit\"><a href=\"https:\/\/ayto.mutxamel.org\/ca\/area\/sostenibilitat-ambiental\/accions-de-sensibilitzacio-ambiental\/\">Accions de sensibilitzaci\u00f3 ambiental<\/a><\/span><\/div>\t\t<\/div>\r\n\t\t\t<\/article>\r\n\t<article class=\"w-grid-item size_1x1 post-35040 area type-area status-publish hentry categoria_area-medi-ambient\" data-id=\"35040\">\r\n\t\t<div class=\"w-grid-item-h\">\r\n\t\t\t\t\t\t<div class=\"w-hwrapper usg_hwrapper_1 menu_subarea align_center valign_middle wrap stack_on_mobiles\" style=\"--hwrapper-gap:0px\"><span class=\"w-post-elm post_title usg_post_title_1 has_text_color align_center entry-title color_link_inherit\"><a href=\"https:\/\/ayto.mutxamel.org\/ca\/area\/sostenibilitat-ambiental\/paratge-natural-municipal-bec-de-laguila\/\">Paratge Natural Municipal Bec de L\u00b4\u00c0guila<\/a><\/span><\/div>\t\t<\/div>\r\n\t\t\t<\/article>\r\n\t<article class=\"w-grid-item size_1x1 post-37488 area type-area status-publish hentry categoria_area-medi-ambient\" data-id=\"37488\">\r\n\t\t<div class=\"w-grid-item-h\">\r\n\t\t\t\t\t\t<div class=\"w-hwrapper usg_hwrapper_1 menu_subarea align_center valign_middle wrap stack_on_mobiles\" style=\"--hwrapper-gap:0px\"><span class=\"w-post-elm post_title usg_post_title_1 has_text_color align_center entry-title color_link_inherit\"><a href=\"https:\/\/ayto.mutxamel.org\/ca\/area\/sostenibilitat-ambiental\/dusi-mutxamel\/\">EDUCACI\u00d3 I SENSIBILITZACI\u00d3 AMBIENTAL<\/a><\/span><\/div>\t\t<\/div>\r\n\t\t\t<\/article>\r\n\t<article class=\"w-grid-item size_1x1 post-37483 area type-area status-publish hentry categoria_area-medi-ambient\" data-id=\"37483\">\r\n\t\t<div class=\"w-grid-item-h\">\r\n\t\t\t\t\t\t<div class=\"w-hwrapper usg_hwrapper_1 menu_subarea align_center valign_middle wrap stack_on_mobiles\" style=\"--hwrapper-gap:0px\"><span class=\"w-post-elm post_title usg_post_title_1 has_text_color align_center entry-title color_link_inherit\"><a href=\"https:\/\/ayto.mutxamel.org\/ca\/area\/sostenibilitat-ambiental\/pmus\/\">PMUS<\/a><\/span><\/div>\t\t<\/div>\r\n\t\t\t<\/article>\r\n\t<article class=\"w-grid-item size_1x1 post-37476 area type-area status-publish hentry categoria_area-medi-ambient\" data-id=\"37476\">\r\n\t\t<div class=\"w-grid-item-h\">\r\n\t\t\t\t\t\t<div class=\"w-hwrapper usg_hwrapper_1 menu_subarea align_center valign_middle wrap stack_on_mobiles\" style=\"--hwrapper-gap:0px\"><span class=\"w-post-elm post_title usg_post_title_1 has_text_color align_center entry-title color_link_inherit\"><a href=\"https:\/\/ayto.mutxamel.org\/ca\/area\/sostenibilitat-ambiental\/agenda-urbana-2030\/\">AGENDA URBANA 2030<\/a><\/span><\/div>\t\t<\/div>\r\n\t\t\t<\/article>\r\n\t<article class=\"w-grid-item size_1x1 post-37470 area type-area status-publish hentry categoria_area-medi-ambient\" data-id=\"37470\">\r\n\t\t<div class=\"w-grid-item-h\">\r\n\t\t\t\t\t\t<div class=\"w-hwrapper usg_hwrapper_1 menu_subarea align_center valign_middle wrap stack_on_mobiles\" style=\"--hwrapper-gap:0px\"><span class=\"w-post-elm post_title usg_post_title_1 has_text_color align_center entry-title color_link_inherit\"><a href=\"https:\/\/ayto.mutxamel.org\/ca\/area\/sostenibilitat-ambiental\/plans-mediambientals\/\">PLANS MEDIAMBIENTALS<\/a><\/span><\/div>\t\t<\/div>\r\n\t\t\t<\/article>\r\n\t<article class=\"w-grid-item size_1x1 post-37467 area type-area status-publish hentry categoria_area-medi-ambient\" data-id=\"37467\">\r\n\t\t<div class=\"w-grid-item-h\">\r\n\t\t\t\t\t\t<div class=\"w-hwrapper usg_hwrapper_1 menu_subarea align_center valign_middle wrap stack_on_mobiles\" style=\"--hwrapper-gap:0px\"><span class=\"w-post-elm post_title usg_post_title_1 has_text_color align_center entry-title color_link_inherit\"><a href=\"https:\/\/ayto.mutxamel.org\/ca\/area\/sostenibilitat-ambiental\/rutes-senderisme\/\">RUTES SENDERISME<\/a><\/span><\/div>\t\t<\/div>\r\n\t\t\t<\/article>\r\n\t<article class=\"w-grid-item size_1x1 post-49449 area type-area status-publish hentry categoria_area-medi-ambient\" data-id=\"49449\">\r\n\t\t<div class=\"w-grid-item-h\">\r\n\t\t\t\t\t\t<div class=\"w-hwrapper usg_hwrapper_1 menu_subarea align_center valign_middle wrap stack_on_mobiles\" style=\"--hwrapper-gap:0px\"><span class=\"w-post-elm post_title usg_post_title_1 has_text_color align_center entry-title color_link_inherit\"><a href=\"https:\/\/ayto.mutxamel.org\/ca\/area\/sostenibilitat-ambiental\/biodiversitat\/\">BIODIVERSITAT<\/a><\/span><\/div>\t\t<\/div>\r\n\t\t\t<\/article>\r\n<\/div>\t<div class=\"w-grid-preloader\">\r\n\t\t<div class=\"g-preloader type_1\">\r\n\t\t\t<div><\/div>\r\n\t\t<\/div>\r\n\t<\/div>\r\n\t\t<div class=\"w-grid-json hidden\" onclick='return {&quot;action&quot;:&quot;us_ajax_grid&quot;,&quot;infinite_scroll&quot;:0,&quot;max_num_pages&quot;:1,&quot;pagination&quot;:&quot;none&quot;,&quot;template_vars&quot;:{&quot;columns&quot;:&quot;3&quot;,&quot;exclude_items&quot;:&quot;none&quot;,&quot;img_size&quot;:&quot;default&quot;,&quot;ignore_items_size&quot;:0,&quot;items_layout&quot;:&quot;25217&quot;,&quot;items_offset&quot;:&quot;1&quot;,&quot;load_animation&quot;:&quot;none&quot;,&quot;overriding_link&quot;:&quot;%7B%22type%22%3A%22custom_field%22%2C%22custom_field%22%3A%22us_tile_link%22%7D&quot;,&quot;post_id&quot;:53566,&quot;query_args&quot;:{&quot;ignore_sticky_posts&quot;:1,&quot;post_type&quot;:&quot;any&quot;,&quot;post__in&quot;:[&quot;43221&quot;,&quot;35015&quot;,&quot;29597&quot;,&quot;29592&quot;,&quot;29580&quot;,&quot;29576&quot;,&quot;29564&quot;,&quot;49447&quot;],&quot;posts_per_page&quot;:&quot;18&quot;},&quot;orderby_query_args&quot;:{&quot;orderby&quot;:{&quot;post__in&quot;:&quot;ASC&quot;},&quot;order&quot;:&quot;ASC&quot;},&quot;type&quot;:&quot;grid&quot;,&quot;us_grid_post_type&quot;:&quot;ids&quot;,&quot;us_grid_ajax_index&quot;:1,&quot;us_grid_filter_query_string&quot;:null,&quot;us_grid_index&quot;:1,&quot;page_args&quot;:[],&quot;lang&quot;:&quot;ca&quot;}}'><\/div>\r\n\t<\/div><\/div><\/div><\/div><\/div><\/section><!-- Row Backgrounds --><div class=\"upb_color\" data-bg-override=\"0\" data-bg-color=\"rgba(112,165,136,0.36)\" data-fadeout=\"\" data-fadeout-percentage=\"30\" data-parallax-content=\"\" data-parallax-content-sense=\"30\" data-row-effect-mobile-disable=\"true\" data-img-parallax-mobile-disable=\"true\" data-rtl=\"false\"  data-custom-vc-row=\"\"  data-vc=\"8.7.2\"  data-is_old_vc=\"\"  data-theme-support=\"\"   data-overlay=\"false\" data-overlay-color=\"\" data-overlay-pattern=\"\" data-overlay-pattern-opacity=\"\" data-overlay-pattern-size=\"\"    ><\/div><section class=\"l-section wpb_row height_auto\" id=\"mtxcontent\"><div class=\"l-section-h i-cf\"><div class=\"g-cols vc_row via_grid cols_1 laptops-cols_inherit tablets-cols_inherit mobiles-cols_1 valign_top type_default stacking_default\"><div class=\"wpb_column vc_column_container\"><div class=\"vc_column-inner\"><div class=\"wpb_text_column us_custom_dbce126d\"><div class=\"wpb_wrapper\"><nav aria-label=\"breadcrumbs\">\n            <div class=\"breadcrumb-container theme1\">\n                <ol>\n                                    <\/ol>\n            <\/div>\n        <\/nav>    <script type=\"application\/ld+json\">\n        {\n            \"@context\": \"http:\/\/schema.org\",\n            \"@type\": \"BreadcrumbList\",\n            \"itemListElement\": [\n                            ]\n        }\n    <\/script>\n   \n    <script>\n            <\/script>\n\n<\/div><\/div><\/div><\/div><\/div><\/div><\/section><!-- Row Backgrounds --><div class=\"upb_color\" data-bg-override=\"0\" data-bg-color=\"#eeeeee\" data-fadeout=\"\" data-fadeout-percentage=\"30\" data-parallax-content=\"\" data-parallax-content-sense=\"30\" data-row-effect-mobile-disable=\"true\" data-img-parallax-mobile-disable=\"true\" data-rtl=\"false\"  data-custom-vc-row=\"\"  data-vc=\"8.7.2\"  data-is_old_vc=\"\"  data-theme-support=\"\"   data-overlay=\"false\" data-overlay-color=\"\" data-overlay-pattern=\"\" data-overlay-pattern-opacity=\"\" data-overlay-pattern-size=\"\"    ><\/div>\n\n<section class=\"l-section wpb_row height_small\"><div class=\"l-section-h i-cf\"><div class=\"g-cols vc_row via_grid cols_1 laptops-cols_inherit tablets-cols_inherit mobiles-cols_1 valign_top type_default stacking_default\"><div class=\"wpb_column vc_column_container\"><div class=\"vc_column-inner\"><div class=\"w-hwrapper valign_middle wrap stack_on_mobiles align_justify\"><div class=\"w-btn-wrapper align_left\"><a class=\"w-btn us-btn-style_4 us_custom_7c8a154e has_text_color icon_atleft\" href=\"..\/\"><i class=\"fas fa-angle-left\"><\/i><span class=\"w-btn-label\">Tornar<\/span><\/a><\/div><h1 class=\"w-post-elm post_title us_custom_03c49996 has_text_color align_center entry-title\">BIODIVERSITAT<\/h1><div class=\"w-html\"><span><\/span><\/div><\/div><\/div><\/div><\/div><\/div><\/section>\n<section class=\"l-section wpb_row height_small\"><div class=\"l-section-h i-cf\"><div class=\"g-cols vc_row via_grid cols_1 laptops-cols_inherit tablets-cols_inherit mobiles-cols_1 valign_top type_default stacking_default\"><div class=\"wpb_column vc_column_container\"><div class=\"vc_column-inner\"><div class=\"g-cols wpb_row via_grid cols_1 laptops-cols_inherit tablets-cols_inherit mobiles-cols_1 valign_top type_default stacking_default\" style=\"--columns-gap:3rem;\"><div class=\"wpb_column vc_column_container\"><div class=\"vc_column-inner\"><div class=\"wpb_text_column us_custom_7e53051d linkext\"><div class=\"wpb_wrapper\"><p>L&#8217;Ajuntament de Mutxamel va presentar en l&#8217;anterior per\u00edode del Fons Europeu de Desenrotllament Regional (2014-2020) dos projectes EDUSI. Estos projectes d&#8217;Estrat\u00e8gia de Desenrotllament Urb\u00e0 Sostenible i Integrat, eren iniciatives finan\u00e7ades amb fons europeus per a millorar aspectes com la sostenibilitat, l&#8217;efic\u00e0cia energ\u00e8tica o la inclusi\u00f3 social en ciutats i municipis. Actualment, li han pres el relleu els PAI (Pla d&#8217;Actuaci\u00f3 Integrat), per a l&#8217;actual per\u00edode 2021-2027.<\/p>\n<p>Malgrat haver sol\u00b7licitat sengles projectes en els plens extraordinaris de desembre de 2016 i novembre de 2017, el municipi no va obtindre els fons per a poder dur-los a terme. No obstant aix\u00f2, aix\u00f2 no ha frenat a l&#8217;Ajuntament de Mutxamel en la feina de casa i ha realitzat plans i projectes estrat\u00e8gics com l&#8217;Agenda Urbana o el Pla de Mobilitat Urbana Sostenible.<\/p>\n<p>Des del govern municipal, tenint en compte la publicaci\u00f3 de la convocat\u00f2ria de fons per a la realitzaci\u00f3 dels PAI i, considerant que durant el per\u00edode pressupostari 2021-2027 \u00fanicament hi haur\u00e0 una oportunitat per a presentar-se, es pret\u00e9n elaborar un pla d&#8217;actuaci\u00f3 per a optar al finan\u00e7ament dels projectes estrat\u00e8gics a trav\u00e9s d&#8217;estos fons.<\/p>\n<p>La Convocat\u00f2ria per a l&#8217;assignaci\u00f3 de senda financera FEDER als PAI, amb c\u00e0rrec als mateixos fons FEDER (2021-2027), es va aprovar el 30 de desembre de 2024, amb la seua publicaci\u00f3 en el Bolet\u00edn Oficial del Estado. Com una evoluci\u00f3 dels EDUSI, estos Plans d&#8217;Actuaci\u00f3 Integrats se centren en l&#8217;objectiu de fomentar el desenrotllament sostenible i integrat de les \u00e0rees urbanes i rurals, fomentant tamb\u00e9 el desenrotllament social, econ\u00f2mic i mediambiental amb propostes i iniciatives locals.<\/p>\n<p>L&#8217;Ajuntament de Mutxamel, en sessi\u00f3 plen\u00e0ria del 22 de desembre de 2022 va aprovar la <a href=\"https:\/\/ayto.mutxamel.org\/ca\/area\/sostenibilitat-ambiental\/agenda-urbana-2030\/\">\u2018Agenda Urbana 2030 de l&#8217;Ajuntament de Mutxamel\u2019<\/a>. Esta Agenda Urbana compta amb 8 l\u00ednies d&#8217;actuaci\u00f3, alineades amb els objeticos estrat\u00e8gics de l&#8217;Agenda Urbana Espanyola i amb els Objectius de Desenrotllament Sostenible de l&#8217;Agenda 2030 de les Nacions Unides. Estes l\u00ednies estrat\u00e8giques s\u00f3n:<\/p>\n<ul>\n<li>LA.01 MUTXAMEL, GARANT DEL PATRIMONI.<\/li>\n<li>LA.02 MUTXAMEL, MOBILITAT URBANA, SOSTENIBLE I ACCESSIBLE.<\/li>\n<li>LA.03 EFICI\u00c8NCIA I SOSTENIBILITAT ENERG\u00c8TICA.<\/li>\n<li>LA.04 ENTORN URBANO I INFRAESTRUCTURES VERDES<\/li>\n<li>LA.05 MUTXAMEL, CIUTAT INTEL\u00b7LIGENT I ADMINISTRACI\u00d3 ELECTR\u00d2NICA.<\/li>\n<li>LA.06 MUTXAMEL, CIUTAT EN DESENROTLLAMENT I CREIXEMENT SOSTENIBLE.<\/li>\n<li>LA.07 MUTXAMEL PARTICIPATIVA I CAPACITADA.<\/li>\n<li>LA.08 MUTXAMEL, CIUTAT ACCESSIBLE, INCLUSIVA I SOLID\u00c0RIA.<\/li>\n<\/ul>\n<p>Totes les Agendes Urbanes desenrotllats sota la metodologia de l&#8217;Agenda Urbana Espanyola es consideren, a l&#8217;efecte d&#8217;esta convocat\u00f2ria, com a Pla d&#8217;Actuaci\u00f3 Integrat (PAI). Aix\u00ed mateix, es destaca que Mutxamel compta amb 27.761 habitants (INE, 2024), classificant-se com una ciutat interm\u00e8dia, per la qual cosa pot optar a presentar un projecte de Pla d&#8217;Actuaci\u00f3 Integrat de fins a 15 milions d&#8217;euros, segons l&#8217;Orde HAC\/1072\/2024 publicada en el BOE n\u00fam. 242, de 7 d&#8217;octubre de 2024.<\/p>\n<p>L&#8217;objectiu ser\u00e0 fomentar el desenrotllament sostenible i integrat de les \u00e0rees urbanes, des d&#8217;una triple perspectiva: millorar la dimensi\u00f3 f\u00edsica i mediambiental, millorar la dimensi\u00f3 econ\u00f2mica i la competitivitat, i millorar la dimensi\u00f3 social d&#8217;estos territoris.<\/p>\n<p>Les actuacions contemplades en el PAI han d&#8217;emmarcar-se dins de les seg\u00fcents tipologies:<\/p>\n<ul>\n<li>Tipus d&#8217;acci\u00f3 1 &#8211; Digital i dinamitzaci\u00f3 econ\u00f2mica<\/li>\n<li>Tipus d&#8217;acci\u00f3 2 &#8211; Energia i Medi Ambient<\/li>\n<li>Tipus d&#8217;acci\u00f3 3 &#8211; Inclusi\u00f3 Social<\/li>\n<li>Tipus d&#8217;acci\u00f3 4 &#8211; Patrimoni, Turisme i Cultura<\/li>\n<\/ul>\n<\/div><\/div><div class=\"w-separator size_medium with_line width_default thick_1 style_solid color_border align_center\"><div class=\"w-separator-h\"><\/div><\/div><\/div><\/div><\/div><div class=\"g-cols wpb_row via_grid cols_2-1 laptops-cols_inherit tablets-cols_inherit mobiles-cols_1 valign_top type_default stacking_default\" style=\"--columns-gap:3rem;\"><div class=\"wpb_column vc_column_container\"><div class=\"vc_column-inner\"><div id=\"ultimate-heading-24069f2033547bd2\" class=\"uvc-heading ult-adjust-bottom-margin ultimate-heading-24069f2033547bd2 uvc-6763 mays\" data-hspacer=\"no_spacer\"  data-halign=\"left\" style=\"text-align:left\"><div class=\"uvc-heading-spacer no_spacer\" style=\"top\"><\/div><div class=\"uvc-main-heading ult-responsive\"  data-ultimate-target='.uvc-heading.ultimate-heading-24069f2033547bd2 h2'  data-responsive-json-new='{\"font-size\":\"desktop:24px;tablet:21px;tablet_portrait:18px;mobile_landscape:16px;mobile:16px;\",\"line-height\":\"\"}' ><h2 style=\"font-family:&#039;Lato&#039;;font-weight:700;margin-top:36px;margin-bottom:28px;\">Enquesta PAI<\/h2><\/div><\/div><div class=\"wpb_text_column us_custom_7e53051d linkext\"><div class=\"wpb_wrapper\"><p>Ens complau convidar-los a participar en l&#8217;enquesta del Pla d&#8217;Actuaci\u00f3 Integral (PAI), una iniciativa important per al desenrotllament i millora de la nostra comunitat. La seua opini\u00f3 \u00e9s fonamental per a poder identificar les necessitats i prioritats del nostre municipi.<\/p>\n<p>L&#8217;enquesta \u00e9s breu i es pot completar de manera senzilla. Les seues respostes seran an\u00f2nimes i ajudaran a dissenyar estrat\u00e8gies que beneficien a tots els habitants de Mutxamel.<\/p>\n<p><strong>Com participar?<\/strong><\/p>\n<ul>\n<li>Accedisca a l&#8217;enquesta a trav\u00e9s de l&#8217;enlla\u00e7.<\/li>\n<li>La data l\u00edmit per a respondre \u00e9s el <strong>divendres 28 de febrer<\/strong>.<\/li>\n<\/ul>\n<p>Agra\u00efm per endavant la seua col\u00b7laboraci\u00f3 i comprom\u00eds amb el futur del nostre municipi. Junts podem construir un millor Mutxamel.<\/p>\n<p>Gr\u00e0cies per la seua participaci\u00f3!<\/p>\n<\/div><\/div><\/div><\/div><div class=\"wpb_column vc_column_container\"><div class=\"vc_column-inner\"><div class=\"w-separator size_medium\"><\/div><div class=\"w-btn-wrapper align_none\"><a class=\"w-btn us-btn-style_3\" href=\"https:\/\/docs.google.com\/forms\/d\/e\/1FAIpQLSdKDzA4R9c_5ZJZJgR2Ju5jEzF1kBi2z_qwPVrRodr8bxxkXQ\/viewform\"><span class=\"w-btn-label\">Participa en l&#039;enquesta<\/span><\/a><\/div><\/div><\/div><\/div><div class=\"g-cols wpb_row via_grid cols_1 laptops-cols_inherit tablets-cols_inherit mobiles-cols_1 valign_top type_default stacking_default\" style=\"--columns-gap:3rem;\"><div class=\"wpb_column vc_column_container\"><div class=\"vc_column-inner\"><div id=\"ultimate-heading-797469f2033548624\" class=\"uvc-heading ult-adjust-bottom-margin ultimate-heading-797469f2033548624 uvc-6672 mays\" data-hspacer=\"no_spacer\"  data-halign=\"left\" style=\"text-align:left\"><div class=\"uvc-heading-spacer no_spacer\" style=\"top\"><\/div><div class=\"uvc-main-heading ult-responsive\"  data-ultimate-target='.uvc-heading.ultimate-heading-797469f2033548624 h2'  data-responsive-json-new='{\"font-size\":\"desktop:24px;tablet:21px;tablet_portrait:18px;mobile_landscape:16px;mobile:16px;\",\"line-height\":\"\"}' ><h2 style=\"font-family:&#039;Lato&#039;;font-weight:700;margin-top:36px;margin-bottom:28px;\">Imatge corporativa PAI Mutxamel<\/h2><\/div><\/div><div class=\"wpb_text_column us_custom_7e53051d linkext\"><div class=\"wpb_wrapper\"><p>Tot logo oficial vinculat a una entitat p\u00fablica, en este cas un ajuntament, complix amb la l\u00ednia\u00a0 establida en la identitat visual corporativa, i garantix una certa coher\u00e8ncia i relaci\u00f3 amb l&#8217;escut i altres elements gr\u00e0fics d&#8217;este. D&#8217;esta manera, es busca integrar de manera adequada el disseny visual d&#8217;este logo al conjunt de les marques oficials i institucionals, refor\u00e7ant la seua imatge i assegurant el seu reconeixement.<\/p>\n<p>Per a aix\u00f2, s&#8217;han triat dos elements emblem\u00e0tics de Mutxamel: la font Torre Vig\u00eda de l&#8217;Avinguda Carlos Soler, l&#8217;aigua i l&#8217;olivera.<\/p>\n<p>La font Torre Vig\u00eda, obra del multidisciplinari artista mutxamelero Arcadi Blasco, representa la influ\u00e8ncia que ha tingut Mutxamel com a punt d&#8217;uni\u00f3 de cultures i poblacions; l&#8217;aigua, relacionada amb la pr\u00f2pia font i tamb\u00e9 per la import\u00e0ncia que ha tingut en la nostra horta i la nostra naturalesa i espais verds; i l&#8217;olivera, simbolitzant sempre la longevitat i resist\u00e8ncia. Amb aix\u00f2, busquem projectar una imatge caracter\u00edstica del nostre municipi que siga recognoscible i que rememore i pose en valor alguns dels nostres elements i espais tradicionals i emblem\u00e0tics.<\/p>\n<\/div><\/div><div class=\"w-separator size_medium\"><\/div><div class=\"w-btn-wrapper align_none\"><a class=\"w-btn us-btn-style_3\" href=\"https:\/\/ayto.mutxamel.org\/wp-content\/uploads\/2025\/02\/manual-corporativo-PAI-web-1.pdf\"><span class=\"w-btn-label\">Manual Corporatiu Pla d&#039;Actuaci\u00f3 Integral Mutxamel<\/span><\/a><\/div><div class=\"w-btn-wrapper align_none\"><a class=\"w-btn us-btn-style_3\" href=\"https:\/\/ayto.mutxamel.org\/wp-content\/uploads\/2025\/02\/Imagen-Corporativa-PAI-Mutxamel.zip\"><span class=\"w-btn-label\">Imatge corporativa<\/span><\/a><\/div><\/div><\/div><\/div><div class=\"w-separator size_small\"><\/div><\/div><\/div><\/div><\/div><\/section>\n","protected":false},"featured_media":0,"parent":0,"menu_order":0,"template":"","meta":{"_acf_changed":false,"footnotes":""},"categoria_area":[376],"ambito_area":[],"class_list":["post-53572","area","type-area","status-publish","hentry","categoria_area-medi-ambient"],"acf":[],"yoast_head":"<!-- This site is optimized with the Yoast SEO plugin v27.3 - https:\/\/yoast.com\/product\/yoast-seo-wordpress\/ -->\n<title>Pla d\u00b4Actuaci\u00f3 Integrat - Ayuntamiento de Mutxamel<\/title>\n<meta name=\"robots\" content=\"index, follow, max-snippet:-1, max-image-preview:large, max-video-preview:-1\" \/>\n<link rel=\"canonical\" href=\"https:\/\/ayto.mutxamel.org\/ca\/area\/pla-dactuacio-integrat\/\" \/>\n<meta property=\"og:locale\" content=\"ca_ES\" \/>\n<meta property=\"og:type\" content=\"article\" \/>\n<meta property=\"og:title\" content=\"Pla d\u00b4Actuaci\u00f3 Integrat - Ayuntamiento de Mutxamel\" \/>\n<meta property=\"og:url\" content=\"https:\/\/ayto.mutxamel.org\/ca\/area\/pla-dactuacio-integrat\/\" \/>\n<meta property=\"og:site_name\" content=\"Ayuntamiento de Mutxamel\" \/>\n<meta property=\"article:modified_time\" content=\"2025-02-06T12:31:07+00:00\" \/>\n<meta name=\"twitter:card\" content=\"summary_large_image\" \/>\n<meta name=\"twitter:label1\" content=\"Temps estimat de lectura\" \/>\n\t<meta name=\"twitter:data1\" content=\"3 minuts\" \/>\n<script type=\"application\/ld+json\" class=\"yoast-schema-graph\">{\"@context\":\"https:\\\/\\\/schema.org\",\"@graph\":[{\"@type\":\"WebPage\",\"@id\":\"https:\\\/\\\/ayto.mutxamel.org\\\/ca\\\/area\\\/pla-dactuacio-integrat\\\/\",\"url\":\"https:\\\/\\\/ayto.mutxamel.org\\\/ca\\\/area\\\/pla-dactuacio-integrat\\\/\",\"name\":\"Pla d\u00b4Actuaci\u00f3 Integrat - Ayuntamiento de Mutxamel\",\"isPartOf\":{\"@id\":\"https:\\\/\\\/ayto.mutxamel.org\\\/ca\\\/#website\"},\"datePublished\":\"2025-02-03T11:59:34+00:00\",\"dateModified\":\"2025-02-06T12:31:07+00:00\",\"breadcrumb\":{\"@id\":\"https:\\\/\\\/ayto.mutxamel.org\\\/ca\\\/area\\\/pla-dactuacio-integrat\\\/#breadcrumb\"},\"inLanguage\":\"ca\",\"potentialAction\":[{\"@type\":\"ReadAction\",\"target\":[\"https:\\\/\\\/ayto.mutxamel.org\\\/ca\\\/area\\\/pla-dactuacio-integrat\\\/\"]}]},{\"@type\":\"BreadcrumbList\",\"@id\":\"https:\\\/\\\/ayto.mutxamel.org\\\/ca\\\/area\\\/pla-dactuacio-integrat\\\/#breadcrumb\",\"itemListElement\":[{\"@type\":\"ListItem\",\"position\":1,\"name\":\"Portada\",\"item\":\"https:\\\/\\\/ayto.mutxamel.org\\\/ca\\\/\"},{\"@type\":\"ListItem\",\"position\":2,\"name\":\"areas\",\"item\":\"https:\\\/\\\/ayto.mutxamel.org\\\/ca\\\/area\\\/\"},{\"@type\":\"ListItem\",\"position\":3,\"name\":\"Pla d\u00b4Actuaci\u00f3 Integrat\"}]},{\"@type\":\"WebSite\",\"@id\":\"https:\\\/\\\/ayto.mutxamel.org\\\/ca\\\/#website\",\"url\":\"https:\\\/\\\/ayto.mutxamel.org\\\/ca\\\/\",\"name\":\"Ayuntamiento de Mutxamel\",\"description\":\"\",\"potentialAction\":[{\"@type\":\"SearchAction\",\"target\":{\"@type\":\"EntryPoint\",\"urlTemplate\":\"https:\\\/\\\/ayto.mutxamel.org\\\/ca\\\/?s={search_term_string}\"},\"query-input\":{\"@type\":\"PropertyValueSpecification\",\"valueRequired\":true,\"valueName\":\"search_term_string\"}}],\"inLanguage\":\"ca\"}]}<\/script>\n<!-- \/ Yoast SEO plugin. -->","yoast_head_json":{"title":"Pla d\u00b4Actuaci\u00f3 Integrat - Ayuntamiento de Mutxamel","robots":{"index":"index","follow":"follow","max-snippet":"max-snippet:-1","max-image-preview":"max-image-preview:large","max-video-preview":"max-video-preview:-1"},"canonical":"https:\/\/ayto.mutxamel.org\/ca\/area\/pla-dactuacio-integrat\/","og_locale":"ca_ES","og_type":"article","og_title":"Pla d\u00b4Actuaci\u00f3 Integrat - Ayuntamiento de Mutxamel","og_url":"https:\/\/ayto.mutxamel.org\/ca\/area\/pla-dactuacio-integrat\/","og_site_name":"Ayuntamiento de Mutxamel","article_modified_time":"2025-02-06T12:31:07+00:00","twitter_card":"summary_large_image","twitter_misc":{"Temps estimat de lectura":"3 minuts"},"schema":{"@context":"https:\/\/schema.org","@graph":[{"@type":"WebPage","@id":"https:\/\/ayto.mutxamel.org\/ca\/area\/pla-dactuacio-integrat\/","url":"https:\/\/ayto.mutxamel.org\/ca\/area\/pla-dactuacio-integrat\/","name":"Pla d\u00b4Actuaci\u00f3 Integrat - Ayuntamiento de Mutxamel","isPartOf":{"@id":"https:\/\/ayto.mutxamel.org\/ca\/#website"},"datePublished":"2025-02-03T11:59:34+00:00","dateModified":"2025-02-06T12:31:07+00:00","breadcrumb":{"@id":"https:\/\/ayto.mutxamel.org\/ca\/area\/pla-dactuacio-integrat\/#breadcrumb"},"inLanguage":"ca","potentialAction":[{"@type":"ReadAction","target":["https:\/\/ayto.mutxamel.org\/ca\/area\/pla-dactuacio-integrat\/"]}]},{"@type":"BreadcrumbList","@id":"https:\/\/ayto.mutxamel.org\/ca\/area\/pla-dactuacio-integrat\/#breadcrumb","itemListElement":[{"@type":"ListItem","position":1,"name":"Portada","item":"https:\/\/ayto.mutxamel.org\/ca\/"},{"@type":"ListItem","position":2,"name":"areas","item":"https:\/\/ayto.mutxamel.org\/ca\/area\/"},{"@type":"ListItem","position":3,"name":"Pla d\u00b4Actuaci\u00f3 Integrat"}]},{"@type":"WebSite","@id":"https:\/\/ayto.mutxamel.org\/ca\/#website","url":"https:\/\/ayto.mutxamel.org\/ca\/","name":"Ayuntamiento de Mutxamel","description":"","potentialAction":[{"@type":"SearchAction","target":{"@type":"EntryPoint","urlTemplate":"https:\/\/ayto.mutxamel.org\/ca\/?s={search_term_string}"},"query-input":{"@type":"PropertyValueSpecification","valueRequired":true,"valueName":"search_term_string"}}],"inLanguage":"ca"}]}},"_links":{"self":[{"href":"https:\/\/ayto.mutxamel.org\/ca\/wp-json\/wp\/v2\/area\/53572","targetHints":{"allow":["GET"]}}],"collection":[{"href":"https:\/\/ayto.mutxamel.org\/ca\/wp-json\/wp\/v2\/area"}],"about":[{"href":"https:\/\/ayto.mutxamel.org\/ca\/wp-json\/wp\/v2\/types\/area"}],"version-history":[{"count":8,"href":"https:\/\/ayto.mutxamel.org\/ca\/wp-json\/wp\/v2\/area\/53572\/revisions"}],"predecessor-version":[{"id":53838,"href":"https:\/\/ayto.mutxamel.org\/ca\/wp-json\/wp\/v2\/area\/53572\/revisions\/53838"}],"wp:attachment":[{"href":"https:\/\/ayto.mutxamel.org\/ca\/wp-json\/wp\/v2\/media?parent=53572"}],"wp:term":[{"taxonomy":"categoria_area","embeddable":true,"href":"https:\/\/ayto.mutxamel.org\/ca\/wp-json\/wp\/v2\/categoria_area?post=53572"},{"taxonomy":"ambito_area","embeddable":true,"href":"https:\/\/ayto.mutxamel.org\/ca\/wp-json\/wp\/v2\/ambito_area?post=53572"}],"curies":[{"name":"wp","href":"https:\/\/api.w.org\/{rel}","templated":true}]}}