{"id":52902,"date":"2024-11-26T19:34:09","date_gmt":"2024-11-26T18:34:09","guid":{"rendered":"https:\/\/ayto.mutxamel.org\/area\/cultura\/art-urba\/"},"modified":"2025-01-15T13:04:27","modified_gmt":"2025-01-15T12:04:27","slug":"art-urba","status":"publish","type":"area","link":"https:\/\/ayto.mutxamel.org\/ca\/area\/cultura\/art-urba\/","title":{"rendered":"Art Urb\u00e0"},"content":{"rendered":"<section class=\"l-section wpb_row us_custom_9d1e26d6 height_medium width_full color_alternate with_img\"><div class=\"l-section-img\" role=\"img\" aria-label=\"auditorio casa de cultura\" data-img-width=\"1920\" data-img-height=\"1280\" style=\"background-image: url(https:\/\/ayto.mutxamel.org\/wp-content\/uploads\/2023\/11\/auditorio-casa-de-cultura-scaled.jpg);background-repeat: no-repeat;\"><\/div><div class=\"l-section-overlay\" style=\"background:rgba(232,170,127,0.40)\"><\/div><div class=\"l-section-h i-cf\"><div class=\"g-cols vc_row via_grid cols_1 laptops-cols_inherit tablets-cols_inherit mobiles-cols_1 valign_top type_default stacking_default\" style=\"--columns-gap:1rem;\"><div class=\"wpb_column vc_column_container\"><div class=\"vc_column-inner\"><div class=\"w-image align_center\"><div class=\"w-image-h\"><img decoding=\"async\" width=\"596\" height=\"341\" src=\"https:\/\/ayto.mutxamel.org\/wp-content\/uploads\/2023\/11\/Logo_va_cultura.png\" class=\"attachment-us_600_400 size-us_600_400\" alt=\"Cultura\" loading=\"lazy\" srcset=\"https:\/\/ayto.mutxamel.org\/wp-content\/uploads\/2023\/11\/Logo_va_cultura.png 596w, https:\/\/ayto.mutxamel.org\/wp-content\/uploads\/2023\/11\/Logo_va_cultura-300x172.png 300w\" sizes=\"auto, (max-width: 596px) 100vw, 596px\" \/><\/div><\/div><\/div><\/div><\/div><\/div><\/section><section class=\"l-section wpb_row us_custom_d8087e8f hidden height_medium width_full color_alternate\"><div class=\"l-section-overlay\" style=\"background:rgba(232,170,127,0.40)\"><\/div><div class=\"l-section-h i-cf\"><div class=\"g-cols vc_row via_grid cols_1 laptops-cols_inherit tablets-cols_inherit mobiles-cols_1 valign_top type_default stacking_default\" style=\"--columns-gap:1rem;\"><div class=\"wpb_column vc_column_container\"><div class=\"vc_column-inner\"><div id=\"ultimate-heading-503069f21117e4b54\" class=\"uvc-heading ult-adjust-bottom-margin ultimate-heading-503069f21117e4b54 uvc-5885 mays\" data-hspacer=\"no_spacer\"  data-halign=\"center\" style=\"text-align:center\"><div class=\"uvc-heading-spacer no_spacer\" style=\"top\"><\/div><div class=\"uvc-main-heading ult-responsive\"  data-ultimate-target='.uvc-heading.ultimate-heading-503069f21117e4b54 h1'  data-responsive-json-new='{\"font-size\":\"\",\"line-height\":\"\"}' ><h1 style=\"font-family:&#039;Lato&#039;;font-weight:300;color:#ffffff;\">Cultura<\/h1><\/div><\/div><\/div><\/div><\/div><\/div><\/section><section class=\"l-section wpb_row us_custom_78eeb0de height_auto\"><div class=\"l-section-h i-cf\"><div class=\"g-cols vc_row via_grid cols_1 laptops-cols_inherit tablets-cols_inherit mobiles-cols_1 valign_middle type_default stacking_default\"><div class=\"wpb_column vc_column_container\"><div class=\"vc_column-inner\"><div class=\"w-grid us_grid us_custom_ed79db5d has_text_color type_grid layout_25217 cols_4 preload_style_spinner\" id=\"us_grid_1\" style=\"--columns:4;--gap:0rem;\"><style>@media (max-width:1024px){#us_grid_1{--columns:2!important}}@media (max-width:600px){#us_grid_1{--columns:1!important}}.layout_25217 .w-grid-item-h{background:#cbe0d4}.layout_25217 .usg_post_title_1{transition-duration:0.3s;transform-origin:50% 50%;transform:scale(1) translate(0%,0%)}.layout_25217 .w-grid-item-h:focus-within .usg_post_title_1,.layout_25217 .w-grid-item-h:hover .usg_post_title_1{transform:scale(1) translate(0%,0%);opacity:0.6}.layout_25217 .usg_hwrapper_1{text-align:center!important;padding-top:12px!important;padding-bottom:12px!important;border-left-width:0.5px!important;border-right-width:0.5px!important;border-color:#a7c7b5!important;background:#cbe0d4!important}.layout_25217 .usg_post_title_1{color:#2a5c41!important;text-align:center!important;font-size:0.78rem!important;line-height:0.92rem!important;text-transform:uppercase!important;width:100%!important;height:100%!important;margin-left:-0.5px!important;margin-right:-0.5px!important;border-left-width:1px!important;border-right-width:1px!important;border-color:#a7c7b5!important;border-right-style:solid!important;border-left-style:solid!important;background:#cbe0d4!important}<\/style><div class=\"w-grid-list\">\t<article class=\"w-grid-item size_1x1 post-37148 area type-area status-publish hentry categoria_area-cultura-ca\" data-id=\"37148\">\r\n\t\t<div class=\"w-grid-item-h\">\r\n\t\t\t\t\t\t<div class=\"w-hwrapper usg_hwrapper_1 menu_subarea align_center valign_middle wrap stack_on_mobiles\" style=\"--hwrapper-gap:0px\"><span class=\"w-post-elm post_title usg_post_title_1 has_text_color align_center entry-title color_link_inherit\"><a href=\"https:\/\/ayto.mutxamel.org\/ca\/area\/cultura\/museus\/\">Museus<\/a><\/span><\/div>\t\t<\/div>\r\n\t\t\t<\/article>\r\n\t<article class=\"w-grid-item size_1x1 post-37141 area type-area status-publish hentry categoria_area-cultura-ca\" data-id=\"37141\">\r\n\t\t<div class=\"w-grid-item-h\">\r\n\t\t\t\t\t\t<div class=\"w-hwrapper usg_hwrapper_1 menu_subarea align_center valign_middle wrap stack_on_mobiles\" style=\"--hwrapper-gap:0px\"><span class=\"w-post-elm post_title usg_post_title_1 has_text_color align_center entry-title color_link_inherit\"><a href=\"https:\/\/ayto.mutxamel.org\/ca\/area\/cultura\/patrimoni-cultural\/\">Patrimoni cultural<\/a><\/span><\/div>\t\t<\/div>\r\n\t\t\t<\/article>\r\n\t<article class=\"w-grid-item size_1x1 post-34619 area type-area status-publish hentry categoria_area-cultura-ca\" data-id=\"34619\">\r\n\t\t<div class=\"w-grid-item-h\">\r\n\t\t\t\t\t\t<div class=\"w-hwrapper usg_hwrapper_1 menu_subarea align_center valign_middle wrap stack_on_mobiles\" style=\"--hwrapper-gap:0px\"><span class=\"w-post-elm post_title usg_post_title_1 has_text_color align_center entry-title color_link_inherit\"><a href=\"https:\/\/ayto.mutxamel.org\/ca\/area\/cultura\/estiu-cultural\/\">L\u00b4Estiu a Mutxamel<\/a><\/span><\/div>\t\t<\/div>\r\n\t\t\t<\/article>\r\n\t<article class=\"w-grid-item size_1x1 post-37138 area type-area status-publish hentry categoria_area-cultura-ca\" data-id=\"37138\">\r\n\t\t<div class=\"w-grid-item-h\">\r\n\t\t\t\t\t\t<div class=\"w-hwrapper usg_hwrapper_1 menu_subarea align_center valign_middle wrap stack_on_mobiles\" style=\"--hwrapper-gap:0px\"><span class=\"w-post-elm post_title usg_post_title_1 has_text_color align_center entry-title color_link_inherit\"><a href=\"https:\/\/ayto.mutxamel.org\/ca\/area\/cultura\/betlems-tradicio-art\/\">BETLEMS, TRADICI\u00d3 I ART<\/a><\/span><\/div>\t\t<\/div>\r\n\t\t\t<\/article>\r\n\t<article class=\"w-grid-item size_1x1 post-34612 area type-area status-publish hentry categoria_area-cultura-ca\" data-id=\"34612\">\r\n\t\t<div class=\"w-grid-item-h\">\r\n\t\t\t\t\t\t<div class=\"w-hwrapper usg_hwrapper_1 menu_subarea align_center valign_middle wrap stack_on_mobiles\" style=\"--hwrapper-gap:0px\"><span class=\"w-post-elm post_title usg_post_title_1 has_text_color align_center entry-title color_link_inherit\"><a href=\"https:\/\/ayto.mutxamel.org\/ca\/area\/cultura\/cicle-de-musica\/\">Cicle de M\u00fasica<\/a><\/span><\/div>\t\t<\/div>\r\n\t\t\t<\/article>\r\n\t<article class=\"w-grid-item size_1x1 post-37133 area type-area status-publish hentry categoria_area-cultura-ca\" data-id=\"37133\">\r\n\t\t<div class=\"w-grid-item-h\">\r\n\t\t\t\t\t\t<div class=\"w-hwrapper usg_hwrapper_1 menu_subarea align_center valign_middle wrap stack_on_mobiles\" style=\"--hwrapper-gap:0px\"><span class=\"w-post-elm post_title usg_post_title_1 has_text_color align_center entry-title color_link_inherit\"><a href=\"https:\/\/ayto.mutxamel.org\/ca\/area\/cultura\/mutxamel-en-dansa\/\">Mutxamel en Dansa<\/a><\/span><\/div>\t\t<\/div>\r\n\t\t\t<\/article>\r\n\t<article class=\"w-grid-item size_1x1 post-37124 area type-area status-publish hentry categoria_area-cultura-ca\" data-id=\"37124\">\r\n\t\t<div class=\"w-grid-item-h\">\r\n\t\t\t\t\t\t<div class=\"w-hwrapper usg_hwrapper_1 menu_subarea align_center valign_middle wrap stack_on_mobiles\" style=\"--hwrapper-gap:0px\"><span class=\"w-post-elm post_title usg_post_title_1 has_text_color align_center entry-title color_link_inherit\"><a href=\"https:\/\/ayto.mutxamel.org\/ca\/area\/cultura\/mutxamel-a-escena\/\">Mutxamel a Escena<\/a><\/span><\/div>\t\t<\/div>\r\n\t\t\t<\/article>\r\n\t<article class=\"w-grid-item size_1x1 post-37108 area type-area status-publish hentry categoria_area-cultura-ca\" data-id=\"37108\">\r\n\t\t<div class=\"w-grid-item-h\">\r\n\t\t\t\t\t\t<div class=\"w-hwrapper usg_hwrapper_1 menu_subarea align_center valign_middle wrap stack_on_mobiles\" style=\"--hwrapper-gap:0px\"><span class=\"w-post-elm post_title usg_post_title_1 has_text_color align_center entry-title color_link_inherit\"><a href=\"https:\/\/ayto.mutxamel.org\/ca\/area\/cultura\/programacio\/\">Programaci\u00f3<\/a><\/span><\/div>\t\t<\/div>\r\n\t\t\t<\/article>\r\n\t<article class=\"w-grid-item size_1x1 post-37099 area type-area status-publish hentry categoria_area-cultura-ca\" data-id=\"37099\">\r\n\t\t<div class=\"w-grid-item-h\">\r\n\t\t\t\t\t\t<div class=\"w-hwrapper usg_hwrapper_1 menu_subarea align_center valign_middle wrap stack_on_mobiles\" style=\"--hwrapper-gap:0px\"><span class=\"w-post-elm post_title usg_post_title_1 has_text_color align_center entry-title color_link_inherit\"><a href=\"https:\/\/ayto.mutxamel.org\/ca\/area\/cultura\/installacions-culturals\/\">Instal\u00b7lacions culturals<\/a><\/span><\/div>\t\t<\/div>\r\n\t\t\t<\/article>\r\n\t<article class=\"w-grid-item size_1x1 post-36796 area type-area status-publish has-post-thumbnail hentry categoria_area-biblioteca-ca ambito_area-cultura-i-educacio\" data-id=\"36796\">\r\n\t\t<div class=\"w-grid-item-h\" style=\"background:#d8d6c4;\">\r\n\t\t\t\t\t\t<div class=\"w-hwrapper usg_hwrapper_1 menu_subarea align_center valign_middle wrap stack_on_mobiles\" style=\"--hwrapper-gap:0px\"><span class=\"w-post-elm post_title usg_post_title_1 has_text_color align_center entry-title color_link_inherit\"><a href=\"https:\/\/ayto.mutxamel.org\/ca\/area\/biblioteca\/\">Biblioteca<\/a><\/span><\/div>\t\t<\/div>\r\n\t\t\t<\/article>\r\n\t<article class=\"w-grid-item size_1x1 post-34341 area type-area status-publish has-post-thumbnail hentry categoria_area-arxiu ambito_area-cultura-i-educacio\" data-id=\"34341\">\r\n\t\t<div class=\"w-grid-item-h\" style=\"background:#886144;\">\r\n\t\t\t\t\t\t<div class=\"w-hwrapper usg_hwrapper_1 menu_subarea align_center valign_middle wrap stack_on_mobiles\" style=\"--hwrapper-gap:0px\"><span class=\"w-post-elm post_title usg_post_title_1 has_text_color align_center entry-title color_link_inherit\"><a href=\"https:\/\/ayto.mutxamel.org\/ca\/area\/arxiu\/\">Arxiu<\/a><\/span><\/div>\t\t<\/div>\r\n\t\t\t<\/article>\r\n\t<article class=\"w-grid-item size_1x1 post-42305 area type-area status-publish hentry categoria_area-cultura-ca\" data-id=\"42305\">\r\n\t\t<div class=\"w-grid-item-h\">\r\n\t\t\t\t\t\t<div class=\"w-hwrapper usg_hwrapper_1 menu_subarea align_center valign_middle wrap stack_on_mobiles\" style=\"--hwrapper-gap:0px\"><span class=\"w-post-elm post_title usg_post_title_1 has_text_color align_center entry-title color_link_inherit\"><a href=\"https:\/\/ayto.mutxamel.org\/ca\/area\/cultura\/exposicions\/\">Exposicions<\/a><\/span><\/div>\t\t<\/div>\r\n\t\t\t<\/article>\r\n<\/div>\t<div class=\"w-grid-preloader\">\r\n\t\t<div class=\"g-preloader type_1\">\r\n\t\t\t<div><\/div>\r\n\t\t<\/div>\r\n\t<\/div>\r\n\t\t<div class=\"w-grid-json hidden\" onclick='return {&quot;action&quot;:&quot;us_ajax_grid&quot;,&quot;infinite_scroll&quot;:0,&quot;max_num_pages&quot;:1,&quot;pagination&quot;:&quot;none&quot;,&quot;template_vars&quot;:{&quot;columns&quot;:&quot;4&quot;,&quot;exclude_items&quot;:&quot;none&quot;,&quot;img_size&quot;:&quot;default&quot;,&quot;ignore_items_size&quot;:0,&quot;items_layout&quot;:&quot;25217&quot;,&quot;items_offset&quot;:&quot;1&quot;,&quot;load_animation&quot;:&quot;none&quot;,&quot;overriding_link&quot;:&quot;%7B%22url%22%3A%22%22%7D&quot;,&quot;post_id&quot;:34067,&quot;query_args&quot;:{&quot;ignore_sticky_posts&quot;:1,&quot;post_type&quot;:&quot;any&quot;,&quot;post__in&quot;:[&quot;37148&quot;,&quot;37141&quot;,&quot;34619&quot;,&quot;37138&quot;,&quot;34612&quot;,&quot;37133&quot;,&quot;37124&quot;,&quot;37108&quot;,&quot;37099&quot;,&quot;36796&quot;,&quot;34341&quot;,&quot;42305&quot;],&quot;posts_per_page&quot;:&quot;25&quot;},&quot;orderby_query_args&quot;:{&quot;orderby&quot;:{&quot;post__in&quot;:&quot;ASC&quot;},&quot;order&quot;:&quot;ASC&quot;},&quot;type&quot;:&quot;grid&quot;,&quot;us_grid_post_type&quot;:&quot;ids&quot;,&quot;us_grid_ajax_index&quot;:1,&quot;us_grid_filter_query_string&quot;:null,&quot;us_grid_index&quot;:1,&quot;page_args&quot;:[],&quot;lang&quot;:&quot;ca&quot;}}'><\/div>\r\n\t<\/div><\/div><\/div><\/div><\/div><\/section><!-- Row Backgrounds --><div class=\"upb_color\" data-bg-override=\"0\" data-bg-color=\"rgba(112,165,136,0.36)\" data-fadeout=\"\" data-fadeout-percentage=\"30\" data-parallax-content=\"\" data-parallax-content-sense=\"30\" data-row-effect-mobile-disable=\"true\" data-img-parallax-mobile-disable=\"true\" data-rtl=\"false\"  data-custom-vc-row=\"\"  data-vc=\"8.7.2\"  data-is_old_vc=\"\"  data-theme-support=\"\"   data-overlay=\"false\" data-overlay-color=\"\" data-overlay-pattern=\"\" data-overlay-pattern-opacity=\"\" data-overlay-pattern-size=\"\"    ><\/div><section class=\"l-section wpb_row height_auto\" id=\"mtxcontent\"><div class=\"l-section-h i-cf\"><div class=\"g-cols vc_row via_grid cols_1 laptops-cols_inherit tablets-cols_inherit mobiles-cols_1 valign_top type_default stacking_default\"><div class=\"wpb_column vc_column_container\"><div class=\"vc_column-inner\"><div class=\"wpb_text_column us_custom_dbce126d\"><div class=\"wpb_wrapper\"><nav aria-label=\"breadcrumbs\">\n            <div class=\"breadcrumb-container theme1\">\n                <ol>\n                                    <\/ol>\n            <\/div>\n        <\/nav>    <script type=\"application\/ld+json\">\n        {\n            \"@context\": \"http:\/\/schema.org\",\n            \"@type\": \"BreadcrumbList\",\n            \"itemListElement\": [\n                            ]\n        }\n    <\/script>\n   \n    <script>\n            <\/script>\n\n<\/div><\/div><\/div><\/div><\/div><\/div><\/section><!-- Row Backgrounds --><div class=\"upb_color\" data-bg-override=\"0\" data-bg-color=\"#eeeeee\" data-fadeout=\"\" data-fadeout-percentage=\"30\" data-parallax-content=\"\" data-parallax-content-sense=\"30\" data-row-effect-mobile-disable=\"true\" data-img-parallax-mobile-disable=\"true\" data-rtl=\"false\"  data-custom-vc-row=\"\"  data-vc=\"8.7.2\"  data-is_old_vc=\"\"  data-theme-support=\"\"   data-overlay=\"false\" data-overlay-color=\"\" data-overlay-pattern=\"\" data-overlay-pattern-opacity=\"\" data-overlay-pattern-size=\"\"    ><\/div>\n\n<section class=\"l-section wpb_row height_small\"><div class=\"l-section-h i-cf\"><div class=\"g-cols vc_row via_grid cols_1 laptops-cols_inherit tablets-cols_inherit mobiles-cols_1 valign_top type_default stacking_default\"><div class=\"wpb_column vc_column_container\"><div class=\"vc_column-inner\"><div class=\"w-hwrapper valign_middle wrap stack_on_mobiles align_justify\"><div class=\"w-btn-wrapper align_left\"><a class=\"w-btn us-btn-style_4 us_custom_7c8a154e has_text_color icon_atleft\" href=\"..\/\"><i class=\"fas fa-angle-left\"><\/i><span class=\"w-btn-label\">Tornar<\/span><\/a><\/div><h1 class=\"w-post-elm post_title us_custom_03c49996 has_text_color align_center entry-title\">Exposicions<\/h1><div class=\"w-html\"><span><\/span><\/div><\/div><\/div><\/div><\/div><\/div><\/section>\n<section class=\"l-section wpb_row us_custom_8b56d21c height_auto\"><div class=\"l-section-h i-cf\"><div class=\"g-cols vc_row via_grid cols_1 laptops-cols_inherit tablets-cols_inherit mobiles-cols_1 valign_top type_default stacking_default\"><div class=\"wpb_column vc_column_container\"><div class=\"vc_column-inner\"><div class=\"wpb_text_column us_custom_7e53051d linkext\"><div class=\"wpb_wrapper\"><p>Les diferents intervencions art\u00edstiques realitzades a Mutxamel han donat resposta a les necessitats decoratives urbanes plantejades per l\u2019\u00e0rea municipal de cultura.<\/p>\n<\/div><\/div><\/div><\/div><\/div><\/div><\/section><section class=\"l-section wpb_row us_custom_8b56d21c height_auto\"><div class=\"l-section-h i-cf\"><div class=\"g-cols vc_row via_grid cols_1 laptops-cols_inherit tablets-cols_inherit mobiles-cols_1 valign_top type_default stacking_default\"><div class=\"wpb_column vc_column_container\"><div class=\"vc_column-inner\"><div id=\"ultimate-heading-876769f2111807333\" class=\"uvc-heading ult-adjust-bottom-margin ultimate-heading-876769f2111807333 uvc-4714 \" data-hspacer=\"no_spacer\"  data-halign=\"left\" style=\"text-align:left\"><div class=\"uvc-heading-spacer no_spacer\" style=\"top\"><\/div><div class=\"uvc-main-heading ult-responsive\"  data-ultimate-target='.uvc-heading.ultimate-heading-876769f2111807333 h2'  data-responsive-json-new='{\"font-size\":\"\",\"line-height\":\"\"}' ><h2 style=\"font-weight:normal;\">MURAL TRAMVIA<\/h2><\/div><\/div><div class=\"wpb_text_column us_custom_7e53051d linkext\"><div class=\"wpb_wrapper\"><p>En el cas del gran mural dedicat al tramvia, es tracta d&#8217;una obra que combina diverses imatges realistes acoblades, totes elles rescatades d&#8217;un proc\u00e9s de br\u00edfing i documentaci\u00f3 que va partir de les fotografies que es conserven del s. XX de Mutxamel.<\/p>\n<p>Amb aquestes imatges decidim muntar un disseny que combinara els dos nivells de creaci\u00f3, el mur confrontant de la finca, i sobre ell, el gran mural que sobre\u00efx per la mitgera. Tot aix\u00f2 creant un conjunt monumental gr\u00e0fic que a m\u00e9s queda emfatitzat per l&#8217;estretor del carrer en la qual est\u00e0 situat, la qual cosa va ser molt tingut en compte a l&#8217;hora d\u2019esbossar-lo. L&#8217;efecte sorpresa del vianant i l&#8217;obligaci\u00f3 de mirar cap amunt per a contemplar-lo era una cosa a la qual no es volia renunciar.<\/p>\n<p>Es tracta en definitiva d&#8217;una obra de m\u00e9s de 240 m\u00b2, tota ella marcada amb projector de llum des de diversos angles, de molt dif\u00edcil execuci\u00f3 i amb sistemes hidr\u00e0ulics de grua variats per a poder arribar a tota la m\u00e0xima extensi\u00f3 de l&#8217;espai.<\/p>\n<p>Una altra caracter\u00edstica molt especial del mateix \u00e9s el seu cromatisme. Tot realitzat en colors grisos, blancs, blancs trencats, s\u00e9pies i diferents graus de negre. Tots ells per a mantindre eixa sensaci\u00f3 d&#8217;imatge melanc\u00f2lica, portada del passat, de tem\u00e0tica costumista, amb molta nost\u00e0lgia del que va ser la hist\u00f2ria local i les seues fites. El blanc i negre va ser un encert conscient per a convertir aquell rac\u00f3 en un lloc de record i de mem\u00f2ria.<\/p>\n<\/div><\/div><div class=\"w-image align_none\"><a ref=\"magnificPopup\" href=\"https:\/\/ayto.mutxamel.org\/wp-content\/uploads\/2024\/11\/Tranvia.jpg\" aria-label=\"Tranv\u00eda\" class=\"w-image-h\"><img decoding=\"async\" width=\"1024\" height=\"514\" src=\"https:\/\/ayto.mutxamel.org\/wp-content\/uploads\/2024\/11\/Tranvia-1024x514.jpg\" class=\"attachment-large size-large\" alt=\"arte urbano tranvia\" loading=\"lazy\" srcset=\"https:\/\/ayto.mutxamel.org\/wp-content\/uploads\/2024\/11\/Tranvia-1024x514.jpg 1024w, https:\/\/ayto.mutxamel.org\/wp-content\/uploads\/2024\/11\/Tranvia-300x151.jpg 300w, https:\/\/ayto.mutxamel.org\/wp-content\/uploads\/2024\/11\/Tranvia-600x301.jpg 600w, https:\/\/ayto.mutxamel.org\/wp-content\/uploads\/2024\/11\/Tranvia.jpg 1769w\" sizes=\"auto, (max-width: 1024px) 100vw, 1024px\" \/><\/a><\/div><div class=\"w-separator size_medium\"><\/div><div class=\"wpb_text_column us_custom_7e53051d linkext\"><div class=\"wpb_wrapper\"><p style=\"text-align: center;\"><strong>Vols con\u00e9ixer tot el proc\u00e9s del mural?<\/strong><\/p>\n<\/div><\/div><div class=\"w-separator size_medium\"><\/div><div id=\"ultimate-video-145269f2111808669\" class=\"ult-video  vc_custom_1734374540204 ult-adjust-bottom-margin ultimate-video-145269f2111808669 ultv-306 \"><div class=\"ultv-video ultv-aspect-ratio-16_9 ultv-subscribe-responsive-none\" data-videotype=\"uv_iframe\">\n\t\t\t\t\t\t<div class=\"ultv-video__outer-wrap\" data-autoplay=\"0\" data-device=\"false\"  data-iconbg=\"#3A3A3A\" data-overcolor=\"\" data-defaultbg=\"#1f1f1e\" data-defaultplay=\"defaulticon\"><div class=\"ultv-video__play\" data-src=\"https:\/\/www.youtube-nocookie.com\/embed\/eT1CpR9zZE4?rel=0&#038;start&#038;end&#038;controls=1&#038;mute=0&#038;modestbranding=0&#038;autoplay=1\">\n\t\t\t\t\t\t\t\t<img decoding=\"async\" class=\"ultv-video__thumb\" src=\"https:\/\/i.ytimg.com\/vi\/eT1CpR9zZE4\/mqdefault.jpg\"\/>\n\t\t\t\t\t\t\t\t<div class=\"ultv-video__play-icon  ultv-animation-none\" style=\"width:75px\"><svg height=\"100%\" version=\"1.1\" viewBox=\"0 0 68 48\" width=\"100%\"><path class=\"ultv-youtube-icon-bg\" d=\"m .66,37.62 c 0,0 .66,4.70 2.70,6.77 2.58,2.71 5.98,2.63 7.49,2.91 5.43,.52 23.10,.68 23.12,.68 .00,-1.3e-5 14.29,-0.02 23.81,-0.71 1.32,-0.15 4.22,-0.17 6.81,-2.89 2.03,-2.07 2.70,-6.77 2.70,-6.77 0,0 .67,-5.52 .67,-11.04 l 0,-5.17 c 0,-5.52 -0.67,-11.04 -0.67,-11.04 0,0 -0.66,-4.70 -2.70,-6.77 C 62.03,.86 59.13,.84 57.80,.69 48.28,0 34.00,0 34.00,0 33.97,0 19.69,0 10.18,.69 8.85,.84 5.95,.86 3.36,3.58 1.32,5.65 .66,10.35 .66,10.35 c 0,0 -0.55,4.50 -0.66,9.45 l 0,8.36 c .10,4.94 .66,9.45 .66,9.45 z\" fill=\"#1f1f1e\" ><\/path><path d=\"m 26.96,13.67 18.37,9.62 -18.37,9.55 -0.00,-19.17 z\" fill=\"#fff\"><\/path><path d=\"M 45.02,23.46 45.32,23.28 26.96,13.67 43.32,22.34 45.02,23.46 z\" fill=\"#ccc\"><\/path><\/svg><\/div> <\/div> <\/div><\/div><\/div><div class=\"w-separator size_medium with_line width_default thick_1 style_solid color_border align_center\"><div class=\"w-separator-h\"><\/div><\/div><\/div><\/div><\/div><\/div><\/section><section class=\"l-section wpb_row us_custom_8b56d21c height_auto\"><div class=\"l-section-h i-cf\"><div class=\"g-cols vc_row via_grid cols_1 laptops-cols_inherit tablets-cols_inherit mobiles-cols_1 valign_top type_default stacking_default\"><div class=\"wpb_column vc_column_container\"><div class=\"vc_column-inner\"><div id=\"ultimate-heading-795169f2111808ca7\" class=\"uvc-heading ult-adjust-bottom-margin ultimate-heading-795169f2111808ca7 uvc-6494 \" data-hspacer=\"no_spacer\"  data-halign=\"left\" style=\"text-align:left\"><div class=\"uvc-heading-spacer no_spacer\" style=\"top\"><\/div><div class=\"uvc-main-heading ult-responsive\"  data-ultimate-target='.uvc-heading.ultimate-heading-795169f2111808ca7 h2'  data-responsive-json-new='{\"font-size\":\"\",\"line-height\":\"\"}' ><h2 style=\"font-weight:normal;\">ESTACIONS EL\u00c8CTRIQUES I TRANSFORMADORS D\u2019ENERGIA<\/h2><\/div><\/div><div class=\"wpb_text_column us_custom_7e53051d linkext\"><div class=\"wpb_wrapper\"><p>Altres intervencions a Mutxamel han sigut les que han convertit les estacions el\u00e8ctriques i transformadors d&#8217;energia en casetes d&#8217;art. Per on es passege en aquesta localitat veiem intervencions art\u00edstiques en les quals s&#8217;ha intentat incorporar o aprofundir en la figura d&#8217;algun personatge a destacar o en alguna activitat que posar en valor.<\/p>\n<\/div><\/div><div class=\"w-separator size_small with_line width_default thick_1 style_solid color_border align_center\"><div class=\"w-separator-h\"><\/div><\/div><\/div><\/div><\/div><\/div><\/section><section class=\"l-section wpb_row us_custom_8b56d21c height_auto\"><div class=\"l-section-h i-cf\"><div class=\"g-cols vc_row via_grid cols_1 laptops-cols_inherit tablets-cols_inherit mobiles-cols_1 valign_top type_default stacking_default\"><div class=\"wpb_column vc_column_container\"><div class=\"vc_column-inner\"><div id=\"ultimate-heading-48369f211180939c\" class=\"uvc-heading ult-adjust-bottom-margin ultimate-heading-48369f211180939c uvc-1154 \" data-hspacer=\"no_spacer\"  data-halign=\"left\" style=\"text-align:left\"><div class=\"uvc-heading-spacer no_spacer\" style=\"top\"><\/div><div class=\"uvc-main-heading ult-responsive\"  data-ultimate-target='.uvc-heading.ultimate-heading-48369f211180939c h2'  data-responsive-json-new='{\"font-size\":\"\",\"line-height\":\"\"}' ><h2 style=\"font-weight:normal;\">Enric Valor<\/h2><\/div><\/div><div class=\"wpb_text_column us_custom_7e53051d linkext\"><div class=\"wpb_wrapper\"><p>\u00c9s el cas de l&#8217;avinguda d&#8217;Enric Valor, abordem el retrat m\u00e9s ic\u00f2nic de l&#8217;escriptor valenci\u00e0, sobre un fons negre, on destaquem en tons blancs la figura de l&#8217;escriptor amb el seu caracter\u00edstic barret, amb un tra\u00e7 quasi de llapis per al dibuix del personatge. Sobre el fons negre, en to gris fosc, vam posar algun dels seus escrits perqu\u00e8 fera les vegades de textura. En la cara posterior de l&#8217;estaci\u00f3 el\u00e8ctrica, dibuixem un llibre obert, amb el text d&#8217;una de les seues obres, amb el mateix estil gr\u00e0fic que el propi retrat de l&#8217;escriptor.<\/p>\n<\/div><\/div><\/div><\/div><\/div><\/div><\/section><section class=\"l-section wpb_row us_custom_8b56d21c height_auto\"><div class=\"l-section-h i-cf\"><div class=\"g-cols vc_row via_grid cols_2 laptops-cols_inherit tablets-cols_inherit mobiles-cols_1 valign_top type_default stacking_default\"><div class=\"wpb_column vc_column_container\"><div class=\"vc_column-inner\"><div class=\"w-image align_none\"><a ref=\"magnificPopup\" href=\"https:\/\/ayto.mutxamel.org\/wp-content\/uploads\/2024\/11\/Enric-valor-2-scaled.jpg\" aria-label=\"Enric valor (2)\" class=\"w-image-h\"><img decoding=\"async\" width=\"600\" height=\"400\" src=\"https:\/\/ayto.mutxamel.org\/wp-content\/uploads\/2024\/11\/Enric-valor-2-600x400.jpg\" class=\"attachment-us_600_400 size-us_600_400\" alt=\"enric valor\" loading=\"lazy\" srcset=\"https:\/\/ayto.mutxamel.org\/wp-content\/uploads\/2024\/11\/Enric-valor-2-600x400.jpg 600w, https:\/\/ayto.mutxamel.org\/wp-content\/uploads\/2024\/11\/Enric-valor-2-300x200.jpg 300w, https:\/\/ayto.mutxamel.org\/wp-content\/uploads\/2024\/11\/Enric-valor-2-1024x683.jpg 1024w, https:\/\/ayto.mutxamel.org\/wp-content\/uploads\/2024\/11\/Enric-valor-2-391x260.jpg 391w, https:\/\/ayto.mutxamel.org\/wp-content\/uploads\/2024\/11\/Enric-valor-2-scaled.jpg 1920w\" sizes=\"auto, (max-width: 600px) 100vw, 600px\" \/><\/a><\/div><div class=\"w-separator size_small with_line width_default thick_1 style_solid color_border align_center\"><div class=\"w-separator-h\"><\/div><\/div><\/div><\/div><div class=\"wpb_column vc_column_container\"><div class=\"vc_column-inner\"><div class=\"w-image align_none\"><a ref=\"magnificPopup\" href=\"https:\/\/ayto.mutxamel.org\/wp-content\/uploads\/2024\/11\/Enric-valor-scaled.jpg\" aria-label=\"Enric valor\" class=\"w-image-h\"><img decoding=\"async\" width=\"600\" height=\"400\" src=\"https:\/\/ayto.mutxamel.org\/wp-content\/uploads\/2024\/11\/Enric-valor-600x400.jpg\" class=\"attachment-us_600_400 size-us_600_400\" alt=\"enric valor\" loading=\"lazy\" srcset=\"https:\/\/ayto.mutxamel.org\/wp-content\/uploads\/2024\/11\/Enric-valor-600x400.jpg 600w, https:\/\/ayto.mutxamel.org\/wp-content\/uploads\/2024\/11\/Enric-valor-300x200.jpg 300w, https:\/\/ayto.mutxamel.org\/wp-content\/uploads\/2024\/11\/Enric-valor-1024x683.jpg 1024w, https:\/\/ayto.mutxamel.org\/wp-content\/uploads\/2024\/11\/Enric-valor-391x260.jpg 391w, https:\/\/ayto.mutxamel.org\/wp-content\/uploads\/2024\/11\/Enric-valor-scaled.jpg 1920w\" sizes=\"auto, (max-width: 600px) 100vw, 600px\" \/><\/a><\/div><div class=\"w-separator size_small with_line width_default thick_1 style_solid color_border align_center\"><div class=\"w-separator-h\"><\/div><\/div><\/div><\/div><\/div><\/div><\/section><section class=\"l-section wpb_row us_custom_8b56d21c height_auto\"><div class=\"l-section-h i-cf\"><div class=\"g-cols vc_row via_grid cols_1 laptops-cols_inherit tablets-cols_inherit mobiles-cols_1 valign_top type_default stacking_default\"><div class=\"wpb_column vc_column_container\"><div class=\"vc_column-inner\"><div id=\"ultimate-heading-85569f211180b749\" class=\"uvc-heading ult-adjust-bottom-margin ultimate-heading-85569f211180b749 uvc-2747 \" data-hspacer=\"no_spacer\"  data-halign=\"left\" style=\"text-align:left\"><div class=\"uvc-heading-spacer no_spacer\" style=\"top\"><\/div><div class=\"uvc-main-heading ult-responsive\"  data-ultimate-target='.uvc-heading.ultimate-heading-85569f211180b749 h2'  data-responsive-json-new='{\"font-size\":\"\",\"line-height\":\"\"}' ><h2 style=\"font-weight:normal;\">Mariano Fortuny<\/h2><\/div><\/div><div class=\"wpb_text_column us_custom_7e53051d linkext\"><div class=\"wpb_wrapper\"><p>Al carrer que porta el seu nom, es troba el mural sobre l&#8217;estaci\u00f3 el\u00e8ctrica, de Mariano Fortuny, el pintor de car\u00e0cter costumista de principis del segle XIX, en blanc i negre, contornejat amb una textura irregular blanca per a destacar el seu retrat i sobre un fons de to s\u00e9pia i past\u00eds dibuixem en la part frontal el retrat de l&#8217;artista, i en el lateral de l&#8217;estaci\u00f3, reprodu\u00efm un dels seus dibuixos, tamb\u00e9 en tons s\u00e9pia, d&#8217;un personatge amb turbant assegut.<\/p>\n<\/div><\/div><\/div><\/div><\/div><\/div><\/section><section class=\"l-section wpb_row us_custom_8b56d21c height_auto\"><div class=\"l-section-h i-cf\"><div class=\"g-cols vc_row via_grid cols_3 laptops-cols_inherit tablets-cols_inherit mobiles-cols_1 valign_top type_default stacking_default\"><div class=\"wpb_column vc_column_container\"><div class=\"vc_column-inner\"><div class=\"w-image align_none\"><a ref=\"magnificPopup\" href=\"https:\/\/ayto.mutxamel.org\/wp-content\/uploads\/2024\/11\/Mariano-fortuny-1-copia.jpg\" aria-label=\"Mariano fortuny 1 copia\" class=\"w-image-h\"><img decoding=\"async\" width=\"300\" height=\"200\" src=\"https:\/\/ayto.mutxamel.org\/wp-content\/uploads\/2024\/11\/Mariano-fortuny-1-copia-300x200.jpg\" class=\"attachment-medium size-medium\" alt=\"mariano fortuny\" loading=\"lazy\" srcset=\"https:\/\/ayto.mutxamel.org\/wp-content\/uploads\/2024\/11\/Mariano-fortuny-1-copia-300x200.jpg 300w, https:\/\/ayto.mutxamel.org\/wp-content\/uploads\/2024\/11\/Mariano-fortuny-1-copia-391x260.jpg 391w, https:\/\/ayto.mutxamel.org\/wp-content\/uploads\/2024\/11\/Mariano-fortuny-1-copia-600x400.jpg 600w, https:\/\/ayto.mutxamel.org\/wp-content\/uploads\/2024\/11\/Mariano-fortuny-1-copia.jpg 1024w\" sizes=\"auto, (max-width: 300px) 100vw, 300px\" \/><\/a><\/div><div class=\"w-separator size_small with_line width_default thick_1 style_solid color_border align_center\"><div class=\"w-separator-h\"><\/div><\/div><\/div><\/div><div class=\"wpb_column vc_column_container\"><div class=\"vc_column-inner\"><div class=\"w-image align_none\"><a ref=\"magnificPopup\" href=\"https:\/\/ayto.mutxamel.org\/wp-content\/uploads\/2024\/11\/Mariano-Fortuny-2-copia.jpg\" aria-label=\"Mariano Fortuny 2 copia\" class=\"w-image-h\"><img decoding=\"async\" width=\"300\" height=\"200\" src=\"https:\/\/ayto.mutxamel.org\/wp-content\/uploads\/2024\/11\/Mariano-Fortuny-2-copia-300x200.jpg\" class=\"attachment-medium size-medium\" alt=\"mariano fortuny\" loading=\"lazy\" srcset=\"https:\/\/ayto.mutxamel.org\/wp-content\/uploads\/2024\/11\/Mariano-Fortuny-2-copia-300x200.jpg 300w, https:\/\/ayto.mutxamel.org\/wp-content\/uploads\/2024\/11\/Mariano-Fortuny-2-copia-391x260.jpg 391w, https:\/\/ayto.mutxamel.org\/wp-content\/uploads\/2024\/11\/Mariano-Fortuny-2-copia-600x400.jpg 600w, https:\/\/ayto.mutxamel.org\/wp-content\/uploads\/2024\/11\/Mariano-Fortuny-2-copia.jpg 1024w\" sizes=\"auto, (max-width: 300px) 100vw, 300px\" \/><\/a><\/div><div class=\"w-separator size_small with_line width_default thick_1 style_solid color_border align_center\"><div class=\"w-separator-h\"><\/div><\/div><\/div><\/div><div class=\"wpb_column vc_column_container\"><div class=\"vc_column-inner\"><div class=\"w-image align_none\"><a ref=\"magnificPopup\" href=\"https:\/\/ayto.mutxamel.org\/wp-content\/uploads\/2024\/11\/Marino-Fortuny-3-copia.jpg\" aria-label=\"Marino Fortuny 3 copia\" class=\"w-image-h\"><img decoding=\"async\" width=\"200\" height=\"300\" src=\"https:\/\/ayto.mutxamel.org\/wp-content\/uploads\/2024\/11\/Marino-Fortuny-3-copia-200x300.jpg\" class=\"attachment-medium size-medium\" alt=\"fortuny\" loading=\"lazy\" srcset=\"https:\/\/ayto.mutxamel.org\/wp-content\/uploads\/2024\/11\/Marino-Fortuny-3-copia-200x300.jpg 200w, https:\/\/ayto.mutxamel.org\/wp-content\/uploads\/2024\/11\/Marino-Fortuny-3-copia-267x400.jpg 267w, https:\/\/ayto.mutxamel.org\/wp-content\/uploads\/2024\/11\/Marino-Fortuny-3-copia.jpg 683w\" sizes=\"auto, (max-width: 200px) 100vw, 200px\" \/><\/a><\/div><div class=\"w-separator size_small with_line width_default thick_1 style_solid color_border align_center\"><div class=\"w-separator-h\"><\/div><\/div><\/div><\/div><\/div><\/div><\/section><section class=\"l-section wpb_row us_custom_8b56d21c height_auto\"><div class=\"l-section-h i-cf\"><div class=\"g-cols vc_row via_grid cols_1 laptops-cols_inherit tablets-cols_inherit mobiles-cols_1 valign_top type_default stacking_default\"><div class=\"wpb_column vc_column_container\"><div class=\"vc_column-inner\"><div id=\"ultimate-heading-324669f211180e7c9\" class=\"uvc-heading ult-adjust-bottom-margin ultimate-heading-324669f211180e7c9 uvc-4615 \" data-hspacer=\"no_spacer\"  data-halign=\"left\" style=\"text-align:left\"><div class=\"uvc-heading-spacer no_spacer\" style=\"top\"><\/div><div class=\"uvc-main-heading ult-responsive\"  data-ultimate-target='.uvc-heading.ultimate-heading-324669f211180e7c9 h2'  data-responsive-json-new='{\"font-size\":\"\",\"line-height\":\"\"}' ><h2 style=\"font-weight:normal;\">Almadraba<\/h2><\/div><\/div><div class=\"wpb_text_column us_custom_7e53051d linkext\"><div class=\"wpb_wrapper\"><p>En la zona de l\u2019Almaixada, es troba el mural fet amb motius marins. L&#8217;Almadrava eren els llocs on es capturava la tonyina. El disseny, mostra sobre un fons blau mar\u00ed, un banc d&#8217;aquest peix blau, amb grafismes en\u00e8rgics i quasi violents, per a donar-li mobilitat i acci\u00f3 al conjunt. Amb tra\u00e7os de llapis sobre contorn blanc, els peixos sembla que avancen en banc cap avant.<\/p>\n<\/div><\/div><\/div><\/div><\/div><\/div><\/section><section class=\"l-section wpb_row us_custom_8b56d21c height_auto\"><div class=\"l-section-h i-cf\"><div class=\"g-cols vc_row via_grid cols_2 laptops-cols_inherit tablets-cols_inherit mobiles-cols_1 valign_top type_default stacking_default\"><div class=\"wpb_column vc_column_container\"><div class=\"vc_column-inner\"><div class=\"w-image align_none\"><a ref=\"magnificPopup\" href=\"https:\/\/ayto.mutxamel.org\/wp-content\/uploads\/2024\/11\/Almadraba-1-copia.jpg\" aria-label=\"Almadraba 1 copia\" class=\"w-image-h\"><img decoding=\"async\" width=\"600\" height=\"400\" src=\"https:\/\/ayto.mutxamel.org\/wp-content\/uploads\/2024\/11\/Almadraba-1-copia-600x400.jpg\" class=\"attachment-us_600_400 size-us_600_400\" alt=\"almadraba\" loading=\"lazy\" srcset=\"https:\/\/ayto.mutxamel.org\/wp-content\/uploads\/2024\/11\/Almadraba-1-copia-600x400.jpg 600w, https:\/\/ayto.mutxamel.org\/wp-content\/uploads\/2024\/11\/Almadraba-1-copia-300x200.jpg 300w, https:\/\/ayto.mutxamel.org\/wp-content\/uploads\/2024\/11\/Almadraba-1-copia-391x260.jpg 391w, https:\/\/ayto.mutxamel.org\/wp-content\/uploads\/2024\/11\/Almadraba-1-copia.jpg 1024w\" sizes=\"auto, (max-width: 600px) 100vw, 600px\" \/><\/a><\/div><div class=\"w-separator size_small with_line width_default thick_1 style_solid color_border align_center\"><div class=\"w-separator-h\"><\/div><\/div><\/div><\/div><div class=\"wpb_column vc_column_container\"><div class=\"vc_column-inner\"><div class=\"w-image align_none\"><a ref=\"magnificPopup\" href=\"https:\/\/ayto.mutxamel.org\/wp-content\/uploads\/2024\/11\/Almadraba-2-copia.jpg\" aria-label=\"Almadraba 2 copia\" class=\"w-image-h\"><img decoding=\"async\" width=\"600\" height=\"400\" src=\"https:\/\/ayto.mutxamel.org\/wp-content\/uploads\/2024\/11\/Almadraba-2-copia-600x400.jpg\" class=\"attachment-us_600_400 size-us_600_400\" alt=\"almadraba\" loading=\"lazy\" srcset=\"https:\/\/ayto.mutxamel.org\/wp-content\/uploads\/2024\/11\/Almadraba-2-copia-600x400.jpg 600w, https:\/\/ayto.mutxamel.org\/wp-content\/uploads\/2024\/11\/Almadraba-2-copia-300x200.jpg 300w, https:\/\/ayto.mutxamel.org\/wp-content\/uploads\/2024\/11\/Almadraba-2-copia-391x260.jpg 391w, https:\/\/ayto.mutxamel.org\/wp-content\/uploads\/2024\/11\/Almadraba-2-copia.jpg 1024w\" sizes=\"auto, (max-width: 600px) 100vw, 600px\" \/><\/a><\/div><div class=\"w-separator size_small with_line width_default thick_1 style_solid color_border align_center\"><div class=\"w-separator-h\"><\/div><\/div><\/div><\/div><\/div><\/div><\/section><section class=\"l-section wpb_row us_custom_8b56d21c height_auto\"><div class=\"l-section-h i-cf\"><div class=\"g-cols vc_row via_grid cols_1 laptops-cols_inherit tablets-cols_inherit mobiles-cols_1 valign_top type_default stacking_default\"><div class=\"wpb_column vc_column_container\"><div class=\"vc_column-inner\"><div id=\"ultimate-heading-403369f21118109f4\" class=\"uvc-heading ult-adjust-bottom-margin ultimate-heading-403369f21118109f4 uvc-654 \" data-hspacer=\"no_spacer\"  data-halign=\"left\" style=\"text-align:left\"><div class=\"uvc-heading-spacer no_spacer\" style=\"top\"><\/div><div class=\"uvc-main-heading ult-responsive\"  data-ultimate-target='.uvc-heading.ultimate-heading-403369f21118109f4 h2'  data-responsive-json-new='{\"font-size\":\"\",\"line-height\":\"\"}' ><h2 style=\"font-weight:normal;\">Pump Truck<\/h2><\/div><\/div><div class=\"wpb_text_column us_custom_7e53051d linkext\"><div class=\"wpb_wrapper\"><p>Per al CT que se situa al costat de la zona del pump truck, on la gent far\u00e0 skate, amb monopatins o patinets, decidim elaborar un conjunt amb una refer\u00e8ncia pop, cosmopolita i clarament recognoscible com \u00e9s la figura del ratol\u00ed Mickie. Tractat amb un estil d&#8217;art pop, els vius colors i les formes redones donen una vivor i energia tremenda al conjunt. Diversos ratolins s&#8217;entrellacen amb diferents moviments sobre una taula de patinet, com si la seq\u00fc\u00e8ncia mostrara un salt del dibuix animat. La idea era crear a alguna cosa que tinguera mobilitat i colorit molt potent per a aquesta zona de la ciutat on es practica aquest esport tan urb\u00e0.<\/p>\n<\/div><\/div><\/div><\/div><\/div><\/div><\/section><section class=\"l-section wpb_row us_custom_8b56d21c height_auto\"><div class=\"l-section-h i-cf\"><div class=\"g-cols vc_row via_grid cols_2 laptops-cols_inherit tablets-cols_inherit mobiles-cols_1 valign_top type_default stacking_default\"><div class=\"wpb_column vc_column_container\"><div class=\"vc_column-inner\"><div class=\"w-image align_none\"><a ref=\"magnificPopup\" href=\"https:\/\/ayto.mutxamel.org\/wp-content\/uploads\/2024\/11\/Pump-truck-1-copia.jpg\" aria-label=\"Pump truck 1 copia\" class=\"w-image-h\"><img decoding=\"async\" width=\"600\" height=\"400\" src=\"https:\/\/ayto.mutxamel.org\/wp-content\/uploads\/2024\/11\/Pump-truck-1-copia-600x400.jpg\" class=\"attachment-us_600_400 size-us_600_400\" alt=\"pump truck\" loading=\"lazy\" srcset=\"https:\/\/ayto.mutxamel.org\/wp-content\/uploads\/2024\/11\/Pump-truck-1-copia-600x400.jpg 600w, https:\/\/ayto.mutxamel.org\/wp-content\/uploads\/2024\/11\/Pump-truck-1-copia-300x200.jpg 300w, https:\/\/ayto.mutxamel.org\/wp-content\/uploads\/2024\/11\/Pump-truck-1-copia-391x260.jpg 391w, https:\/\/ayto.mutxamel.org\/wp-content\/uploads\/2024\/11\/Pump-truck-1-copia.jpg 1024w\" sizes=\"auto, (max-width: 600px) 100vw, 600px\" \/><\/a><\/div><div class=\"w-separator size_small with_line width_default thick_1 style_solid color_border align_center\"><div class=\"w-separator-h\"><\/div><\/div><\/div><\/div><div class=\"wpb_column vc_column_container\"><div class=\"vc_column-inner\"><div class=\"w-image align_none\"><a ref=\"magnificPopup\" href=\"https:\/\/ayto.mutxamel.org\/wp-content\/uploads\/2024\/11\/Pump-Truck-2-copia.jpg\" aria-label=\"Pump Truck 2 copia\" class=\"w-image-h\"><img decoding=\"async\" width=\"600\" height=\"400\" src=\"https:\/\/ayto.mutxamel.org\/wp-content\/uploads\/2024\/11\/Pump-Truck-2-copia-600x400.jpg\" class=\"attachment-us_600_400 size-us_600_400\" alt=\"pump truck\" loading=\"lazy\" srcset=\"https:\/\/ayto.mutxamel.org\/wp-content\/uploads\/2024\/11\/Pump-Truck-2-copia-600x400.jpg 600w, https:\/\/ayto.mutxamel.org\/wp-content\/uploads\/2024\/11\/Pump-Truck-2-copia-300x200.jpg 300w, https:\/\/ayto.mutxamel.org\/wp-content\/uploads\/2024\/11\/Pump-Truck-2-copia-391x260.jpg 391w, https:\/\/ayto.mutxamel.org\/wp-content\/uploads\/2024\/11\/Pump-Truck-2-copia.jpg 1024w\" sizes=\"auto, (max-width: 600px) 100vw, 600px\" \/><\/a><\/div><div class=\"w-separator size_small with_line width_default thick_1 style_solid color_border align_center\"><div class=\"w-separator-h\"><\/div><\/div><\/div><\/div><\/div><\/div><\/section><section class=\"l-section wpb_row us_custom_8b56d21c height_auto\"><div class=\"l-section-h i-cf\"><div class=\"g-cols vc_row via_grid cols_1 laptops-cols_inherit tablets-cols_inherit mobiles-cols_1 valign_top type_default stacking_default\"><div class=\"wpb_column vc_column_container\"><div class=\"vc_column-inner\"><div id=\"ultimate-heading-812769f2111812cee\" class=\"uvc-heading ult-adjust-bottom-margin ultimate-heading-812769f2111812cee uvc-945 \" data-hspacer=\"no_spacer\"  data-halign=\"left\" style=\"text-align:left\"><div class=\"uvc-heading-spacer no_spacer\" style=\"top\"><\/div><div class=\"uvc-main-heading ult-responsive\"  data-ultimate-target='.uvc-heading.ultimate-heading-812769f2111812cee h2'  data-responsive-json-new='{\"font-size\":\"\",\"line-height\":\"\"}' ><h2 style=\"font-weight:normal;\">CONSTEL\u00b7LACIONS<\/h2><\/div><\/div><div class=\"wpb_text_column us_custom_7e53051d linkext\"><div class=\"wpb_wrapper\"><p>Per al CT del carrer Aquari, la idea va ser realitzar un mural sobre la constel\u00b7laci\u00f3 referida, per\u00f2 per a donar-li m\u00e9s emotivitat al conjunt i que no fora solament un cel estret, vam posar dos elements que completaven l&#8217;escena. D&#8217;una banda, un coet talla el cel amb vius colors, per un altre, en tons blanc i negre, un pare mostra la constel\u00b7laci\u00f3 al seu fill sobre la superf\u00edcie lunar, explicant-li el que estan veient. Tons blaus, morats i roses, mesclats amb blanc i negre, per a la creaci\u00f3 d&#8217;aquest homenatge a l&#8217;espai exterior.<\/p>\n<\/div><\/div><\/div><\/div><\/div><\/div><\/section><section class=\"l-section wpb_row us_custom_8b56d21c height_auto\"><div class=\"l-section-h i-cf\"><div class=\"g-cols vc_row via_grid cols_2 laptops-cols_inherit tablets-cols_inherit mobiles-cols_1 valign_top type_default stacking_default\"><div class=\"wpb_column vc_column_container\"><div class=\"vc_column-inner\"><div class=\"w-image align_none\"><a ref=\"magnificPopup\" href=\"https:\/\/ayto.mutxamel.org\/wp-content\/uploads\/2024\/11\/Constelaciones-1-copia.jpg\" aria-label=\"Constelaciones 1 copia\" class=\"w-image-h\"><img decoding=\"async\" width=\"600\" height=\"400\" src=\"https:\/\/ayto.mutxamel.org\/wp-content\/uploads\/2024\/11\/Constelaciones-1-copia-600x400.jpg\" class=\"attachment-us_600_400 size-us_600_400\" alt=\"constelaciones\" loading=\"lazy\" srcset=\"https:\/\/ayto.mutxamel.org\/wp-content\/uploads\/2024\/11\/Constelaciones-1-copia-600x400.jpg 600w, https:\/\/ayto.mutxamel.org\/wp-content\/uploads\/2024\/11\/Constelaciones-1-copia-300x200.jpg 300w, https:\/\/ayto.mutxamel.org\/wp-content\/uploads\/2024\/11\/Constelaciones-1-copia-391x260.jpg 391w, https:\/\/ayto.mutxamel.org\/wp-content\/uploads\/2024\/11\/Constelaciones-1-copia.jpg 1024w\" sizes=\"auto, (max-width: 600px) 100vw, 600px\" \/><\/a><\/div><div class=\"w-separator size_small with_line width_default thick_1 style_solid color_border align_center\"><div class=\"w-separator-h\"><\/div><\/div><\/div><\/div><div class=\"wpb_column vc_column_container\"><div class=\"vc_column-inner\"><div class=\"w-image align_none\"><a ref=\"magnificPopup\" href=\"https:\/\/ayto.mutxamel.org\/wp-content\/uploads\/2024\/11\/Constelaciones-2-copia.jpg\" aria-label=\"Constelaciones 2 copia\" class=\"w-image-h\"><img decoding=\"async\" width=\"600\" height=\"400\" src=\"https:\/\/ayto.mutxamel.org\/wp-content\/uploads\/2024\/11\/Constelaciones-2-copia-600x400.jpg\" class=\"attachment-us_600_400 size-us_600_400\" alt=\"constelaciones\" loading=\"lazy\" srcset=\"https:\/\/ayto.mutxamel.org\/wp-content\/uploads\/2024\/11\/Constelaciones-2-copia-600x400.jpg 600w, https:\/\/ayto.mutxamel.org\/wp-content\/uploads\/2024\/11\/Constelaciones-2-copia-300x200.jpg 300w, https:\/\/ayto.mutxamel.org\/wp-content\/uploads\/2024\/11\/Constelaciones-2-copia-391x260.jpg 391w, https:\/\/ayto.mutxamel.org\/wp-content\/uploads\/2024\/11\/Constelaciones-2-copia.jpg 1024w\" sizes=\"auto, (max-width: 600px) 100vw, 600px\" \/><\/a><\/div><div class=\"w-separator size_small with_line width_default thick_1 style_solid color_border align_center\"><div class=\"w-separator-h\"><\/div><\/div><\/div><\/div><\/div><\/div><\/section><section class=\"l-section wpb_row us_custom_8b56d21c height_auto\"><div class=\"l-section-h i-cf\"><div class=\"g-cols vc_row via_grid cols_1 laptops-cols_inherit tablets-cols_inherit mobiles-cols_1 valign_top type_default stacking_default\"><div class=\"wpb_column vc_column_container\"><div class=\"vc_column-inner\"><div id=\"ultimate-heading-540869f2111814f51\" class=\"uvc-heading ult-adjust-bottom-margin ultimate-heading-540869f2111814f51 uvc-2952 \" data-hspacer=\"no_spacer\"  data-halign=\"left\" style=\"text-align:left\"><div class=\"uvc-heading-spacer no_spacer\" style=\"top\"><\/div><div class=\"uvc-main-heading ult-responsive\"  data-ultimate-target='.uvc-heading.ultimate-heading-540869f2111814f51 h2'  data-responsive-json-new='{\"font-size\":\"\",\"line-height\":\"\"}' ><h2 style=\"font-weight:normal;\">Bonalba<\/h2><\/div><\/div><div class=\"wpb_text_column us_custom_7e53051d linkext\"><div class=\"wpb_wrapper\"><p>En Bonalba el disseny usat fa clara refer\u00e8ncia a l&#8217;entorn i el respecte per la naturalesa, que \u00e9s on es troben aquests CT. Es va tractar de reflectir en quatre escenes les quatre estacions de l&#8217;any, amb fauna local, i diferents tons usats relacionats amb cadascuna d&#8217;aquestes estacions, per\u00f2 sempre amb colors molt vius que alegren l&#8217;entorn.<\/p>\n<\/div><\/div><\/div><\/div><\/div><\/div><\/section><section class=\"l-section wpb_row us_custom_8b56d21c height_auto\"><div class=\"l-section-h i-cf\"><div class=\"g-cols vc_row via_grid cols_2 laptops-cols_inherit tablets-cols_inherit mobiles-cols_1 valign_top type_default stacking_default\"><div class=\"wpb_column vc_column_container\"><div class=\"vc_column-inner\"><div class=\"w-image align_none\"><a ref=\"magnificPopup\" href=\"https:\/\/ayto.mutxamel.org\/wp-content\/uploads\/2024\/11\/Bonalba-1-copia-scaled.jpg\" aria-label=\"Bonalba 1 copia\" class=\"w-image-h\"><img decoding=\"async\" width=\"600\" height=\"400\" src=\"https:\/\/ayto.mutxamel.org\/wp-content\/uploads\/2024\/11\/Bonalba-1-copia-600x400.jpg\" class=\"attachment-us_600_400 size-us_600_400\" alt=\"bonalba\" loading=\"lazy\" srcset=\"https:\/\/ayto.mutxamel.org\/wp-content\/uploads\/2024\/11\/Bonalba-1-copia-600x400.jpg 600w, https:\/\/ayto.mutxamel.org\/wp-content\/uploads\/2024\/11\/Bonalba-1-copia-300x200.jpg 300w, https:\/\/ayto.mutxamel.org\/wp-content\/uploads\/2024\/11\/Bonalba-1-copia-1024x683.jpg 1024w, https:\/\/ayto.mutxamel.org\/wp-content\/uploads\/2024\/11\/Bonalba-1-copia-391x260.jpg 391w, https:\/\/ayto.mutxamel.org\/wp-content\/uploads\/2024\/11\/Bonalba-1-copia-scaled.jpg 1920w\" sizes=\"auto, (max-width: 600px) 100vw, 600px\" \/><\/a><\/div><div class=\"w-separator size_small with_line width_default thick_1 style_solid color_border align_center\"><div class=\"w-separator-h\"><\/div><\/div><\/div><\/div><div class=\"wpb_column vc_column_container\"><div class=\"vc_column-inner\"><div class=\"w-image hide_on_default hide_on_laptops hide_on_tablets hide_on_mobiles align_none\"><a ref=\"magnificPopup\" href=\"https:\/\/ayto.mutxamel.org\/wp-content\/uploads\/2024\/11\/Constelaciones-2-copia.jpg\" aria-label=\"Constelaciones 2 copia\" class=\"w-image-h\"><img decoding=\"async\" width=\"600\" height=\"400\" src=\"https:\/\/ayto.mutxamel.org\/wp-content\/uploads\/2024\/11\/Constelaciones-2-copia-600x400.jpg\" class=\"attachment-us_600_400 size-us_600_400\" alt=\"constelaciones\" loading=\"lazy\" srcset=\"https:\/\/ayto.mutxamel.org\/wp-content\/uploads\/2024\/11\/Constelaciones-2-copia-600x400.jpg 600w, https:\/\/ayto.mutxamel.org\/wp-content\/uploads\/2024\/11\/Constelaciones-2-copia-300x200.jpg 300w, https:\/\/ayto.mutxamel.org\/wp-content\/uploads\/2024\/11\/Constelaciones-2-copia-391x260.jpg 391w, https:\/\/ayto.mutxamel.org\/wp-content\/uploads\/2024\/11\/Constelaciones-2-copia.jpg 1024w\" sizes=\"auto, (max-width: 600px) 100vw, 600px\" \/><\/a><\/div><div class=\"w-separator size_small with_line width_default thick_1 style_solid color_border align_center\"><div class=\"w-separator-h\"><\/div><\/div><\/div><\/div><\/div><\/div><\/section><section class=\"l-section wpb_row us_custom_8b56d21c height_auto\"><div class=\"l-section-h i-cf\"><div class=\"g-cols vc_row via_grid cols_1 laptops-cols_inherit tablets-cols_inherit mobiles-cols_1 valign_top type_default stacking_default\"><div class=\"wpb_column vc_column_container\"><div class=\"vc_column-inner\"><div id=\"ultimate-heading-409569f2111816842\" class=\"uvc-heading ult-adjust-bottom-margin ultimate-heading-409569f2111816842 uvc-8216 \" data-hspacer=\"no_spacer\"  data-halign=\"left\" style=\"text-align:left\"><div class=\"uvc-heading-spacer no_spacer\" style=\"top\"><\/div><div class=\"uvc-main-heading ult-responsive\"  data-ultimate-target='.uvc-heading.ultimate-heading-409569f2111816842 h2'  data-responsive-json-new='{\"font-size\":\"\",\"line-height\":\"\"}' ><h2 style=\"font-weight:normal;\">Ravel<\/h2><\/div><\/div><div class=\"wpb_text_column us_custom_7e53051d linkext\"><div class=\"wpb_wrapper\"><p>Al carrer El Greco, dibuixem la figura del pintor en la part frontal del CT el retrat del pintor amb la peculiar gola sobre un fons de vellut verd botella, i emmarcat tot amb un marc de pa d&#8217;or, reflectint aix\u00ed la professi\u00f3 del personatge. En la part lateral visible, representem una part d&#8217;una de les obres m\u00e9s famoses de El Greco, el seu &#8220;Cavaller amb m\u00e0 en el pit&#8221;, fent zoom sobre la part de la m\u00e0 i el m\u00e0nec de l&#8217;espasa de la pintura.<\/p>\n<\/div><\/div><\/div><\/div><\/div><\/div><\/section><section class=\"l-section wpb_row us_custom_8b56d21c height_auto\"><div class=\"l-section-h i-cf\"><div class=\"g-cols vc_row via_grid cols_2 laptops-cols_inherit tablets-cols_inherit mobiles-cols_1 valign_top type_default stacking_default\"><div class=\"wpb_column vc_column_container\"><div class=\"vc_column-inner\"><div class=\"w-image align_none\"><a ref=\"magnificPopup\" href=\"https:\/\/ayto.mutxamel.org\/wp-content\/uploads\/2024\/11\/Ravel-1-copia.jpg\" aria-label=\"Ravel 1 copia\" class=\"w-image-h\"><img decoding=\"async\" width=\"600\" height=\"400\" src=\"https:\/\/ayto.mutxamel.org\/wp-content\/uploads\/2024\/11\/Ravel-1-copia-600x400.jpg\" class=\"attachment-us_600_400 size-us_600_400\" alt=\"ravel\" loading=\"lazy\" srcset=\"https:\/\/ayto.mutxamel.org\/wp-content\/uploads\/2024\/11\/Ravel-1-copia-600x400.jpg 600w, https:\/\/ayto.mutxamel.org\/wp-content\/uploads\/2024\/11\/Ravel-1-copia-300x200.jpg 300w, https:\/\/ayto.mutxamel.org\/wp-content\/uploads\/2024\/11\/Ravel-1-copia-391x260.jpg 391w, https:\/\/ayto.mutxamel.org\/wp-content\/uploads\/2024\/11\/Ravel-1-copia.jpg 1024w\" sizes=\"auto, (max-width: 600px) 100vw, 600px\" \/><\/a><\/div><div class=\"w-separator size_small with_line width_default thick_1 style_solid color_border align_center\"><div class=\"w-separator-h\"><\/div><\/div><\/div><\/div><div class=\"wpb_column vc_column_container\"><div class=\"vc_column-inner\"><div class=\"w-image align_none\"><a ref=\"magnificPopup\" href=\"https:\/\/ayto.mutxamel.org\/wp-content\/uploads\/2024\/11\/Ravel-2-copia.jpg\" aria-label=\"Ravel 2 copia\" class=\"w-image-h\"><img decoding=\"async\" width=\"600\" height=\"400\" src=\"https:\/\/ayto.mutxamel.org\/wp-content\/uploads\/2024\/11\/Ravel-2-copia-600x400.jpg\" class=\"attachment-us_600_400 size-us_600_400\" alt=\"ravel\" loading=\"lazy\" srcset=\"https:\/\/ayto.mutxamel.org\/wp-content\/uploads\/2024\/11\/Ravel-2-copia-600x400.jpg 600w, https:\/\/ayto.mutxamel.org\/wp-content\/uploads\/2024\/11\/Ravel-2-copia-300x200.jpg 300w, https:\/\/ayto.mutxamel.org\/wp-content\/uploads\/2024\/11\/Ravel-2-copia-391x260.jpg 391w, https:\/\/ayto.mutxamel.org\/wp-content\/uploads\/2024\/11\/Ravel-2-copia.jpg 1024w\" sizes=\"auto, (max-width: 600px) 100vw, 600px\" \/><\/a><\/div><div class=\"w-separator size_small with_line width_default thick_1 style_solid color_border align_center\"><div class=\"w-separator-h\"><\/div><\/div><\/div><\/div><\/div><\/div><\/section><section class=\"l-section wpb_row us_custom_8b56d21c height_auto\"><div class=\"l-section-h i-cf\"><div class=\"g-cols vc_row via_grid cols_1 laptops-cols_inherit tablets-cols_inherit mobiles-cols_1 valign_top type_default stacking_default\"><div class=\"wpb_column vc_column_container\"><div class=\"vc_column-inner\"><div class=\"w-separator size_medium\"><\/div><\/div><\/div><\/div><\/div><\/section>\n","protected":false},"featured_media":0,"parent":37089,"menu_order":0,"template":"","meta":{"_acf_changed":false,"footnotes":""},"categoria_area":[364],"ambito_area":[],"class_list":["post-52902","area","type-area","status-publish","hentry","categoria_area-cultura-ca"],"acf":[],"yoast_head":"<!-- This site is optimized with the Yoast SEO plugin v27.3 - https:\/\/yoast.com\/product\/yoast-seo-wordpress\/ -->\n<title>Art Urb\u00e0 - Ayuntamiento de Mutxamel<\/title>\n<meta name=\"robots\" content=\"index, follow, max-snippet:-1, max-image-preview:large, max-video-preview:-1\" \/>\n<link rel=\"canonical\" href=\"https:\/\/ayto.mutxamel.org\/ca\/area\/cultura\/art-urba\/\" \/>\n<meta property=\"og:locale\" content=\"ca_ES\" \/>\n<meta property=\"og:type\" content=\"article\" \/>\n<meta property=\"og:title\" content=\"Art Urb\u00e0 - Ayuntamiento de Mutxamel\" \/>\n<meta property=\"og:url\" content=\"https:\/\/ayto.mutxamel.org\/ca\/area\/cultura\/art-urba\/\" \/>\n<meta property=\"og:site_name\" content=\"Ayuntamiento de Mutxamel\" \/>\n<meta property=\"article:modified_time\" content=\"2025-01-15T12:04:27+00:00\" \/>\n<meta name=\"twitter:card\" content=\"summary_large_image\" \/>\n<meta name=\"twitter:label1\" content=\"Temps estimat de lectura\" \/>\n\t<meta name=\"twitter:data1\" content=\"10 minuts\" \/>\n<script type=\"application\/ld+json\" class=\"yoast-schema-graph\">{\"@context\":\"https:\\\/\\\/schema.org\",\"@graph\":[{\"@type\":\"WebPage\",\"@id\":\"https:\\\/\\\/ayto.mutxamel.org\\\/ca\\\/area\\\/cultura\\\/art-urba\\\/\",\"url\":\"https:\\\/\\\/ayto.mutxamel.org\\\/ca\\\/area\\\/cultura\\\/art-urba\\\/\",\"name\":\"Art Urb\u00e0 - Ayuntamiento de Mutxamel\",\"isPartOf\":{\"@id\":\"https:\\\/\\\/ayto.mutxamel.org\\\/ca\\\/#website\"},\"datePublished\":\"2024-11-26T18:34:09+00:00\",\"dateModified\":\"2025-01-15T12:04:27+00:00\",\"breadcrumb\":{\"@id\":\"https:\\\/\\\/ayto.mutxamel.org\\\/ca\\\/area\\\/cultura\\\/art-urba\\\/#breadcrumb\"},\"inLanguage\":\"ca\",\"potentialAction\":[{\"@type\":\"ReadAction\",\"target\":[\"https:\\\/\\\/ayto.mutxamel.org\\\/ca\\\/area\\\/cultura\\\/art-urba\\\/\"]}]},{\"@type\":\"BreadcrumbList\",\"@id\":\"https:\\\/\\\/ayto.mutxamel.org\\\/ca\\\/area\\\/cultura\\\/art-urba\\\/#breadcrumb\",\"itemListElement\":[{\"@type\":\"ListItem\",\"position\":1,\"name\":\"Portada\",\"item\":\"https:\\\/\\\/ayto.mutxamel.org\\\/ca\\\/\"},{\"@type\":\"ListItem\",\"position\":2,\"name\":\"areas\",\"item\":\"https:\\\/\\\/ayto.mutxamel.org\\\/ca\\\/area\\\/\"},{\"@type\":\"ListItem\",\"position\":3,\"name\":\"Cultura\",\"item\":\"https:\\\/\\\/ayto.mutxamel.org\\\/ca\\\/area\\\/cultura\\\/\"},{\"@type\":\"ListItem\",\"position\":4,\"name\":\"Art Urb\u00e0\"}]},{\"@type\":\"WebSite\",\"@id\":\"https:\\\/\\\/ayto.mutxamel.org\\\/ca\\\/#website\",\"url\":\"https:\\\/\\\/ayto.mutxamel.org\\\/ca\\\/\",\"name\":\"Ayuntamiento de Mutxamel\",\"description\":\"\",\"potentialAction\":[{\"@type\":\"SearchAction\",\"target\":{\"@type\":\"EntryPoint\",\"urlTemplate\":\"https:\\\/\\\/ayto.mutxamel.org\\\/ca\\\/?s={search_term_string}\"},\"query-input\":{\"@type\":\"PropertyValueSpecification\",\"valueRequired\":true,\"valueName\":\"search_term_string\"}}],\"inLanguage\":\"ca\"}]}<\/script>\n<!-- \/ Yoast SEO plugin. -->","yoast_head_json":{"title":"Art Urb\u00e0 - Ayuntamiento de Mutxamel","robots":{"index":"index","follow":"follow","max-snippet":"max-snippet:-1","max-image-preview":"max-image-preview:large","max-video-preview":"max-video-preview:-1"},"canonical":"https:\/\/ayto.mutxamel.org\/ca\/area\/cultura\/art-urba\/","og_locale":"ca_ES","og_type":"article","og_title":"Art Urb\u00e0 - Ayuntamiento de Mutxamel","og_url":"https:\/\/ayto.mutxamel.org\/ca\/area\/cultura\/art-urba\/","og_site_name":"Ayuntamiento de Mutxamel","article_modified_time":"2025-01-15T12:04:27+00:00","twitter_card":"summary_large_image","twitter_misc":{"Temps estimat de lectura":"10 minuts"},"schema":{"@context":"https:\/\/schema.org","@graph":[{"@type":"WebPage","@id":"https:\/\/ayto.mutxamel.org\/ca\/area\/cultura\/art-urba\/","url":"https:\/\/ayto.mutxamel.org\/ca\/area\/cultura\/art-urba\/","name":"Art Urb\u00e0 - Ayuntamiento de Mutxamel","isPartOf":{"@id":"https:\/\/ayto.mutxamel.org\/ca\/#website"},"datePublished":"2024-11-26T18:34:09+00:00","dateModified":"2025-01-15T12:04:27+00:00","breadcrumb":{"@id":"https:\/\/ayto.mutxamel.org\/ca\/area\/cultura\/art-urba\/#breadcrumb"},"inLanguage":"ca","potentialAction":[{"@type":"ReadAction","target":["https:\/\/ayto.mutxamel.org\/ca\/area\/cultura\/art-urba\/"]}]},{"@type":"BreadcrumbList","@id":"https:\/\/ayto.mutxamel.org\/ca\/area\/cultura\/art-urba\/#breadcrumb","itemListElement":[{"@type":"ListItem","position":1,"name":"Portada","item":"https:\/\/ayto.mutxamel.org\/ca\/"},{"@type":"ListItem","position":2,"name":"areas","item":"https:\/\/ayto.mutxamel.org\/ca\/area\/"},{"@type":"ListItem","position":3,"name":"Cultura","item":"https:\/\/ayto.mutxamel.org\/ca\/area\/cultura\/"},{"@type":"ListItem","position":4,"name":"Art Urb\u00e0"}]},{"@type":"WebSite","@id":"https:\/\/ayto.mutxamel.org\/ca\/#website","url":"https:\/\/ayto.mutxamel.org\/ca\/","name":"Ayuntamiento de Mutxamel","description":"","potentialAction":[{"@type":"SearchAction","target":{"@type":"EntryPoint","urlTemplate":"https:\/\/ayto.mutxamel.org\/ca\/?s={search_term_string}"},"query-input":{"@type":"PropertyValueSpecification","valueRequired":true,"valueName":"search_term_string"}}],"inLanguage":"ca"}]}},"_links":{"self":[{"href":"https:\/\/ayto.mutxamel.org\/ca\/wp-json\/wp\/v2\/area\/52902","targetHints":{"allow":["GET"]}}],"collection":[{"href":"https:\/\/ayto.mutxamel.org\/ca\/wp-json\/wp\/v2\/area"}],"about":[{"href":"https:\/\/ayto.mutxamel.org\/ca\/wp-json\/wp\/v2\/types\/area"}],"version-history":[{"count":2,"href":"https:\/\/ayto.mutxamel.org\/ca\/wp-json\/wp\/v2\/area\/52902\/revisions"}],"predecessor-version":[{"id":52904,"href":"https:\/\/ayto.mutxamel.org\/ca\/wp-json\/wp\/v2\/area\/52902\/revisions\/52904"}],"up":[{"embeddable":true,"href":"https:\/\/ayto.mutxamel.org\/ca\/wp-json\/wp\/v2\/area\/37089"}],"wp:attachment":[{"href":"https:\/\/ayto.mutxamel.org\/ca\/wp-json\/wp\/v2\/media?parent=52902"}],"wp:term":[{"taxonomy":"categoria_area","embeddable":true,"href":"https:\/\/ayto.mutxamel.org\/ca\/wp-json\/wp\/v2\/categoria_area?post=52902"},{"taxonomy":"ambito_area","embeddable":true,"href":"https:\/\/ayto.mutxamel.org\/ca\/wp-json\/wp\/v2\/ambito_area?post=52902"}],"curies":[{"name":"wp","href":"https:\/\/api.w.org\/{rel}","templated":true}]}}