{"id":37089,"date":"2023-10-06T11:43:24","date_gmt":"2023-10-06T09:43:24","guid":{"rendered":"https:\/\/ayto.mutxamel.org\/area\/cultura\/"},"modified":"2024-10-07T13:59:35","modified_gmt":"2024-10-07T11:59:35","slug":"cultura","status":"publish","type":"area","link":"https:\/\/ayto.mutxamel.org\/ca\/area\/cultura\/","title":{"rendered":"Cultura"},"content":{"rendered":"<section class=\"l-section wpb_row us_custom_9d1e26d6 height_medium width_full color_alternate with_img\"><div class=\"l-section-img\" role=\"img\" aria-label=\"auditorio casa de cultura\" data-img-width=\"1920\" data-img-height=\"1280\" style=\"background-image: url(https:\/\/ayto.mutxamel.org\/wp-content\/uploads\/2023\/11\/auditorio-casa-de-cultura-scaled.jpg);background-repeat: no-repeat;\"><\/div><div class=\"l-section-overlay\" style=\"background:rgba(232,170,127,0.40)\"><\/div><div class=\"l-section-h i-cf\"><div class=\"g-cols vc_row via_grid cols_1 laptops-cols_inherit tablets-cols_inherit mobiles-cols_1 valign_top type_default stacking_default\" style=\"--columns-gap:1rem;\"><div class=\"wpb_column vc_column_container\"><div class=\"vc_column-inner\"><div class=\"w-image align_center\"><div class=\"w-image-h\"><img decoding=\"async\" width=\"596\" height=\"341\" src=\"https:\/\/ayto.mutxamel.org\/wp-content\/uploads\/2023\/11\/Logo_va_cultura.png\" class=\"attachment-us_600_400 size-us_600_400\" alt=\"Cultura\" loading=\"lazy\" srcset=\"https:\/\/ayto.mutxamel.org\/wp-content\/uploads\/2023\/11\/Logo_va_cultura.png 596w, https:\/\/ayto.mutxamel.org\/wp-content\/uploads\/2023\/11\/Logo_va_cultura-300x172.png 300w\" sizes=\"auto, (max-width: 596px) 100vw, 596px\" \/><\/div><\/div><\/div><\/div><\/div><\/div><\/section><section class=\"l-section wpb_row us_custom_d8087e8f hidden height_medium width_full color_alternate\"><div class=\"l-section-overlay\" style=\"background:rgba(232,170,127,0.40)\"><\/div><div class=\"l-section-h i-cf\"><div class=\"g-cols vc_row via_grid cols_1 laptops-cols_inherit tablets-cols_inherit mobiles-cols_1 valign_top type_default stacking_default\" style=\"--columns-gap:1rem;\"><div class=\"wpb_column vc_column_container\"><div class=\"vc_column-inner\"><div id=\"ultimate-heading-874669f4157c47a5a\" class=\"uvc-heading ult-adjust-bottom-margin ultimate-heading-874669f4157c47a5a uvc-6718 mays\" data-hspacer=\"no_spacer\"  data-halign=\"center\" style=\"text-align:center\"><div class=\"uvc-heading-spacer no_spacer\" style=\"top\"><\/div><div class=\"uvc-main-heading ult-responsive\"  data-ultimate-target='.uvc-heading.ultimate-heading-874669f4157c47a5a h1'  data-responsive-json-new='{\"font-size\":\"\",\"line-height\":\"\"}' ><h1 style=\"font-family:&#039;Lato&#039;;font-weight:300;color:#ffffff;\">Cultura<\/h1><\/div><\/div><\/div><\/div><\/div><\/div><\/section><section class=\"l-section wpb_row us_custom_78eeb0de height_auto\"><div class=\"l-section-h i-cf\"><div class=\"g-cols vc_row via_grid cols_1 laptops-cols_inherit tablets-cols_inherit mobiles-cols_1 valign_middle type_default stacking_default\"><div class=\"wpb_column vc_column_container\"><div class=\"vc_column-inner\"><div class=\"w-grid us_grid us_custom_ed79db5d has_text_color type_grid layout_25217 cols_4 preload_style_spinner\" id=\"us_grid_1\" style=\"--columns:4;--gap:0rem;\"><style>@media (max-width:1024px){#us_grid_1{--columns:2!important}}@media (max-width:600px){#us_grid_1{--columns:1!important}}.layout_25217 .w-grid-item-h{background:#cbe0d4}.layout_25217 .usg_post_title_1{transition-duration:0.3s;transform-origin:50% 50%;transform:scale(1) translate(0%,0%)}.layout_25217 .w-grid-item-h:focus-within .usg_post_title_1,.layout_25217 .w-grid-item-h:hover .usg_post_title_1{transform:scale(1) translate(0%,0%);opacity:0.6}.layout_25217 .usg_hwrapper_1{text-align:center!important;padding-top:12px!important;padding-bottom:12px!important;border-left-width:0.5px!important;border-right-width:0.5px!important;border-color:#a7c7b5!important;background:#cbe0d4!important}.layout_25217 .usg_post_title_1{color:#2a5c41!important;text-align:center!important;font-size:0.78rem!important;line-height:0.92rem!important;text-transform:uppercase!important;width:100%!important;height:100%!important;margin-left:-0.5px!important;margin-right:-0.5px!important;border-left-width:1px!important;border-right-width:1px!important;border-color:#a7c7b5!important;border-right-style:solid!important;border-left-style:solid!important;background:#cbe0d4!important}<\/style><div class=\"w-grid-list\">\t<article class=\"w-grid-item size_1x1 post-37148 area type-area status-publish hentry categoria_area-cultura-ca\" data-id=\"37148\">\r\n\t\t<div class=\"w-grid-item-h\">\r\n\t\t\t\t\t\t<div class=\"w-hwrapper usg_hwrapper_1 menu_subarea align_center valign_middle wrap stack_on_mobiles\" style=\"--hwrapper-gap:0px\"><span class=\"w-post-elm post_title usg_post_title_1 has_text_color align_center entry-title color_link_inherit\"><a href=\"https:\/\/ayto.mutxamel.org\/ca\/area\/cultura\/museus\/\">Museus<\/a><\/span><\/div>\t\t<\/div>\r\n\t\t\t<\/article>\r\n\t<article class=\"w-grid-item size_1x1 post-37141 area type-area status-publish hentry categoria_area-cultura-ca\" data-id=\"37141\">\r\n\t\t<div class=\"w-grid-item-h\">\r\n\t\t\t\t\t\t<div class=\"w-hwrapper usg_hwrapper_1 menu_subarea align_center valign_middle wrap stack_on_mobiles\" style=\"--hwrapper-gap:0px\"><span class=\"w-post-elm post_title usg_post_title_1 has_text_color align_center entry-title color_link_inherit\"><a href=\"https:\/\/ayto.mutxamel.org\/ca\/area\/cultura\/patrimoni-cultural\/\">Patrimoni cultural<\/a><\/span><\/div>\t\t<\/div>\r\n\t\t\t<\/article>\r\n\t<article class=\"w-grid-item size_1x1 post-34619 area type-area status-publish hentry categoria_area-cultura-ca\" data-id=\"34619\">\r\n\t\t<div class=\"w-grid-item-h\">\r\n\t\t\t\t\t\t<div class=\"w-hwrapper usg_hwrapper_1 menu_subarea align_center valign_middle wrap stack_on_mobiles\" style=\"--hwrapper-gap:0px\"><span class=\"w-post-elm post_title usg_post_title_1 has_text_color align_center entry-title color_link_inherit\"><a href=\"https:\/\/ayto.mutxamel.org\/ca\/area\/cultura\/estiu-cultural\/\">L\u00b4Estiu a Mutxamel<\/a><\/span><\/div>\t\t<\/div>\r\n\t\t\t<\/article>\r\n\t<article class=\"w-grid-item size_1x1 post-37138 area type-area status-publish hentry categoria_area-cultura-ca\" data-id=\"37138\">\r\n\t\t<div class=\"w-grid-item-h\">\r\n\t\t\t\t\t\t<div class=\"w-hwrapper usg_hwrapper_1 menu_subarea align_center valign_middle wrap stack_on_mobiles\" style=\"--hwrapper-gap:0px\"><span class=\"w-post-elm post_title usg_post_title_1 has_text_color align_center entry-title color_link_inherit\"><a href=\"https:\/\/ayto.mutxamel.org\/ca\/area\/cultura\/betlems-tradicio-art\/\">BETLEMS, TRADICI\u00d3 I ART<\/a><\/span><\/div>\t\t<\/div>\r\n\t\t\t<\/article>\r\n\t<article class=\"w-grid-item size_1x1 post-34612 area type-area status-publish hentry categoria_area-cultura-ca\" data-id=\"34612\">\r\n\t\t<div class=\"w-grid-item-h\">\r\n\t\t\t\t\t\t<div class=\"w-hwrapper usg_hwrapper_1 menu_subarea align_center valign_middle wrap stack_on_mobiles\" style=\"--hwrapper-gap:0px\"><span class=\"w-post-elm post_title usg_post_title_1 has_text_color align_center entry-title color_link_inherit\"><a href=\"https:\/\/ayto.mutxamel.org\/ca\/area\/cultura\/cicle-de-musica\/\">Cicle de M\u00fasica<\/a><\/span><\/div>\t\t<\/div>\r\n\t\t\t<\/article>\r\n\t<article class=\"w-grid-item size_1x1 post-37133 area type-area status-publish hentry categoria_area-cultura-ca\" data-id=\"37133\">\r\n\t\t<div class=\"w-grid-item-h\">\r\n\t\t\t\t\t\t<div class=\"w-hwrapper usg_hwrapper_1 menu_subarea align_center valign_middle wrap stack_on_mobiles\" style=\"--hwrapper-gap:0px\"><span class=\"w-post-elm post_title usg_post_title_1 has_text_color align_center entry-title color_link_inherit\"><a href=\"https:\/\/ayto.mutxamel.org\/ca\/area\/cultura\/mutxamel-en-dansa\/\">Mutxamel en Dansa<\/a><\/span><\/div>\t\t<\/div>\r\n\t\t\t<\/article>\r\n\t<article class=\"w-grid-item size_1x1 post-37124 area type-area status-publish hentry categoria_area-cultura-ca\" data-id=\"37124\">\r\n\t\t<div class=\"w-grid-item-h\">\r\n\t\t\t\t\t\t<div class=\"w-hwrapper usg_hwrapper_1 menu_subarea align_center valign_middle wrap stack_on_mobiles\" style=\"--hwrapper-gap:0px\"><span class=\"w-post-elm post_title usg_post_title_1 has_text_color align_center entry-title color_link_inherit\"><a href=\"https:\/\/ayto.mutxamel.org\/ca\/area\/cultura\/mutxamel-a-escena\/\">Mutxamel a Escena<\/a><\/span><\/div>\t\t<\/div>\r\n\t\t\t<\/article>\r\n\t<article class=\"w-grid-item size_1x1 post-37108 area type-area status-publish hentry categoria_area-cultura-ca\" data-id=\"37108\">\r\n\t\t<div class=\"w-grid-item-h\">\r\n\t\t\t\t\t\t<div class=\"w-hwrapper usg_hwrapper_1 menu_subarea align_center valign_middle wrap stack_on_mobiles\" style=\"--hwrapper-gap:0px\"><span class=\"w-post-elm post_title usg_post_title_1 has_text_color align_center entry-title color_link_inherit\"><a href=\"https:\/\/ayto.mutxamel.org\/ca\/area\/cultura\/programacio\/\">Programaci\u00f3<\/a><\/span><\/div>\t\t<\/div>\r\n\t\t\t<\/article>\r\n\t<article class=\"w-grid-item size_1x1 post-37099 area type-area status-publish hentry categoria_area-cultura-ca\" data-id=\"37099\">\r\n\t\t<div class=\"w-grid-item-h\">\r\n\t\t\t\t\t\t<div class=\"w-hwrapper usg_hwrapper_1 menu_subarea align_center valign_middle wrap stack_on_mobiles\" style=\"--hwrapper-gap:0px\"><span class=\"w-post-elm post_title usg_post_title_1 has_text_color align_center entry-title color_link_inherit\"><a href=\"https:\/\/ayto.mutxamel.org\/ca\/area\/cultura\/installacions-culturals\/\">Instal\u00b7lacions culturals<\/a><\/span><\/div>\t\t<\/div>\r\n\t\t\t<\/article>\r\n\t<article class=\"w-grid-item size_1x1 post-36796 area type-area status-publish has-post-thumbnail hentry categoria_area-biblioteca-ca ambito_area-cultura-i-educacio\" data-id=\"36796\">\r\n\t\t<div class=\"w-grid-item-h\" style=\"background:#d8d6c4;\">\r\n\t\t\t\t\t\t<div class=\"w-hwrapper usg_hwrapper_1 menu_subarea align_center valign_middle wrap stack_on_mobiles\" style=\"--hwrapper-gap:0px\"><span class=\"w-post-elm post_title usg_post_title_1 has_text_color align_center entry-title color_link_inherit\"><a href=\"https:\/\/ayto.mutxamel.org\/ca\/area\/biblioteca\/\">Biblioteca<\/a><\/span><\/div>\t\t<\/div>\r\n\t\t\t<\/article>\r\n\t<article class=\"w-grid-item size_1x1 post-34341 area type-area status-publish has-post-thumbnail hentry categoria_area-arxiu ambito_area-cultura-i-educacio\" data-id=\"34341\">\r\n\t\t<div class=\"w-grid-item-h\" style=\"background:#886144;\">\r\n\t\t\t\t\t\t<div class=\"w-hwrapper usg_hwrapper_1 menu_subarea align_center valign_middle wrap stack_on_mobiles\" style=\"--hwrapper-gap:0px\"><span class=\"w-post-elm post_title usg_post_title_1 has_text_color align_center entry-title color_link_inherit\"><a href=\"https:\/\/ayto.mutxamel.org\/ca\/area\/arxiu\/\">Arxiu<\/a><\/span><\/div>\t\t<\/div>\r\n\t\t\t<\/article>\r\n\t<article class=\"w-grid-item size_1x1 post-42305 area type-area status-publish hentry categoria_area-cultura-ca\" data-id=\"42305\">\r\n\t\t<div class=\"w-grid-item-h\">\r\n\t\t\t\t\t\t<div class=\"w-hwrapper usg_hwrapper_1 menu_subarea align_center valign_middle wrap stack_on_mobiles\" style=\"--hwrapper-gap:0px\"><span class=\"w-post-elm post_title usg_post_title_1 has_text_color align_center entry-title color_link_inherit\"><a href=\"https:\/\/ayto.mutxamel.org\/ca\/area\/cultura\/exposicions\/\">Exposicions<\/a><\/span><\/div>\t\t<\/div>\r\n\t\t\t<\/article>\r\n<\/div>\t<div class=\"w-grid-preloader\">\r\n\t\t<div class=\"g-preloader type_1\">\r\n\t\t\t<div><\/div>\r\n\t\t<\/div>\r\n\t<\/div>\r\n\t\t<div class=\"w-grid-json hidden\" onclick='return {&quot;action&quot;:&quot;us_ajax_grid&quot;,&quot;infinite_scroll&quot;:0,&quot;max_num_pages&quot;:1,&quot;pagination&quot;:&quot;none&quot;,&quot;template_vars&quot;:{&quot;columns&quot;:&quot;4&quot;,&quot;exclude_items&quot;:&quot;none&quot;,&quot;img_size&quot;:&quot;default&quot;,&quot;ignore_items_size&quot;:0,&quot;items_layout&quot;:&quot;25217&quot;,&quot;items_offset&quot;:&quot;1&quot;,&quot;load_animation&quot;:&quot;none&quot;,&quot;overriding_link&quot;:&quot;%7B%22url%22%3A%22%22%7D&quot;,&quot;post_id&quot;:34067,&quot;query_args&quot;:{&quot;ignore_sticky_posts&quot;:1,&quot;post_type&quot;:&quot;any&quot;,&quot;post__in&quot;:[&quot;37148&quot;,&quot;37141&quot;,&quot;34619&quot;,&quot;37138&quot;,&quot;34612&quot;,&quot;37133&quot;,&quot;37124&quot;,&quot;37108&quot;,&quot;37099&quot;,&quot;36796&quot;,&quot;34341&quot;,&quot;42305&quot;],&quot;posts_per_page&quot;:&quot;25&quot;},&quot;orderby_query_args&quot;:{&quot;orderby&quot;:{&quot;post__in&quot;:&quot;ASC&quot;},&quot;order&quot;:&quot;ASC&quot;},&quot;type&quot;:&quot;grid&quot;,&quot;us_grid_post_type&quot;:&quot;ids&quot;,&quot;us_grid_ajax_index&quot;:1,&quot;us_grid_filter_query_string&quot;:null,&quot;us_grid_index&quot;:1,&quot;page_args&quot;:[],&quot;lang&quot;:&quot;ca&quot;}}'><\/div>\r\n\t<\/div><\/div><\/div><\/div><\/div><\/section><!-- Row Backgrounds --><div class=\"upb_color\" data-bg-override=\"0\" data-bg-color=\"rgba(112,165,136,0.36)\" data-fadeout=\"\" data-fadeout-percentage=\"30\" data-parallax-content=\"\" data-parallax-content-sense=\"30\" data-row-effect-mobile-disable=\"true\" data-img-parallax-mobile-disable=\"true\" data-rtl=\"false\"  data-custom-vc-row=\"\"  data-vc=\"8.7.2\"  data-is_old_vc=\"\"  data-theme-support=\"\"   data-overlay=\"false\" data-overlay-color=\"\" data-overlay-pattern=\"\" data-overlay-pattern-opacity=\"\" data-overlay-pattern-size=\"\"    ><\/div><section class=\"l-section wpb_row height_auto\" id=\"mtxcontent\"><div class=\"l-section-h i-cf\"><div class=\"g-cols vc_row via_grid cols_1 laptops-cols_inherit tablets-cols_inherit mobiles-cols_1 valign_top type_default stacking_default\"><div class=\"wpb_column vc_column_container\"><div class=\"vc_column-inner\"><div class=\"wpb_text_column us_custom_dbce126d\"><div class=\"wpb_wrapper\"><nav aria-label=\"breadcrumbs\">\n            <div class=\"breadcrumb-container theme1\">\n                <ol>\n                                    <\/ol>\n            <\/div>\n        <\/nav>    <script type=\"application\/ld+json\">\n        {\n            \"@context\": \"http:\/\/schema.org\",\n            \"@type\": \"BreadcrumbList\",\n            \"itemListElement\": [\n                            ]\n        }\n    <\/script>\n   \n    <script>\n            <\/script>\n\n<\/div><\/div><\/div><\/div><\/div><\/div><\/section><!-- Row Backgrounds --><div class=\"upb_color\" data-bg-override=\"0\" data-bg-color=\"#eeeeee\" data-fadeout=\"\" data-fadeout-percentage=\"30\" data-parallax-content=\"\" data-parallax-content-sense=\"30\" data-row-effect-mobile-disable=\"true\" data-img-parallax-mobile-disable=\"true\" data-rtl=\"false\"  data-custom-vc-row=\"\"  data-vc=\"8.7.2\"  data-is_old_vc=\"\"  data-theme-support=\"\"   data-overlay=\"false\" data-overlay-color=\"\" data-overlay-pattern=\"\" data-overlay-pattern-opacity=\"\" data-overlay-pattern-size=\"\"    ><\/div>\n\n<section class=\"l-section wpb_row height_small\"><div class=\"l-section-h i-cf\"><div class=\"g-cols vc_row via_grid cols_1 laptops-cols_inherit tablets-cols_inherit mobiles-cols_1 valign_top type_default stacking_default\"><div class=\"wpb_column vc_column_container\"><div class=\"vc_column-inner\"><div class=\"g-cols wpb_row via_grid cols_1 laptops-cols_inherit tablets-cols_inherit mobiles-cols_1 valign_middle type_default stacking_default\" style=\"--columns-gap:3rem;\"><div class=\"wpb_column vc_column_container\"><div class=\"vc_column-inner\"><h1 class=\"w-post-elm post_title us_custom_ab5202c7 has_text_color align_center entry-title\">Exposicions<\/h1><\/div><\/div><\/div><\/div><\/div><\/div><\/div><\/section>\n<section class=\"l-section wpb_row height_auto\"><div class=\"l-section-h i-cf\"><div class=\"g-cols vc_row via_grid cols_1 laptops-cols_inherit tablets-cols_inherit mobiles-cols_1 valign_top type_default stacking_default\"><div class=\"wpb_column vc_column_container\"><div class=\"vc_column-inner\"><div class=\"wpb_text_column us_custom_7e53051d\"><div class=\"wpb_wrapper\"><p>La Regidoria de Cultura gestiona els espais esc\u00e8nics i culturals del municipi, on es desenvolupen diferents activitats per al gaudi de tota la ciutadania i visitants, aix\u00ed com el seu patrimoni cultural material.<\/p>\n<\/div><\/div><\/div><\/div><\/div><\/div><\/section><section class=\"l-section wpb_row height_auto\"><div class=\"l-section-h i-cf\"><div class=\"g-cols vc_row via_grid cols_1 laptops-cols_inherit tablets-cols_inherit mobiles-cols_1 valign_top type_default stacking_default\"><div class=\"wpb_column vc_column_container\"><div class=\"vc_column-inner\"><div class=\"w-separator size_small with_line width_default thick_1 style_solid color_border align_center\"><div class=\"w-separator-h\"><\/div><\/div><div class=\"g-cols wpb_row via_grid cols_1-2 laptops-cols_inherit tablets-cols_inherit mobiles-cols_1 valign_top type_default stacking_default\" style=\"--columns-gap:3rem;\"><div class=\"wpb_column vc_column_container\"><div class=\"vc_column-inner\"><div id=\"ultimate-heading-997269f4157c68e98\" class=\"uvc-heading ult-adjust-bottom-margin ultimate-heading-997269f4157c68e98 uvc-9014 mays\" data-hspacer=\"no_spacer\"  data-halign=\"left\" style=\"text-align:left\"><div class=\"uvc-heading-spacer no_spacer\" style=\"top\"><\/div><div class=\"uvc-main-heading ult-responsive\"  data-ultimate-target='.uvc-heading.ultimate-heading-997269f4157c68e98 div'  data-responsive-json-new='{\"font-size\":\"desktop:18px;tablet:15px;tablet_portrait:12px;mobile_landscape:12px;mobile:12px;\",\"line-height\":\"\"}' ><div style=\"font-family:&#039;Lato&#039;;font-weight:700;\">Regidoria de Cultura<\/div><\/div><\/div><\/div><\/div><div class=\"wpb_column vc_column_container\"><div class=\"vc_column-inner\"><div class=\"w-hwrapper datos_area valign_middle wrap align_none\" style=\"--hwrapper-gap:2rem\"><div class=\"w-iconbox iconpos_left style_default color_primary align_center no_text\"><a target=\"_blank\" href=\"https:\/\/maps.app.goo.gl\/6QRfGHYgftQvwttRA\" class=\"w-iconbox-link\" aria-label=\"Avda. Carlos Soler, 64\"><div class=\"w-iconbox-icon\" style=\"font-size:1.1rem;\"><i class=\"fas fa-map-marker-alt\"><\/i><\/div><\/a><div class=\"w-iconbox-meta\"><span class=\"w-iconbox-title\" style=\"font-size:0.69rem;\"><a target=\"_blank\" href=\"https:\/\/maps.app.goo.gl\/6QRfGHYgftQvwttRA\" class=\"w-iconbox-link\" aria-label=\"Avda. Carlos Soler, 64\">Avda. Carlos Soler, 64<\/a><\/span><\/div><\/div><div class=\"w-iconbox iconpos_left style_default color_primary align_center no_text\"><a target=\"_blank\" href=\"https:\/\/www.facebook.com\/mutxamelcultura\" class=\"w-iconbox-link\" aria-label=\"Cultura Mutxamel\"><div class=\"w-iconbox-icon\" style=\"font-size:1.1rem;\"><i class=\"fab fa-facebook-f\"><\/i><\/div><\/a><div class=\"w-iconbox-meta\"><span class=\"w-iconbox-title\" style=\"font-size:0.69rem;\"><a target=\"_blank\" href=\"https:\/\/www.facebook.com\/mutxamelcultura\" class=\"w-iconbox-link\" aria-label=\"Cultura Mutxamel\">Cultura Mutxamel<\/a><\/span><\/div><\/div><div class=\"w-iconbox iconpos_left style_default color_primary align_center no_text\"><a target=\"_blank\" href=\"https:\/\/www.instagram.com\/culturamutxamel\/\" class=\"w-iconbox-link\" aria-label=\"Cultura Mutxamel\"><div class=\"w-iconbox-icon\" style=\"font-size:1.1rem;\"><i class=\"fab fa-instagram\"><\/i><\/div><\/a><div class=\"w-iconbox-meta\"><span class=\"w-iconbox-title\" style=\"font-size:0.69rem;\"><a target=\"_blank\" href=\"https:\/\/www.instagram.com\/culturamutxamel\/\" class=\"w-iconbox-link\" aria-label=\"Cultura Mutxamel\">Cultura Mutxamel<\/a><\/span><\/div><\/div><\/div><\/div><\/div><\/div><div class=\"w-separator size_small with_line width_default thick_1 style_solid color_border align_center\"><div class=\"w-separator-h\"><\/div><\/div><\/div><\/div><\/div><\/div><\/section><section class=\"l-section wpb_row us_custom_1b69be1f height_auto\"><div class=\"l-section-h i-cf\"><div class=\"g-cols vc_row via_grid cols_1 laptops-cols_inherit tablets-cols_inherit mobiles-cols_1 valign_top type_default stacking_default\"><div class=\"wpb_column vc_column_container\"><div class=\"vc_column-inner\"><div id=\"ultimate-heading-485269f4157c69e5a\" class=\"uvc-heading ult-adjust-bottom-margin ultimate-heading-485269f4157c69e5a uvc-9475 \" data-hspacer=\"no_spacer\"  data-halign=\"center\" style=\"text-align:center\"><div class=\"uvc-heading-spacer no_spacer\" style=\"top\"><\/div><div class=\"uvc-main-heading ult-responsive\"  data-ultimate-target='.uvc-heading.ultimate-heading-485269f4157c69e5a h2'  data-responsive-json-new='{\"font-size\":\"desktop:24px;tablet:21px;tablet_portrait:18px;mobile_landscape:16px;mobile:16px;\",\"line-height\":\"\"}' ><h2 style=\"font-family:&#039;Lato&#039;;font-weight:700;\">NOTICIES<\/h2><\/div><\/div><div class=\"w-grid us_grid us_custom_453b48a5 type_grid layout_123 news_grid cols_3 pagination_ajax preload_style_spinner with_css_animation\" id=\"us_grid_2\" style=\"--columns:3;--gap:1.1rem;\" data-filterable=\"true\"><style>@media (max-width:1024px){#us_grid_2{--columns:2!important}}@media (max-width:600px){#us_grid_2{--columns:1!important}}@media (min-width:1024px){#us_grid_2 .w-post-elm.post_title{font-size:1.2rem!important}}.layout_123 .w-grid-item-h{}.layout_123 .usg_post_image_1{position:static!important}.layout_123 .usg_post_date_1{color:var(--color-header-middle-text)!important;font-size:0.69rem!important;font-family:var(--h1-font-family)!important;font-weight:600!important;text-transform:uppercase!important;padding-left:2px!important;padding-top:12px!important;position:static!important}.layout_123 .usg_post_title_1{font-size:1.1em!important;line-height:1.2rem!important;font-family:var(--h1-font-family)!important;font-weight:600!important;text-transform:uppercase!important;padding-left:2px!important;padding-top:6px!important;position:static!important}.layout_123 .usg_post_content_1{color:var(--color-header-middle-text)!important;font-size:0.69rem!important;line-height:0.96rem!important;font-family:var(--font-family)!important;font-weight:400!important;text-transform:none!important;padding-left:2px!important;padding-top:15px!important;position:static!important}.layout_123 .usg_btn_1{color:var(--color-header-middle-text-hover)!important;font-size:0.6rem!important;font-family:var(--h1-font-family)!important;font-weight:600!important;text-transform:uppercase!important;margin-top:12px!important;position:static!important;padding:2px!important}<\/style><div class=\"w-grid-list\">\t<article class=\"w-grid-item us_animate_afb size_1x1 post-65818 post type-post status-publish format-standard has-post-thumbnail hentry category-cultura-ca category-notes-de-premsa category-noticies\" data-id=\"65818\" style=\"animation-delay:0s\">\r\n\t\t<div class=\"w-grid-item-h\">\r\n\t\t\t\t\t\t<div class=\"w-post-elm post_image usg_post_image_1 stretched\"><a href=\"https:\/\/ayto.mutxamel.org\/ca\/mutxamel-presenta-vinopop-una-experiencia-que-unix-musica-vi-i-gastronomia-i-amplia-la-seua-oferta-cultural-de-qualitat\/\" aria-label=\"Mutxamel presenta Vinopop, una experi\u00e8ncia que unix m\u00fasica, vi i gastronomia i amplia la seua oferta cultural de qualitat\"><img loading=\"lazy\" decoding=\"async\" width=\"533\" height=\"400\" src=\"https:\/\/ayto.mutxamel.org\/wp-content\/uploads\/2026\/02\/unnamed-2-533x400.jpg\" class=\"attachment-us_600_400 size-us_600_400 wp-post-image\" alt=\"\" srcset=\"https:\/\/ayto.mutxamel.org\/wp-content\/uploads\/2026\/02\/unnamed-2-533x400.jpg 533w, https:\/\/ayto.mutxamel.org\/wp-content\/uploads\/2026\/02\/unnamed-2-300x225.jpg 300w, https:\/\/ayto.mutxamel.org\/wp-content\/uploads\/2026\/02\/unnamed-2-1024x768.jpg 1024w, https:\/\/ayto.mutxamel.org\/wp-content\/uploads\/2026\/02\/unnamed-2.jpg 1600w\" sizes=\"auto, (max-width: 533px) 100vw, 533px\" \/><\/a><\/div><time class=\"w-post-elm post_date usg_post_date_1 has_text_color entry-date published\" datetime=\"2026-02-18T13:43:18+01:00\">18 febr. 2026<\/time><h3 class=\"w-post-elm post_title usg_post_title_1 entry-title color_link_inherit\"><a href=\"https:\/\/ayto.mutxamel.org\/ca\/mutxamel-presenta-vinopop-una-experiencia-que-unix-musica-vi-i-gastronomia-i-amplia-la-seua-oferta-cultural-de-qualitat\/\">Mutxamel presenta Vinopop, una experi\u00e8ncia que unix m\u00fasica, vi i gast&hellip;<\/a><\/h3><p class=\"w-post-elm post_content usg_post_content_1 has_text_color\" role=\"article\">L&#8217;Ajuntament de Mutxamel, a trav\u00e9s de la Regidoria de Cultura, ha presentat Vinopop, un nou esdeveniment cultural i gastron\u00f2mic que se celebrar\u00e0 el pr\u00f2xim&hellip;<\/p><a class=\"w-btn us-btn-style_1 usg_btn_1 has_text_color\" href=\"https:\/\/ayto.mutxamel.org\/ca\/mutxamel-presenta-vinopop-una-experiencia-que-unix-musica-vi-i-gastronomia-i-amplia-la-seua-oferta-cultural-de-qualitat\/\"><span class=\"w-btn-label\">M\u00e9s info&#8230;<\/span><\/a>\t\t<\/div>\r\n\t\t\t<\/article>\r\n\t<article class=\"w-grid-item us_animate_afb size_1x1 post-65308 post type-post status-publish format-standard has-post-thumbnail hentry category-cultura-ca category-noticies\" data-id=\"65308\" style=\"animation-delay:0.1s\">\r\n\t\t<div class=\"w-grid-item-h\">\r\n\t\t\t\t\t\t<div class=\"w-post-elm post_image usg_post_image_1 stretched\"><a href=\"https:\/\/ayto.mutxamel.org\/ca\/\ud83c\udfad-hivern-al-teatre-2026\/\" aria-label=\"\ud83c\udfad Hivern al Teatre 2026\"><img loading=\"lazy\" decoding=\"async\" width=\"283\" height=\"400\" src=\"https:\/\/ayto.mutxamel.org\/wp-content\/uploads\/2026\/02\/A3_valenciano-1-283x400.jpg\" class=\"attachment-us_600_400 size-us_600_400 wp-post-image\" alt=\"\" srcset=\"https:\/\/ayto.mutxamel.org\/wp-content\/uploads\/2026\/02\/A3_valenciano-1-283x400.jpg 283w, https:\/\/ayto.mutxamel.org\/wp-content\/uploads\/2026\/02\/A3_valenciano-1-212x300.jpg 212w, https:\/\/ayto.mutxamel.org\/wp-content\/uploads\/2026\/02\/A3_valenciano-1-724x1024.jpg 724w, https:\/\/ayto.mutxamel.org\/wp-content\/uploads\/2026\/02\/A3_valenciano-1-scaled.jpg 1357w\" sizes=\"auto, (max-width: 283px) 100vw, 283px\" \/><\/a><\/div><time class=\"w-post-elm post_date usg_post_date_1 has_text_color entry-date published\" datetime=\"2026-02-03T11:34:44+01:00\">3 febr. 2026<\/time><h3 class=\"w-post-elm post_title usg_post_title_1 entry-title color_link_inherit\"><a href=\"https:\/\/ayto.mutxamel.org\/ca\/\ud83c\udfad-hivern-al-teatre-2026\/\">\ud83c\udfad Hivern al Teatre 2026<\/a><\/h3><p class=\"w-post-elm post_content usg_post_content_1 has_text_color\" role=\"article\">\ud83c\udfad Hivern al Teatre 2026 Cultura per a tots els p\u00fablics a l\u2019Auditori de la Casa de Cultura De gener a abril, l\u2019Auditori de&hellip;<\/p><a class=\"w-btn us-btn-style_1 usg_btn_1 has_text_color\" href=\"https:\/\/ayto.mutxamel.org\/ca\/\ud83c\udfad-hivern-al-teatre-2026\/\"><span class=\"w-btn-label\">M\u00e9s info&#8230;<\/span><\/a>\t\t<\/div>\r\n\t\t\t<\/article>\r\n\t<article class=\"w-grid-item us_animate_afb size_1x1 post-63404 post type-post status-publish format-standard has-post-thumbnail hentry category-cultura-ca category-noticies\" data-id=\"63404\" style=\"animation-delay:0.2s\">\r\n\t\t<div class=\"w-grid-item-h\">\r\n\t\t\t\t\t\t<div class=\"w-post-elm post_image usg_post_image_1 stretched\"><a href=\"https:\/\/ayto.mutxamel.org\/ca\/el-xiv-cicle-de-musica-omplira-mutxamel-de-concerts-cultura-i-talent-durant-el-mes-de-novembre\/\" aria-label=\"El XIV Cicle de M\u00fasica omplir\u00e0 Mutxamel de concerts, cultura i talent durant el mes de novembre\"><img loading=\"lazy\" decoding=\"async\" width=\"533\" height=\"400\" src=\"https:\/\/ayto.mutxamel.org\/wp-content\/uploads\/2025\/11\/Imagen-ciclo-533x400.jpg\" class=\"attachment-us_600_400 size-us_600_400 wp-post-image\" alt=\"\" srcset=\"https:\/\/ayto.mutxamel.org\/wp-content\/uploads\/2025\/11\/Imagen-ciclo-533x400.jpg 533w, https:\/\/ayto.mutxamel.org\/wp-content\/uploads\/2025\/11\/Imagen-ciclo-300x225.jpg 300w, https:\/\/ayto.mutxamel.org\/wp-content\/uploads\/2025\/11\/Imagen-ciclo-1024x768.jpg 1024w, https:\/\/ayto.mutxamel.org\/wp-content\/uploads\/2025\/11\/Imagen-ciclo.jpg 1440w\" sizes=\"auto, (max-width: 533px) 100vw, 533px\" \/><\/a><\/div><time class=\"w-post-elm post_date usg_post_date_1 has_text_color entry-date published\" datetime=\"2025-11-07T11:00:37+01:00\">7 nov. 2025<\/time><h3 class=\"w-post-elm post_title usg_post_title_1 entry-title color_link_inherit\"><a href=\"https:\/\/ayto.mutxamel.org\/ca\/el-xiv-cicle-de-musica-omplira-mutxamel-de-concerts-cultura-i-talent-durant-el-mes-de-novembre\/\">El XIV Cicle de M\u00fasica omplir\u00e0 Mutxamel de concerts, cultura i talent&hellip;<\/a><\/h3><p class=\"w-post-elm post_content usg_post_content_1 has_text_color\" role=\"article\">El recorregut musical que conforma la programaci\u00f3 recull una diversitat d\u2019\u00e8poques i estils entre els quals destaquen el cant l\u00edric, el tango argent\u00ed, la&hellip;<\/p><a class=\"w-btn us-btn-style_1 usg_btn_1 has_text_color\" href=\"https:\/\/ayto.mutxamel.org\/ca\/el-xiv-cicle-de-musica-omplira-mutxamel-de-concerts-cultura-i-talent-durant-el-mes-de-novembre\/\"><span class=\"w-btn-label\">M\u00e9s info&#8230;<\/span><\/a>\t\t<\/div>\r\n\t\t\t<\/article>\r\n\t<article class=\"w-grid-item us_animate_afb size_1x1 post-61929 post type-post status-publish format-standard has-post-thumbnail hentry category-cultura-ca category-notes-de-premsa category-noticies\" data-id=\"61929\" style=\"animation-delay:0.3s\">\r\n\t\t<div class=\"w-grid-item-h\">\r\n\t\t\t\t\t\t<div class=\"w-post-elm post_image usg_post_image_1 stretched\"><a href=\"https:\/\/ayto.mutxamel.org\/ca\/mutxamel-a-escena-2025-un-certamen-que-celebra-la-seua-xi-edicio-donant-visibilitat-al-teatre-amateur-2\/\" aria-label=\"Mutxamel a Escena 2025, un certamen que celebra la seua XI edici\u00f3 donant visibilitat al teatre amateur\"><img loading=\"lazy\" decoding=\"async\" width=\"283\" height=\"400\" src=\"https:\/\/ayto.mutxamel.org\/wp-content\/uploads\/2025\/09\/JPG-CARTEL-GENERAL-CASTELLANO-283x400.png\" class=\"attachment-us_600_400 size-us_600_400 wp-post-image\" alt=\"\" srcset=\"https:\/\/ayto.mutxamel.org\/wp-content\/uploads\/2025\/09\/JPG-CARTEL-GENERAL-CASTELLANO-283x400.png 283w, https:\/\/ayto.mutxamel.org\/wp-content\/uploads\/2025\/09\/JPG-CARTEL-GENERAL-CASTELLANO-212x300.png 212w, https:\/\/ayto.mutxamel.org\/wp-content\/uploads\/2025\/09\/JPG-CARTEL-GENERAL-CASTELLANO-724x1024.png 724w, https:\/\/ayto.mutxamel.org\/wp-content\/uploads\/2025\/09\/JPG-CARTEL-GENERAL-CASTELLANO-scaled.png 1357w\" sizes=\"auto, (max-width: 283px) 100vw, 283px\" \/><\/a><\/div><time class=\"w-post-elm post_date usg_post_date_1 has_text_color entry-date published\" datetime=\"2025-09-19T10:44:43+02:00\">19 set. 2025<\/time><h3 class=\"w-post-elm post_title usg_post_title_1 entry-title color_link_inherit\"><a href=\"https:\/\/ayto.mutxamel.org\/ca\/mutxamel-a-escena-2025-un-certamen-que-celebra-la-seua-xi-edicio-donant-visibilitat-al-teatre-amateur-2\/\">Mutxamel a Escena 2025, un certamen que celebra la seua XI edici\u00f3 don&hellip;<\/a><\/h3><p class=\"w-post-elm post_content usg_post_content_1 has_text_color\" role=\"article\">L\u2019XI Certamen de Teatre Amateur \u201cMutxamel a Escena\u201d reunir\u00e0 en octubre drames, com\u00e8dies i musicals en una programaci\u00f3 que celebra onze edicions de passi\u00f3&hellip;<\/p><a class=\"w-btn us-btn-style_1 usg_btn_1 has_text_color\" href=\"https:\/\/ayto.mutxamel.org\/ca\/mutxamel-a-escena-2025-un-certamen-que-celebra-la-seua-xi-edicio-donant-visibilitat-al-teatre-amateur-2\/\"><span class=\"w-btn-label\">M\u00e9s info&#8230;<\/span><\/a>\t\t<\/div>\r\n\t\t\t<\/article>\r\n\t<article class=\"w-grid-item us_animate_afb size_1x1 post-61872 post type-post status-publish format-standard has-post-thumbnail hentry category-comunicacio category-cultura-ca category-notes-de-premsa category-noticies\" data-id=\"61872\" style=\"animation-delay:0.4s\">\r\n\t\t<div class=\"w-grid-item-h\">\r\n\t\t\t\t\t\t<div class=\"w-post-elm post_image usg_post_image_1 stretched\"><a href=\"https:\/\/ayto.mutxamel.org\/ca\/mutxamel-a-escena-2025-un-certamen-que-celebra-la-seua-xi-edicio-donant-visibilitat-al-teatre-amateur\/\" aria-label=\"Mutxamel a Escena 2025, un certamen que celebra  la seua XI edici\u00f3 donant visibilitat al teatre amateur\"><img loading=\"lazy\" decoding=\"async\" width=\"283\" height=\"400\" src=\"https:\/\/ayto.mutxamel.org\/wp-content\/uploads\/2025\/09\/JPGCARTEL-GENERAL-CASTELLANO-283x400.jpeg\" class=\"attachment-us_600_400 size-us_600_400 wp-post-image\" alt=\"\" srcset=\"https:\/\/ayto.mutxamel.org\/wp-content\/uploads\/2025\/09\/JPGCARTEL-GENERAL-CASTELLANO-283x400.jpeg 283w, https:\/\/ayto.mutxamel.org\/wp-content\/uploads\/2025\/09\/JPGCARTEL-GENERAL-CASTELLANO-212x300.jpeg 212w, https:\/\/ayto.mutxamel.org\/wp-content\/uploads\/2025\/09\/JPGCARTEL-GENERAL-CASTELLANO-724x1024.jpeg 724w, https:\/\/ayto.mutxamel.org\/wp-content\/uploads\/2025\/09\/JPGCARTEL-GENERAL-CASTELLANO-scaled.jpeg 1357w\" sizes=\"auto, (max-width: 283px) 100vw, 283px\" \/><\/a><\/div><time class=\"w-post-elm post_date usg_post_date_1 has_text_color entry-date published\" datetime=\"2025-09-16T12:27:30+02:00\">16 set. 2025<\/time><h3 class=\"w-post-elm post_title usg_post_title_1 entry-title color_link_inherit\"><a href=\"https:\/\/ayto.mutxamel.org\/ca\/mutxamel-a-escena-2025-un-certamen-que-celebra-la-seua-xi-edicio-donant-visibilitat-al-teatre-amateur\/\">Mutxamel a Escena 2025, un certamen que celebra la seua XI edici\u00f3 don&hellip;<\/a><\/h3><p class=\"w-post-elm post_content usg_post_content_1 has_text_color\" role=\"article\">\u2022 L\u2019XI Certamen de Teatre Amateur \u201cMutxamel a Escena\u201d reunir\u00e0 en octubre drames, com\u00e8dies i musicals en una programaci\u00f3 que celebra onze edicions de&hellip;<\/p><a class=\"w-btn us-btn-style_1 usg_btn_1 has_text_color\" href=\"https:\/\/ayto.mutxamel.org\/ca\/mutxamel-a-escena-2025-un-certamen-que-celebra-la-seua-xi-edicio-donant-visibilitat-al-teatre-amateur\/\"><span class=\"w-btn-label\">M\u00e9s info&#8230;<\/span><\/a>\t\t<\/div>\r\n\t\t\t<\/article>\r\n\t<article class=\"w-grid-item us_animate_afb size_1x1 post-58751 post type-post status-publish format-standard has-post-thumbnail hentry category-comunicacio category-cultura-ca category-notes-de-premsa category-noticies\" data-id=\"58751\" style=\"animation-delay:0.5s\">\r\n\t\t<div class=\"w-grid-item-h\">\r\n\t\t\t\t\t\t<div class=\"w-post-elm post_image usg_post_image_1 stretched\"><a href=\"https:\/\/ayto.mutxamel.org\/ca\/mutxamel-presenta-lestiu-a-mutxamel-musica-teatre-cinema-i-espectacles-per-a-gaudir-de-lestiu-en-comunitat\/\" aria-label=\"Mutxamel presenta \u201cL\u2019Estiu a Mutxamel\u201d: m\u00fasica, teatre, cinema i espectacles per a gaudir de l&#8217;estiu en comunitat\"><img loading=\"lazy\" decoding=\"async\" width=\"283\" height=\"400\" src=\"https:\/\/ayto.mutxamel.org\/wp-content\/uploads\/2025\/06\/L\u00b4estiu-a-mutxamel-val-283x400.jpg\" class=\"attachment-us_600_400 size-us_600_400 wp-post-image\" alt=\"\" srcset=\"https:\/\/ayto.mutxamel.org\/wp-content\/uploads\/2025\/06\/L\u00b4estiu-a-mutxamel-val-283x400.jpg 283w, https:\/\/ayto.mutxamel.org\/wp-content\/uploads\/2025\/06\/L\u00b4estiu-a-mutxamel-val-212x300.jpg 212w, https:\/\/ayto.mutxamel.org\/wp-content\/uploads\/2025\/06\/L\u00b4estiu-a-mutxamel-val-724x1024.jpg 724w, https:\/\/ayto.mutxamel.org\/wp-content\/uploads\/2025\/06\/L\u00b4estiu-a-mutxamel-val-scaled.jpg 1357w\" sizes=\"auto, (max-width: 283px) 100vw, 283px\" \/><\/a><\/div><time class=\"w-post-elm post_date usg_post_date_1 has_text_color entry-date published\" datetime=\"2025-06-06T12:13:11+02:00\">6 juny 2025<\/time><h3 class=\"w-post-elm post_title usg_post_title_1 entry-title color_link_inherit\"><a href=\"https:\/\/ayto.mutxamel.org\/ca\/mutxamel-presenta-lestiu-a-mutxamel-musica-teatre-cinema-i-espectacles-per-a-gaudir-de-lestiu-en-comunitat\/\">Mutxamel presenta \u201cL\u2019Estiu a Mutxamel\u201d: m\u00fasica, teatre, cinema i espe&hellip;<\/a><\/h3><p class=\"w-post-elm post_content usg_post_content_1 has_text_color\" role=\"article\">Mutxamel, 5 de juny de 2025 El municipi consolida el seu comprom\u00eds amb una oferta cultural estable, diversa i repartida per tot el municipi&hellip;<\/p><a class=\"w-btn us-btn-style_1 usg_btn_1 has_text_color\" href=\"https:\/\/ayto.mutxamel.org\/ca\/mutxamel-presenta-lestiu-a-mutxamel-musica-teatre-cinema-i-espectacles-per-a-gaudir-de-lestiu-en-comunitat\/\"><span class=\"w-btn-label\">M\u00e9s info&#8230;<\/span><\/a>\t\t<\/div>\r\n\t\t\t<\/article>\r\n<\/div>\t<div class=\"w-grid-preloader\">\r\n\t\t<div class=\"g-preloader type_1\">\r\n\t\t\t<div><\/div>\r\n\t\t<\/div>\r\n\t<\/div>\r\n\t\t\t\t<div class=\"g-loadmore \">\r\n\t\t\t\t<div class=\"g-preloader type_1\">\r\n\t\t\t\t\t<div><\/div>\r\n\t\t\t\t<\/div>\r\n\t\t\t\t<button class=\"w-btn us-btn-style_2\">\r\n\t\t\t\t\t<span class=\"w-btn-label\">Load More<\/span>\r\n\t\t\t\t<\/button>\r\n\t\t\t<\/div>\r\n\t\t\t\t<div class=\"w-grid-json hidden\" onclick='return {&quot;action&quot;:&quot;us_ajax_grid&quot;,&quot;infinite_scroll&quot;:0,&quot;max_num_pages&quot;:5,&quot;pagination&quot;:&quot;ajax&quot;,&quot;template_vars&quot;:{&quot;columns&quot;:&quot;3&quot;,&quot;exclude_items&quot;:&quot;none&quot;,&quot;img_size&quot;:&quot;us_600_400&quot;,&quot;ignore_items_size&quot;:0,&quot;items_layout&quot;:&quot;123&quot;,&quot;items_offset&quot;:&quot;1&quot;,&quot;load_animation&quot;:&quot;afb&quot;,&quot;overriding_link&quot;:&quot;%7B%22url%22%3A%22%22%7D&quot;,&quot;post_id&quot;:0,&quot;query_args&quot;:{&quot;post_type&quot;:[&quot;post&quot;],&quot;tax_query&quot;:[{&quot;taxonomy&quot;:&quot;category&quot;,&quot;field&quot;:&quot;slug&quot;,&quot;terms&quot;:[&quot;cultura&quot;]}],&quot;post_status&quot;:[&quot;publish&quot;,&quot;acf-disabled&quot;],&quot;posts_per_page&quot;:&quot;6&quot;},&quot;orderby_query_args&quot;:{&quot;orderby&quot;:{&quot;date&quot;:&quot;DESC&quot;}},&quot;type&quot;:&quot;grid&quot;,&quot;us_grid_post_type&quot;:&quot;post&quot;,&quot;us_grid_ajax_index&quot;:2,&quot;us_grid_filter_query_string&quot;:null,&quot;us_grid_index&quot;:2,&quot;page_args&quot;:[],&quot;lang&quot;:&quot;ca&quot;}}'><\/div>\r\n\t<\/div><div class=\"w-separator size_small with_line width_default thick_1 style_solid color_border align_center\"><div class=\"w-separator-h\"><\/div><\/div><\/div><\/div><\/div><\/div><\/section><section class=\"l-section wpb_row us_custom_bb40b26b height_medium\"><div class=\"l-section-h i-cf\"><div class=\"g-cols vc_row via_grid cols_1 laptops-cols_inherit tablets-cols_inherit mobiles-cols_1 valign_top type_default stacking_default\"><div class=\"wpb_column vc_column_container\"><div class=\"vc_column-inner\"><div id=\"ultimate-heading-189569f4157c845f6\" class=\"uvc-heading ult-adjust-bottom-margin ultimate-heading-189569f4157c845f6 uvc-710 \" data-hspacer=\"no_spacer\"  data-halign=\"center\" style=\"text-align:center\"><div class=\"uvc-heading-spacer no_spacer\" style=\"top\"><\/div><div class=\"uvc-main-heading ult-responsive\"  data-ultimate-target='.uvc-heading.ultimate-heading-189569f4157c845f6 h2'  data-responsive-json-new='{\"font-size\":\"desktop:24px;tablet:21px;tablet_portrait:18px;mobile_landscape:16px;mobile:16px;\",\"line-height\":\"\"}' ><h2 style=\"font-family:&#039;Lato&#039;;font-weight:700;\">ESDEVENIMENTS<\/h2><\/div><\/div><div class=\"w-grid us_grid us_custom_453b48a5 type_grid layout_25418 news_grid cols_4 pagination_ajax preload_style_spinner with_css_animation\" id=\"us_grid_3\" style=\"--columns:4;--gap:1.1rem;\" data-filterable=\"true\"><style>@media (max-width:1380px){#us_grid_3{--columns:3!important}}@media (max-width:1024px){#us_grid_3{--columns:2!important}}@media (max-width:600px){#us_grid_3{--columns:1!important}}@media (min-width:1024px){#us_grid_3 .w-post-elm.post_title{font-size:1.2rem!important}}.layout_25418 .w-grid-item-h{}.layout_25418 .usg_post_image_1{transition-duration:0.3s;transform-origin:50% 50%;transform:scale(0.99) translate(0%,0%)}.layout_25418 .w-grid-item-h:focus-within .usg_post_image_1,.layout_25418 .w-grid-item-h:hover .usg_post_image_1{transform:scale(1) translate(0%,0%);opacity:0.69}.layout_25418 .usg_post_title_1{transition-duration:0.3s;transform-origin:50% 50%;transform:scale(1) translate(0%,0%)}.layout_25418 .w-grid-item-h:focus-within .usg_post_title_1,.layout_25418 .w-grid-item-h:hover .usg_post_title_1{transform:scale(1) translate(0%,0%);opacity:1;color:#70a588!important}.layout_25418 .usg_post_image_1{position:static!important}.layout_25418 .usg_post_title_1{font-size:1.2rem!important;line-height:1.24rem!important;font-family:var(--h1-font-family)!important;font-weight:600!important;text-transform:uppercase!important;margin-top:6px!important;padding-left:2px!important;padding-top:6px!important;position:static!important}.layout_25418 .usg_btn_1{color:var(--color-content-primary)!important;font-size:0.6rem!important;font-family:var(--h1-font-family)!important;font-weight:600!important;text-transform:uppercase!important;margin-top:12px!important;position:static!important;padding:2px!important}.layout_25418 .usg_post_custom_field_1{color:var(--color-content-primary)!important;font-size:0.8rem!important}.layout_25418 .usg_hwrapper_1{margin-top:3px!important}.layout_25418 .usg_post_custom_field_3{color:#666666!important;font-size:0.8rem!important;font-family:var(--font-family)!important;font-weight:500!important}.layout_25418 .usg_post_custom_field_2{color:var(--color-content-primary)!important;font-size:0.8rem!important;margin-left:6px!important}.layout_25418 .usg_text_1{color:#666666!important;font-size:0.8rem!important;font-family:var(--font-family)!important;font-weight:400!important;text-transform:none!important;margin-top:0!important;margin-bottom:0!important}.layout_25418 .usg_text_2{color:var(--color-content-primary)!important;text-align:center!important;font-size:0.8rem!important}.layout_25418 .usg_text_3{color:var(--color-content-primary)!important;text-align:center!important;font-size:0.8rem!important}.layout_25418 .usg_post_custom_field_5{color:var(--color-content-primary)!important;font-size:0.8rem!important}.layout_25418 .usg_post_custom_field_6{color:var(--color-content-primary)!important;font-size:0.8rem!important}<\/style><div class=\"w-grid-list\">\t<article class=\"w-grid-item us_animate_afb size_1x1 post-67588 mec-events type-mec-events status-publish has-post-thumbnail hentry tag-ball tag-cultura-al-carrer tag-dansa tag-escoles-de-dansa tag-mutxamel-en-dansa mec_category-culturav mec_category-turimtx-va mec_category-turisme\" data-id=\"67588\" style=\"animation-delay:0s\">\r\n\t\t<div class=\"w-grid-item-h\">\r\n\t\t\t\t\t\t<div class=\"w-post-elm post_image usg_post_image_1\"><a href=\"https:\/\/ayto.mutxamel.org\/ca\/eventos\/mutxamel-en-dansa\/\" aria-label=\"Mutxamel en Dansa\"><img loading=\"lazy\" decoding=\"async\" width=\"283\" height=\"400\" src=\"https:\/\/ayto.mutxamel.org\/wp-content\/uploads\/2026\/04\/Mutxamel-en-danza-val-283x400.jpg\" class=\"attachment-us_600_400 size-us_600_400 wp-post-image\" alt=\"mutxamel en danza 2026\" srcset=\"https:\/\/ayto.mutxamel.org\/wp-content\/uploads\/2026\/04\/Mutxamel-en-danza-val-283x400.jpg 283w, https:\/\/ayto.mutxamel.org\/wp-content\/uploads\/2026\/04\/Mutxamel-en-danza-val-212x300.jpg 212w, https:\/\/ayto.mutxamel.org\/wp-content\/uploads\/2026\/04\/Mutxamel-en-danza-val-724x1024.jpg 724w, https:\/\/ayto.mutxamel.org\/wp-content\/uploads\/2026\/04\/Mutxamel-en-danza-val-scaled.jpg 1357w\" sizes=\"auto, (max-width: 283px) 100vw, 283px\" \/><\/a><\/div><h3 class=\"w-post-elm post_title usg_post_title_1 entry-title color_link_inherit\"><a href=\"https:\/\/ayto.mutxamel.org\/ca\/eventos\/mutxamel-en-dansa\/\">Mutxamel en Dansa<\/a><\/h3><div class=\"w-hwrapper usg_hwrapper_1 align_none valign_middle\" style=\"--hwrapper-gap:0.1rem\"><div class=\"w-post-elm post_custom_field usg_post_custom_field_1 has_text_color type_text mec_start_date color_link_inherit\"><i class=\"fas fa-calendar-alt\"><\/i><span class=\"w-post-elm-value\">16\/05\/2026<\/span><\/div><div class=\"w-text usg_text_2 hidden has_text_color\"><span class=\"w-text-h\"><span class=\"w-text-value\">\/ HORA<\/span><\/span><\/div><div class=\"w-post-elm post_custom_field usg_post_custom_field_2 has_text_color type_text mec_start_time_hour color_link_inherit\"><i class=\"fal fa-clock\"><\/i><span class=\"w-post-elm-value\">08<\/span><\/div><div class=\"w-text usg_text_3 has_text_color\"><span class=\"w-text-h\"><span class=\"w-text-value\">:<\/span><\/span><\/div><div class=\"w-post-elm post_custom_field usg_post_custom_field_5 has_text_color type_text mec_start_time_minutes color_link_inherit\"><span class=\"w-post-elm-value\">00<\/span><\/div><div class=\"w-post-elm post_custom_field usg_post_custom_field_6 has_text_color type_text mec_start_time_ampm color_link_inherit\"><span class=\"w-post-elm-value\">PM<\/span><\/div><div class=\"w-post-elm post_custom_field usg_post_custom_field_4 type_text mec-events-abbr color_link_inherit\"><span class=\"w-post-elm-value\"><\/span><\/div><\/div><div class=\"w-text usg_text_1 hidden has_text_color\"><span class=\"w-text-h\"><span class=\"w-text-value\">Lloc de l&#8217;esdeveniment<\/span><\/span><\/div><a class=\"w-btn us-btn-style_1 usg_btn_1 has_text_color\" href=\"https:\/\/ayto.mutxamel.org\/ca\/eventos\/mutxamel-en-dansa\/\"><span class=\"w-btn-label\">M\u00e9s info&#8230;<\/span><\/a>\t\t<\/div>\r\n\t\t\t<\/article>\r\n\t<article class=\"w-grid-item us_animate_afb size_1x1 post-66531 mec-events type-mec-events status-publish has-post-thumbnail hentry mec_category-culturav mec_category-turimtx-va\" data-id=\"66531\" style=\"animation-delay:0.1s\">\r\n\t\t<div class=\"w-grid-item-h\">\r\n\t\t\t\t\t\t<div class=\"w-post-elm post_image usg_post_image_1\"><a href=\"https:\/\/ayto.mutxamel.org\/ca\/eventos\/street-food-market-i-mercat-de-disseny\/\" aria-label=\"Street Food Market i Mercat de Disseny\"><img loading=\"lazy\" decoding=\"async\" width=\"320\" height=\"400\" src=\"https:\/\/ayto.mutxamel.org\/wp-content\/uploads\/2026\/03\/9aa34ef4-2aca-4aad-a4b3-597fd08a3b98-320x400.jpeg\" class=\"attachment-us_600_400 size-us_600_400 wp-post-image\" alt=\"\" srcset=\"https:\/\/ayto.mutxamel.org\/wp-content\/uploads\/2026\/03\/9aa34ef4-2aca-4aad-a4b3-597fd08a3b98-320x400.jpeg 320w, https:\/\/ayto.mutxamel.org\/wp-content\/uploads\/2026\/03\/9aa34ef4-2aca-4aad-a4b3-597fd08a3b98-240x300.jpeg 240w, https:\/\/ayto.mutxamel.org\/wp-content\/uploads\/2026\/03\/9aa34ef4-2aca-4aad-a4b3-597fd08a3b98-819x1024.jpeg 819w, https:\/\/ayto.mutxamel.org\/wp-content\/uploads\/2026\/03\/9aa34ef4-2aca-4aad-a4b3-597fd08a3b98.jpeg 1080w\" sizes=\"auto, (max-width: 320px) 100vw, 320px\" \/><\/a><\/div><h3 class=\"w-post-elm post_title usg_post_title_1 entry-title color_link_inherit\"><a href=\"https:\/\/ayto.mutxamel.org\/ca\/eventos\/street-food-market-i-mercat-de-disseny\/\">Street Food Market i Mercat de Disseny<\/a><\/h3><div class=\"w-hwrapper usg_hwrapper_1 align_none valign_middle\" style=\"--hwrapper-gap:0.1rem\"><div class=\"w-post-elm post_custom_field usg_post_custom_field_1 has_text_color type_text mec_start_date color_link_inherit\"><i class=\"fas fa-calendar-alt\"><\/i><span class=\"w-post-elm-value\">20\/03\/2026<\/span><\/div><div class=\"w-text usg_text_2 hidden has_text_color\"><span class=\"w-text-h\"><span class=\"w-text-value\">\/ HORA<\/span><\/span><\/div><div class=\"w-post-elm post_custom_field usg_post_custom_field_2 has_text_color type_text mec_start_time_hour color_link_inherit\"><i class=\"fal fa-clock\"><\/i><span class=\"w-post-elm-value\">07<\/span><\/div><div class=\"w-text usg_text_3 has_text_color\"><span class=\"w-text-h\"><span class=\"w-text-value\">:<\/span><\/span><\/div><div class=\"w-post-elm post_custom_field usg_post_custom_field_5 has_text_color type_text mec_start_time_minutes color_link_inherit\"><span class=\"w-post-elm-value\">00<\/span><\/div><div class=\"w-post-elm post_custom_field usg_post_custom_field_6 has_text_color type_text mec_start_time_ampm color_link_inherit\"><span class=\"w-post-elm-value\">PM<\/span><\/div><div class=\"w-post-elm post_custom_field usg_post_custom_field_4 type_text mec-events-abbr color_link_inherit\"><span class=\"w-post-elm-value\"><\/span><\/div><\/div><div class=\"w-text usg_text_1 hidden has_text_color\"><span class=\"w-text-h\"><span class=\"w-text-value\">Lloc de l&#8217;esdeveniment<\/span><\/span><\/div><div class=\"w-post-elm post_custom_field usg_post_custom_field_3 has_text_color type_text mec_location_id color_link_inherit\"><i class=\"fas fa-map-marker-alt\"><\/i><span class=\"w-post-elm-value\">Parc El Canyar de les Portelles<\/span><\/div><a class=\"w-btn us-btn-style_1 usg_btn_1 has_text_color\" href=\"https:\/\/ayto.mutxamel.org\/ca\/eventos\/street-food-market-i-mercat-de-disseny\/\"><span class=\"w-btn-label\">M\u00e9s info&#8230;<\/span><\/a>\t\t<\/div>\r\n\t\t\t<\/article>\r\n\t<article class=\"w-grid-item us_animate_afb size_1x1 post-66284 mec-events type-mec-events status-publish has-post-thumbnail hentry mec_category-culturav\" data-id=\"66284\" style=\"animation-delay:0.2s\">\r\n\t\t<div class=\"w-grid-item-h\">\r\n\t\t\t\t\t\t<div class=\"w-post-elm post_image usg_post_image_1\"><a href=\"https:\/\/ayto.mutxamel.org\/ca\/eventos\/hivern-al-teatre-la-cena-de-los-idiotas\/\" aria-label=\"Hivern al teatre: La cena de los idiotas.\"><img loading=\"lazy\" decoding=\"async\" width=\"300\" height=\"400\" src=\"https:\/\/ayto.mutxamel.org\/wp-content\/uploads\/2026\/03\/Texto-2-300x400.png\" class=\"attachment-us_600_400 size-us_600_400 wp-post-image\" alt=\"\" srcset=\"https:\/\/ayto.mutxamel.org\/wp-content\/uploads\/2026\/03\/Texto-2-300x400.png 300w, https:\/\/ayto.mutxamel.org\/wp-content\/uploads\/2026\/03\/Texto-2-225x300.png 225w, https:\/\/ayto.mutxamel.org\/wp-content\/uploads\/2026\/03\/Texto-2-768x1024.png 768w, https:\/\/ayto.mutxamel.org\/wp-content\/uploads\/2026\/03\/Texto-2.png 1080w\" sizes=\"auto, (max-width: 300px) 100vw, 300px\" \/><\/a><\/div><h3 class=\"w-post-elm post_title usg_post_title_1 entry-title color_link_inherit\"><a href=\"https:\/\/ayto.mutxamel.org\/ca\/eventos\/hivern-al-teatre-la-cena-de-los-idiotas\/\">Hivern al teatre: La cena de los idiotas.<\/a><\/h3><div class=\"w-hwrapper usg_hwrapper_1 align_none valign_middle\" style=\"--hwrapper-gap:0.1rem\"><div class=\"w-post-elm post_custom_field usg_post_custom_field_1 has_text_color type_text mec_start_date color_link_inherit\"><i class=\"fas fa-calendar-alt\"><\/i><span class=\"w-post-elm-value\">13\/03\/2026<\/span><\/div><div class=\"w-text usg_text_2 hidden has_text_color\"><span class=\"w-text-h\"><span class=\"w-text-value\">\/ HORA<\/span><\/span><\/div><div class=\"w-post-elm post_custom_field usg_post_custom_field_2 has_text_color type_text mec_start_time_hour color_link_inherit\"><i class=\"fal fa-clock\"><\/i><span class=\"w-post-elm-value\">08<\/span><\/div><div class=\"w-text usg_text_3 has_text_color\"><span class=\"w-text-h\"><span class=\"w-text-value\">:<\/span><\/span><\/div><div class=\"w-post-elm post_custom_field usg_post_custom_field_5 has_text_color type_text mec_start_time_minutes color_link_inherit\"><span class=\"w-post-elm-value\">00<\/span><\/div><div class=\"w-post-elm post_custom_field usg_post_custom_field_6 has_text_color type_text mec_start_time_ampm color_link_inherit\"><span class=\"w-post-elm-value\">PM<\/span><\/div><div class=\"w-post-elm post_custom_field usg_post_custom_field_4 type_text mec-events-abbr color_link_inherit\"><span class=\"w-post-elm-value\"><\/span><\/div><\/div><div class=\"w-text usg_text_1 hidden has_text_color\"><span class=\"w-text-h\"><span class=\"w-text-value\">Lloc de l&#8217;esdeveniment<\/span><\/span><\/div><a class=\"w-btn us-btn-style_1 usg_btn_1 has_text_color\" href=\"https:\/\/ayto.mutxamel.org\/ca\/eventos\/hivern-al-teatre-la-cena-de-los-idiotas\/\"><span class=\"w-btn-label\">M\u00e9s info&#8230;<\/span><\/a>\t\t<\/div>\r\n\t\t\t<\/article>\r\n\t<article class=\"w-grid-item us_animate_afb size_1x1 post-66271 mec-events type-mec-events status-publish has-post-thumbnail hentry mec_category-culturav\" data-id=\"66271\" style=\"animation-delay:0.3s\">\r\n\t\t<div class=\"w-grid-item-h\">\r\n\t\t\t\t\t\t<div class=\"w-post-elm post_image usg_post_image_1\"><a href=\"https:\/\/ayto.mutxamel.org\/ca\/eventos\/presentacio-del-llibre-aproximacio-a-lestudi-arqueologic-de-la-casa-torre-de-ferraz\/\" aria-label=\"Presentaci\u00f3 del llibre \u201cAproximaci\u00f3 a l&#8217;estudi arqueol\u00f2gic de la Casa-Torre de Ferraz\u201d.\"><img loading=\"lazy\" decoding=\"async\" width=\"283\" height=\"400\" src=\"https:\/\/ayto.mutxamel.org\/wp-content\/uploads\/2026\/03\/14-de-marzo-Ferraz-283x400.jpg\" class=\"attachment-us_600_400 size-us_600_400 wp-post-image\" alt=\"\" srcset=\"https:\/\/ayto.mutxamel.org\/wp-content\/uploads\/2026\/03\/14-de-marzo-Ferraz-283x400.jpg 283w, https:\/\/ayto.mutxamel.org\/wp-content\/uploads\/2026\/03\/14-de-marzo-Ferraz-212x300.jpg 212w, https:\/\/ayto.mutxamel.org\/wp-content\/uploads\/2026\/03\/14-de-marzo-Ferraz-724x1024.jpg 724w, https:\/\/ayto.mutxamel.org\/wp-content\/uploads\/2026\/03\/14-de-marzo-Ferraz-scaled.jpg 1358w\" sizes=\"auto, (max-width: 283px) 100vw, 283px\" \/><\/a><\/div><h3 class=\"w-post-elm post_title usg_post_title_1 entry-title color_link_inherit\"><a href=\"https:\/\/ayto.mutxamel.org\/ca\/eventos\/presentacio-del-llibre-aproximacio-a-lestudi-arqueologic-de-la-casa-torre-de-ferraz\/\">Presentaci\u00f3 del llibre \u201cAproximaci\u00f3 a l&#8217;estudi arqueol\u00f2gic de la Casa-Torre de Ferraz\u201d.<\/a><\/h3><div class=\"w-hwrapper usg_hwrapper_1 align_none valign_middle\" style=\"--hwrapper-gap:0.1rem\"><div class=\"w-post-elm post_custom_field usg_post_custom_field_1 has_text_color type_text mec_start_date color_link_inherit\"><i class=\"fas fa-calendar-alt\"><\/i><span class=\"w-post-elm-value\">14\/03\/2026<\/span><\/div><div class=\"w-text usg_text_2 hidden has_text_color\"><span class=\"w-text-h\"><span class=\"w-text-value\">\/ HORA<\/span><\/span><\/div><div class=\"w-post-elm post_custom_field usg_post_custom_field_2 has_text_color type_text mec_start_time_hour color_link_inherit\"><i class=\"fal fa-clock\"><\/i><span class=\"w-post-elm-value\">12<\/span><\/div><div class=\"w-text usg_text_3 has_text_color\"><span class=\"w-text-h\"><span class=\"w-text-value\">:<\/span><\/span><\/div><div class=\"w-post-elm post_custom_field usg_post_custom_field_5 has_text_color type_text mec_start_time_minutes color_link_inherit\"><span class=\"w-post-elm-value\">30<\/span><\/div><div class=\"w-post-elm post_custom_field usg_post_custom_field_6 has_text_color type_text mec_start_time_ampm color_link_inherit\"><span class=\"w-post-elm-value\">PM<\/span><\/div><div class=\"w-post-elm post_custom_field usg_post_custom_field_4 type_text mec-events-abbr color_link_inherit\"><span class=\"w-post-elm-value\"><\/span><\/div><\/div><div class=\"w-text usg_text_1 hidden has_text_color\"><span class=\"w-text-h\"><span class=\"w-text-value\">Lloc de l&#8217;esdeveniment<\/span><\/span><\/div><a class=\"w-btn us-btn-style_1 usg_btn_1 has_text_color\" href=\"https:\/\/ayto.mutxamel.org\/ca\/eventos\/presentacio-del-llibre-aproximacio-a-lestudi-arqueologic-de-la-casa-torre-de-ferraz\/\"><span class=\"w-btn-label\">M\u00e9s info&#8230;<\/span><\/a>\t\t<\/div>\r\n\t\t\t<\/article>\r\n<\/div>\t<div class=\"w-grid-preloader\">\r\n\t\t<div class=\"g-preloader type_1\">\r\n\t\t\t<div><\/div>\r\n\t\t<\/div>\r\n\t<\/div>\r\n\t\t\t\t<div class=\"g-loadmore \">\r\n\t\t\t\t<div class=\"g-preloader type_1\">\r\n\t\t\t\t\t<div><\/div>\r\n\t\t\t\t<\/div>\r\n\t\t\t\t<button class=\"w-btn us-btn-style_2\">\r\n\t\t\t\t\t<span class=\"w-btn-label\">Load More<\/span>\r\n\t\t\t\t<\/button>\r\n\t\t\t<\/div>\r\n\t\t\t\t<div class=\"w-grid-json hidden\" onclick='return {&quot;action&quot;:&quot;us_ajax_grid&quot;,&quot;infinite_scroll&quot;:0,&quot;max_num_pages&quot;:14,&quot;pagination&quot;:&quot;ajax&quot;,&quot;template_vars&quot;:{&quot;columns&quot;:&quot;4&quot;,&quot;exclude_items&quot;:&quot;none&quot;,&quot;img_size&quot;:&quot;us_600_400&quot;,&quot;ignore_items_size&quot;:0,&quot;items_layout&quot;:&quot;25418&quot;,&quot;items_offset&quot;:&quot;1&quot;,&quot;load_animation&quot;:&quot;afb&quot;,&quot;overriding_link&quot;:&quot;%7B%22url%22%3A%22%22%7D&quot;,&quot;post_id&quot;:0,&quot;query_args&quot;:{&quot;post_type&quot;:[&quot;mec-events&quot;],&quot;tax_query&quot;:[{&quot;taxonomy&quot;:&quot;mec_category&quot;,&quot;field&quot;:&quot;slug&quot;,&quot;terms&quot;:[&quot;cultura&quot;]}],&quot;post_status&quot;:[&quot;publish&quot;,&quot;acf-disabled&quot;],&quot;posts_per_page&quot;:&quot;4&quot;},&quot;orderby_query_args&quot;:{&quot;orderby&quot;:&quot;custom_field&quot;,&quot;meta_key&quot;:&quot;mec_start_from_today&quot;,&quot;order&quot;:&quot;DESC&quot;},&quot;type&quot;:&quot;grid&quot;,&quot;us_grid_post_type&quot;:&quot;mec-events&quot;,&quot;us_grid_ajax_index&quot;:3,&quot;us_grid_filter_query_string&quot;:null,&quot;us_grid_index&quot;:3,&quot;page_args&quot;:[],&quot;lang&quot;:&quot;ca&quot;}}'><\/div>\r\n\t<\/div><\/div><\/div><\/div><\/div><\/section>\n","protected":false},"featured_media":25086,"parent":0,"menu_order":0,"template":"","meta":{"_acf_changed":false,"footnotes":""},"categoria_area":[364],"ambito_area":[434],"class_list":["post-37089","area","type-area","status-publish","has-post-thumbnail","hentry","categoria_area-cultura-ca","ambito_area-cultura-i-educacio"],"acf":[],"yoast_head":"<!-- This site is optimized with the Yoast SEO plugin v27.3 - https:\/\/yoast.com\/product\/yoast-seo-wordpress\/ -->\n<title>Cultura - Ayuntamiento de Mutxamel<\/title>\n<meta name=\"robots\" content=\"index, follow, max-snippet:-1, max-image-preview:large, max-video-preview:-1\" \/>\n<link rel=\"canonical\" href=\"https:\/\/ayto.mutxamel.org\/ca\/area\/cultura\/\" \/>\n<meta property=\"og:locale\" content=\"ca_ES\" \/>\n<meta property=\"og:type\" content=\"article\" \/>\n<meta property=\"og:title\" content=\"Cultura - Ayuntamiento de Mutxamel\" \/>\n<meta property=\"og:url\" content=\"https:\/\/ayto.mutxamel.org\/ca\/area\/cultura\/\" \/>\n<meta property=\"og:site_name\" content=\"Ayuntamiento de Mutxamel\" \/>\n<meta property=\"article:modified_time\" content=\"2024-10-07T11:59:35+00:00\" \/>\n<meta name=\"twitter:card\" content=\"summary_large_image\" \/>\n<meta name=\"twitter:label1\" content=\"Temps estimat de lectura\" \/>\n\t<meta name=\"twitter:data1\" content=\"1 minut\" \/>\n<script type=\"application\/ld+json\" class=\"yoast-schema-graph\">{\"@context\":\"https:\\\/\\\/schema.org\",\"@graph\":[{\"@type\":\"WebPage\",\"@id\":\"https:\\\/\\\/ayto.mutxamel.org\\\/ca\\\/area\\\/cultura\\\/\",\"url\":\"https:\\\/\\\/ayto.mutxamel.org\\\/ca\\\/area\\\/cultura\\\/\",\"name\":\"Cultura - Ayuntamiento de Mutxamel\",\"isPartOf\":{\"@id\":\"https:\\\/\\\/ayto.mutxamel.org\\\/ca\\\/#website\"},\"primaryImageOfPage\":{\"@id\":\"https:\\\/\\\/ayto.mutxamel.org\\\/ca\\\/area\\\/cultura\\\/#primaryimage\"},\"image\":{\"@id\":\"https:\\\/\\\/ayto.mutxamel.org\\\/ca\\\/area\\\/cultura\\\/#primaryimage\"},\"thumbnailUrl\":\"https:\\\/\\\/ayto.mutxamel.org\\\/wp-content\\\/uploads\\\/2023\\\/10\\\/Rosae_neg.svg\",\"datePublished\":\"2023-10-06T09:43:24+00:00\",\"dateModified\":\"2024-10-07T11:59:35+00:00\",\"breadcrumb\":{\"@id\":\"https:\\\/\\\/ayto.mutxamel.org\\\/ca\\\/area\\\/cultura\\\/#breadcrumb\"},\"inLanguage\":\"ca\",\"potentialAction\":[{\"@type\":\"ReadAction\",\"target\":[\"https:\\\/\\\/ayto.mutxamel.org\\\/ca\\\/area\\\/cultura\\\/\"]}]},{\"@type\":\"ImageObject\",\"inLanguage\":\"ca\",\"@id\":\"https:\\\/\\\/ayto.mutxamel.org\\\/ca\\\/area\\\/cultura\\\/#primaryimage\",\"url\":\"https:\\\/\\\/ayto.mutxamel.org\\\/wp-content\\\/uploads\\\/2023\\\/10\\\/Rosae_neg.svg\",\"contentUrl\":\"https:\\\/\\\/ayto.mutxamel.org\\\/wp-content\\\/uploads\\\/2023\\\/10\\\/Rosae_neg.svg\",\"caption\":\"\u00c1rea\"},{\"@type\":\"BreadcrumbList\",\"@id\":\"https:\\\/\\\/ayto.mutxamel.org\\\/ca\\\/area\\\/cultura\\\/#breadcrumb\",\"itemListElement\":[{\"@type\":\"ListItem\",\"position\":1,\"name\":\"Portada\",\"item\":\"https:\\\/\\\/ayto.mutxamel.org\\\/ca\\\/\"},{\"@type\":\"ListItem\",\"position\":2,\"name\":\"areas\",\"item\":\"https:\\\/\\\/ayto.mutxamel.org\\\/ca\\\/area\\\/\"},{\"@type\":\"ListItem\",\"position\":3,\"name\":\"Cultura\"}]},{\"@type\":\"WebSite\",\"@id\":\"https:\\\/\\\/ayto.mutxamel.org\\\/ca\\\/#website\",\"url\":\"https:\\\/\\\/ayto.mutxamel.org\\\/ca\\\/\",\"name\":\"Ayuntamiento de Mutxamel\",\"description\":\"\",\"potentialAction\":[{\"@type\":\"SearchAction\",\"target\":{\"@type\":\"EntryPoint\",\"urlTemplate\":\"https:\\\/\\\/ayto.mutxamel.org\\\/ca\\\/?s={search_term_string}\"},\"query-input\":{\"@type\":\"PropertyValueSpecification\",\"valueRequired\":true,\"valueName\":\"search_term_string\"}}],\"inLanguage\":\"ca\"}]}<\/script>\n<!-- \/ Yoast SEO plugin. -->","yoast_head_json":{"title":"Cultura - Ayuntamiento de Mutxamel","robots":{"index":"index","follow":"follow","max-snippet":"max-snippet:-1","max-image-preview":"max-image-preview:large","max-video-preview":"max-video-preview:-1"},"canonical":"https:\/\/ayto.mutxamel.org\/ca\/area\/cultura\/","og_locale":"ca_ES","og_type":"article","og_title":"Cultura - Ayuntamiento de Mutxamel","og_url":"https:\/\/ayto.mutxamel.org\/ca\/area\/cultura\/","og_site_name":"Ayuntamiento de Mutxamel","article_modified_time":"2024-10-07T11:59:35+00:00","twitter_card":"summary_large_image","twitter_misc":{"Temps estimat de lectura":"1 minut"},"schema":{"@context":"https:\/\/schema.org","@graph":[{"@type":"WebPage","@id":"https:\/\/ayto.mutxamel.org\/ca\/area\/cultura\/","url":"https:\/\/ayto.mutxamel.org\/ca\/area\/cultura\/","name":"Cultura - Ayuntamiento de Mutxamel","isPartOf":{"@id":"https:\/\/ayto.mutxamel.org\/ca\/#website"},"primaryImageOfPage":{"@id":"https:\/\/ayto.mutxamel.org\/ca\/area\/cultura\/#primaryimage"},"image":{"@id":"https:\/\/ayto.mutxamel.org\/ca\/area\/cultura\/#primaryimage"},"thumbnailUrl":"https:\/\/ayto.mutxamel.org\/wp-content\/uploads\/2023\/10\/Rosae_neg.svg","datePublished":"2023-10-06T09:43:24+00:00","dateModified":"2024-10-07T11:59:35+00:00","breadcrumb":{"@id":"https:\/\/ayto.mutxamel.org\/ca\/area\/cultura\/#breadcrumb"},"inLanguage":"ca","potentialAction":[{"@type":"ReadAction","target":["https:\/\/ayto.mutxamel.org\/ca\/area\/cultura\/"]}]},{"@type":"ImageObject","inLanguage":"ca","@id":"https:\/\/ayto.mutxamel.org\/ca\/area\/cultura\/#primaryimage","url":"https:\/\/ayto.mutxamel.org\/wp-content\/uploads\/2023\/10\/Rosae_neg.svg","contentUrl":"https:\/\/ayto.mutxamel.org\/wp-content\/uploads\/2023\/10\/Rosae_neg.svg","caption":"\u00c1rea"},{"@type":"BreadcrumbList","@id":"https:\/\/ayto.mutxamel.org\/ca\/area\/cultura\/#breadcrumb","itemListElement":[{"@type":"ListItem","position":1,"name":"Portada","item":"https:\/\/ayto.mutxamel.org\/ca\/"},{"@type":"ListItem","position":2,"name":"areas","item":"https:\/\/ayto.mutxamel.org\/ca\/area\/"},{"@type":"ListItem","position":3,"name":"Cultura"}]},{"@type":"WebSite","@id":"https:\/\/ayto.mutxamel.org\/ca\/#website","url":"https:\/\/ayto.mutxamel.org\/ca\/","name":"Ayuntamiento de Mutxamel","description":"","potentialAction":[{"@type":"SearchAction","target":{"@type":"EntryPoint","urlTemplate":"https:\/\/ayto.mutxamel.org\/ca\/?s={search_term_string}"},"query-input":{"@type":"PropertyValueSpecification","valueRequired":true,"valueName":"search_term_string"}}],"inLanguage":"ca"}]}},"_links":{"self":[{"href":"https:\/\/ayto.mutxamel.org\/ca\/wp-json\/wp\/v2\/area\/37089","targetHints":{"allow":["GET"]}}],"collection":[{"href":"https:\/\/ayto.mutxamel.org\/ca\/wp-json\/wp\/v2\/area"}],"about":[{"href":"https:\/\/ayto.mutxamel.org\/ca\/wp-json\/wp\/v2\/types\/area"}],"version-history":[{"count":11,"href":"https:\/\/ayto.mutxamel.org\/ca\/wp-json\/wp\/v2\/area\/37089\/revisions"}],"predecessor-version":[{"id":49649,"href":"https:\/\/ayto.mutxamel.org\/ca\/wp-json\/wp\/v2\/area\/37089\/revisions\/49649"}],"wp:featuredmedia":[{"embeddable":true,"href":"https:\/\/ayto.mutxamel.org\/ca\/wp-json\/wp\/v2\/media\/25086"}],"wp:attachment":[{"href":"https:\/\/ayto.mutxamel.org\/ca\/wp-json\/wp\/v2\/media?parent=37089"}],"wp:term":[{"taxonomy":"categoria_area","embeddable":true,"href":"https:\/\/ayto.mutxamel.org\/ca\/wp-json\/wp\/v2\/categoria_area?post=37089"},{"taxonomy":"ambito_area","embeddable":true,"href":"https:\/\/ayto.mutxamel.org\/ca\/wp-json\/wp\/v2\/ambito_area?post=37089"}],"curies":[{"name":"wp","href":"https:\/\/api.w.org\/{rel}","templated":true}]}}