{"id":37005,"date":"2023-11-02T13:28:38","date_gmt":"2023-11-02T12:28:38","guid":{"rendered":"https:\/\/ayto.mutxamel.org\/area\/biblioteca\/recursos\/"},"modified":"2026-03-03T12:44:09","modified_gmt":"2026-03-03T11:44:09","slug":"recursos","status":"publish","type":"area","link":"https:\/\/ayto.mutxamel.org\/ca\/area\/biblioteca\/recursos\/","title":{"rendered":"Recursos"},"content":{"rendered":"<section class=\"l-section wpb_row us_custom_9d1e26d6 height_medium width_full color_alternate with_img\"><div class=\"l-section-img\" role=\"img\" aria-label=\"Imatge\" data-img-width=\"1600\" data-img-height=\"600\" style=\"background-image: url(https:\/\/ayto.mutxamel.org\/wp-content\/uploads\/2023\/11\/CabArea_Biblioteca.jpg);background-position: top center;background-repeat: no-repeat;\"><\/div><div class=\"l-section-overlay\" style=\"background:rgba(228,235,233,0.55)\"><\/div><div class=\"l-section-h i-cf\"><div class=\"g-cols vc_row via_grid cols_1 laptops-cols_inherit tablets-cols_inherit mobiles-cols_1 valign_top type_default stacking_default\" style=\"--columns-gap:1rem;\"><div class=\"wpb_column vc_column_container\"><div class=\"vc_column-inner\"><div class=\"w-image align_center\"><div class=\"w-image-h\"><img decoding=\"async\" width=\"596\" height=\"341\" src=\"https:\/\/ayto.mutxamel.org\/wp-content\/uploads\/2023\/11\/Logo_va_bibliotecas.png\" class=\"attachment-us_600_400 size-us_600_400\" alt=\"Biblioteques\" loading=\"lazy\" srcset=\"https:\/\/ayto.mutxamel.org\/wp-content\/uploads\/2023\/11\/Logo_va_bibliotecas.png 596w, https:\/\/ayto.mutxamel.org\/wp-content\/uploads\/2023\/11\/Logo_va_bibliotecas-300x172.png 300w\" sizes=\"auto, (max-width: 596px) 100vw, 596px\" \/><\/div><\/div><\/div><\/div><\/div><\/div><\/section><section class=\"l-section wpb_row us_custom_d8087e8f hidden height_medium width_full color_alternate with_img\"><div class=\"l-section-img\" role=\"img\" aria-label=\"Imatge\" data-img-width=\"1600\" data-img-height=\"600\" style=\"background-image: url(https:\/\/ayto.mutxamel.org\/wp-content\/uploads\/2023\/11\/CabArea_Biblioteca.jpg);background-position: top center;background-repeat: no-repeat;\"><\/div><div class=\"l-section-overlay\" style=\"background:rgba(220,232,230,0.50)\"><\/div><div class=\"l-section-h i-cf\"><div class=\"g-cols vc_row via_grid cols_1 laptops-cols_inherit tablets-cols_inherit mobiles-cols_1 valign_top type_default stacking_default\" style=\"--columns-gap:1rem;\"><div class=\"wpb_column vc_column_container\"><div class=\"vc_column-inner\"><div id=\"ultimate-heading-858369f37b4300627\" class=\"uvc-heading ult-adjust-bottom-margin ultimate-heading-858369f37b4300627 uvc-3231 mays\" data-hspacer=\"no_spacer\"  data-halign=\"center\" style=\"text-align:center\"><div class=\"uvc-heading-spacer no_spacer\" style=\"top\"><\/div><div class=\"uvc-main-heading ult-responsive\"  data-ultimate-target='.uvc-heading.ultimate-heading-858369f37b4300627 h1'  data-responsive-json-new='{\"font-size\":\"\",\"line-height\":\"\"}' ><h1 style=\"font-family:&#039;Lato&#039;;font-weight:300;color:#ffffff;\">Biblioteca<\/h1><\/div><\/div><\/div><\/div><\/div><\/div><\/section><section class=\"l-section wpb_row us_custom_78eeb0de height_auto\"><div class=\"l-section-h i-cf\"><div class=\"g-cols vc_row via_grid cols_1 laptops-cols_inherit tablets-cols_inherit mobiles-cols_1 valign_middle type_default stacking_default\"><div class=\"wpb_column vc_column_container\"><div class=\"vc_column-inner\"><div class=\"w-grid us_grid us_custom_ed79db5d has_text_color type_grid layout_25217 cols_5 preload_style_spinner\" id=\"us_grid_1\" style=\"--columns:5;--gap:0rem;\"><style>@media (max-width:1380px){#us_grid_1{--columns:4!important}}@media (max-width:1024px){#us_grid_1{--columns:2!important}}@media (max-width:600px){#us_grid_1{--columns:1!important}}.layout_25217 .w-grid-item-h{background:#cbe0d4}.layout_25217 .usg_post_title_1{transition-duration:0.3s;transform-origin:50% 50%;transform:scale(1) translate(0%,0%)}.layout_25217 .w-grid-item-h:focus-within .usg_post_title_1,.layout_25217 .w-grid-item-h:hover .usg_post_title_1{transform:scale(1) translate(0%,0%);opacity:0.6}.layout_25217 .usg_hwrapper_1{text-align:center!important;padding-top:12px!important;padding-bottom:12px!important;border-left-width:0.5px!important;border-right-width:0.5px!important;border-color:#a7c7b5!important;background:#cbe0d4!important}.layout_25217 .usg_post_title_1{color:#2a5c41!important;text-align:center!important;font-size:0.78rem!important;line-height:0.92rem!important;text-transform:uppercase!important;width:100%!important;height:100%!important;margin-left:-0.5px!important;margin-right:-0.5px!important;border-left-width:1px!important;border-right-width:1px!important;border-color:#a7c7b5!important;border-right-style:solid!important;border-left-style:solid!important;background:#cbe0d4!important}<\/style><div class=\"w-grid-list\">\t<article class=\"w-grid-item size_1x1 post-36998 area type-area status-publish hentry categoria_area-biblioteca-ca\" data-id=\"36998\">\r\n\t\t<div class=\"w-grid-item-h\">\r\n\t\t\t\t\t\t<div class=\"w-hwrapper usg_hwrapper_1 menu_subarea align_center valign_middle wrap stack_on_mobiles\" style=\"--hwrapper-gap:0px\"><span class=\"w-post-elm post_title usg_post_title_1 has_text_color align_center entry-title color_link_inherit\"><a href=\"https:\/\/ayto.mutxamel.org\/ca\/area\/biblioteca\/novetats\/\">Novetats<\/a><\/span><\/div>\t\t<\/div>\r\n\t\t\t<\/article>\r\n\t<article class=\"w-grid-item size_1x1 post-37001 area type-area status-publish hentry categoria_area-biblioteca-ca\" data-id=\"37001\">\r\n\t\t<div class=\"w-grid-item-h\">\r\n\t\t\t\t\t\t<div class=\"w-hwrapper usg_hwrapper_1 menu_subarea align_center valign_middle wrap stack_on_mobiles\" style=\"--hwrapper-gap:0px\"><span class=\"w-post-elm post_title usg_post_title_1 has_text_color align_center entry-title color_link_inherit\"><a href=\"https:\/\/ayto.mutxamel.org\/ca\/area\/biblioteca\/activitats\/\">Activitats<\/a><\/span><\/div>\t\t<\/div>\r\n\t\t\t<\/article>\r\n\t<article class=\"w-grid-item size_1x1 post-37005 area type-area status-publish hentry categoria_area-biblioteca-ca\" data-id=\"37005\">\r\n\t\t<div class=\"w-grid-item-h\">\r\n\t\t\t\t\t\t<div class=\"w-hwrapper usg_hwrapper_1 menu_subarea align_center valign_middle wrap stack_on_mobiles\" style=\"--hwrapper-gap:0px\"><span class=\"w-post-elm post_title usg_post_title_1 has_text_color align_center entry-title color_link_inherit\"><a href=\"https:\/\/ayto.mutxamel.org\/ca\/area\/biblioteca\/recursos\/\">Recursos<\/a><\/span><\/div>\t\t<\/div>\r\n\t\t\t<\/article>\r\n<\/div>\t<div class=\"w-grid-preloader\">\r\n\t\t<div class=\"g-preloader type_1\">\r\n\t\t\t<div><\/div>\r\n\t\t<\/div>\r\n\t<\/div>\r\n\t\t<div class=\"w-grid-json hidden\" onclick='return {&quot;action&quot;:&quot;us_ajax_grid&quot;,&quot;infinite_scroll&quot;:0,&quot;max_num_pages&quot;:1,&quot;pagination&quot;:&quot;none&quot;,&quot;template_vars&quot;:{&quot;columns&quot;:&quot;5&quot;,&quot;exclude_items&quot;:&quot;none&quot;,&quot;img_size&quot;:&quot;default&quot;,&quot;ignore_items_size&quot;:0,&quot;items_layout&quot;:&quot;25217&quot;,&quot;items_offset&quot;:&quot;1&quot;,&quot;load_animation&quot;:&quot;none&quot;,&quot;overriding_link&quot;:&quot;%7B%22url%22%3A%22%22%7D&quot;,&quot;post_id&quot;:34084,&quot;query_args&quot;:{&quot;ignore_sticky_posts&quot;:1,&quot;post_type&quot;:&quot;any&quot;,&quot;post__in&quot;:[&quot;26663&quot;,&quot;26736&quot;,&quot;26740&quot;,&quot;26750&quot;,&quot;26785&quot;],&quot;posts_per_page&quot;:&quot;18&quot;},&quot;orderby_query_args&quot;:{&quot;orderby&quot;:{&quot;post__in&quot;:&quot;ASC&quot;},&quot;order&quot;:&quot;ASC&quot;},&quot;type&quot;:&quot;grid&quot;,&quot;us_grid_post_type&quot;:&quot;ids&quot;,&quot;us_grid_ajax_index&quot;:1,&quot;us_grid_filter_query_string&quot;:null,&quot;us_grid_index&quot;:1,&quot;page_args&quot;:[],&quot;lang&quot;:&quot;ca&quot;}}'><\/div>\r\n\t<\/div><\/div><\/div><\/div><\/div><\/section><!-- Row Backgrounds --><div class=\"upb_color\" data-bg-override=\"0\" data-bg-color=\"rgba(112,165,136,0.36)\" data-fadeout=\"\" data-fadeout-percentage=\"30\" data-parallax-content=\"\" data-parallax-content-sense=\"30\" data-row-effect-mobile-disable=\"true\" data-img-parallax-mobile-disable=\"true\" data-rtl=\"false\"  data-custom-vc-row=\"\"  data-vc=\"8.7.2\"  data-is_old_vc=\"\"  data-theme-support=\"\"   data-overlay=\"false\" data-overlay-color=\"\" data-overlay-pattern=\"\" data-overlay-pattern-opacity=\"\" data-overlay-pattern-size=\"\"    ><\/div><section class=\"l-section wpb_row height_auto\" id=\"mtxcontent\"><div class=\"l-section-h i-cf\"><div class=\"g-cols vc_row via_grid cols_1 laptops-cols_inherit tablets-cols_inherit mobiles-cols_1 valign_top type_default stacking_default\"><div class=\"wpb_column vc_column_container\"><div class=\"vc_column-inner\"><div class=\"wpb_text_column us_custom_dbce126d\"><div class=\"wpb_wrapper\"><nav aria-label=\"breadcrumbs\">\n            <div class=\"breadcrumb-container theme1\">\n                <ol>\n                                    <\/ol>\n            <\/div>\n        <\/nav>    <script type=\"application\/ld+json\">\n        {\n            \"@context\": \"http:\/\/schema.org\",\n            \"@type\": \"BreadcrumbList\",\n            \"itemListElement\": [\n                            ]\n        }\n    <\/script>\n   \n    <script>\n            <\/script>\n\n<\/div><\/div><\/div><\/div><\/div><\/div><\/section><!-- Row Backgrounds --><div class=\"upb_color\" data-bg-override=\"0\" data-bg-color=\"#eeeeee\" data-fadeout=\"\" data-fadeout-percentage=\"30\" data-parallax-content=\"\" data-parallax-content-sense=\"30\" data-row-effect-mobile-disable=\"true\" data-img-parallax-mobile-disable=\"true\" data-rtl=\"false\"  data-custom-vc-row=\"\"  data-vc=\"8.7.2\"  data-is_old_vc=\"\"  data-theme-support=\"\"   data-overlay=\"false\" data-overlay-color=\"\" data-overlay-pattern=\"\" data-overlay-pattern-opacity=\"\" data-overlay-pattern-size=\"\"    ><\/div>\n\n<section class=\"l-section wpb_row height_small\"><div class=\"l-section-h i-cf\"><div class=\"g-cols vc_row via_grid cols_1 laptops-cols_inherit tablets-cols_inherit mobiles-cols_1 valign_top type_default stacking_default\"><div class=\"wpb_column vc_column_container\"><div class=\"vc_column-inner\"><div class=\"w-hwrapper valign_middle wrap stack_on_mobiles align_justify\"><div class=\"w-btn-wrapper align_left\"><a class=\"w-btn us-btn-style_4 us_custom_7c8a154e has_text_color icon_atleft\" href=\"..\/\"><i class=\"fas fa-angle-left\"><\/i><span class=\"w-btn-label\">Tornar<\/span><\/a><\/div><h1 class=\"w-post-elm post_title us_custom_03c49996 has_text_color align_center entry-title\">Recursos<\/h1><div class=\"w-html\"><span><\/span><\/div><\/div><\/div><\/div><\/div><\/div><\/section>\n<section class=\"l-section wpb_row height_auto\"><div class=\"l-section-h i-cf\"><div class=\"g-cols vc_row via_grid cols_1 laptops-cols_inherit tablets-cols_inherit mobiles-cols_1 valign_top type_default stacking_default\"><div class=\"wpb_column vc_column_container\"><div class=\"vc_column-inner\"><div class=\"g-cols wpb_row us_custom_09833249 via_grid cols_2-1 laptops-cols_inherit tablets-cols_inherit mobiles-cols_1 valign_top type_default stacking_default\" style=\"--columns-gap:3rem;\"><div class=\"wpb_column vc_column_container\"><div class=\"vc_column-inner\"><div id=\"ultimate-heading-969569f37b430f74f\" class=\"uvc-heading ult-adjust-bottom-margin ultimate-heading-969569f37b430f74f uvc-9266 mays\" data-hspacer=\"no_spacer\"  data-halign=\"left\" style=\"text-align:left\"><div class=\"uvc-heading-spacer no_spacer\" style=\"top\"><\/div><div class=\"uvc-main-heading ult-responsive\"  data-ultimate-target='.uvc-heading.ultimate-heading-969569f37b430f74f h2'  data-responsive-json-new='{\"font-size\":\"desktop:24px;tablet:21px;tablet_portrait:18px;mobile_landscape:16px;mobile:16px;\",\"line-height\":\"\"}' ><h2 style=\"font-family:&#039;Lato&#039;;font-weight:700;margin-top:36px;margin-bottom:28px;\">Guies de lectura per al Dia Internacional de la Dona 2026<\/h2><\/div><\/div><\/div><\/div><div class=\"wpb_column vc_column_container us_custom_1f257949\"><div class=\"vc_column-inner\"><div class=\"w-separator size_small\"><\/div><div class=\"w-btn-wrapper align_left\"><a class=\"w-btn us-btn-style_3 us_custom_1f257949 icon_atleft\" target=\"_blank\" href=\"https:\/\/ayto.mutxamel.org\/wp-content\/uploads\/2025\/11\/8-de-marzo-Guia-bibliografica-adultos.pdf\"><i class=\"fal fa-file-pdf\"><\/i><span class=\"w-btn-label\">8 de mar\u00e7, Guia bibliogr\u00e0fica adults.<\/span><\/a><\/div><div class=\"w-btn-wrapper align_left\"><a class=\"w-btn us-btn-style_3 us_custom_1f257949 icon_atleft\" target=\"_blank\" href=\"https:\/\/ayto.mutxamel.org\/wp-content\/uploads\/2025\/11\/8-de-marzo-Guia-bibliografica-infantil-juvenil.pdf\"><i class=\"fal fa-file-pdf\"><\/i><span class=\"w-btn-label\">8 de mar\u00e7, Guia bibliogr\u00e0fica infantil-juvenil<\/span><\/a><\/div><\/div><\/div><\/div><div class=\"w-separator size_small with_line width_default thick_1 style_solid color_border align_center\"><div class=\"w-separator-h\"><\/div><\/div><div class=\"g-cols wpb_row us_custom_09833249 via_grid cols_2-1 laptops-cols_inherit tablets-cols_inherit mobiles-cols_1 valign_top type_default stacking_default\" style=\"--columns-gap:3rem;\"><div class=\"wpb_column vc_column_container\"><div class=\"vc_column-inner\"><div id=\"ultimate-heading-27169f37b43102c4\" class=\"uvc-heading ult-adjust-bottom-margin ultimate-heading-27169f37b43102c4 uvc-4121 mays\" data-hspacer=\"no_spacer\"  data-halign=\"left\" style=\"text-align:left\"><div class=\"uvc-heading-spacer no_spacer\" style=\"top\"><\/div><div class=\"uvc-main-heading ult-responsive\"  data-ultimate-target='.uvc-heading.ultimate-heading-27169f37b43102c4 h2'  data-responsive-json-new='{\"font-size\":\"desktop:24px;tablet:21px;tablet_portrait:18px;mobile_landscape:16px;mobile:16px;\",\"line-height\":\"\"}' ><h2 style=\"font-family:&#039;Lato&#039;;font-weight:700;margin-top:36px;margin-bottom:28px;\">Algunes xarxes socials i comunitats de lectors online<\/h2><\/div><\/div><div class=\"wpb_text_column us_custom_7e53051d\"><div class=\"wpb_wrapper\"><p>Les plataformes online per a compartir i interactuar amb els llibres i les lectures s\u00f3n tot un descobriment. Existeix molta gent disposada a compartir i valorar les seues lectures i tamb\u00e9, disposada a llegir valoracions i comentaris sobre llibres que t\u00e9 intenci\u00f3 de llegir.<\/p>\n<p>La Biblioteca ha fet una recopilaci\u00f3 d\u2019algunes d\u2019aquestes comunitats i fa accessible tota aquesta informaci\u00f3 amb nom\u00e9s fer clic en el text destacat en color.<\/p>\n<\/div><\/div><\/div><\/div><div class=\"wpb_column vc_column_container us_custom_1f257949\"><div class=\"vc_column-inner\"><div class=\"w-separator size_small\"><\/div><div class=\"w-btn-wrapper align_left\"><a class=\"w-btn us-btn-style_3 us_custom_1f257949 icon_atleft\" target=\"_blank\" href=\"https:\/\/dev.mutxamel.org\/wp-content\/uploads\/2023\/11\/c19_BIB_COMUNIDADES-LECTORES-ONLINE.pdf\"><i class=\"fal fa-file-pdf\"><\/i><span class=\"w-btn-label\">Comunitats i XS de lectura<\/span><\/a><\/div><\/div><\/div><\/div><div class=\"w-separator size_small with_line width_default thick_1 style_solid color_border align_center\"><div class=\"w-separator-h\"><\/div><\/div><div class=\"g-cols wpb_row us_custom_09833249 via_grid cols_2-1 laptops-cols_inherit tablets-cols_inherit mobiles-cols_1 valign_top type_default stacking_default\" style=\"--columns-gap:3rem;\"><div class=\"wpb_column vc_column_container\"><div class=\"vc_column-inner\"><div id=\"ultimate-heading-918169f37b4310d1b\" class=\"uvc-heading ult-adjust-bottom-margin ultimate-heading-918169f37b4310d1b uvc-8815 mays\" data-hspacer=\"no_spacer\"  data-halign=\"left\" style=\"text-align:left\"><div class=\"uvc-heading-spacer no_spacer\" style=\"top\"><\/div><div class=\"uvc-main-heading ult-responsive\"  data-ultimate-target='.uvc-heading.ultimate-heading-918169f37b4310d1b h2'  data-responsive-json-new='{\"font-size\":\"desktop:24px;tablet:21px;tablet_portrait:18px;mobile_landscape:16px;mobile:16px;\",\"line-height\":\"\"}' ><h2 style=\"font-family:&#039;Lato&#039;;font-weight:700;margin-top:36px;margin-bottom:28px;\">Premis de novel\u00b7la disponibles en e-biblio<\/h2><\/div><\/div><\/div><\/div><div class=\"wpb_column vc_column_container\"><div class=\"vc_column-inner\"><div class=\"w-separator size_small\"><\/div><div class=\"w-btn-wrapper align_left\"><a class=\"w-btn us-btn-style_3 us_custom_1f257949 icon_atleft\" target=\"_blank\" href=\"https:\/\/dev.mutxamel.org\/wp-content\/uploads\/2023\/11\/c19_BIB_PREMISDENOVELA.pdf\"><i class=\"fal fa-file-pdf\"><\/i><span class=\"w-btn-label\">Premis de novel\u00b7la en e-biblio<\/span><\/a><\/div><\/div><\/div><\/div><div class=\"w-separator size_small with_line width_default thick_1 style_solid color_border align_center\"><div class=\"w-separator-h\"><\/div><\/div><div class=\"g-cols wpb_row us_custom_09833249 via_grid cols_2-1 laptops-cols_inherit tablets-cols_inherit mobiles-cols_1 valign_top type_default stacking_default\" style=\"--columns-gap:3rem;\"><div class=\"wpb_column vc_column_container\"><div class=\"vc_column-inner\"><div id=\"ultimate-heading-514069f37b4311498\" class=\"uvc-heading ult-adjust-bottom-margin ultimate-heading-514069f37b4311498 uvc-8445 mays\" data-hspacer=\"no_spacer\"  data-halign=\"left\" style=\"text-align:left\"><div class=\"uvc-heading-spacer no_spacer\" style=\"top\"><\/div><div class=\"uvc-main-heading ult-responsive\"  data-ultimate-target='.uvc-heading.ultimate-heading-514069f37b4311498 h2'  data-responsive-json-new='{\"font-size\":\"desktop:24px;tablet:21px;tablet_portrait:18px;mobile_landscape:16px;mobile:16px;\",\"line-height\":\"\"}' ><h2 style=\"font-family:&#039;Lato&#039;;font-weight:700;margin-top:36px;margin-bottom:28px;\">Profes a casa: cinc canals educatius en YouTube<\/h2><\/div><\/div><\/div><\/div><div class=\"wpb_column vc_column_container\"><div class=\"vc_column-inner\"><div class=\"w-separator size_small\"><\/div><div class=\"w-btn-wrapper align_left\"><a class=\"w-btn us-btn-style_3 us_custom_1f257949 icon_atleft\" target=\"_blank\" href=\"https:\/\/dev.mutxamel.org\/wp-content\/uploads\/2023\/11\/c19_BIB_Profes-en-casa.pdf\"><i class=\"fal fa-file-pdf\"><\/i><span class=\"w-btn-label\">Profes a casa<\/span><\/a><\/div><\/div><\/div><\/div><div class=\"w-separator size_small with_line width_default thick_1 style_solid color_border align_center\"><div class=\"w-separator-h\"><\/div><\/div><div class=\"g-cols wpb_row us_custom_09833249 via_grid cols_2-1 laptops-cols_inherit tablets-cols_inherit mobiles-cols_1 valign_top type_default stacking_default\" style=\"--columns-gap:3rem;\"><div class=\"wpb_column vc_column_container\"><div class=\"vc_column-inner\"><div id=\"ultimate-heading-168069f37b4311c26\" class=\"uvc-heading ult-adjust-bottom-margin ultimate-heading-168069f37b4311c26 uvc-1231 mays\" data-hspacer=\"no_spacer\"  data-halign=\"left\" style=\"text-align:left\"><div class=\"uvc-heading-spacer no_spacer\" style=\"top\"><\/div><div class=\"uvc-main-heading ult-responsive\"  data-ultimate-target='.uvc-heading.ultimate-heading-168069f37b4311c26 h2'  data-responsive-json-new='{\"font-size\":\"desktop:24px;tablet:21px;tablet_portrait:18px;mobile_landscape:16px;mobile:16px;\",\"line-height\":\"\"}' ><h2 style=\"font-family:&#039;Lato&#039;;font-weight:700;margin-top:36px;margin-bottom:28px;\">Novel\u00b7la hist\u00f2rica i polic\u00edaca sobre epid\u00e8mies a eBiblio<\/h2><\/div><\/div><\/div><\/div><div class=\"wpb_column vc_column_container\"><div class=\"vc_column-inner\"><div class=\"w-separator size_small\"><\/div><div class=\"w-btn-wrapper align_left\"><a class=\"w-btn us-btn-style_3 us_custom_1f257949 icon_atleft\" target=\"_blank\" href=\"https:\/\/dev.mutxamel.org\/wp-content\/uploads\/2023\/11\/c19_BIB_BusquedaCatalogoLlibres_VAL.pdf\"><i class=\"fal fa-file-pdf\"><\/i><span class=\"w-btn-label\">Llistat<\/span><\/a><\/div><div class=\"w-btn-wrapper align_left\"><a class=\"w-btn us-btn-style_3 us_custom_1f257949 icon_atleft\" target=\"_blank\" href=\"https:\/\/dev.mutxamel.org\/wp-content\/uploads\/2023\/11\/c19_BIB__BusquedaCatalogo_VAL.pdf\"><i class=\"fal fa-file-pdf\"><\/i><span class=\"w-btn-label\">Llistat 2<\/span><\/a><\/div><\/div><\/div><\/div><div class=\"w-separator size_small with_line width_default thick_1 style_solid color_border align_center\"><div class=\"w-separator-h\"><\/div><\/div><div class=\"g-cols wpb_row us_custom_09833249 via_grid cols_2-1 laptops-cols_inherit tablets-cols_inherit mobiles-cols_1 valign_top type_default stacking_default\" style=\"--columns-gap:3rem;\"><div class=\"wpb_column vc_column_container\"><div class=\"vc_column-inner\"><div id=\"ultimate-heading-344669f37b4312498\" class=\"uvc-heading ult-adjust-bottom-margin ultimate-heading-344669f37b4312498 uvc-1959 mays\" data-hspacer=\"no_spacer\"  data-halign=\"left\" style=\"text-align:left\"><div class=\"uvc-heading-spacer no_spacer\" style=\"top\"><\/div><div class=\"uvc-main-heading ult-responsive\"  data-ultimate-target='.uvc-heading.ultimate-heading-344669f37b4312498 h2'  data-responsive-json-new='{\"font-size\":\"desktop:24px;tablet:21px;tablet_portrait:18px;mobile_landscape:16px;mobile:16px;\",\"line-height\":\"\"}' ><h2 style=\"font-family:&#039;Lato&#039;;font-weight:700;margin-top:36px;margin-bottom:28px;\">Museus<\/h2><\/div><\/div><\/div><\/div><div class=\"wpb_column vc_column_container\"><div class=\"vc_column-inner\"><div class=\"w-separator size_small\"><\/div><div class=\"w-btn-wrapper align_left\"><a class=\"w-btn us-btn-style_3 us_custom_1f257949 icon_atleft\" target=\"_blank\" href=\"https:\/\/dev.mutxamel.org\/wp-content\/uploads\/2023\/11\/c19_BIB_Museos_360_CienciasNaturales.pdf\"><i class=\"fal fa-file-pdf\"><\/i><span class=\"w-btn-label\">Visites 360\u00ba Ci\u00e8ncies<\/span><\/a><\/div><div class=\"w-btn-wrapper align_left\"><a class=\"w-btn us-btn-style_3 us_custom_1f257949 icon_atleft\" target=\"_blank\" href=\"https:\/\/dev.mutxamel.org\/wp-content\/uploads\/2023\/11\/c19_BIB__Museos_360.pdf\"><i class=\"fal fa-file-pdf\"><\/i><span class=\"w-btn-label\">Visites 360\u00ba Museus Nacionals<\/span><\/a><\/div><div class=\"w-btn-wrapper align_left\"><a class=\"w-btn us-btn-style_3 us_custom_1f257949 icon_atleft\" target=\"_blank\" href=\"https:\/\/dev.mutxamel.org\/wp-content\/uploads\/2023\/11\/c19_BIB__MARQ_TalleresPrehistoria.pdf\"><i class=\"fal fa-file-pdf\"><\/i><span class=\"w-btn-label\">V\u00eddeo-tallers sobre prehist\u00f2ria, realitzats per MARQ<\/span><\/a><\/div><\/div><\/div><\/div><div class=\"w-separator size_small with_line width_default thick_1 style_solid color_border align_center\"><div class=\"w-separator-h\"><\/div><\/div><div class=\"g-cols wpb_row us_custom_09833249 via_grid cols_2-1 laptops-cols_inherit tablets-cols_inherit mobiles-cols_1 valign_top type_default stacking_default\" style=\"--columns-gap:3rem;\"><div class=\"wpb_column vc_column_container\"><div class=\"vc_column-inner\"><div id=\"ultimate-heading-620769f37b4312f07\" class=\"uvc-heading ult-adjust-bottom-margin ultimate-heading-620769f37b4312f07 uvc-5622 mays\" data-hspacer=\"no_spacer\"  data-halign=\"left\" style=\"text-align:left\"><div class=\"uvc-heading-spacer no_spacer\" style=\"top\"><\/div><div class=\"uvc-main-heading ult-responsive\"  data-ultimate-target='.uvc-heading.ultimate-heading-620769f37b4312f07 h2'  data-responsive-json-new='{\"font-size\":\"desktop:24px;tablet:21px;tablet_portrait:18px;mobile_landscape:16px;mobile:16px;\",\"line-height\":\"\"}' ><h2 style=\"font-family:&#039;Lato&#039;;font-weight:700;margin-top:36px;margin-bottom:28px;\">Cinema a casa: pel\u00b7l\u00edcules per a veure durant el confinament<\/h2><\/div><\/div><div class=\"wpb_text_column us_custom_7e53051d\"><div class=\"wpb_wrapper\"><p>Enmig d\u2019aquesta situaci\u00f3 provocada per la pand\u00e8mia del COVID-19, la Biblioteca ha recopilat alguns recursos disponibles en la xarxa que ofereixen cinema i s\u00e8ries gratis durant la quarantena, de manera legal i sense pirateria, perqu\u00e8 tant xicotets com majors puguen gaudir d\u2019un confinament replet d\u2019oci que fa\u00e7a que el dia a dia siga el m\u00e9s suportable possible.<\/p>\n<p>Tota aquesta informaci\u00f3 la tens disponibles amb un simple clic en les parts del text destacat en color blanc.<\/p>\n<\/div><\/div><\/div><\/div><div class=\"wpb_column vc_column_container\"><div class=\"vc_column-inner\"><div class=\"w-separator size_small\"><\/div><div class=\"w-btn-wrapper align_left\"><a class=\"w-btn us-btn-style_3 us_custom_1f257949 icon_atleft\" target=\"_blank\" href=\"https:\/\/dev.mutxamel.org\/wp-content\/uploads\/2023\/11\/c19_BIB_CINE-EN-CASA.pdf\"><i class=\"fal fa-file-pdf\"><\/i><span class=\"w-btn-label\">Cinema a casa<\/span><\/a><\/div><\/div><\/div><\/div><div class=\"w-separator size_small with_line width_default thick_1 style_solid color_border align_center\"><div class=\"w-separator-h\"><\/div><\/div><div class=\"g-cols wpb_row us_custom_09833249 via_grid cols_2-1 laptops-cols_inherit tablets-cols_inherit mobiles-cols_1 valign_top type_default stacking_default\" style=\"--columns-gap:3rem;\"><div class=\"wpb_column vc_column_container\"><div class=\"vc_column-inner\"><div id=\"ultimate-heading-993169f37b4313914\" class=\"uvc-heading ult-adjust-bottom-margin ultimate-heading-993169f37b4313914 uvc-7054 mays\" data-hspacer=\"no_spacer\"  data-halign=\"left\" style=\"text-align:left\"><div class=\"uvc-heading-spacer no_spacer\" style=\"top\"><\/div><div class=\"uvc-main-heading ult-responsive\"  data-ultimate-target='.uvc-heading.ultimate-heading-993169f37b4313914 h2'  data-responsive-json-new='{\"font-size\":\"desktop:24px;tablet:21px;tablet_portrait:18px;mobile_landscape:16px;mobile:16px;\",\"line-height\":\"\"}' ><h2 style=\"font-family:&#039;Lato&#039;;font-weight:700;margin-top:36px;margin-bottom:28px;\">C\u00f2mics gratis per a la quarantena<\/h2><\/div><\/div><div class=\"wpb_text_column us_custom_7e53051d\"><div class=\"wpb_wrapper\"><p>Els c\u00f2mics ens proporcionen enormes estones de diversi\u00f3 i entreteniment, la qual cosa s\u2019agraeix enormement per a aguantar millor aquests dies de confinament. Aquestes historietes gr\u00e0fiques ens porten i guien a trav\u00e9s de les seues vinyetes per a fer-nos sentir que formem part d\u2019aquesta hist\u00f2ria. A m\u00e9s, sembla molt evident, la pot\u00e8ncia i la capacitat que tenen els c\u00f2mics per a aconseguir cada vegada m\u00e9s seguidors a la lectura, sobretot entre el p\u00fablic infantil i juvenil. A continuaci\u00f3 us presentem diverses iniciatives que han posat en marxa algunes editorials i que posen el valor el poder del c\u00f2mic en aquests dies.<\/p>\n<p>Tots els recursos que aquestes ofereixen els tens disponibles amb un simple clic en les parts del text destacat en color.<\/p>\n<\/div><\/div><\/div><\/div><div class=\"wpb_column vc_column_container\"><div class=\"vc_column-inner\"><div class=\"w-separator size_small\"><\/div><div class=\"w-btn-wrapper align_left\"><a class=\"w-btn us-btn-style_3 us_custom_1f257949 icon_atleft\" target=\"_blank\" href=\"https:\/\/dev.mutxamel.org\/wp-content\/uploads\/2023\/11\/c19_BIB_Comics-gratis-para-la-cuarentena.pdf\"><i class=\"fal fa-file-pdf\"><\/i><span class=\"w-btn-label\">C\u00f2mics gratis per a la quarantena<\/span><\/a><\/div><\/div><\/div><\/div><div class=\"g-cols wpb_row us_custom_09833249 via_grid cols_2-1 laptops-cols_inherit tablets-cols_inherit mobiles-cols_1 valign_top type_default stacking_default\" style=\"--columns-gap:3rem;\"><div class=\"wpb_column vc_column_container\"><div class=\"vc_column-inner\"><div id=\"ultimate-heading-822269f37b43142c2\" class=\"uvc-heading ult-adjust-bottom-margin ultimate-heading-822269f37b43142c2 uvc-7319 mays\" data-hspacer=\"no_spacer\"  data-halign=\"left\" style=\"text-align:left\"><div class=\"uvc-heading-spacer no_spacer\" style=\"top\"><\/div><div class=\"uvc-main-heading ult-responsive\"  data-ultimate-target='.uvc-heading.ultimate-heading-822269f37b43142c2 h2'  data-responsive-json-new='{\"font-size\":\"desktop:24px;tablet:21px;tablet_portrait:18px;mobile_landscape:16px;mobile:16px;\",\"line-height\":\"\"}' ><h2 style=\"font-family:&#039;Lato&#039;;font-weight:700;margin-top:36px;margin-bottom:28px;\">#YOCONSTRUYOENCASA<\/h2><\/div><\/div><div class=\"wpb_text_column us_custom_7e53051d\"><div class=\"wpb_wrapper\"><p>Revisant a la web recursos interessants per a aquests dies de confinament hem descobert la iniciativa \u201c#YOCONSTRUYOENCASA\u201d de Villareal Arquitectos, un estudi d\u2019arquitectura de Burgos, que ofereixen retallables de paper, dels de tota la vida, d\u2019alguns dels edificis m\u00e9s representatius del nostre planeta per a desc\u00e0rrega gratu\u00efta. Nom\u00e9s es necessita una impressora dom\u00e8stica per a imprimir els plans, unes tisores, cola, ganes i temps.<\/p>\n<p>Fent clic en qualsevol part del document tindr\u00e0s disponible tota aquesta informaci\u00f3.<\/p>\n<\/div><\/div><\/div><\/div><div class=\"wpb_column vc_column_container\"><div class=\"vc_column-inner\"><div class=\"w-separator size_small\"><\/div><div class=\"w-btn-wrapper align_left\"><a class=\"w-btn us-btn-style_3 us_custom_1f257949 icon_atleft\" target=\"_blank\" href=\"https:\/\/dev.mutxamel.org\/wp-content\/uploads\/2023\/11\/c19_yo-construyo-en-casa.pdf\"><i class=\"fal fa-file-pdf\"><\/i><span class=\"w-btn-label\">Jo constru\u00efsc a casa<\/span><\/a><\/div><\/div><\/div><\/div><div class=\"w-separator size_small with_line width_default thick_1 style_solid color_border align_center\"><div class=\"w-separator-h\"><\/div><\/div><div class=\"g-cols wpb_row us_custom_09833249 via_grid cols_2-1 laptops-cols_inherit tablets-cols_inherit mobiles-cols_1 valign_top type_default stacking_default\" style=\"--columns-gap:3rem;\"><div class=\"wpb_column vc_column_container\"><div class=\"vc_column-inner\"><div id=\"ultimate-heading-643469f37b4314c29\" class=\"uvc-heading ult-adjust-bottom-margin ultimate-heading-643469f37b4314c29 uvc-4856 mays\" data-hspacer=\"no_spacer\"  data-halign=\"left\" style=\"text-align:left\"><div class=\"uvc-heading-spacer no_spacer\" style=\"top\"><\/div><div class=\"uvc-main-heading ult-responsive\"  data-ultimate-target='.uvc-heading.ultimate-heading-643469f37b4314c29 h2'  data-responsive-json-new='{\"font-size\":\"desktop:24px;tablet:21px;tablet_portrait:18px;mobile_landscape:16px;mobile:16px;\",\"line-height\":\"\"}' ><h2 style=\"font-family:&#039;Lato&#039;;font-weight:700;margin-top:36px;margin-bottom:28px;\">Llibres per a gaudir en fam\u00edlia disponibles en e-biblio<\/h2><\/div><\/div><\/div><\/div><div class=\"wpb_column vc_column_container\"><div class=\"vc_column-inner\"><div class=\"w-separator size_small\"><\/div><div class=\"w-btn-wrapper align_left\"><a class=\"w-btn us-btn-style_3 us_custom_1f257949 icon_atleft\" target=\"_blank\" href=\"https:\/\/dev.mutxamel.org\/wp-content\/uploads\/2023\/11\/c19_LLIBRESFAMILA052020.pdf\"><i class=\"fal fa-file-pdf\"><\/i><span class=\"w-btn-label\">Llibres fam\u00edlia<\/span><\/a><\/div><\/div><\/div><\/div><div class=\"g-cols wpb_row us_custom_09833249 via_grid cols_2-1 laptops-cols_inherit tablets-cols_inherit mobiles-cols_1 valign_top type_default stacking_default\" style=\"--columns-gap:3rem;\"><div class=\"wpb_column vc_column_container\"><div class=\"vc_column-inner\"><div id=\"ultimate-heading-986369f37b43152ee\" class=\"uvc-heading ult-adjust-bottom-margin ultimate-heading-986369f37b43152ee uvc-3965 mays\" data-hspacer=\"no_spacer\"  data-halign=\"left\" style=\"text-align:left\"><div class=\"uvc-heading-spacer no_spacer\" style=\"top\"><\/div><div class=\"uvc-main-heading ult-responsive\"  data-ultimate-target='.uvc-heading.ultimate-heading-986369f37b43152ee h2'  data-responsive-json-new='{\"font-size\":\"desktop:24px;tablet:21px;tablet_portrait:18px;mobile_landscape:16px;mobile:16px;\",\"line-height\":\"\"}' ><h2 style=\"font-family:&#039;Lato&#039;;font-weight:700;margin-top:36px;margin-bottom:28px;\">Llibres per a gaudir saludablement disponibles en e-biblio<\/h2><\/div><\/div><\/div><\/div><div class=\"wpb_column vc_column_container\"><div class=\"vc_column-inner\"><div class=\"w-separator size_small\"><\/div><div class=\"w-btn-wrapper align_left\"><a class=\"w-btn us-btn-style_3 us_custom_1f257949 icon_atleft\" target=\"_blank\" href=\"https:\/\/dev.mutxamel.org\/wp-content\/uploads\/2023\/11\/c19_LLIBRESSALUDABLEMENT_052020.pdf\"><i class=\"fal fa-file-pdf\"><\/i><span class=\"w-btn-label\">Llibres per a gaudir<\/span><\/a><\/div><\/div><\/div><\/div><div class=\"w-separator size_small with_line width_default thick_1 style_solid color_border align_center\"><div class=\"w-separator-h\"><\/div><\/div><div class=\"g-cols wpb_row us_custom_09833249 via_grid cols_2-1 laptops-cols_inherit tablets-cols_inherit mobiles-cols_1 valign_top type_default stacking_default\" style=\"--columns-gap:3rem;\"><div class=\"wpb_column vc_column_container\"><div class=\"vc_column-inner\"><div id=\"ultimate-heading-964169f37b4315c2e\" class=\"uvc-heading ult-adjust-bottom-margin ultimate-heading-964169f37b4315c2e uvc-8244 mays\" data-hspacer=\"no_spacer\"  data-halign=\"left\" style=\"text-align:left\"><div class=\"uvc-heading-spacer no_spacer\" style=\"top\"><\/div><div class=\"uvc-main-heading ult-responsive\"  data-ultimate-target='.uvc-heading.ultimate-heading-964169f37b4315c2e h2'  data-responsive-json-new='{\"font-size\":\"desktop:24px;tablet:21px;tablet_portrait:18px;mobile_landscape:16px;mobile:16px;\",\"line-height\":\"\"}' ><h2 style=\"font-family:&#039;Lato&#039;;font-weight:700;margin-top:36px;margin-bottom:28px;\">Algunes aplicacions de jocs de preguntes<\/h2><\/div><\/div><div class=\"wpb_text_column us_custom_7e53051d\"><div class=\"wpb_wrapper\"><p>uli\u00e1n Marquina, responsable de Comunicaci\u00f3 de Baratz-Serveis de Teledocumentaci\u00f3n, entre moltes altres coses, recull en la seua p\u00e0gina web un post sobre aplicacions de jocs de preguntes com a m\u00e8tode alternatiu i, sobretot, divertit, per a adquirir nous coneixements. Totes les aplicacions que proposa s\u00f3n gratu\u00eftes, encara que cal anar amb compte amb la publicitat i les compres internes.<\/p>\n<p>Disponibles amb un simple clic en qualsevol part del document.<\/p>\n<\/div><\/div><\/div><\/div><div class=\"wpb_column vc_column_container\"><div class=\"vc_column-inner\"><div class=\"w-separator size_small\"><\/div><div class=\"w-btn-wrapper align_left\"><a class=\"w-btn us-btn-style_3 us_custom_1f257949 icon_atleft\" target=\"_blank\" href=\"https:\/\/dev.mutxamel.org\/wp-content\/uploads\/2023\/11\/c19_Aplicacions-jocs-de-preguntes_052020-1.pdf\"><i class=\"fal fa-file-pdf\"><\/i><span class=\"w-btn-label\">Apps Jocs de preguntes<\/span><\/a><\/div><\/div><\/div><\/div><div class=\"w-separator size_small with_line width_default thick_1 style_solid color_border align_center\"><div class=\"w-separator-h\"><\/div><\/div><\/div><\/div><\/div><\/div><\/section><section class=\"l-section wpb_row height_auto\"><div class=\"l-section-h i-cf\"><div class=\"g-cols vc_row via_grid cols_1 laptops-cols_inherit tablets-cols_inherit mobiles-cols_1 valign_top type_default stacking_default\"><div class=\"wpb_column vc_column_container\"><div class=\"vc_column-inner\"><div id=\"ultimate-heading-123469f37b431683f\" class=\"uvc-heading ult-adjust-bottom-margin ultimate-heading-123469f37b431683f uvc-6547 mays\" data-hspacer=\"no_spacer\"  data-halign=\"left\" style=\"text-align:left\"><div class=\"uvc-heading-spacer no_spacer\" style=\"top\"><\/div><div class=\"uvc-main-heading ult-responsive\"  data-ultimate-target='.uvc-heading.ultimate-heading-123469f37b431683f h2'  data-responsive-json-new='{\"font-size\":\"desktop:24px;tablet:21px;tablet_portrait:18px;mobile_landscape:16px;mobile:16px;\",\"line-height\":\"\"}' ><h2 style=\"font-family:&#039;Lato&#039;;font-weight:700;margin-top:36px;margin-bottom:28px;\">EFEM\u00c8RIDES<\/h2><\/div><\/div><div class=\"g-cols wpb_row us_custom_09833249 via_grid cols_2-1 laptops-cols_inherit tablets-cols_inherit mobiles-cols_1 valign_top type_default stacking_default\" style=\"--columns-gap:3rem;\"><div class=\"wpb_column vc_column_container\"><div class=\"vc_column-inner\"><div id=\"ultimate-heading-65669f37b4316be4\" class=\"uvc-heading ult-adjust-bottom-margin ultimate-heading-65669f37b4316be4 uvc-9916 mays\" data-hspacer=\"no_spacer\"  data-halign=\"left\" style=\"text-align:left\"><div class=\"uvc-heading-spacer no_spacer\" style=\"top\"><\/div><div class=\"uvc-main-heading ult-responsive\"  data-ultimate-target='.uvc-heading.ultimate-heading-65669f37b4316be4 h3'  data-responsive-json-new='{\"font-size\":\"desktop:18px;tablet:16px;tablet_portrait:16px;mobile_landscape:14px;mobile:14px;\",\"line-height\":\"\"}' ><h3 style=\"font-family:&#039;Lato&#039;;font-weight:700;margin-top:36px;margin-bottom:28px;\">2 d\u2019Abril:<\/h3><\/div><div class=\"uvc-sub-heading ult-responsive\"  data-ultimate-target='.uvc-heading.ultimate-heading-65669f37b4316be4 .uvc-sub-heading '  data-responsive-json-new='{\"font-size\":\"\",\"line-height\":\"\"}'  style=\"font-weight:normal;\">Dia Internacional del Llibre Infantil-Juvenil<\/div><\/div><div class=\"wpb_text_column us_custom_7e53051d\"><div class=\"wpb_wrapper\"><p>Com sabeu, el 2 d\u2019abril se celebra a tot el m\u00f3n el Dia Internacional del Llibre Infantil-Juvenil, coincidint amb la data del naixement de l\u2019escriptor dan\u00e9s Hans Christian Andersen.Des de les biblioteques de Mutxamel, vos mostrem una xicoteta selecci\u00f3 d\u2019alguns dels llibres que m\u00e9s estan agradant als nostres usuaris. Bona lectura!!<\/p>\n<\/div><\/div><\/div><\/div><div class=\"wpb_column vc_column_container\"><div class=\"vc_column-inner\"><div class=\"w-separator size_small\"><\/div><div class=\"w-image align_left\"><a ref=\"magnificPopup\" href=\"https:\/\/ayto.mutxamel.org\/wp-content\/uploads\/2023\/11\/diallibreinf2021.jpg\" aria-label=\"diallibreinf2021\" class=\"w-image-h\"><img decoding=\"async\" width=\"566\" height=\"400\" src=\"https:\/\/ayto.mutxamel.org\/wp-content\/uploads\/2023\/11\/diallibreinf2021-566x400.jpg\" class=\"attachment-us_600_400 size-us_600_400\" alt=\"\" loading=\"lazy\" srcset=\"https:\/\/ayto.mutxamel.org\/wp-content\/uploads\/2023\/11\/diallibreinf2021-566x400.jpg 566w, https:\/\/ayto.mutxamel.org\/wp-content\/uploads\/2023\/11\/diallibreinf2021-300x212.jpg 300w, https:\/\/ayto.mutxamel.org\/wp-content\/uploads\/2023\/11\/diallibreinf2021.jpg 880w\" sizes=\"auto, (max-width: 566px) 100vw, 566px\" \/><\/a><\/div><\/div><\/div><\/div><div class=\"g-cols wpb_row us_custom_09833249 via_grid cols_2-1 laptops-cols_inherit tablets-cols_inherit mobiles-cols_1 valign_top type_default stacking_default\" style=\"--columns-gap:3rem;\"><div class=\"wpb_column vc_column_container\"><div class=\"vc_column-inner\"><div id=\"ultimate-heading-268669f37b4318a36\" class=\"uvc-heading ult-adjust-bottom-margin ultimate-heading-268669f37b4318a36 uvc-6096 mays\" data-hspacer=\"no_spacer\"  data-halign=\"left\" style=\"text-align:left\"><div class=\"uvc-heading-spacer no_spacer\" style=\"top\"><\/div><div class=\"uvc-main-heading ult-responsive\"  data-ultimate-target='.uvc-heading.ultimate-heading-268669f37b4318a36 h3'  data-responsive-json-new='{\"font-size\":\"desktop:18px;tablet:16px;tablet_portrait:16px;mobile_landscape:14px;mobile:14px;\",\"line-height\":\"\"}' ><h3 style=\"font-family:&#039;Lato&#039;;font-weight:700;margin-top:36px;margin-bottom:28px;\">23 d\u2019Abril:<\/h3><\/div><div class=\"uvc-sub-heading ult-responsive\"  data-ultimate-target='.uvc-heading.ultimate-heading-268669f37b4318a36 .uvc-sub-heading '  data-responsive-json-new='{\"font-size\":\"\",\"line-height\":\"\"}'  style=\"font-weight:normal;\">Dia del Llibre. Llibres immortals que passen de pares a fills<\/div><\/div><div class=\"wpb_text_column us_custom_7e53051d\"><div class=\"wpb_wrapper\"><p>Cada generaci\u00f3 t\u00e9 les seues refer\u00e8ncies. El que per a alg\u00fa nascut en els 60 i 70 evoca immediatament la seua inf\u00e0ncia \u00e9s impossible que tinga el mateix efecte per als qui han arribat al m\u00f3n en els 80, els 90 o els 2000. No obstant aix\u00f2, si b\u00e9 les pel\u00b7l\u00edcules i s\u00e8ries que conformen l\u2019aprenentatge emocional dels uns i els altres van canviant, hi ha una s\u00e8rie de llibres que continuen vigents, passant de generaci\u00f3 en generaci\u00f3, i establint un vincle entre avis, pares i fills. S\u00f3n aqueix tipus d\u2019obres que aconsegueixen la immortalitat precisament per la seua capacitat per a interessar a persones nascudes en temps diferents, amb una forma de vida que a vegades sembla que no t\u00e9 res a veure, per\u00f2 que en el fons es nodreix de les mateixes sensacions.<\/p>\n<\/div><\/div><\/div><\/div><div class=\"wpb_column vc_column_container\"><div class=\"vc_column-inner\"><div class=\"w-separator size_medium\"><\/div><div class=\"w-image align_left\"><a ref=\"magnificPopup\" href=\"https:\/\/ayto.mutxamel.org\/wp-content\/uploads\/2023\/11\/CartelDiaLibro2021.jpg\" aria-label=\"CartelDiaLibro2021\" class=\"w-image-h\"><img decoding=\"async\" width=\"533\" height=\"400\" src=\"https:\/\/ayto.mutxamel.org\/wp-content\/uploads\/2023\/11\/CartelDiaLibro2021-533x400.jpg\" class=\"attachment-us_600_400 size-us_600_400\" alt=\"\" loading=\"lazy\" srcset=\"https:\/\/ayto.mutxamel.org\/wp-content\/uploads\/2023\/11\/CartelDiaLibro2021-533x400.jpg 533w, https:\/\/ayto.mutxamel.org\/wp-content\/uploads\/2023\/11\/CartelDiaLibro2021-300x225.jpg 300w, https:\/\/ayto.mutxamel.org\/wp-content\/uploads\/2023\/11\/CartelDiaLibro2021.jpg 880w\" sizes=\"auto, (max-width: 533px) 100vw, 533px\" \/><\/a><\/div><\/div><\/div><\/div><div class=\"w-separator size_small with_line width_default thick_1 style_solid color_border align_center\"><div class=\"w-separator-h\"><\/div><\/div><\/div><\/div><\/div><\/div><\/section><section class=\"l-section wpb_row height_auto\"><div class=\"l-section-h i-cf\"><div class=\"g-cols vc_row via_grid cols_1 laptops-cols_inherit tablets-cols_inherit mobiles-cols_1 valign_top type_default stacking_default\"><div class=\"wpb_column vc_column_container\"><div class=\"vc_column-inner\"><div id=\"ultimate-heading-400369f37b431af8e\" class=\"uvc-heading ult-adjust-bottom-margin ultimate-heading-400369f37b431af8e uvc-707 mays\" data-hspacer=\"no_spacer\"  data-halign=\"left\" style=\"text-align:left\"><div class=\"uvc-heading-spacer no_spacer\" style=\"top\"><\/div><div class=\"uvc-main-heading ult-responsive\"  data-ultimate-target='.uvc-heading.ultimate-heading-400369f37b431af8e h2'  data-responsive-json-new='{\"font-size\":\"desktop:24px;tablet:21px;tablet_portrait:18px;mobile_landscape:16px;mobile:16px;\",\"line-height\":\"\"}' ><h2 style=\"font-family:&#039;Lato&#039;;font-weight:700;margin-top:36px;margin-bottom:28px;\">C\u00f2mics<\/h2><\/div><\/div><div class=\"g-cols wpb_row us_custom_09833249 via_grid cols_2-1 laptops-cols_inherit tablets-cols_inherit mobiles-cols_1 valign_top type_default stacking_default\" style=\"--columns-gap:3rem;\"><div class=\"wpb_column vc_column_container\"><div class=\"vc_column-inner\"><div id=\"ultimate-heading-340069f37b431b2de\" class=\"uvc-heading ult-adjust-bottom-margin ultimate-heading-340069f37b431b2de uvc-721 mays\" data-hspacer=\"no_spacer\"  data-halign=\"left\" style=\"text-align:left\"><div class=\"uvc-heading-spacer no_spacer\" style=\"top\"><\/div><div class=\"uvc-main-heading ult-responsive\"  data-ultimate-target='.uvc-heading.ultimate-heading-340069f37b431b2de h3'  data-responsive-json-new='{\"font-size\":\"desktop:18px;tablet:16px;tablet_portrait:16px;mobile_landscape:14px;mobile:14px;\",\"line-height\":\"\"}' ><h3 style=\"font-family:&#039;Lato&#039;;font-weight:700;margin-top:36px;margin-bottom:28px;\">Tots els c\u00f2mics del 2021<\/h3><\/div><\/div><div class=\"wpb_text_column us_custom_7e53051d\"><div class=\"wpb_wrapper\"><p>En els \u00faltims anys, el c\u00f2mic s\u2019ha convertit en un mitj\u00e0 cultural que cada vegada t\u00e9 m\u00e9s seguidors. Per aquest motiu, les Biblioteques P\u00fabliques Municipals de Mutxamel intenten oferir als seus usuaris, ja des de fa temps, una \u00e0mplia i rigorosa col\u00b7lecci\u00f3 de c\u00f2mics, incorporant els t\u00edtols m\u00e9s destacats d\u2019aquest g\u00e8nere que es publiquen cada any. C\u00f2mics d\u2019aventures, ci\u00e8ncia-ficci\u00f3, polic\u00edacs, d\u2019humor, de terror, de den\u00fancia i cr\u00edtica social\u2026 C\u00f2mic europeu, nord-americ\u00e0, asi\u00e0tic i per descomptat, nacional. Per al p\u00fablic infantil, juvenil i adult. En definitiva, el c\u00f2mic ha arribat a les nostres Biblioteques per a quedar-se i la nostra obstinaci\u00f3 ser\u00e0 sempre continuar treballant en aquesta l\u00ednia per a millorar.<\/p>\n<\/div><\/div><\/div><\/div><div class=\"wpb_column vc_column_container\"><div class=\"vc_column-inner\"><div class=\"w-separator size_small\"><\/div><div class=\"w-btn-wrapper align_none\"><a class=\"w-btn us-btn-style_3 icon_atleft\" target=\"_blank\" href=\"https:\/\/dev.mutxamel.org\/wp-content\/uploads\/2023\/11\/Guia-Comics-2021_BPM-Notari.pdf\"><i class=\"fal fa-file-pdf\"><\/i><span class=\"w-btn-label\">C\u00f2mics Biblioteca P\u00fablica<\/span><\/a><\/div><div class=\"w-btn-wrapper align_none\"><a class=\"w-btn us-btn-style_3 icon_atleft\" target=\"_blank\" href=\"https:\/\/dev.mutxamel.org\/wp-content\/uploads\/2023\/11\/Guia-Comics-2021_Agencia-de-Lectura.pdf\"><i class=\"fal fa-file-pdf\"><\/i><span class=\"w-btn-label\">C\u00f2mics Ag\u00e8ncia Lectura<\/span><\/a><\/div><\/div><\/div><\/div><div class=\"w-separator size_small with_line width_default thick_1 style_solid color_border align_center\"><div class=\"w-separator-h\"><\/div><\/div><div class=\"g-cols wpb_row us_custom_09833249 via_grid cols_2-1 laptops-cols_inherit tablets-cols_inherit mobiles-cols_1 valign_top type_default stacking_default\" style=\"--columns-gap:3rem;\"><div class=\"wpb_column vc_column_container\"><div class=\"vc_column-inner\"><div id=\"ultimate-heading-868369f37b431bceb\" class=\"uvc-heading ult-adjust-bottom-margin ultimate-heading-868369f37b431bceb uvc-6398 mays\" data-hspacer=\"no_spacer\"  data-halign=\"left\" style=\"text-align:left\"><div class=\"uvc-heading-spacer no_spacer\" style=\"top\"><\/div><div class=\"uvc-main-heading ult-responsive\"  data-ultimate-target='.uvc-heading.ultimate-heading-868369f37b431bceb h3'  data-responsive-json-new='{\"font-size\":\"desktop:18px;tablet:16px;tablet_portrait:16px;mobile_landscape:14px;mobile:14px;\",\"line-height\":\"\"}' ><h3 style=\"font-family:&#039;Lato&#039;;font-weight:700;margin-top:36px;margin-bottom:28px;\">25 C\u00d2MICS SOBRE DONES ESCRITS PER DONES<\/h3><\/div><\/div><div class=\"wpb_text_column us_custom_7e53051d\"><div class=\"wpb_wrapper\"><p>Quina millor manera de celebrar el Dia Internacional de la Dona que reconeixent la labor d\u2019un bon grapat de dones a trav\u00e9s de la seua obra. Ac\u00ed tens 25 c\u00f2mics escrits per dones, que, si encara no els has llegits, no saps el que t\u2019est\u00e0s perdent i, a m\u00e9s, s\u00f3n absolutament recomanables per a tots els p\u00fablics.<\/p>\n<\/div><\/div><\/div><\/div><div class=\"wpb_column vc_column_container\"><div class=\"vc_column-inner\"><div class=\"w-separator size_small\"><\/div><div class=\"w-btn-wrapper align_none\"><a class=\"w-btn us-btn-style_3 icon_atleft\" target=\"_blank\" href=\"https:\/\/dev.mutxamel.org\/wp-content\/uploads\/2023\/11\/guiacomicmujeres-marzo2021.pdf\"><i class=\"fal fa-file-pdf\"><\/i><span class=\"w-btn-label\">Guia C\u00f2mics Dones<\/span><\/a><\/div><\/div><\/div><\/div><div class=\"w-separator size_small with_line width_default thick_1 style_solid color_border align_center\"><div class=\"w-separator-h\"><\/div><\/div><\/div><\/div><\/div><\/div><\/section>\n","protected":false},"featured_media":0,"parent":36796,"menu_order":0,"template":"","meta":{"_acf_changed":false,"footnotes":""},"categoria_area":[358],"ambito_area":[],"class_list":["post-37005","area","type-area","status-publish","hentry","categoria_area-biblioteca-ca"],"acf":[],"yoast_head":"<!-- This site is optimized with the Yoast SEO plugin v27.3 - https:\/\/yoast.com\/product\/yoast-seo-wordpress\/ -->\n<title>Recursos - Ayuntamiento de Mutxamel<\/title>\n<meta name=\"robots\" content=\"index, follow, max-snippet:-1, max-image-preview:large, max-video-preview:-1\" \/>\n<link rel=\"canonical\" href=\"https:\/\/ayto.mutxamel.org\/ca\/area\/biblioteca\/recursos\/\" \/>\n<meta property=\"og:locale\" content=\"ca_ES\" \/>\n<meta property=\"og:type\" content=\"article\" \/>\n<meta property=\"og:title\" content=\"Recursos - Ayuntamiento de Mutxamel\" \/>\n<meta property=\"og:url\" content=\"https:\/\/ayto.mutxamel.org\/ca\/area\/biblioteca\/recursos\/\" \/>\n<meta property=\"og:site_name\" content=\"Ayuntamiento de Mutxamel\" \/>\n<meta property=\"article:modified_time\" content=\"2026-03-03T11:44:09+00:00\" \/>\n<meta name=\"twitter:card\" content=\"summary_large_image\" \/>\n<meta name=\"twitter:label1\" content=\"Temps estimat de lectura\" \/>\n\t<meta name=\"twitter:data1\" content=\"6 minuts\" \/>\n<script type=\"application\/ld+json\" class=\"yoast-schema-graph\">{\"@context\":\"https:\\\/\\\/schema.org\",\"@graph\":[{\"@type\":\"WebPage\",\"@id\":\"https:\\\/\\\/ayto.mutxamel.org\\\/ca\\\/area\\\/biblioteca\\\/recursos\\\/\",\"url\":\"https:\\\/\\\/ayto.mutxamel.org\\\/ca\\\/area\\\/biblioteca\\\/recursos\\\/\",\"name\":\"Recursos - Ayuntamiento de Mutxamel\",\"isPartOf\":{\"@id\":\"https:\\\/\\\/ayto.mutxamel.org\\\/ca\\\/#website\"},\"datePublished\":\"2023-11-02T12:28:38+00:00\",\"dateModified\":\"2026-03-03T11:44:09+00:00\",\"breadcrumb\":{\"@id\":\"https:\\\/\\\/ayto.mutxamel.org\\\/ca\\\/area\\\/biblioteca\\\/recursos\\\/#breadcrumb\"},\"inLanguage\":\"ca\",\"potentialAction\":[{\"@type\":\"ReadAction\",\"target\":[\"https:\\\/\\\/ayto.mutxamel.org\\\/ca\\\/area\\\/biblioteca\\\/recursos\\\/\"]}]},{\"@type\":\"BreadcrumbList\",\"@id\":\"https:\\\/\\\/ayto.mutxamel.org\\\/ca\\\/area\\\/biblioteca\\\/recursos\\\/#breadcrumb\",\"itemListElement\":[{\"@type\":\"ListItem\",\"position\":1,\"name\":\"Portada\",\"item\":\"https:\\\/\\\/ayto.mutxamel.org\\\/ca\\\/\"},{\"@type\":\"ListItem\",\"position\":2,\"name\":\"areas\",\"item\":\"https:\\\/\\\/ayto.mutxamel.org\\\/ca\\\/area\\\/\"},{\"@type\":\"ListItem\",\"position\":3,\"name\":\"Biblioteca\",\"item\":\"https:\\\/\\\/ayto.mutxamel.org\\\/ca\\\/area\\\/biblioteca\\\/\"},{\"@type\":\"ListItem\",\"position\":4,\"name\":\"Recursos\"}]},{\"@type\":\"WebSite\",\"@id\":\"https:\\\/\\\/ayto.mutxamel.org\\\/ca\\\/#website\",\"url\":\"https:\\\/\\\/ayto.mutxamel.org\\\/ca\\\/\",\"name\":\"Ayuntamiento de Mutxamel\",\"description\":\"\",\"potentialAction\":[{\"@type\":\"SearchAction\",\"target\":{\"@type\":\"EntryPoint\",\"urlTemplate\":\"https:\\\/\\\/ayto.mutxamel.org\\\/ca\\\/?s={search_term_string}\"},\"query-input\":{\"@type\":\"PropertyValueSpecification\",\"valueRequired\":true,\"valueName\":\"search_term_string\"}}],\"inLanguage\":\"ca\"}]}<\/script>\n<!-- \/ Yoast SEO plugin. -->","yoast_head_json":{"title":"Recursos - Ayuntamiento de Mutxamel","robots":{"index":"index","follow":"follow","max-snippet":"max-snippet:-1","max-image-preview":"max-image-preview:large","max-video-preview":"max-video-preview:-1"},"canonical":"https:\/\/ayto.mutxamel.org\/ca\/area\/biblioteca\/recursos\/","og_locale":"ca_ES","og_type":"article","og_title":"Recursos - Ayuntamiento de Mutxamel","og_url":"https:\/\/ayto.mutxamel.org\/ca\/area\/biblioteca\/recursos\/","og_site_name":"Ayuntamiento de Mutxamel","article_modified_time":"2026-03-03T11:44:09+00:00","twitter_card":"summary_large_image","twitter_misc":{"Temps estimat de lectura":"6 minuts"},"schema":{"@context":"https:\/\/schema.org","@graph":[{"@type":"WebPage","@id":"https:\/\/ayto.mutxamel.org\/ca\/area\/biblioteca\/recursos\/","url":"https:\/\/ayto.mutxamel.org\/ca\/area\/biblioteca\/recursos\/","name":"Recursos - Ayuntamiento de Mutxamel","isPartOf":{"@id":"https:\/\/ayto.mutxamel.org\/ca\/#website"},"datePublished":"2023-11-02T12:28:38+00:00","dateModified":"2026-03-03T11:44:09+00:00","breadcrumb":{"@id":"https:\/\/ayto.mutxamel.org\/ca\/area\/biblioteca\/recursos\/#breadcrumb"},"inLanguage":"ca","potentialAction":[{"@type":"ReadAction","target":["https:\/\/ayto.mutxamel.org\/ca\/area\/biblioteca\/recursos\/"]}]},{"@type":"BreadcrumbList","@id":"https:\/\/ayto.mutxamel.org\/ca\/area\/biblioteca\/recursos\/#breadcrumb","itemListElement":[{"@type":"ListItem","position":1,"name":"Portada","item":"https:\/\/ayto.mutxamel.org\/ca\/"},{"@type":"ListItem","position":2,"name":"areas","item":"https:\/\/ayto.mutxamel.org\/ca\/area\/"},{"@type":"ListItem","position":3,"name":"Biblioteca","item":"https:\/\/ayto.mutxamel.org\/ca\/area\/biblioteca\/"},{"@type":"ListItem","position":4,"name":"Recursos"}]},{"@type":"WebSite","@id":"https:\/\/ayto.mutxamel.org\/ca\/#website","url":"https:\/\/ayto.mutxamel.org\/ca\/","name":"Ayuntamiento de Mutxamel","description":"","potentialAction":[{"@type":"SearchAction","target":{"@type":"EntryPoint","urlTemplate":"https:\/\/ayto.mutxamel.org\/ca\/?s={search_term_string}"},"query-input":{"@type":"PropertyValueSpecification","valueRequired":true,"valueName":"search_term_string"}}],"inLanguage":"ca"}]}},"_links":{"self":[{"href":"https:\/\/ayto.mutxamel.org\/ca\/wp-json\/wp\/v2\/area\/37005","targetHints":{"allow":["GET"]}}],"collection":[{"href":"https:\/\/ayto.mutxamel.org\/ca\/wp-json\/wp\/v2\/area"}],"about":[{"href":"https:\/\/ayto.mutxamel.org\/ca\/wp-json\/wp\/v2\/types\/area"}],"version-history":[{"count":6,"href":"https:\/\/ayto.mutxamel.org\/ca\/wp-json\/wp\/v2\/area\/37005\/revisions"}],"predecessor-version":[{"id":66145,"href":"https:\/\/ayto.mutxamel.org\/ca\/wp-json\/wp\/v2\/area\/37005\/revisions\/66145"}],"up":[{"embeddable":true,"href":"https:\/\/ayto.mutxamel.org\/ca\/wp-json\/wp\/v2\/area\/36796"}],"wp:attachment":[{"href":"https:\/\/ayto.mutxamel.org\/ca\/wp-json\/wp\/v2\/media?parent=37005"}],"wp:term":[{"taxonomy":"categoria_area","embeddable":true,"href":"https:\/\/ayto.mutxamel.org\/ca\/wp-json\/wp\/v2\/categoria_area?post=37005"},{"taxonomy":"ambito_area","embeddable":true,"href":"https:\/\/ayto.mutxamel.org\/ca\/wp-json\/wp\/v2\/ambito_area?post=37005"}],"curies":[{"name":"wp","href":"https:\/\/api.w.org\/{rel}","templated":true}]}}