{"id":37001,"date":"2023-11-02T13:04:41","date_gmt":"2023-11-02T12:04:41","guid":{"rendered":"https:\/\/ayto.mutxamel.org\/area\/biblioteca\/activitats\/"},"modified":"2026-04-02T11:08:33","modified_gmt":"2026-04-02T09:08:33","slug":"activitats","status":"publish","type":"area","link":"https:\/\/ayto.mutxamel.org\/ca\/area\/biblioteca\/activitats\/","title":{"rendered":"Activitats"},"content":{"rendered":"<section class=\"l-section wpb_row us_custom_9d1e26d6 height_medium width_full color_alternate with_img\"><div class=\"l-section-img\" role=\"img\" aria-label=\"Imatge\" data-img-width=\"1600\" data-img-height=\"600\" style=\"background-image: url(https:\/\/ayto.mutxamel.org\/wp-content\/uploads\/2023\/11\/CabArea_Biblioteca.jpg);background-position: top center;background-repeat: no-repeat;\"><\/div><div class=\"l-section-overlay\" style=\"background:rgba(228,235,233,0.55)\"><\/div><div class=\"l-section-h i-cf\"><div class=\"g-cols vc_row via_grid cols_1 laptops-cols_inherit tablets-cols_inherit mobiles-cols_1 valign_top type_default stacking_default\" style=\"--columns-gap:1rem;\"><div class=\"wpb_column vc_column_container\"><div class=\"vc_column-inner\"><div class=\"w-image align_center\"><div class=\"w-image-h\"><img decoding=\"async\" width=\"596\" height=\"341\" src=\"https:\/\/ayto.mutxamel.org\/wp-content\/uploads\/2023\/11\/Logo_va_bibliotecas.png\" class=\"attachment-us_600_400 size-us_600_400\" alt=\"Biblioteques\" loading=\"lazy\" srcset=\"https:\/\/ayto.mutxamel.org\/wp-content\/uploads\/2023\/11\/Logo_va_bibliotecas.png 596w, https:\/\/ayto.mutxamel.org\/wp-content\/uploads\/2023\/11\/Logo_va_bibliotecas-300x172.png 300w\" sizes=\"auto, (max-width: 596px) 100vw, 596px\" \/><\/div><\/div><\/div><\/div><\/div><\/div><\/section><section class=\"l-section wpb_row us_custom_d8087e8f hidden height_medium width_full color_alternate with_img\"><div class=\"l-section-img\" role=\"img\" aria-label=\"Imatge\" data-img-width=\"1600\" data-img-height=\"600\" style=\"background-image: url(https:\/\/ayto.mutxamel.org\/wp-content\/uploads\/2023\/11\/CabArea_Biblioteca.jpg);background-position: top center;background-repeat: no-repeat;\"><\/div><div class=\"l-section-overlay\" style=\"background:rgba(220,232,230,0.50)\"><\/div><div class=\"l-section-h i-cf\"><div class=\"g-cols vc_row via_grid cols_1 laptops-cols_inherit tablets-cols_inherit mobiles-cols_1 valign_top type_default stacking_default\" style=\"--columns-gap:1rem;\"><div class=\"wpb_column vc_column_container\"><div class=\"vc_column-inner\"><div id=\"ultimate-heading-43169f36ab5161ec\" class=\"uvc-heading ult-adjust-bottom-margin ultimate-heading-43169f36ab5161ec uvc-561 mays\" data-hspacer=\"no_spacer\"  data-halign=\"center\" style=\"text-align:center\"><div class=\"uvc-heading-spacer no_spacer\" style=\"top\"><\/div><div class=\"uvc-main-heading ult-responsive\"  data-ultimate-target='.uvc-heading.ultimate-heading-43169f36ab5161ec h1'  data-responsive-json-new='{\"font-size\":\"\",\"line-height\":\"\"}' ><h1 style=\"font-family:&#039;Lato&#039;;font-weight:300;color:#ffffff;\">Biblioteca<\/h1><\/div><\/div><\/div><\/div><\/div><\/div><\/section><section class=\"l-section wpb_row us_custom_78eeb0de height_auto\"><div class=\"l-section-h i-cf\"><div class=\"g-cols vc_row via_grid cols_1 laptops-cols_inherit tablets-cols_inherit mobiles-cols_1 valign_middle type_default stacking_default\"><div class=\"wpb_column vc_column_container\"><div class=\"vc_column-inner\"><div class=\"w-grid us_grid us_custom_ed79db5d has_text_color type_grid layout_25217 cols_5 preload_style_spinner\" id=\"us_grid_1\" style=\"--columns:5;--gap:0rem;\"><style>@media (max-width:1380px){#us_grid_1{--columns:4!important}}@media (max-width:1024px){#us_grid_1{--columns:2!important}}@media (max-width:600px){#us_grid_1{--columns:1!important}}.layout_25217 .w-grid-item-h{background:#cbe0d4}.layout_25217 .usg_post_title_1{transition-duration:0.3s;transform-origin:50% 50%;transform:scale(1) translate(0%,0%)}.layout_25217 .w-grid-item-h:focus-within .usg_post_title_1,.layout_25217 .w-grid-item-h:hover .usg_post_title_1{transform:scale(1) translate(0%,0%);opacity:0.6}.layout_25217 .usg_hwrapper_1{text-align:center!important;padding-top:12px!important;padding-bottom:12px!important;border-left-width:0.5px!important;border-right-width:0.5px!important;border-color:#a7c7b5!important;background:#cbe0d4!important}.layout_25217 .usg_post_title_1{color:#2a5c41!important;text-align:center!important;font-size:0.78rem!important;line-height:0.92rem!important;text-transform:uppercase!important;width:100%!important;height:100%!important;margin-left:-0.5px!important;margin-right:-0.5px!important;border-left-width:1px!important;border-right-width:1px!important;border-color:#a7c7b5!important;border-right-style:solid!important;border-left-style:solid!important;background:#cbe0d4!important}<\/style><div class=\"w-grid-list\">\t<article class=\"w-grid-item size_1x1 post-36998 area type-area status-publish hentry categoria_area-biblioteca-ca\" data-id=\"36998\">\r\n\t\t<div class=\"w-grid-item-h\">\r\n\t\t\t\t\t\t<div class=\"w-hwrapper usg_hwrapper_1 menu_subarea align_center valign_middle wrap stack_on_mobiles\" style=\"--hwrapper-gap:0px\"><span class=\"w-post-elm post_title usg_post_title_1 has_text_color align_center entry-title color_link_inherit\"><a href=\"https:\/\/ayto.mutxamel.org\/ca\/area\/biblioteca\/novetats\/\">Novetats<\/a><\/span><\/div>\t\t<\/div>\r\n\t\t\t<\/article>\r\n\t<article class=\"w-grid-item size_1x1 post-37001 area type-area status-publish hentry categoria_area-biblioteca-ca\" data-id=\"37001\">\r\n\t\t<div class=\"w-grid-item-h\">\r\n\t\t\t\t\t\t<div class=\"w-hwrapper usg_hwrapper_1 menu_subarea align_center valign_middle wrap stack_on_mobiles\" style=\"--hwrapper-gap:0px\"><span class=\"w-post-elm post_title usg_post_title_1 has_text_color align_center entry-title color_link_inherit\"><a href=\"https:\/\/ayto.mutxamel.org\/ca\/area\/biblioteca\/activitats\/\">Activitats<\/a><\/span><\/div>\t\t<\/div>\r\n\t\t\t<\/article>\r\n\t<article class=\"w-grid-item size_1x1 post-37005 area type-area status-publish hentry categoria_area-biblioteca-ca\" data-id=\"37005\">\r\n\t\t<div class=\"w-grid-item-h\">\r\n\t\t\t\t\t\t<div class=\"w-hwrapper usg_hwrapper_1 menu_subarea align_center valign_middle wrap stack_on_mobiles\" style=\"--hwrapper-gap:0px\"><span class=\"w-post-elm post_title usg_post_title_1 has_text_color align_center entry-title color_link_inherit\"><a href=\"https:\/\/ayto.mutxamel.org\/ca\/area\/biblioteca\/recursos\/\">Recursos<\/a><\/span><\/div>\t\t<\/div>\r\n\t\t\t<\/article>\r\n<\/div>\t<div class=\"w-grid-preloader\">\r\n\t\t<div class=\"g-preloader type_1\">\r\n\t\t\t<div><\/div>\r\n\t\t<\/div>\r\n\t<\/div>\r\n\t\t<div class=\"w-grid-json hidden\" onclick='return {&quot;action&quot;:&quot;us_ajax_grid&quot;,&quot;infinite_scroll&quot;:0,&quot;max_num_pages&quot;:1,&quot;pagination&quot;:&quot;none&quot;,&quot;template_vars&quot;:{&quot;columns&quot;:&quot;5&quot;,&quot;exclude_items&quot;:&quot;none&quot;,&quot;img_size&quot;:&quot;default&quot;,&quot;ignore_items_size&quot;:0,&quot;items_layout&quot;:&quot;25217&quot;,&quot;items_offset&quot;:&quot;1&quot;,&quot;load_animation&quot;:&quot;none&quot;,&quot;overriding_link&quot;:&quot;%7B%22url%22%3A%22%22%7D&quot;,&quot;post_id&quot;:34084,&quot;query_args&quot;:{&quot;ignore_sticky_posts&quot;:1,&quot;post_type&quot;:&quot;any&quot;,&quot;post__in&quot;:[&quot;26663&quot;,&quot;26736&quot;,&quot;26740&quot;,&quot;26750&quot;,&quot;26785&quot;],&quot;posts_per_page&quot;:&quot;18&quot;},&quot;orderby_query_args&quot;:{&quot;orderby&quot;:{&quot;post__in&quot;:&quot;ASC&quot;},&quot;order&quot;:&quot;ASC&quot;},&quot;type&quot;:&quot;grid&quot;,&quot;us_grid_post_type&quot;:&quot;ids&quot;,&quot;us_grid_ajax_index&quot;:1,&quot;us_grid_filter_query_string&quot;:null,&quot;us_grid_index&quot;:1,&quot;page_args&quot;:[],&quot;lang&quot;:&quot;ca&quot;}}'><\/div>\r\n\t<\/div><\/div><\/div><\/div><\/div><\/section><!-- Row Backgrounds --><div class=\"upb_color\" data-bg-override=\"0\" data-bg-color=\"rgba(112,165,136,0.36)\" data-fadeout=\"\" data-fadeout-percentage=\"30\" data-parallax-content=\"\" data-parallax-content-sense=\"30\" data-row-effect-mobile-disable=\"true\" data-img-parallax-mobile-disable=\"true\" data-rtl=\"false\"  data-custom-vc-row=\"\"  data-vc=\"8.7.2\"  data-is_old_vc=\"\"  data-theme-support=\"\"   data-overlay=\"false\" data-overlay-color=\"\" data-overlay-pattern=\"\" data-overlay-pattern-opacity=\"\" data-overlay-pattern-size=\"\"    ><\/div><section class=\"l-section wpb_row height_auto\" id=\"mtxcontent\"><div class=\"l-section-h i-cf\"><div class=\"g-cols vc_row via_grid cols_1 laptops-cols_inherit tablets-cols_inherit mobiles-cols_1 valign_top type_default stacking_default\"><div class=\"wpb_column vc_column_container\"><div class=\"vc_column-inner\"><div class=\"wpb_text_column us_custom_dbce126d\"><div class=\"wpb_wrapper\"><nav aria-label=\"breadcrumbs\">\n            <div class=\"breadcrumb-container theme1\">\n                <ol>\n                                    <\/ol>\n            <\/div>\n        <\/nav>    <script type=\"application\/ld+json\">\n        {\n            \"@context\": \"http:\/\/schema.org\",\n            \"@type\": \"BreadcrumbList\",\n            \"itemListElement\": [\n                            ]\n        }\n    <\/script>\n   \n    <script>\n            <\/script>\n\n<\/div><\/div><\/div><\/div><\/div><\/div><\/section><!-- Row Backgrounds --><div class=\"upb_color\" data-bg-override=\"0\" data-bg-color=\"#eeeeee\" data-fadeout=\"\" data-fadeout-percentage=\"30\" data-parallax-content=\"\" data-parallax-content-sense=\"30\" data-row-effect-mobile-disable=\"true\" data-img-parallax-mobile-disable=\"true\" data-rtl=\"false\"  data-custom-vc-row=\"\"  data-vc=\"8.7.2\"  data-is_old_vc=\"\"  data-theme-support=\"\"   data-overlay=\"false\" data-overlay-color=\"\" data-overlay-pattern=\"\" data-overlay-pattern-opacity=\"\" data-overlay-pattern-size=\"\"    ><\/div>\n\n<section class=\"l-section wpb_row height_small\"><div class=\"l-section-h i-cf\"><div class=\"g-cols vc_row via_grid cols_1 laptops-cols_inherit tablets-cols_inherit mobiles-cols_1 valign_top type_default stacking_default\"><div class=\"wpb_column vc_column_container\"><div class=\"vc_column-inner\"><div class=\"w-hwrapper valign_middle wrap stack_on_mobiles align_justify\"><div class=\"w-btn-wrapper align_left\"><a class=\"w-btn us-btn-style_4 us_custom_7c8a154e has_text_color icon_atleft\" href=\"..\/\"><i class=\"fas fa-angle-left\"><\/i><span class=\"w-btn-label\">Tornar<\/span><\/a><\/div><h1 class=\"w-post-elm post_title us_custom_03c49996 has_text_color align_center entry-title\">Recursos<\/h1><div class=\"w-html\"><span><\/span><\/div><\/div><\/div><\/div><\/div><\/div><\/section>\n<section class=\"l-section wpb_row height_auto\"><div class=\"l-section-h i-cf\"><div class=\"g-cols vc_row via_grid cols_2-1 laptops-cols_inherit tablets-cols_inherit mobiles-cols_1 valign_top type_default stacking_default\"><div class=\"wpb_column vc_column_container\"><div class=\"vc_column-inner\"><div id=\"ultimate-heading-510369f36ab51ff1c\" class=\"uvc-heading ult-adjust-bottom-margin ultimate-heading-510369f36ab51ff1c uvc-1928 mays\" data-hspacer=\"no_spacer\"  data-halign=\"left\" style=\"text-align:left\"><div class=\"uvc-heading-spacer no_spacer\" style=\"top\"><\/div><div class=\"uvc-main-heading ult-responsive\"  data-ultimate-target='.uvc-heading.ultimate-heading-510369f36ab51ff1c h2'  data-responsive-json-new='{\"font-size\":\"desktop:24px;tablet:21px;tablet_portrait:18px;mobile_landscape:16px;mobile:16px;\",\"line-height\":\"\"}' ><h2 style=\"font-family:&#039;Lato&#039;;font-weight:700;margin-top:36px;margin-bottom:28px;\">Taller de bricolatge de joguets de fusta<\/h2><\/div><\/div><div class=\"wpb_text_column us_custom_7e53051d\"><div class=\"wpb_wrapper\"><p>Taller de bricolatge a Mutxamel!<br \/>\nEl 10 d&#8217;abril, a les 12:00 h, gaudirem d&#8217;un mat\u00ed incre\u00efble a la Biblioteca Infantil.\u00a0Cola de Rat\u00f3n ens porta aquest divertit taller on construirem els nostres joguets amb peces de fusta per a gaudir del treball artesanal i treure el nostre costat mes creatiu. L&#8217;activitat est\u00e0 dirigida a persones d&#8217;entre 7-12 anys, que hauran d&#8217;anar acompanyades per un adult.<\/p>\n<p>Si quieres venir y participar, m\u00e1ndanos un correo a: biblioteca@mutxamel.org<\/p>\n<\/div><\/div><\/div><\/div><div class=\"wpb_column vc_column_container\"><div class=\"vc_column-inner\"><div class=\"w-separator size_large\"><\/div><div class=\"w-image align_left\"><a ref=\"magnificPopup\" href=\"https:\/\/ayto.mutxamel.org\/wp-content\/uploads\/2023\/11\/Cartel-bricolaje-val.jpg\" aria-label=\"Cartel bricolaje val\" class=\"w-image-h\"><img decoding=\"async\" width=\"225\" height=\"300\" src=\"https:\/\/ayto.mutxamel.org\/wp-content\/uploads\/2023\/11\/Cartel-bricolaje-val-225x300.jpg\" class=\"attachment-medium size-medium\" alt=\"\" loading=\"lazy\" srcset=\"https:\/\/ayto.mutxamel.org\/wp-content\/uploads\/2023\/11\/Cartel-bricolaje-val-225x300.jpg 225w, https:\/\/ayto.mutxamel.org\/wp-content\/uploads\/2023\/11\/Cartel-bricolaje-val-768x1024.jpg 768w, https:\/\/ayto.mutxamel.org\/wp-content\/uploads\/2023\/11\/Cartel-bricolaje-val-300x400.jpg 300w, https:\/\/ayto.mutxamel.org\/wp-content\/uploads\/2023\/11\/Cartel-bricolaje-val.jpg 1080w\" sizes=\"auto, (max-width: 225px) 100vw, 225px\" \/><\/a><\/div><\/div><\/div><\/div><\/div><\/section><section class=\"l-section wpb_row height_auto\"><div class=\"l-section-h i-cf\"><div class=\"g-cols vc_row via_grid cols_1 laptops-cols_inherit tablets-cols_inherit mobiles-cols_1 valign_top type_default stacking_default\"><div class=\"wpb_column vc_column_container\"><div class=\"vc_column-inner\"><div class=\"w-separator size_small with_line width_default thick_1 style_solid color_border align_center\"><div class=\"w-separator-h\"><\/div><\/div><\/div><\/div><\/div><\/div><\/section><section class=\"l-section wpb_row height_auto\"><div class=\"l-section-h i-cf\"><div class=\"g-cols vc_row via_grid cols_2-1 laptops-cols_inherit tablets-cols_inherit mobiles-cols_1 valign_top type_default stacking_default\"><div class=\"wpb_column vc_column_container\"><div class=\"vc_column-inner\"><div id=\"ultimate-heading-862069f36ab52194f\" class=\"uvc-heading ult-adjust-bottom-margin ultimate-heading-862069f36ab52194f uvc-1259 mays\" data-hspacer=\"no_spacer\"  data-halign=\"left\" style=\"text-align:left\"><div class=\"uvc-heading-spacer no_spacer\" style=\"top\"><\/div><div class=\"uvc-main-heading ult-responsive\"  data-ultimate-target='.uvc-heading.ultimate-heading-862069f36ab52194f h2'  data-responsive-json-new='{\"font-size\":\"desktop:24px;tablet:21px;tablet_portrait:18px;mobile_landscape:16px;mobile:16px;\",\"line-height\":\"\"}' ><h2 style=\"font-family:&#039;Lato&#039;;font-weight:700;margin-top:36px;margin-bottom:28px;\">Dia Internacional de la Dona 2026<\/h2><\/div><\/div><div class=\"wpb_text_column us_custom_7e53051d\"><div class=\"wpb_wrapper\"><p style=\"font-weight: 400;\">Des de les Biblioteques P\u00fabliques Municipals de Mutxamel hem volgut sumar-nos a la celebraci\u00f3 del Dia Internacional de la Dona elaborant uns centres d&#8217;inter\u00e9s amb lectures recomanades i uns murals per a animar a la lectura.<\/p>\n<p style=\"font-weight: 400;\">Vine a la biblioteca d&#8217;adults i a l&#8217;Ag\u00e8ncia de Lectura Infantil-Juvenil i dona una ullada al llistat de llibres \u201c31 dies, 31 llibres d&#8217;autores de la Comunitat Valenciana\u201d que hem seleccionat per a commemorar este dia tan important i podr\u00e0s portar-te en pr\u00e9stec els que vulgues per a gaudir de la lectura.<\/p>\n<p style=\"font-weight: 400;\">Les guies de lectura les podr\u00e0s veure en <a href=\"https:\/\/ayto.mutxamel.org\/area\/biblioteca\/recursos\/\">el apartat de &#8220;recursos&#8221; de la web de la biblioteca<\/a>.<\/p>\n<\/div><\/div><\/div><\/div><div class=\"wpb_column vc_column_container\"><div class=\"vc_column-inner\"><div class=\"w-separator size_small\"><\/div><div class=\"w-image align_left\"><a ref=\"magnificPopup\" href=\"https:\/\/ayto.mutxamel.org\/wp-content\/uploads\/2023\/11\/imagenlibros-scaled.jpg\" aria-label=\"imagenlibros\" class=\"w-image-h\"><img decoding=\"async\" width=\"282\" height=\"300\" src=\"https:\/\/ayto.mutxamel.org\/wp-content\/uploads\/2023\/11\/imagenlibros-282x300.jpg\" class=\"attachment-medium size-medium\" alt=\"libros en una estanter\u00eda para el 8M\" loading=\"lazy\" srcset=\"https:\/\/ayto.mutxamel.org\/wp-content\/uploads\/2023\/11\/imagenlibros-282x300.jpg 282w, https:\/\/ayto.mutxamel.org\/wp-content\/uploads\/2023\/11\/imagenlibros-961x1024.jpg 961w, https:\/\/ayto.mutxamel.org\/wp-content\/uploads\/2023\/11\/imagenlibros-375x400.jpg 375w, https:\/\/ayto.mutxamel.org\/wp-content\/uploads\/2023\/11\/imagenlibros-scaled.jpg 1802w\" sizes=\"auto, (max-width: 282px) 100vw, 282px\" \/><\/a><\/div><div class=\"w-separator size_small\"><\/div><div class=\"w-image align_left\"><a ref=\"magnificPopup\" href=\"https:\/\/ayto.mutxamel.org\/wp-content\/uploads\/2023\/11\/libros-en-mesa-scaled.jpg\" aria-label=\"libros en mesa\" class=\"w-image-h\"><img decoding=\"async\" width=\"300\" height=\"87\" src=\"https:\/\/ayto.mutxamel.org\/wp-content\/uploads\/2023\/11\/libros-en-mesa-300x87.jpg\" class=\"attachment-medium size-medium\" alt=\"libros en una una mesa para el 8M\" loading=\"lazy\" srcset=\"https:\/\/ayto.mutxamel.org\/wp-content\/uploads\/2023\/11\/libros-en-mesa-300x87.jpg 300w, https:\/\/ayto.mutxamel.org\/wp-content\/uploads\/2023\/11\/libros-en-mesa-1024x298.jpg 1024w, https:\/\/ayto.mutxamel.org\/wp-content\/uploads\/2023\/11\/libros-en-mesa-600x175.jpg 600w, https:\/\/ayto.mutxamel.org\/wp-content\/uploads\/2023\/11\/libros-en-mesa-350x100.jpg 350w, https:\/\/ayto.mutxamel.org\/wp-content\/uploads\/2023\/11\/libros-en-mesa-scaled.jpg 1920w\" sizes=\"auto, (max-width: 300px) 100vw, 300px\" \/><\/a><\/div><div class=\"w-separator size_small\"><\/div><div class=\"w-image align_left\"><a ref=\"magnificPopup\" href=\"https:\/\/ayto.mutxamel.org\/wp-content\/uploads\/2023\/11\/poetas-valencianas-scaled.jpg\" aria-label=\"poetas valencianas\" class=\"w-image-h\"><img decoding=\"async\" width=\"300\" height=\"185\" src=\"https:\/\/ayto.mutxamel.org\/wp-content\/uploads\/2023\/11\/poetas-valencianas-300x185.jpg\" class=\"attachment-medium size-medium\" alt=\"mural poetes valencianes\" loading=\"lazy\" srcset=\"https:\/\/ayto.mutxamel.org\/wp-content\/uploads\/2023\/11\/poetas-valencianas-300x185.jpg 300w, https:\/\/ayto.mutxamel.org\/wp-content\/uploads\/2023\/11\/poetas-valencianas-1024x631.jpg 1024w, https:\/\/ayto.mutxamel.org\/wp-content\/uploads\/2023\/11\/poetas-valencianas-600x370.jpg 600w, https:\/\/ayto.mutxamel.org\/wp-content\/uploads\/2023\/11\/poetas-valencianas-scaled.jpg 1920w\" sizes=\"auto, (max-width: 300px) 100vw, 300px\" \/><\/a><\/div><div class=\"w-separator size_small\"><\/div><div class=\"w-image align_left\"><a ref=\"magnificPopup\" href=\"https:\/\/ayto.mutxamel.org\/wp-content\/uploads\/2023\/11\/libros-en-estantes-scaled.jpg\" aria-label=\"libros en estantes\" class=\"w-image-h\"><img decoding=\"async\" width=\"182\" height=\"300\" src=\"https:\/\/ayto.mutxamel.org\/wp-content\/uploads\/2023\/11\/libros-en-estantes-182x300.jpg\" class=\"attachment-medium size-medium\" alt=\"libros en estantes\" loading=\"lazy\" srcset=\"https:\/\/ayto.mutxamel.org\/wp-content\/uploads\/2023\/11\/libros-en-estantes-182x300.jpg 182w, https:\/\/ayto.mutxamel.org\/wp-content\/uploads\/2023\/11\/libros-en-estantes-622x1024.jpg 622w, https:\/\/ayto.mutxamel.org\/wp-content\/uploads\/2023\/11\/libros-en-estantes-243x400.jpg 243w, https:\/\/ayto.mutxamel.org\/wp-content\/uploads\/2023\/11\/libros-en-estantes-scaled.jpg 1166w\" sizes=\"auto, (max-width: 182px) 100vw, 182px\" \/><\/a><\/div><\/div><\/div><\/div><\/div><\/section><section class=\"l-section wpb_row height_auto\"><div class=\"l-section-h i-cf\"><div class=\"g-cols vc_row via_grid cols_1 laptops-cols_inherit tablets-cols_inherit mobiles-cols_1 valign_top type_default stacking_default\"><div class=\"wpb_column vc_column_container\"><div class=\"vc_column-inner\"><div class=\"w-separator size_small with_line width_default thick_1 style_solid color_border align_center\"><div class=\"w-separator-h\"><\/div><\/div><\/div><\/div><\/div><\/div><\/section><section class=\"l-section wpb_row height_auto\"><div class=\"l-section-h i-cf\"><div class=\"g-cols vc_row via_grid cols_2-1 laptops-cols_inherit tablets-cols_inherit mobiles-cols_1 valign_top type_default stacking_default\"><div class=\"wpb_column vc_column_container\"><div class=\"vc_column-inner\"><div id=\"ultimate-heading-45369f36ab52653a\" class=\"uvc-heading ult-adjust-bottom-margin ultimate-heading-45369f36ab52653a uvc-1504 mays\" data-hspacer=\"no_spacer\"  data-halign=\"left\" style=\"text-align:left\"><div class=\"uvc-heading-spacer no_spacer\" style=\"top\"><\/div><div class=\"uvc-main-heading ult-responsive\"  data-ultimate-target='.uvc-heading.ultimate-heading-45369f36ab52653a h2'  data-responsive-json-new='{\"font-size\":\"desktop:24px;tablet:21px;tablet_portrait:18px;mobile_landscape:16px;mobile:16px;\",\"line-height\":\"\"}' ><h2 style=\"font-family:&#039;Lato&#039;;font-weight:700;margin-top:36px;margin-bottom:28px;\">CONTACONTES INFANTIL ``CUENTOS CONTANTES Y SONANTES``<\/h2><\/div><\/div><div class=\"wpb_text_column us_custom_7e53051d\"><div class=\"wpb_wrapper\"><p><span>El 5 de mar\u00e7, a les 17.30 h, gaudirem d&#8217;una tarda molt especial a la Biblioteca Infantil.<\/span><br \/>\n<span>H\u00e9ctor Bardisa, de la companyia \u201cA l&#8217;altre costat de la parcel\u00b7la\u201d, ens contar\u00e0 una divertida selecci\u00f3 de contes replets d&#8217;humor i m\u00fasica perqu\u00e8 passem una preciosa tarda en fam\u00edlia. La sessi\u00f3 est\u00e0 pensada per a persones majors de 3 anys.<\/span><\/p>\n<p><span>Si vols vindre i participar, envia\u2019ns un correu a: biblioteca@mutxamel.org<\/span><\/p>\n<\/div><\/div><\/div><\/div><div class=\"wpb_column vc_column_container\"><div class=\"vc_column-inner\"><div class=\"w-separator size_large\"><\/div><div class=\"w-image align_left\"><a ref=\"magnificPopup\" href=\"https:\/\/ayto.mutxamel.org\/wp-content\/uploads\/2023\/11\/Cartel-Herctor-Bardisa-VAL.jpg\" aria-label=\"Cartel Herctor Bardisa VAL\" class=\"w-image-h\"><img decoding=\"async\" width=\"240\" height=\"300\" src=\"https:\/\/ayto.mutxamel.org\/wp-content\/uploads\/2023\/11\/Cartel-Herctor-Bardisa-VAL-240x300.jpg\" class=\"attachment-medium size-medium\" alt=\"\" loading=\"lazy\" srcset=\"https:\/\/ayto.mutxamel.org\/wp-content\/uploads\/2023\/11\/Cartel-Herctor-Bardisa-VAL-240x300.jpg 240w, https:\/\/ayto.mutxamel.org\/wp-content\/uploads\/2023\/11\/Cartel-Herctor-Bardisa-VAL-819x1024.jpg 819w, https:\/\/ayto.mutxamel.org\/wp-content\/uploads\/2023\/11\/Cartel-Herctor-Bardisa-VAL-320x400.jpg 320w, https:\/\/ayto.mutxamel.org\/wp-content\/uploads\/2023\/11\/Cartel-Herctor-Bardisa-VAL.jpg 1080w\" sizes=\"auto, (max-width: 240px) 100vw, 240px\" \/><\/a><\/div><\/div><\/div><\/div><\/div><\/section><section class=\"l-section wpb_row height_auto\"><div class=\"l-section-h i-cf\"><div class=\"g-cols vc_row via_grid cols_1 laptops-cols_inherit tablets-cols_inherit mobiles-cols_1 valign_top type_default stacking_default\"><div class=\"wpb_column vc_column_container\"><div class=\"vc_column-inner\"><div class=\"w-separator size_small with_line width_default thick_1 style_solid color_border align_center\"><div class=\"w-separator-h\"><\/div><\/div><\/div><\/div><\/div><\/div><\/section><section class=\"l-section wpb_row height_auto\"><div class=\"l-section-h i-cf\"><div class=\"g-cols vc_row via_grid cols_2-1 laptops-cols_inherit tablets-cols_inherit mobiles-cols_1 valign_top type_default stacking_default\"><div class=\"wpb_column vc_column_container\"><div class=\"vc_column-inner\"><div id=\"ultimate-heading-144069f36ab527ec1\" class=\"uvc-heading ult-adjust-bottom-margin ultimate-heading-144069f36ab527ec1 uvc-883 mays\" data-hspacer=\"no_spacer\"  data-halign=\"left\" style=\"text-align:left\"><div class=\"uvc-heading-spacer no_spacer\" style=\"top\"><\/div><div class=\"uvc-main-heading ult-responsive\"  data-ultimate-target='.uvc-heading.ultimate-heading-144069f36ab527ec1 h2'  data-responsive-json-new='{\"font-size\":\"desktop:24px;tablet:21px;tablet_portrait:18px;mobile_landscape:16px;mobile:16px;\",\"line-height\":\"\"}' ><h2 style=\"font-family:&#039;Lato&#039;;font-weight:700;margin-top:36px;margin-bottom:28px;\">Programaci\u00f3 d'activitats mar\u00e7-juny 2026<\/h2><\/div><\/div><div class=\"wpb_text_column us_custom_7e53051d\"><div class=\"wpb_wrapper\"><p class=\"western\" align=\"left\"><span>Ja est\u00e0 llesta la programaci\u00f3 de les Biblioteques P\u00fabliques de Mutxamel per als pr\u00f2xims mesos. En el nostre afany per acostar la lectura i la biblioteca als lectors del futur, hem preparat contacontes de diversa tem\u00e0tica i per a diferents edats, aix\u00ed com un taller de bricolatge perqu\u00e8 pugueu experimentar el plaer de crear joguets amb les vostres mans.<\/span><\/p>\n<p class=\"western\" align=\"left\"><span><br \/>\n<\/span><span>\u00c9s important tenir en compte que encara no estan obertes les inscripcions, sin\u00f3 que a mesura que es vagen acostant les dates de realitzaci\u00f3 publicarem un cartell de cada activitat en les xarxes socials i a les biblioteques. Aqu\u00ed trobareu el correu electr\u00f2nic al qual cal manar la inscripci\u00f3.<\/span><span><\/span><\/p>\n<p><span>Estigueu atents!<\/span><\/p>\n<hr \/>\n<p>Programaci\u00f3 activitats biblioteca MAR\u00c7 &#8211; JUNY 2026<\/p>\n<p>5 mar\u00e7 \u2013 17:30h<\/p>\n<p>\u201cContes comptants i sonants\u201d<\/p>\n<p>\u00c9s una selecci\u00f3 de contes actuals i tradicionals comptats amb molt d&#8217;humor i m\u00fasica en directe (+3 anys).<\/p>\n<p>10 abril \u2013 12:00h<\/p>\n<p>Taller de bricolatge de joguets<\/p>\n<p>En este divertit taller construirem els nostres propis joguets amb peces de fusta per a gaudir del treball artesanal i traure el nostre costat mes creatiu (7 -12 anys).<\/p>\n<p>14 maig &#8211; 17:30h<\/p>\n<p>\u201cComptant del sol a la lluna\u201d<\/p>\n<p>Contacontes per a beb\u00e9s on jugarem amb els primers n\u00fameros, passejarem entre el dia i la nit i crearem connexions sensorials: olors, sons, m\u00fasica, titelles, etc. (0 &#8211; 3 anys).<\/p>\n<p>12 juny \u2013 18:00h<\/p>\n<p>\u201cLlija amb les mans\u201d<\/p>\n<p>Contacontes inclusiu on la Llengua de Signes i la Llengua Oral s&#8217;unixen per a omplir l&#8217;escenari d&#8217;imaginaci\u00f3, amb contes que es veuen, se senten i es viuen des d&#8217;un altre lloc (+3 anys).<\/p>\n<p>Termini d&#8217;inscripci\u00f3: pr\u00f2ximament. Romanguen atents als nostres canals oficials.<\/p>\n<hr \/>\n<\/div><\/div><\/div><\/div><div class=\"wpb_column vc_column_container\"><div class=\"vc_column-inner\"><div class=\"w-separator size_large\"><\/div><div class=\"w-btn-wrapper align_none\"><a class=\"w-btn us-btn-style_3 icon_atleft\" target=\"_blank\" href=\"https:\/\/ayto.mutxamel.org\/wp-content\/uploads\/2025\/11\/Cartel-Programacion-marzo-junio-2026.pdf\"><i class=\"fal fa-file-pdf\"><\/i><span class=\"w-btn-label\">DESCARREGAR<\/span><\/a><\/div><\/div><\/div><\/div><\/div><\/section><section class=\"l-section wpb_row height_auto\"><div class=\"l-section-h i-cf\"><div class=\"g-cols vc_row via_grid cols_1 laptops-cols_inherit tablets-cols_inherit mobiles-cols_1 valign_top type_default stacking_default\"><div class=\"wpb_column vc_column_container\"><div class=\"vc_column-inner\"><div class=\"w-separator size_small with_line width_default thick_1 style_solid color_border align_center\"><div class=\"w-separator-h\"><\/div><\/div><\/div><\/div><\/div><\/div><\/section><section class=\"l-section wpb_row height_auto\"><div class=\"l-section-h i-cf\"><div class=\"g-cols vc_row via_grid cols_2-1 laptops-cols_inherit tablets-cols_inherit mobiles-cols_1 valign_top type_default stacking_default\"><div class=\"wpb_column vc_column_container\"><div class=\"vc_column-inner\"><div id=\"ultimate-heading-130669f36ab528bec\" class=\"uvc-heading ult-adjust-bottom-margin ultimate-heading-130669f36ab528bec uvc-155 mays\" data-hspacer=\"no_spacer\"  data-halign=\"left\" style=\"text-align:left\"><div class=\"uvc-heading-spacer no_spacer\" style=\"top\"><\/div><div class=\"uvc-main-heading ult-responsive\"  data-ultimate-target='.uvc-heading.ultimate-heading-130669f36ab528bec h2'  data-responsive-json-new='{\"font-size\":\"desktop:24px;tablet:21px;tablet_portrait:18px;mobile_landscape:16px;mobile:16px;\",\"line-height\":\"\"}' ><h2 style=\"font-family:&#039;Lato&#039;;font-weight:700;margin-top:36px;margin-bottom:28px;\">Gymkana del terror. Halloween 2025<\/h2><\/div><\/div><div class=\"wpb_text_column us_custom_7e53051d\"><div class=\"wpb_wrapper\"><p>Ja tenim ac\u00ed un dels esdeveniments m\u00e9s esperats de l&#8217;any. El dijous 30 d&#8217;octubre arriba Halloween a l&#8217;Ag\u00e8ncia de Lectura Infantil-Juvenil amb una gimcana del terror en la qual haur\u00e0s d&#8217;usar la teua imaginaci\u00f3 per a superar totes les proves i aconseguir escapar dels monstres que viuen a la Biblioteca&#8230;t&#8217;atrevixes a entrar?<\/p>\n<p>Per a esta activitat s&#8217;establixen dos horaris segons l&#8217;edat dels participants:<\/p>\n<p>6 &#8211; 8 anys: 17:30.<br \/>\n9 &#8211; 12 anys: 18:15.<\/p>\n<p>Si vols participar mana un correu a biblioteca@mutxamel.org amb el nom del xiquet o xiqueta que participar\u00e0 i la seua edat.<\/p>\n<\/div><\/div><\/div><\/div><div class=\"wpb_column vc_column_container\"><div class=\"vc_column-inner\"><div class=\"w-separator size_large\"><\/div><div class=\"w-image align_left\"><a ref=\"magnificPopup\" href=\"https:\/\/ayto.mutxamel.org\/wp-content\/uploads\/2023\/11\/Halloween-2025-VAL.jpg\" aria-label=\"Halloween 2025 VAL\" class=\"w-image-h\"><img decoding=\"async\" width=\"300\" height=\"300\" src=\"https:\/\/ayto.mutxamel.org\/wp-content\/uploads\/2023\/11\/Halloween-2025-VAL-300x300.jpg\" class=\"attachment-medium size-medium\" alt=\"\" loading=\"lazy\" srcset=\"https:\/\/ayto.mutxamel.org\/wp-content\/uploads\/2023\/11\/Halloween-2025-VAL-300x300.jpg 300w, https:\/\/ayto.mutxamel.org\/wp-content\/uploads\/2023\/11\/Halloween-2025-VAL-1024x1024.jpg 1024w, https:\/\/ayto.mutxamel.org\/wp-content\/uploads\/2023\/11\/Halloween-2025-VAL-150x150.jpg 150w, https:\/\/ayto.mutxamel.org\/wp-content\/uploads\/2023\/11\/Halloween-2025-VAL-400x400.jpg 400w, https:\/\/ayto.mutxamel.org\/wp-content\/uploads\/2023\/11\/Halloween-2025-VAL.jpg 1080w\" sizes=\"auto, (max-width: 300px) 100vw, 300px\" \/><\/a><\/div><\/div><\/div><\/div><\/div><\/section><section class=\"l-section wpb_row height_auto\"><div class=\"l-section-h i-cf\"><div class=\"g-cols vc_row via_grid cols_1 laptops-cols_inherit tablets-cols_inherit mobiles-cols_1 valign_top type_default stacking_default\"><div class=\"wpb_column vc_column_container\"><div class=\"vc_column-inner\"><div class=\"w-separator size_small with_line width_default thick_1 style_solid color_border align_center\"><div class=\"w-separator-h\"><\/div><\/div><\/div><\/div><\/div><\/div><\/section><section class=\"l-section wpb_row height_auto\"><div class=\"l-section-h i-cf\"><div class=\"g-cols vc_row via_grid cols_2-1 laptops-cols_inherit tablets-cols_inherit mobiles-cols_1 valign_top type_default stacking_default\"><div class=\"wpb_column vc_column_container\"><div class=\"vc_column-inner\"><div id=\"ultimate-heading-781869f36ab52a6fb\" class=\"uvc-heading ult-adjust-bottom-margin ultimate-heading-781869f36ab52a6fb uvc-6484 mays\" data-hspacer=\"no_spacer\"  data-halign=\"left\" style=\"text-align:left\"><div class=\"uvc-heading-spacer no_spacer\" style=\"top\"><\/div><div class=\"uvc-main-heading ult-responsive\"  data-ultimate-target='.uvc-heading.ultimate-heading-781869f36ab52a6fb h2'  data-responsive-json-new='{\"font-size\":\"desktop:24px;tablet:21px;tablet_portrait:18px;mobile_landscape:16px;mobile:16px;\",\"line-height\":\"\"}' ><h2 style=\"font-family:&#039;Lato&#039;;font-weight:700;margin-top:36px;margin-bottom:28px;\">Programaci\u00f3 d'activitats setembre-desembre 2025<\/h2><\/div><\/div><div class=\"wpb_text_column us_custom_7e53051d\"><div class=\"wpb_wrapper\"><p>L&#8217;estiu es va acabant per\u00f2 arriben les activitats de les Biblioteques P\u00fabliques Municipals per a suportar tornar al col\u00b7le. Per a esta \u00faltima part de l&#8217;any hem preparat activitats molt variades, aix\u00ed que dona una ullada a la nostra programaci\u00f3 i tria les que m\u00e9s t&#8217;agraden!<\/p>\n<p>\u00c9s important tindre en compte que encara no estan obertes les inscripcions, sin\u00f3 que a mesura que es vagen acostant les dates de les activitats publicarem un cartell concret de cada una d&#8217;elles en les xarxes i a les biblioteques amb el correu electr\u00f2nic al qual cal manar la inscripci\u00f3.<\/p>\n<p>Romaneu atents!<\/p>\n<\/div><\/div><\/div><\/div><div class=\"wpb_column vc_column_container\"><div class=\"vc_column-inner\"><div class=\"w-separator size_large\"><\/div><div class=\"w-btn-wrapper align_none\"><a class=\"w-btn us-btn-style_3 icon_atleft\" target=\"_blank\" href=\"https:\/\/ayto.mutxamel.org\/wp-content\/uploads\/2025\/07\/BIB_Programacion-actividades-sep-Dic2025VAL.pdf\"><i class=\"fal fa-file-pdf\"><\/i><span class=\"w-btn-label\">DESCARREGAR<\/span><\/a><\/div><\/div><\/div><\/div><\/div><\/section><section class=\"l-section wpb_row height_auto\"><div class=\"l-section-h i-cf\"><div class=\"g-cols vc_row via_grid cols_1 laptops-cols_inherit tablets-cols_inherit mobiles-cols_1 valign_top type_default stacking_default\"><div class=\"wpb_column vc_column_container\"><div class=\"vc_column-inner\"><div class=\"w-separator size_small with_line width_default thick_1 style_solid color_border align_center\"><div class=\"w-separator-h\"><\/div><\/div><\/div><\/div><\/div><\/div><\/section><section class=\"l-section wpb_row height_auto\"><div class=\"l-section-h i-cf\"><div class=\"g-cols vc_row via_grid cols_2-1 laptops-cols_inherit tablets-cols_inherit mobiles-cols_1 valign_top type_default stacking_default\"><div class=\"wpb_column vc_column_container\"><div class=\"vc_column-inner\"><div id=\"ultimate-heading-835769f36ab52b2d3\" class=\"uvc-heading ult-adjust-bottom-margin ultimate-heading-835769f36ab52b2d3 uvc-7142 mays\" data-hspacer=\"no_spacer\"  data-halign=\"left\" style=\"text-align:left\"><div class=\"uvc-heading-spacer no_spacer\" style=\"top\"><\/div><div class=\"uvc-main-heading ult-responsive\"  data-ultimate-target='.uvc-heading.ultimate-heading-835769f36ab52b2d3 h2'  data-responsive-json-new='{\"font-size\":\"desktop:24px;tablet:21px;tablet_portrait:18px;mobile_landscape:16px;mobile:16px;\",\"line-height\":\"\"}' ><h2 style=\"font-family:&#039;Lato&#039;;font-weight:700;margin-top:36px;margin-bottom:28px;\">BASES REGULADORES I CONVOCAT\u00d2RIA DE SUBVENCIONS DE LA CAMPANYA BO LLIBRE \u201cLECTU-MEL\u201d 2025<\/h2><\/div><\/div><div class=\"wpb_text_column us_custom_7e53051d\"><div class=\"wpb_wrapper\"><p>L&#8217;objecte de la present convocat\u00f2ria \u00e9s fomentar la lectura en la ciutadania del municipi\u00a0de Mutxamel mitjan\u00e7ant la concessi\u00f3 de subvencions als consumidors i consumidores\u00a0per a la compra de llibres infantils, juvenils o d&#8217;adults i adultes en els establiments\u00a0destinats a este efecte que es troben en el municipi i que queden adherits a esta\u00a0iniciativa.<\/p>\n<p>Els bons podran adquirir-se en l\u00ednia en la plataforma web que l&#8217;Ajuntament pose a la\u00a0disposici\u00f3 dels beneficiaris, emplenant les dades personals que es requerisquen,\u00a0seguint les instruccions de la p\u00e0gina. La seua adquisici\u00f3 es far\u00e0 a cost zero. El per\u00edode per a poder adquirir els bons abastar\u00e0 des del dia 2 fins a l&#8217;8 de juny, tots dos\u00a0inclusivament.<\/p>\n<p>Els bons podran comen\u00e7ar a canviar-se a partir del dia 9 fins al 20 de juny en els\u00a0establiments adherits a esta campanya.<\/p>\n<\/div><\/div><\/div><\/div><div class=\"wpb_column vc_column_container\"><div class=\"vc_column-inner\"><div class=\"w-separator size_large\"><\/div><div class=\"w-btn-wrapper align_none\"><a class=\"w-btn us-btn-style_3 icon_atleft\" target=\"_blank\" href=\"https:\/\/ayto.mutxamel.org\/wp-content\/uploads\/2023\/11\/EDICTO-BIBLIOTECA-CONVOCATORIA-SUBV-CC-BONO-LIBRO-LECTU-MEL-2025.pdf\"><i class=\"fal fa-file-pdf\"><\/i><span class=\"w-btn-label\">DESCARREGAR<\/span><\/a><\/div><\/div><\/div><\/div><\/div><\/section><section class=\"l-section wpb_row height_auto\"><div class=\"l-section-h i-cf\"><div class=\"g-cols vc_row via_grid cols_1 laptops-cols_inherit tablets-cols_inherit mobiles-cols_1 valign_top type_default stacking_default\"><div class=\"wpb_column vc_column_container\"><div class=\"vc_column-inner\"><div class=\"w-separator size_small with_line width_default thick_1 style_solid color_border align_center\"><div class=\"w-separator-h\"><\/div><\/div><\/div><\/div><\/div><\/div><\/section><section class=\"l-section wpb_row height_auto\"><div class=\"l-section-h i-cf\"><div class=\"g-cols vc_row via_grid cols_2-1 laptops-cols_inherit tablets-cols_inherit mobiles-cols_1 valign_top type_default stacking_default\"><div class=\"wpb_column vc_column_container\"><div class=\"vc_column-inner\"><div id=\"ultimate-heading-802469f36ab52bfa8\" class=\"uvc-heading ult-adjust-bottom-margin ultimate-heading-802469f36ab52bfa8 uvc-883 mays\" data-hspacer=\"no_spacer\"  data-halign=\"left\" style=\"text-align:left\"><div class=\"uvc-heading-spacer no_spacer\" style=\"top\"><\/div><div class=\"uvc-main-heading ult-responsive\"  data-ultimate-target='.uvc-heading.ultimate-heading-802469f36ab52bfa8 h2'  data-responsive-json-new='{\"font-size\":\"desktop:24px;tablet:21px;tablet_portrait:18px;mobile_landscape:16px;mobile:16px;\",\"line-height\":\"\"}' ><h2 style=\"font-family:&#039;Lato&#039;;font-weight:700;margin-top:36px;margin-bottom:28px;\">Taller Ex-Libris<\/h2><\/div><\/div><div class=\"wpb_text_column us_custom_7e53051d\"><div class=\"wpb_wrapper\"><p>Presentem una activitat nova que esta vegada tindr\u00e0 lloc a la biblioteca d&#8217;adults. Es tracta d&#8217;un taller de Ex-Libris, \u00e9s a dir, una activitat encaminada a realitzar el nostre propi segell personalitzat per a poder marcar llibres o qualsevol altre objecte. Ac\u00ed deixem tots els detalls:<\/p>\n<ul>\n<li>Dimecres 21 de maig a les 17.30 a la Biblioteca d&#8217;adults Notari Josep Blanquer.<\/li>\n<li>Edat per a participar: a partir de 12 anys.<\/li>\n<li>Inscripcions: biblioteca@mutxamel.org<\/li>\n<\/ul>\n<p>Corre i reserva la teua pla\u00e7a!<\/p>\n<\/div><\/div><\/div><\/div><div class=\"wpb_column vc_column_container\"><div class=\"vc_column-inner\"><div class=\"w-image align_left\"><a ref=\"magnificPopup\" href=\"https:\/\/ayto.mutxamel.org\/wp-content\/uploads\/2025\/05\/6821b7decbdbf5.93275412Ex-Libris-VAL.webp\" aria-label=\"6821b7decbdbf5.93275412Ex-Libris-VAL\" class=\"w-image-h\"><img decoding=\"async\" width=\"300\" height=\"300\" src=\"https:\/\/ayto.mutxamel.org\/wp-content\/uploads\/2025\/05\/6821b7decbdbf5.93275412Ex-Libris-VAL-300x300.webp\" class=\"attachment-medium size-medium\" alt=\"\" loading=\"lazy\" srcset=\"https:\/\/ayto.mutxamel.org\/wp-content\/uploads\/2025\/05\/6821b7decbdbf5.93275412Ex-Libris-VAL-300x300.webp 300w, https:\/\/ayto.mutxamel.org\/wp-content\/uploads\/2025\/05\/6821b7decbdbf5.93275412Ex-Libris-VAL-1024x1024.webp 1024w, https:\/\/ayto.mutxamel.org\/wp-content\/uploads\/2025\/05\/6821b7decbdbf5.93275412Ex-Libris-VAL-150x150.webp 150w, https:\/\/ayto.mutxamel.org\/wp-content\/uploads\/2025\/05\/6821b7decbdbf5.93275412Ex-Libris-VAL-400x400.webp 400w, https:\/\/ayto.mutxamel.org\/wp-content\/uploads\/2025\/05\/6821b7decbdbf5.93275412Ex-Libris-VAL.webp 1080w\" sizes=\"auto, (max-width: 300px) 100vw, 300px\" \/><\/a><\/div><\/div><\/div><\/div><\/div><\/section><section class=\"l-section wpb_row height_auto\"><div class=\"l-section-h i-cf\"><div class=\"g-cols vc_row via_grid cols_1 laptops-cols_inherit tablets-cols_inherit mobiles-cols_1 valign_top type_default stacking_default\"><div class=\"wpb_column vc_column_container\"><div class=\"vc_column-inner\"><div class=\"w-separator size_small with_line width_default thick_1 style_solid color_border align_center\"><div class=\"w-separator-h\"><\/div><\/div><\/div><\/div><\/div><\/div><\/section><section class=\"l-section wpb_row height_auto\"><div class=\"l-section-h i-cf\"><div class=\"g-cols vc_row via_grid cols_2-1 laptops-cols_inherit tablets-cols_inherit mobiles-cols_1 valign_top type_default stacking_default\"><div class=\"wpb_column vc_column_container\"><div class=\"vc_column-inner\"><div id=\"ultimate-heading-364469f36ab52d50b\" class=\"uvc-heading ult-adjust-bottom-margin ultimate-heading-364469f36ab52d50b uvc-709 mays\" data-hspacer=\"no_spacer\"  data-halign=\"left\" style=\"text-align:left\"><div class=\"uvc-heading-spacer no_spacer\" style=\"top\"><\/div><div class=\"uvc-main-heading ult-responsive\"  data-ultimate-target='.uvc-heading.ultimate-heading-364469f36ab52d50b h2'  data-responsive-json-new='{\"font-size\":\"desktop:24px;tablet:21px;tablet_portrait:18px;mobile_landscape:16px;mobile:16px;\",\"line-height\":\"\"}' ><h2 style=\"font-family:&#039;Lato&#039;;font-weight:700;margin-top:36px;margin-bottom:28px;\">Club de Lectura ``Lectors en la tardor``<\/h2><\/div><\/div><div class=\"wpb_text_column us_custom_7e53051d\"><div class=\"wpb_wrapper\"><p>Continuem el Club de Lectura &#8220;Lectors en la tardor&#8221; amb el llibre de novel\u00b7la polic\u00edaca &#8220;El silencio de la ciudad blanca&#8221; d&#8217;Eva Garc\u00eda S\u00e1enz de Urturi.<\/p>\n<\/div><\/div><\/div><\/div><div class=\"wpb_column vc_column_container\"><div class=\"vc_column-inner\"><div class=\"w-image align_left\"><a ref=\"magnificPopup\" href=\"https:\/\/ayto.mutxamel.org\/wp-content\/uploads\/2025\/05\/BIB_CLecturac_052025v-scaled.jpg\" aria-label=\"BIB_CLecturac_052025v\" class=\"w-image-h\"><img decoding=\"async\" width=\"212\" height=\"300\" src=\"https:\/\/ayto.mutxamel.org\/wp-content\/uploads\/2025\/05\/BIB_CLecturac_052025v-212x300.jpg\" class=\"attachment-medium size-medium\" alt=\"\" loading=\"lazy\" srcset=\"https:\/\/ayto.mutxamel.org\/wp-content\/uploads\/2025\/05\/BIB_CLecturac_052025v-212x300.jpg 212w, https:\/\/ayto.mutxamel.org\/wp-content\/uploads\/2025\/05\/BIB_CLecturac_052025v-724x1024.jpg 724w, https:\/\/ayto.mutxamel.org\/wp-content\/uploads\/2025\/05\/BIB_CLecturac_052025v-283x400.jpg 283w, https:\/\/ayto.mutxamel.org\/wp-content\/uploads\/2025\/05\/BIB_CLecturac_052025v-scaled.jpg 1357w\" sizes=\"auto, (max-width: 212px) 100vw, 212px\" \/><\/a><\/div><\/div><\/div><\/div><\/div><\/section><section class=\"l-section wpb_row height_auto\"><div class=\"l-section-h i-cf\"><div class=\"g-cols vc_row via_grid cols_1 laptops-cols_inherit tablets-cols_inherit mobiles-cols_1 valign_top type_default stacking_default\"><div class=\"wpb_column vc_column_container\"><div class=\"vc_column-inner\"><div class=\"w-separator size_small with_line width_default thick_1 style_solid color_border align_center\"><div class=\"w-separator-h\"><\/div><\/div><\/div><\/div><\/div><\/div><\/section><section class=\"l-section wpb_row height_auto\"><div class=\"l-section-h i-cf\"><div class=\"g-cols vc_row via_grid cols_2-1 laptops-cols_inherit tablets-cols_inherit mobiles-cols_1 valign_top type_default stacking_default\"><div class=\"wpb_column vc_column_container\"><div class=\"vc_column-inner\"><div id=\"ultimate-heading-954069f36ab52f21f\" class=\"uvc-heading ult-adjust-bottom-margin ultimate-heading-954069f36ab52f21f uvc-4956 mays\" data-hspacer=\"no_spacer\"  data-halign=\"left\" style=\"text-align:left\"><div class=\"uvc-heading-spacer no_spacer\" style=\"top\"><\/div><div class=\"uvc-main-heading ult-responsive\"  data-ultimate-target='.uvc-heading.ultimate-heading-954069f36ab52f21f h2'  data-responsive-json-new='{\"font-size\":\"desktop:24px;tablet:21px;tablet_portrait:18px;mobile_landscape:16px;mobile:16px;\",\"line-height\":\"\"}' ><h2 style=\"font-family:&#039;Lato&#039;;font-weight:700;margin-top:36px;margin-bottom:28px;\">Contacontes Setmana Santa<\/h2><\/div><\/div><div class=\"wpb_text_column us_custom_7e53051d\"><div class=\"wpb_wrapper\"><p>La Setmana Santa ve carregada d&#8217;activitats per a la nostra Biblioteca:<\/p>\n<ul>\n<li>Dimarts 22 a les 12:00. Contacontes d&#8217;animaci\u00f3 a la lectura.<\/li>\n<li>Dimecres 23 a les 12:15. Taller de serigrafia per a celebrar el dia internacional del llibre.<\/li>\n<li>Dijous 24 a les 12:00. Espectacle de m\u00e0gia en fam\u00edlia.<\/li>\n<\/ul>\n<p>Dona una ullada i no et quedes sense la teua pla\u00e7a!<\/p>\n<\/div><\/div><\/div><\/div><div class=\"wpb_column vc_column_container\"><div class=\"vc_column-inner\"><div class=\"w-image align_left\"><a ref=\"magnificPopup\" href=\"https:\/\/ayto.mutxamel.org\/wp-content\/uploads\/2025\/04\/Cuentacuentos-abril-CAS.jpg\" aria-label=\"Cuentacuentos abril CAS\" class=\"w-image-h\"><img decoding=\"async\" width=\"300\" height=\"300\" src=\"https:\/\/ayto.mutxamel.org\/wp-content\/uploads\/2025\/04\/Cuentacuentos-abril-CAS-300x300.jpg\" class=\"attachment-medium size-medium\" alt=\"cuentacuentos\" loading=\"lazy\" srcset=\"https:\/\/ayto.mutxamel.org\/wp-content\/uploads\/2025\/04\/Cuentacuentos-abril-CAS-300x300.jpg 300w, https:\/\/ayto.mutxamel.org\/wp-content\/uploads\/2025\/04\/Cuentacuentos-abril-CAS-1024x1024.jpg 1024w, https:\/\/ayto.mutxamel.org\/wp-content\/uploads\/2025\/04\/Cuentacuentos-abril-CAS-150x150.jpg 150w, https:\/\/ayto.mutxamel.org\/wp-content\/uploads\/2025\/04\/Cuentacuentos-abril-CAS-400x400.jpg 400w, https:\/\/ayto.mutxamel.org\/wp-content\/uploads\/2025\/04\/Cuentacuentos-abril-CAS.jpg 1080w\" sizes=\"auto, (max-width: 300px) 100vw, 300px\" \/><\/a><\/div><\/div><\/div><\/div><\/div><\/section><section class=\"l-section wpb_row height_auto\"><div class=\"l-section-h i-cf\"><div class=\"g-cols vc_row via_grid cols_1 laptops-cols_inherit tablets-cols_inherit mobiles-cols_1 valign_top type_default stacking_default\"><div class=\"wpb_column vc_column_container\"><div class=\"vc_column-inner\"><div class=\"w-separator size_small with_line width_default thick_1 style_solid color_border align_center\"><div class=\"w-separator-h\"><\/div><\/div><\/div><\/div><\/div><\/div><\/section><section class=\"l-section wpb_row height_auto\"><div class=\"l-section-h i-cf\"><div class=\"g-cols vc_row via_grid cols_2-1 laptops-cols_inherit tablets-cols_inherit mobiles-cols_1 valign_top type_default stacking_default\"><div class=\"wpb_column vc_column_container\"><div class=\"vc_column-inner\"><div id=\"ultimate-heading-23869f36ab53066a\" class=\"uvc-heading ult-adjust-bottom-margin ultimate-heading-23869f36ab53066a uvc-9491 mays\" data-hspacer=\"no_spacer\"  data-halign=\"left\" style=\"text-align:left\"><div class=\"uvc-heading-spacer no_spacer\" style=\"top\"><\/div><div class=\"uvc-main-heading ult-responsive\"  data-ultimate-target='.uvc-heading.ultimate-heading-23869f36ab53066a h2'  data-responsive-json-new='{\"font-size\":\"desktop:24px;tablet:21px;tablet_portrait:18px;mobile_landscape:16px;mobile:16px;\",\"line-height\":\"\"}' ><h2 style=\"font-family:&#039;Lato&#039;;font-weight:700;margin-top:36px;margin-bottom:28px;\">Presentaci\u00f3 contacontes ``El amigo del b\u00fafalo``<\/h2><\/div><\/div><div class=\"wpb_text_column us_custom_7e53051d\"><div class=\"wpb_wrapper\"><p>Et convidem a la presentaci\u00f3 del conte &#8220;El amigo del b\u00fafalo&#8221; en la nostra Ag\u00e8ncia de Lectura Infantil-Juvenil. Tindrem amb nosaltres a l&#8217;autora Mar\u00eda Gil Algora que ens el comptar\u00e0 amb tot luxe de detalls.<\/p>\n<\/div><\/div><\/div><\/div><div class=\"wpb_column vc_column_container\"><div class=\"vc_column-inner\"><div class=\"w-image align_left\"><a ref=\"magnificPopup\" href=\"https:\/\/ayto.mutxamel.org\/wp-content\/uploads\/2023\/11\/Imagen-6.jpg\" aria-label=\"Imagen 6\" class=\"w-image-h\"><img decoding=\"async\" width=\"300\" height=\"300\" src=\"https:\/\/ayto.mutxamel.org\/wp-content\/uploads\/2023\/11\/Imagen-6-300x300.jpg\" class=\"attachment-medium size-medium\" alt=\"\" loading=\"lazy\" srcset=\"https:\/\/ayto.mutxamel.org\/wp-content\/uploads\/2023\/11\/Imagen-6-300x300.jpg 300w, https:\/\/ayto.mutxamel.org\/wp-content\/uploads\/2023\/11\/Imagen-6-1024x1024.jpg 1024w, https:\/\/ayto.mutxamel.org\/wp-content\/uploads\/2023\/11\/Imagen-6-150x150.jpg 150w, https:\/\/ayto.mutxamel.org\/wp-content\/uploads\/2023\/11\/Imagen-6-400x400.jpg 400w, https:\/\/ayto.mutxamel.org\/wp-content\/uploads\/2023\/11\/Imagen-6.jpg 1080w\" sizes=\"auto, (max-width: 300px) 100vw, 300px\" \/><\/a><\/div><\/div><\/div><\/div><\/div><\/section><section class=\"l-section wpb_row height_auto\"><div class=\"l-section-h i-cf\"><div class=\"g-cols vc_row via_grid cols_1 laptops-cols_inherit tablets-cols_inherit mobiles-cols_1 valign_top type_default stacking_default\"><div class=\"wpb_column vc_column_container\"><div class=\"vc_column-inner\"><div class=\"w-separator size_small with_line width_default thick_1 style_solid color_border align_center\"><div class=\"w-separator-h\"><\/div><\/div><\/div><\/div><\/div><\/div><\/section><section class=\"l-section wpb_row height_auto\"><div class=\"l-section-h i-cf\"><div class=\"g-cols vc_row via_grid cols_2-1 laptops-cols_inherit tablets-cols_inherit mobiles-cols_1 valign_top type_default stacking_default\"><div class=\"wpb_column vc_column_container\"><div class=\"vc_column-inner\"><div id=\"ultimate-heading-358169f36ab531b6f\" class=\"uvc-heading ult-adjust-bottom-margin ultimate-heading-358169f36ab531b6f uvc-1619 mays\" data-hspacer=\"no_spacer\"  data-halign=\"left\" style=\"text-align:left\"><div class=\"uvc-heading-spacer no_spacer\" style=\"top\"><\/div><div class=\"uvc-main-heading ult-responsive\"  data-ultimate-target='.uvc-heading.ultimate-heading-358169f36ab531b6f h2'  data-responsive-json-new='{\"font-size\":\"desktop:24px;tablet:21px;tablet_portrait:18px;mobile_landscape:16px;mobile:16px;\",\"line-height\":\"\"}' ><h2 style=\"font-family:&#039;Lato&#039;;font-weight:700;margin-top:36px;margin-bottom:28px;\">Contacontes 8M<\/h2><\/div><\/div><div class=\"wpb_text_column us_custom_7e53051d\"><div class=\"wpb_wrapper\"><p>Vine a celebrar amb nosaltres el dia internacional de la dona! Tindrem un contacontes molt interessant sobre dones importants al llarg de la Hist\u00f2ria.<\/p>\n<\/div><\/div><\/div><\/div><div class=\"wpb_column vc_column_container\"><div class=\"vc_column-inner\"><div class=\"w-image hidden align_left\"><a ref=\"magnificPopup\" href=\"https:\/\/ayto.mutxamel.org\/wp-content\/uploads\/2023\/11\/Imagen-5-scaled.jpg\" aria-label=\"Imagen 5\" class=\"w-image-h\"><img decoding=\"async\" width=\"212\" height=\"300\" src=\"https:\/\/ayto.mutxamel.org\/wp-content\/uploads\/2023\/11\/Imagen-5-212x300.jpg\" class=\"attachment-medium size-medium\" alt=\"\" loading=\"lazy\" srcset=\"https:\/\/ayto.mutxamel.org\/wp-content\/uploads\/2023\/11\/Imagen-5-212x300.jpg 212w, https:\/\/ayto.mutxamel.org\/wp-content\/uploads\/2023\/11\/Imagen-5-725x1024.jpg 725w, https:\/\/ayto.mutxamel.org\/wp-content\/uploads\/2023\/11\/Imagen-5-283x400.jpg 283w, https:\/\/ayto.mutxamel.org\/wp-content\/uploads\/2023\/11\/Imagen-5-scaled.jpg 1359w\" sizes=\"auto, (max-width: 212px) 100vw, 212px\" \/><\/a><\/div><\/div><\/div><\/div><\/div><\/section><section class=\"l-section wpb_row height_auto\"><div class=\"l-section-h i-cf\"><div class=\"g-cols vc_row via_grid cols_1 laptops-cols_inherit tablets-cols_inherit mobiles-cols_1 valign_top type_default stacking_default\"><div class=\"wpb_column vc_column_container\"><div class=\"vc_column-inner\"><div class=\"w-separator size_small with_line width_default thick_1 style_solid color_border align_center\"><div class=\"w-separator-h\"><\/div><\/div><\/div><\/div><\/div><\/div><\/section><section class=\"l-section wpb_row height_auto\"><div class=\"l-section-h i-cf\"><div class=\"g-cols vc_row via_grid cols_2-1 laptops-cols_inherit tablets-cols_inherit mobiles-cols_1 valign_top type_default stacking_default\"><div class=\"wpb_column vc_column_container\"><div class=\"vc_column-inner\"><div id=\"ultimate-heading-343669f36ab5330a8\" class=\"uvc-heading ult-adjust-bottom-margin ultimate-heading-343669f36ab5330a8 uvc-9677 mays\" data-hspacer=\"no_spacer\"  data-halign=\"left\" style=\"text-align:left\"><div class=\"uvc-heading-spacer no_spacer\" style=\"top\"><\/div><div class=\"uvc-main-heading ult-responsive\"  data-ultimate-target='.uvc-heading.ultimate-heading-343669f36ab5330a8 h2'  data-responsive-json-new='{\"font-size\":\"desktop:24px;tablet:21px;tablet_portrait:18px;mobile_landscape:16px;mobile:16px;\",\"line-height\":\"\"}' ><h2 style=\"font-family:&#039;Lato&#039;;font-weight:700;margin-top:36px;margin-bottom:28px;\">Club de lectura: ``Lectores en la tardor``<\/h2><\/div><\/div><div class=\"wpb_text_column us_custom_7e53051d\"><div class=\"wpb_wrapper\"><p>Continua el nostre Club de Lectura este mes de mar\u00e7 amb el llibre &#8220;Un lugar de paso&#8221; de l&#8217;autora Josune Intxauspe.<\/p>\n<\/div><\/div><\/div><\/div><div class=\"wpb_column vc_column_container\"><div class=\"vc_column-inner\"><div class=\"w-image align_left\"><a ref=\"magnificPopup\" href=\"https:\/\/ayto.mutxamel.org\/wp-content\/uploads\/2023\/11\/Imagen-5-scaled.jpg\" aria-label=\"Imagen 5\" class=\"w-image-h\"><img decoding=\"async\" width=\"212\" height=\"300\" src=\"https:\/\/ayto.mutxamel.org\/wp-content\/uploads\/2023\/11\/Imagen-5-212x300.jpg\" class=\"attachment-medium size-medium\" alt=\"\" loading=\"lazy\" srcset=\"https:\/\/ayto.mutxamel.org\/wp-content\/uploads\/2023\/11\/Imagen-5-212x300.jpg 212w, https:\/\/ayto.mutxamel.org\/wp-content\/uploads\/2023\/11\/Imagen-5-725x1024.jpg 725w, https:\/\/ayto.mutxamel.org\/wp-content\/uploads\/2023\/11\/Imagen-5-283x400.jpg 283w, https:\/\/ayto.mutxamel.org\/wp-content\/uploads\/2023\/11\/Imagen-5-scaled.jpg 1359w\" sizes=\"auto, (max-width: 212px) 100vw, 212px\" \/><\/a><\/div><\/div><\/div><\/div><\/div><\/section><section class=\"l-section wpb_row height_auto\"><div class=\"l-section-h i-cf\"><div class=\"g-cols vc_row via_grid cols_1 laptops-cols_inherit tablets-cols_inherit mobiles-cols_1 valign_top type_default stacking_default\"><div class=\"wpb_column vc_column_container\"><div class=\"vc_column-inner\"><div class=\"w-separator size_small with_line width_default thick_1 style_solid color_border align_center\"><div class=\"w-separator-h\"><\/div><\/div><\/div><\/div><\/div><\/div><\/section><section class=\"l-section wpb_row height_auto\"><div class=\"l-section-h i-cf\"><div class=\"g-cols vc_row via_grid cols_2-1 laptops-cols_inherit tablets-cols_inherit mobiles-cols_1 valign_top type_default stacking_default\"><div class=\"wpb_column vc_column_container\"><div class=\"vc_column-inner\"><div id=\"ultimate-heading-788669f36ab533d17\" class=\"uvc-heading ult-adjust-bottom-margin ultimate-heading-788669f36ab533d17 uvc-2 mays\" data-hspacer=\"no_spacer\"  data-halign=\"left\" style=\"text-align:left\"><div class=\"uvc-heading-spacer no_spacer\" style=\"top\"><\/div><div class=\"uvc-main-heading ult-responsive\"  data-ultimate-target='.uvc-heading.ultimate-heading-788669f36ab533d17 h2'  data-responsive-json-new='{\"font-size\":\"desktop:24px;tablet:21px;tablet_portrait:18px;mobile_landscape:16px;mobile:16px;\",\"line-height\":\"\"}' ><h2 style=\"font-family:&#039;Lato&#039;;font-weight:700;margin-top:36px;margin-bottom:28px;\">Presentaci\u00f3 del llibre ``El despertar de las flores del ciruelo``<\/h2><\/div><\/div><div class=\"wpb_text_column us_custom_7e53051d\"><div class=\"wpb_wrapper\"><p>EL Dimecres 26 de febrer comptarem amb la pres\u00e8ncia de l&#8217;autora Paulina L. Ravel a la Biblioteca d&#8217;adults Notari Josep Blanquer. Ens presentar\u00e0 el seu llibre &#8220;El despertar de las flores del ciruelo&#8221; en el qual s&#8217;arrepleguen deu relats protagonitzats per dones i amb distintes tem\u00e0tiques.<\/p>\n<\/div><\/div><\/div><\/div><div class=\"wpb_column vc_column_container\"><div class=\"vc_column-inner\"><div class=\"w-image align_left\"><a ref=\"magnificPopup\" href=\"https:\/\/ayto.mutxamel.org\/wp-content\/uploads\/2023\/11\/Imagen-3.jpg\" aria-label=\"Imagen 3\" class=\"w-image-h\"><img decoding=\"async\" width=\"300\" height=\"300\" src=\"https:\/\/ayto.mutxamel.org\/wp-content\/uploads\/2023\/11\/Imagen-3-300x300.jpg\" class=\"attachment-medium size-medium\" alt=\"\" loading=\"lazy\" srcset=\"https:\/\/ayto.mutxamel.org\/wp-content\/uploads\/2023\/11\/Imagen-3-300x300.jpg 300w, https:\/\/ayto.mutxamel.org\/wp-content\/uploads\/2023\/11\/Imagen-3-1024x1024.jpg 1024w, https:\/\/ayto.mutxamel.org\/wp-content\/uploads\/2023\/11\/Imagen-3-150x150.jpg 150w, https:\/\/ayto.mutxamel.org\/wp-content\/uploads\/2023\/11\/Imagen-3-400x400.jpg 400w, https:\/\/ayto.mutxamel.org\/wp-content\/uploads\/2023\/11\/Imagen-3.jpg 1080w\" sizes=\"auto, (max-width: 300px) 100vw, 300px\" \/><\/a><\/div><\/div><\/div><\/div><\/div><\/section><section class=\"l-section wpb_row height_auto\"><div class=\"l-section-h i-cf\"><div class=\"g-cols vc_row via_grid cols_1 laptops-cols_inherit tablets-cols_inherit mobiles-cols_1 valign_top type_default stacking_default\"><div class=\"wpb_column vc_column_container\"><div class=\"vc_column-inner\"><div class=\"w-separator size_small with_line width_default thick_1 style_solid color_border align_center\"><div class=\"w-separator-h\"><\/div><\/div><\/div><\/div><\/div><\/div><\/section><section class=\"l-section wpb_row height_auto\"><div class=\"l-section-h i-cf\"><div class=\"g-cols vc_row via_grid cols_2-1 laptops-cols_inherit tablets-cols_inherit mobiles-cols_1 valign_top type_default stacking_default\"><div class=\"wpb_column vc_column_container\"><div class=\"vc_column-inner\"><div id=\"ultimate-heading-138869f36ab535237\" class=\"uvc-heading ult-adjust-bottom-margin ultimate-heading-138869f36ab535237 uvc-3952 mays\" data-hspacer=\"no_spacer\"  data-halign=\"left\" style=\"text-align:left\"><div class=\"uvc-heading-spacer no_spacer\" style=\"top\"><\/div><div class=\"uvc-main-heading ult-responsive\"  data-ultimate-target='.uvc-heading.ultimate-heading-138869f36ab535237 h2'  data-responsive-json-new='{\"font-size\":\"desktop:24px;tablet:21px;tablet_portrait:18px;mobile_landscape:16px;mobile:16px;\",\"line-height\":\"\"}' ><h2 style=\"font-family:&#039;Lato&#039;;font-weight:700;margin-top:36px;margin-bottom:28px;\">Contacontes-Taller: Reduir, reutilitzar i reciclar<\/h2><\/div><\/div><div class=\"wpb_text_column us_custom_7e53051d\"><div class=\"wpb_wrapper\"><p>Que important \u00e9s tindre consci\u00e8ncia de la necessitat de cuidar el medi ambient. Per aix\u00f2, en este taller aprendrem les tres erres d&#8217;una manera did\u00e0ctica i senzilla amb un contacontes i un taller dedicat als m\u00e9s xicotets i xicotetes.<\/p>\n<\/div><\/div><\/div><\/div><div class=\"wpb_column vc_column_container\"><div class=\"vc_column-inner\"><div class=\"w-image align_left\"><a ref=\"magnificPopup\" href=\"https:\/\/ayto.mutxamel.org\/wp-content\/uploads\/2023\/11\/Imagen-1.jpg\" aria-label=\"Imagen 1\" class=\"w-image-h\"><img decoding=\"async\" width=\"300\" height=\"300\" src=\"https:\/\/ayto.mutxamel.org\/wp-content\/uploads\/2023\/11\/Imagen-1-300x300.jpg\" class=\"attachment-medium size-medium\" alt=\"\" loading=\"lazy\" srcset=\"https:\/\/ayto.mutxamel.org\/wp-content\/uploads\/2023\/11\/Imagen-1-300x300.jpg 300w, https:\/\/ayto.mutxamel.org\/wp-content\/uploads\/2023\/11\/Imagen-1-1024x1024.jpg 1024w, https:\/\/ayto.mutxamel.org\/wp-content\/uploads\/2023\/11\/Imagen-1-150x150.jpg 150w, https:\/\/ayto.mutxamel.org\/wp-content\/uploads\/2023\/11\/Imagen-1-400x400.jpg 400w, https:\/\/ayto.mutxamel.org\/wp-content\/uploads\/2023\/11\/Imagen-1.jpg 1080w\" sizes=\"auto, (max-width: 300px) 100vw, 300px\" \/><\/a><\/div><\/div><\/div><\/div><\/div><\/section><section class=\"l-section wpb_row height_auto\"><div class=\"l-section-h i-cf\"><div class=\"g-cols vc_row via_grid cols_1 laptops-cols_inherit tablets-cols_inherit mobiles-cols_1 valign_top type_default stacking_default\"><div class=\"wpb_column vc_column_container\"><div class=\"vc_column-inner\"><div class=\"w-separator size_small with_line width_default thick_1 style_solid color_border align_center\"><div class=\"w-separator-h\"><\/div><\/div><\/div><\/div><\/div><\/div><\/section><section class=\"l-section wpb_row height_auto\"><div class=\"l-section-h i-cf\"><div class=\"g-cols vc_row via_grid cols_2-1 laptops-cols_inherit tablets-cols_inherit mobiles-cols_1 valign_top type_default stacking_default\"><div class=\"wpb_column vc_column_container\"><div class=\"vc_column-inner\"><div id=\"ultimate-heading-996569f36ab536653\" class=\"uvc-heading ult-adjust-bottom-margin ultimate-heading-996569f36ab536653 uvc-8785 mays\" data-hspacer=\"no_spacer\"  data-halign=\"left\" style=\"text-align:left\"><div class=\"uvc-heading-spacer no_spacer\" style=\"top\"><\/div><div class=\"uvc-main-heading ult-responsive\"  data-ultimate-target='.uvc-heading.ultimate-heading-996569f36ab536653 h2'  data-responsive-json-new='{\"font-size\":\"desktop:24px;tablet:21px;tablet_portrait:18px;mobile_landscape:16px;mobile:16px;\",\"line-height\":\"\"}' ><h2 style=\"font-family:&#039;Lato&#039;;font-weight:700;margin-top:36px;margin-bottom:28px;\">Club de lectura: ``Lectores en la tardor``<\/h2><\/div><\/div><div class=\"wpb_text_column us_custom_7e53051d\"><div class=\"wpb_wrapper\"><p>Arranquem el club de Lectura &#8220;Lectores en la tardor&#8221; este any 2025 amb el llibre &#8220;Cuando todo pase&#8221; de l&#8217;autor Diego Fischer.<\/p>\n<\/div><\/div><\/div><\/div><div class=\"wpb_column vc_column_container\"><div class=\"vc_column-inner\"><div class=\"w-image align_left\"><a ref=\"magnificPopup\" href=\"https:\/\/ayto.mutxamel.org\/wp-content\/uploads\/2023\/11\/Imagen-2-scaled.jpg\" aria-label=\"Imagen 2\" class=\"w-image-h\"><img decoding=\"async\" width=\"212\" height=\"300\" src=\"https:\/\/ayto.mutxamel.org\/wp-content\/uploads\/2023\/11\/Imagen-2-212x300.jpg\" class=\"attachment-medium size-medium\" alt=\"\" loading=\"lazy\" srcset=\"https:\/\/ayto.mutxamel.org\/wp-content\/uploads\/2023\/11\/Imagen-2-212x300.jpg 212w, https:\/\/ayto.mutxamel.org\/wp-content\/uploads\/2023\/11\/Imagen-2-724x1024.jpg 724w, https:\/\/ayto.mutxamel.org\/wp-content\/uploads\/2023\/11\/Imagen-2-283x400.jpg 283w, https:\/\/ayto.mutxamel.org\/wp-content\/uploads\/2023\/11\/Imagen-2-scaled.jpg 1357w\" sizes=\"auto, (max-width: 212px) 100vw, 212px\" \/><\/a><\/div><\/div><\/div><\/div><\/div><\/section><section class=\"l-section wpb_row height_auto\"><div class=\"l-section-h i-cf\"><div class=\"g-cols vc_row via_grid cols_1 laptops-cols_inherit tablets-cols_inherit mobiles-cols_1 valign_top type_default stacking_default\"><div class=\"wpb_column vc_column_container\"><div class=\"vc_column-inner\"><div class=\"w-separator size_small with_line width_default thick_1 style_solid color_border align_center\"><div class=\"w-separator-h\"><\/div><\/div><\/div><\/div><\/div><\/div><\/section><section class=\"l-section wpb_row height_auto\"><div class=\"l-section-h i-cf\"><div class=\"g-cols vc_row via_grid cols_2-1 laptops-cols_inherit tablets-cols_inherit mobiles-cols_1 valign_top type_default stacking_default\"><div class=\"wpb_column vc_column_container\"><div class=\"vc_column-inner\"><div id=\"ultimate-heading-774269f36ab537bd7\" class=\"uvc-heading ult-adjust-bottom-margin ultimate-heading-774269f36ab537bd7 uvc-4626 mays\" data-hspacer=\"no_spacer\"  data-halign=\"left\" style=\"text-align:left\"><div class=\"uvc-heading-spacer no_spacer\" style=\"top\"><\/div><div class=\"uvc-main-heading ult-responsive\"  data-ultimate-target='.uvc-heading.ultimate-heading-774269f36ab537bd7 h2'  data-responsive-json-new='{\"font-size\":\"desktop:24px;tablet:21px;tablet_portrait:18px;mobile_landscape:16px;mobile:16px;\",\"line-height\":\"\"}' ><h2 style=\"font-family:&#039;Lato&#039;;font-weight:700;margin-top:36px;margin-bottom:28px;\">Lectu-Mel<\/h2><\/div><\/div><div class=\"wpb_text_column us_custom_7e53051d\"><div class=\"wpb_wrapper\"><p>L&#8217;autor de la saga de llibres de Juego de Tronos, George R. R. Martin, va dir que \u201cun lector viu mil vides abans de morir. El que mai llig nom\u00e9s viu una\u201d. I \u00e9s que la lectura, entre moltes altres coses, deslliga la nostra capacitat creativa i imaginativa.<\/p>\n<p>Des de les Biblioteques P\u00fabliques Municipals de Mutxamel us presentem la primera edici\u00f3 de Lectu-Mel, una campanya que t\u00e9 com a objectiu el foment de la lectura destinada a tots els ciutadans i ciutadanes. Per a aix\u00f2, es podran adquirir bons per valor de 10 euros sense cap cost, des de la web www.dentralia.com, que es podran utilitzar per a la compra de llibres infantils, juvenils i d&#8217;adults. Cada persona pot adquirir un m\u00e0xim de tres bons que es podran utilitzar en les seg\u00fcents llibreries:<\/p>\n<ul>\n<li>Papereria-Llibreria Paperges<\/li>\n<li>Papereria-Llibreria Sala<\/li>\n<li>Papereria-Llibreria Entrelineas<\/li>\n<li>Papereria-Llibreria Xocolate<\/li>\n<\/ul>\n<p>Les dates de la campanya s\u00f3n les seg\u00fcents:<\/p>\n<ul>\n<li>Del 20 de novembre a l&#8217;1 de desembre: per\u00edode per a adquirir els bons.<\/li>\n<li>Del 2 al 12 de desembre: per\u00edode per a utilitzar els bons en les llibreries adherides a la campanya.<\/li>\n<\/ul>\n<p>Els dies 20, 21 i 22, per a ajudar a salvar la bretxa digital, es podran adquirir els bons de manera presencial a la Biblioteca d&#8217;adults Notari Josep Blaquer en horari de matins de 12:00 a 14:00 i en horari de vesprada de 17:00 a 19:00.<\/p>\n<div>En la web de la Biblioteca podr\u00e0s trobar les bases amb m\u00e9s informaci\u00f3 sobre les condicions de participaci\u00f3.<\/div>\n<\/div><\/div><\/div><\/div><div class=\"wpb_column vc_column_container\"><div class=\"vc_column-inner\"><div class=\"w-image align_left\"><a ref=\"magnificPopup\" href=\"https:\/\/ayto.mutxamel.org\/wp-content\/uploads\/2024\/11\/Lectu-Mel-CAS-scaled.jpg\" aria-label=\"Lectu-Mel CAS\" class=\"w-image-h\"><img decoding=\"async\" width=\"212\" height=\"300\" src=\"https:\/\/ayto.mutxamel.org\/wp-content\/uploads\/2024\/11\/Lectu-Mel-CAS-212x300.jpg\" class=\"attachment-medium size-medium\" alt=\"bono libro\" loading=\"lazy\" srcset=\"https:\/\/ayto.mutxamel.org\/wp-content\/uploads\/2024\/11\/Lectu-Mel-CAS-212x300.jpg 212w, https:\/\/ayto.mutxamel.org\/wp-content\/uploads\/2024\/11\/Lectu-Mel-CAS-724x1024.jpg 724w, https:\/\/ayto.mutxamel.org\/wp-content\/uploads\/2024\/11\/Lectu-Mel-CAS-283x400.jpg 283w, https:\/\/ayto.mutxamel.org\/wp-content\/uploads\/2024\/11\/Lectu-Mel-CAS-scaled.jpg 1357w\" sizes=\"auto, (max-width: 212px) 100vw, 212px\" \/><\/a><\/div><div class=\"w-separator size_small\"><\/div><div class=\"w-btn-wrapper align_none\"><a class=\"w-btn us-btn-style_3 icon_atleft\" href=\"https:\/\/ayto.mutxamel.org\/wp-content\/uploads\/2024\/11\/Bases-Bono-libro-Web.pdf\"><i class=\"fal fa-file-pdf\"><\/i><span class=\"w-btn-label\">Bases<\/span><\/a><\/div><\/div><\/div><\/div><\/div><\/section><section class=\"l-section wpb_row height_auto\"><div class=\"l-section-h i-cf\"><div class=\"g-cols vc_row via_grid cols_1 laptops-cols_inherit tablets-cols_inherit mobiles-cols_1 valign_top type_default stacking_default\"><div class=\"wpb_column vc_column_container\"><div class=\"vc_column-inner\"><div class=\"w-separator size_small with_line width_default thick_1 style_solid color_border align_center\"><div class=\"w-separator-h\"><\/div><\/div><\/div><\/div><\/div><\/div><\/section><section class=\"l-section wpb_row height_auto\"><div class=\"l-section-h i-cf\"><div class=\"g-cols vc_row via_grid cols_2-1 laptops-cols_inherit tablets-cols_inherit mobiles-cols_1 valign_top type_default stacking_default\"><div class=\"wpb_column vc_column_container\"><div class=\"vc_column-inner\"><div id=\"ultimate-heading-499069f36ab53941b\" class=\"uvc-heading ult-adjust-bottom-margin ultimate-heading-499069f36ab53941b uvc-3121 mays\" data-hspacer=\"no_spacer\"  data-halign=\"left\" style=\"text-align:left\"><div class=\"uvc-heading-spacer no_spacer\" style=\"top\"><\/div><div class=\"uvc-main-heading ult-responsive\"  data-ultimate-target='.uvc-heading.ultimate-heading-499069f36ab53941b h2'  data-responsive-json-new='{\"font-size\":\"desktop:24px;tablet:21px;tablet_portrait:18px;mobile_landscape:16px;mobile:16px;\",\"line-height\":\"\"}' ><h2 style=\"font-family:&#039;Lato&#039;;font-weight:700;margin-top:36px;margin-bottom:28px;\">Club de Lectura ``Lectores en la tardor``<\/h2><\/div><\/div><div class=\"wpb_text_column us_custom_7e53051d\"><div class=\"wpb_wrapper\"><div>\n<p>El llibre triat per a la nova sessi\u00f3 del Club de Lectura ha sigut &#8220;La verdad sobre el caso Harry Quebert&#8221;. Ac\u00ed teniu tota la informaci\u00f3 per a participar.<\/p>\n<\/div>\n<\/div><\/div><\/div><\/div><div class=\"wpb_column vc_column_container\"><div class=\"vc_column-inner\"><div class=\"w-image align_left\"><a ref=\"magnificPopup\" href=\"https:\/\/ayto.mutxamel.org\/wp-content\/uploads\/2024\/10\/Club-de-lectura-CAS-scaled.jpg\" aria-label=\"Club de lectura CAS.\" class=\"w-image-h\"><img decoding=\"async\" width=\"212\" height=\"300\" src=\"https:\/\/ayto.mutxamel.org\/wp-content\/uploads\/2024\/10\/Club-de-lectura-CAS-212x300.jpg\" class=\"attachment-medium size-medium\" alt=\"club de lectura\" loading=\"lazy\" srcset=\"https:\/\/ayto.mutxamel.org\/wp-content\/uploads\/2024\/10\/Club-de-lectura-CAS-212x300.jpg 212w, https:\/\/ayto.mutxamel.org\/wp-content\/uploads\/2024\/10\/Club-de-lectura-CAS-724x1024.jpg 724w, https:\/\/ayto.mutxamel.org\/wp-content\/uploads\/2024\/10\/Club-de-lectura-CAS-283x400.jpg 283w, https:\/\/ayto.mutxamel.org\/wp-content\/uploads\/2024\/10\/Club-de-lectura-CAS-scaled.jpg 1357w\" sizes=\"auto, (max-width: 212px) 100vw, 212px\" \/><\/a><\/div><\/div><\/div><\/div><\/div><\/section><section class=\"l-section wpb_row height_auto\"><div class=\"l-section-h i-cf\"><div class=\"g-cols vc_row via_grid cols_1 laptops-cols_inherit tablets-cols_inherit mobiles-cols_1 valign_top type_default stacking_default\"><div class=\"wpb_column vc_column_container\"><div class=\"vc_column-inner\"><div class=\"w-separator size_small with_line width_default thick_1 style_solid color_border align_center\"><div class=\"w-separator-h\"><\/div><\/div><\/div><\/div><\/div><\/div><\/section><section class=\"l-section wpb_row height_auto\"><div class=\"l-section-h i-cf\"><div class=\"g-cols vc_row via_grid cols_2-1 laptops-cols_inherit tablets-cols_inherit mobiles-cols_1 valign_top type_default stacking_default\"><div class=\"wpb_column vc_column_container\"><div class=\"vc_column-inner\"><div id=\"ultimate-heading-613269f36ab53ac3e\" class=\"uvc-heading ult-adjust-bottom-margin ultimate-heading-613269f36ab53ac3e uvc-5907 mays\" data-hspacer=\"no_spacer\"  data-halign=\"left\" style=\"text-align:left\"><div class=\"uvc-heading-spacer no_spacer\" style=\"top\"><\/div><div class=\"uvc-main-heading ult-responsive\"  data-ultimate-target='.uvc-heading.ultimate-heading-613269f36ab53ac3e h2'  data-responsive-json-new='{\"font-size\":\"desktop:24px;tablet:21px;tablet_portrait:18px;mobile_landscape:16px;mobile:16px;\",\"line-height\":\"\"}' ><h2 style=\"font-family:&#039;Lato&#039;;font-weight:700;margin-top:36px;margin-bottom:28px;\">Taller de Halloween<\/h2><\/div><\/div><div class=\"wpb_text_column us_custom_7e53051d\"><div class=\"wpb_wrapper\"><div><\/div>\n<div><b><\/b>S&#8217;acosta una de les dates m\u00e9s terror\u00edfiques de l&#8217;any i volem celebrar-la a la nostra Biblioteca. Corre i apunta&#8217;t al taller de m\u00e0scares de Halloween&#8230;t&#8217;ho passar\u00e0s en gran! Ac\u00ed tens tota la informaci\u00f3.<\/div>\n<\/div><\/div><\/div><\/div><div class=\"wpb_column vc_column_container\"><div class=\"vc_column-inner\"><div class=\"w-image align_left\"><a ref=\"magnificPopup\" href=\"https:\/\/ayto.mutxamel.org\/wp-content\/uploads\/2024\/10\/Taller-Halloween-CAS.jpg\" aria-label=\"Taller Halloween CAS\" class=\"w-image-h\"><img decoding=\"async\" width=\"300\" height=\"300\" src=\"https:\/\/ayto.mutxamel.org\/wp-content\/uploads\/2024\/10\/Taller-Halloween-CAS-300x300.jpg\" class=\"attachment-medium size-medium\" alt=\"halloween\" loading=\"lazy\" srcset=\"https:\/\/ayto.mutxamel.org\/wp-content\/uploads\/2024\/10\/Taller-Halloween-CAS-300x300.jpg 300w, https:\/\/ayto.mutxamel.org\/wp-content\/uploads\/2024\/10\/Taller-Halloween-CAS-1024x1024.jpg 1024w, https:\/\/ayto.mutxamel.org\/wp-content\/uploads\/2024\/10\/Taller-Halloween-CAS-150x150.jpg 150w, https:\/\/ayto.mutxamel.org\/wp-content\/uploads\/2024\/10\/Taller-Halloween-CAS-400x400.jpg 400w, https:\/\/ayto.mutxamel.org\/wp-content\/uploads\/2024\/10\/Taller-Halloween-CAS.jpg 1080w\" sizes=\"auto, (max-width: 300px) 100vw, 300px\" \/><\/a><\/div><\/div><\/div><\/div><\/div><\/section><section class=\"l-section wpb_row height_auto\"><div class=\"l-section-h i-cf\"><div class=\"g-cols vc_row via_grid cols_1 laptops-cols_inherit tablets-cols_inherit mobiles-cols_1 valign_top type_default stacking_default\"><div class=\"wpb_column vc_column_container\"><div class=\"vc_column-inner\"><div class=\"w-separator size_small with_line width_default thick_1 style_solid color_border align_center\"><div class=\"w-separator-h\"><\/div><\/div><\/div><\/div><\/div><\/div><\/section><section class=\"l-section wpb_row height_auto\"><div class=\"l-section-h i-cf\"><div class=\"g-cols vc_row via_grid cols_2-1 laptops-cols_inherit tablets-cols_inherit mobiles-cols_1 valign_top type_default stacking_default\"><div class=\"wpb_column vc_column_container\"><div class=\"vc_column-inner\"><div id=\"ultimate-heading-693969f36ab53c48d\" class=\"uvc-heading ult-adjust-bottom-margin ultimate-heading-693969f36ab53c48d uvc-3933 mays\" data-hspacer=\"no_spacer\"  data-halign=\"left\" style=\"text-align:left\"><div class=\"uvc-heading-spacer no_spacer\" style=\"top\"><\/div><div class=\"uvc-main-heading ult-responsive\"  data-ultimate-target='.uvc-heading.ultimate-heading-693969f36ab53c48d h2'  data-responsive-json-new='{\"font-size\":\"desktop:24px;tablet:21px;tablet_portrait:18px;mobile_landscape:16px;mobile:16px;\",\"line-height\":\"\"}' ><h2 style=\"font-family:&#039;Lato&#039;;font-weight:700;margin-top:36px;margin-bottom:28px;\">Activitat Mi amigo libro<\/h2><\/div><\/div><div class=\"wpb_text_column us_custom_7e53051d\"><div class=\"wpb_wrapper\"><div>\n<p>La setmana que ve comptarem amb una nova activitat a la nostra Biblioteca infantil-juvenil realitzada pels companys de Va de Contes. Una activitat relacionada amb el m\u00f3n dels llibres que t&#8217;ajudar\u00e0 a con\u00e9ixer-los millor i a cuidar d&#8217;ells. Reserva i no et quedes sense lloc!<\/p>\n<\/div>\n<\/div><\/div><\/div><\/div><div class=\"wpb_column vc_column_container\"><div class=\"vc_column-inner\"><div class=\"w-image align_left\"><a ref=\"magnificPopup\" href=\"https:\/\/ayto.mutxamel.org\/wp-content\/uploads\/2024\/10\/Insta.-Amigo-libro.-CAS.jpg\" aria-label=\"Insta. Amigo libro. CAS\" class=\"w-image-h\"><img decoding=\"async\" width=\"300\" height=\"300\" src=\"https:\/\/ayto.mutxamel.org\/wp-content\/uploads\/2024\/10\/Insta.-Amigo-libro.-CAS-300x300.jpg\" class=\"attachment-medium size-medium\" alt=\"libro\" loading=\"lazy\" srcset=\"https:\/\/ayto.mutxamel.org\/wp-content\/uploads\/2024\/10\/Insta.-Amigo-libro.-CAS-300x300.jpg 300w, https:\/\/ayto.mutxamel.org\/wp-content\/uploads\/2024\/10\/Insta.-Amigo-libro.-CAS-1024x1024.jpg 1024w, https:\/\/ayto.mutxamel.org\/wp-content\/uploads\/2024\/10\/Insta.-Amigo-libro.-CAS-150x150.jpg 150w, https:\/\/ayto.mutxamel.org\/wp-content\/uploads\/2024\/10\/Insta.-Amigo-libro.-CAS-400x400.jpg 400w, https:\/\/ayto.mutxamel.org\/wp-content\/uploads\/2024\/10\/Insta.-Amigo-libro.-CAS.jpg 1080w\" sizes=\"auto, (max-width: 300px) 100vw, 300px\" \/><\/a><\/div><\/div><\/div><\/div><\/div><\/section><section class=\"l-section wpb_row height_auto\"><div class=\"l-section-h i-cf\"><div class=\"g-cols vc_row via_grid cols_1 laptops-cols_inherit tablets-cols_inherit mobiles-cols_1 valign_top type_default stacking_default\"><div class=\"wpb_column vc_column_container\"><div class=\"vc_column-inner\"><div class=\"w-separator size_small with_line width_default thick_1 style_solid color_border align_center\"><div class=\"w-separator-h\"><\/div><\/div><\/div><\/div><\/div><\/div><\/section><section class=\"l-section wpb_row height_auto\"><div class=\"l-section-h i-cf\"><div class=\"g-cols vc_row via_grid cols_2-1 laptops-cols_inherit tablets-cols_inherit mobiles-cols_1 valign_top type_default stacking_default\"><div class=\"wpb_column vc_column_container\"><div class=\"vc_column-inner\"><div id=\"ultimate-heading-475969f36ab53e980\" class=\"uvc-heading ult-adjust-bottom-margin ultimate-heading-475969f36ab53e980 uvc-3848 mays\" data-hspacer=\"no_spacer\"  data-halign=\"left\" style=\"text-align:left\"><div class=\"uvc-heading-spacer no_spacer\" style=\"top\"><\/div><div class=\"uvc-main-heading ult-responsive\"  data-ultimate-target='.uvc-heading.ultimate-heading-475969f36ab53e980 h2'  data-responsive-json-new='{\"font-size\":\"desktop:24px;tablet:21px;tablet_portrait:18px;mobile_landscape:16px;mobile:16px;\",\"line-height\":\"\"}' ><h2 style=\"font-family:&#039;Lato&#039;;font-weight:700;margin-top:36px;margin-bottom:28px;\">Contacontes d'animaci\u00f3 a la lectura<\/h2><\/div><\/div><div class=\"wpb_text_column us_custom_7e53051d\"><div class=\"wpb_wrapper\"><div>\n<p>Contacontes d&#8217;animaci\u00f3 a la lectura de la m\u00e0 de Llibres Chus en l&#8217;Ag\u00e8ncia de Lectura Infantil-Juvenil. Us esperem!<\/p>\n<\/div>\n<\/div><\/div><\/div><\/div><div class=\"wpb_column vc_column_container\"><div class=\"vc_column-inner\"><div class=\"w-image align_left\"><a ref=\"magnificPopup\" href=\"https:\/\/ayto.mutxamel.org\/wp-content\/uploads\/2024\/09\/Insta-cuentacuentos-Sept.-CAS.jpg\" aria-label=\"Insta cuentacuentos Sept. CAS\" class=\"w-image-h\"><img decoding=\"async\" width=\"300\" height=\"300\" src=\"https:\/\/ayto.mutxamel.org\/wp-content\/uploads\/2024\/09\/Insta-cuentacuentos-Sept.-CAS-300x300.jpg\" class=\"attachment-medium size-medium\" alt=\"cuentacuentos\" loading=\"lazy\" srcset=\"https:\/\/ayto.mutxamel.org\/wp-content\/uploads\/2024\/09\/Insta-cuentacuentos-Sept.-CAS-300x300.jpg 300w, https:\/\/ayto.mutxamel.org\/wp-content\/uploads\/2024\/09\/Insta-cuentacuentos-Sept.-CAS-1024x1024.jpg 1024w, https:\/\/ayto.mutxamel.org\/wp-content\/uploads\/2024\/09\/Insta-cuentacuentos-Sept.-CAS-150x150.jpg 150w, https:\/\/ayto.mutxamel.org\/wp-content\/uploads\/2024\/09\/Insta-cuentacuentos-Sept.-CAS-400x400.jpg 400w, https:\/\/ayto.mutxamel.org\/wp-content\/uploads\/2024\/09\/Insta-cuentacuentos-Sept.-CAS.jpg 1080w\" sizes=\"auto, (max-width: 300px) 100vw, 300px\" \/><\/a><\/div><\/div><\/div><\/div><\/div><\/section><section class=\"l-section wpb_row height_auto\"><div class=\"l-section-h i-cf\"><div class=\"g-cols vc_row via_grid cols_1 laptops-cols_inherit tablets-cols_inherit mobiles-cols_1 valign_top type_default stacking_default\"><div class=\"wpb_column vc_column_container\"><div class=\"vc_column-inner\"><div class=\"w-separator size_small with_line width_default thick_1 style_solid color_border align_center\"><div class=\"w-separator-h\"><\/div><\/div><\/div><\/div><\/div><\/div><\/section><section class=\"l-section wpb_row height_auto\"><div class=\"l-section-h i-cf\"><div class=\"g-cols vc_row via_grid cols_2-1 laptops-cols_inherit tablets-cols_inherit mobiles-cols_1 valign_top type_default stacking_default\"><div class=\"wpb_column vc_column_container\"><div class=\"vc_column-inner\"><div id=\"ultimate-heading-493869f36ab540281\" class=\"uvc-heading ult-adjust-bottom-margin ultimate-heading-493869f36ab540281 uvc-4831 mays\" data-hspacer=\"no_spacer\"  data-halign=\"left\" style=\"text-align:left\"><div class=\"uvc-heading-spacer no_spacer\" style=\"top\"><\/div><div class=\"uvc-main-heading ult-responsive\"  data-ultimate-target='.uvc-heading.ultimate-heading-493869f36ab540281 h2'  data-responsive-json-new='{\"font-size\":\"desktop:24px;tablet:21px;tablet_portrait:18px;mobile_landscape:16px;mobile:16px;\",\"line-height\":\"\"}' ><h2 style=\"font-family:&#039;Lato&#039;;font-weight:700;margin-top:36px;margin-bottom:28px;\">Club de Lectura ``Lectores en la tardor``<\/h2><\/div><\/div><div class=\"wpb_text_column us_custom_7e53051d\"><div class=\"wpb_wrapper\"><p style=\"font-weight: 400;\">Arranquem de nou amb el Club de Lectura per a esta \u00faltima part de l&#8217;any. El llibre triat ha sigut &#8220;El misteri de la carretera de Sintra&#8221;.<\/p>\n<\/div><\/div><\/div><\/div><div class=\"wpb_column vc_column_container\"><div class=\"vc_column-inner\"><div class=\"w-image align_left\"><a ref=\"magnificPopup\" href=\"https:\/\/ayto.mutxamel.org\/wp-content\/uploads\/2023\/11\/Club-de-lectura-cast-scaled.jpg\" aria-label=\"Club de lectura cast\" class=\"w-image-h\"><img decoding=\"async\" width=\"212\" height=\"300\" src=\"https:\/\/ayto.mutxamel.org\/wp-content\/uploads\/2023\/11\/Club-de-lectura-cast-212x300.jpg\" class=\"attachment-medium size-medium\" alt=\"lectores en la tardor\" loading=\"lazy\" srcset=\"https:\/\/ayto.mutxamel.org\/wp-content\/uploads\/2023\/11\/Club-de-lectura-cast-212x300.jpg 212w, https:\/\/ayto.mutxamel.org\/wp-content\/uploads\/2023\/11\/Club-de-lectura-cast-724x1024.jpg 724w, https:\/\/ayto.mutxamel.org\/wp-content\/uploads\/2023\/11\/Club-de-lectura-cast-283x400.jpg 283w, https:\/\/ayto.mutxamel.org\/wp-content\/uploads\/2023\/11\/Club-de-lectura-cast-scaled.jpg 1357w\" sizes=\"auto, (max-width: 212px) 100vw, 212px\" \/><\/a><\/div><\/div><\/div><\/div><\/div><\/section><section class=\"l-section wpb_row height_auto\"><div class=\"l-section-h i-cf\"><div class=\"g-cols vc_row via_grid cols_1 laptops-cols_inherit tablets-cols_inherit mobiles-cols_1 valign_top type_default stacking_default\"><div class=\"wpb_column vc_column_container\"><div class=\"vc_column-inner\"><div class=\"w-separator size_small with_line width_default thick_1 style_solid color_border align_center\"><div class=\"w-separator-h\"><\/div><\/div><\/div><\/div><\/div><\/div><\/section><section class=\"l-section wpb_row height_auto\"><div class=\"l-section-h i-cf\"><div class=\"g-cols vc_row via_grid cols_2-1 laptops-cols_inherit tablets-cols_inherit mobiles-cols_1 valign_top type_default stacking_default\"><div class=\"wpb_column vc_column_container\"><div class=\"vc_column-inner\"><div id=\"ultimate-heading-558469f36ab54189c\" class=\"uvc-heading ult-adjust-bottom-margin ultimate-heading-558469f36ab54189c uvc-4411 mays\" data-hspacer=\"no_spacer\"  data-halign=\"left\" style=\"text-align:left\"><div class=\"uvc-heading-spacer no_spacer\" style=\"top\"><\/div><div class=\"uvc-main-heading ult-responsive\"  data-ultimate-target='.uvc-heading.ultimate-heading-558469f36ab54189c h2'  data-responsive-json-new='{\"font-size\":\"desktop:24px;tablet:21px;tablet_portrait:18px;mobile_landscape:16px;mobile:16px;\",\"line-height\":\"\"}' ><h2 style=\"font-family:&#039;Lato&#039;;font-weight:700;margin-top:36px;margin-bottom:28px;\">Programaci\u00f3 d'activitats de les Biblioteques P\u00fabliques municipals. Setembre-desembre de 2024<\/h2><\/div><\/div><div class=\"wpb_text_column us_custom_7e53051d\"><div class=\"wpb_wrapper\"><p style=\"font-weight: 400;\">Ac\u00ed vos deixem la programaci\u00f3 d&#8217;activitats de les Biblioteques P\u00fabliques municipals des de setembre fins a desembre.<\/p>\n<p style=\"font-weight: 400;\">\u00c9s important tindre en compte que este cartell \u00e9s a t\u00edtol informatiu i la inscripci\u00f3 a les activitats es realitzar\u00e0 m\u00e9s endavant, a mesura que es vagen acostant les dates publicarem un cartell concret de cadascuna d&#8217;elles per a apuntar-se.<\/p>\n<\/div><\/div><\/div><\/div><div class=\"wpb_column vc_column_container\"><div class=\"vc_column-inner\"><div class=\"w-image align_left\"><a ref=\"magnificPopup\" href=\"https:\/\/ayto.mutxamel.org\/wp-content\/uploads\/2023\/11\/Programacion-2024-CAS-scaled.jpg\" aria-label=\"Programaci\u00f3n 2024 CAS\" class=\"w-image-h\"><img decoding=\"async\" width=\"212\" height=\"300\" src=\"https:\/\/ayto.mutxamel.org\/wp-content\/uploads\/2023\/11\/Programacion-2024-CAS-212x300.jpg\" class=\"attachment-medium size-medium\" alt=\"programacion biblioteca\" loading=\"lazy\" srcset=\"https:\/\/ayto.mutxamel.org\/wp-content\/uploads\/2023\/11\/Programacion-2024-CAS-212x300.jpg 212w, https:\/\/ayto.mutxamel.org\/wp-content\/uploads\/2023\/11\/Programacion-2024-CAS-724x1024.jpg 724w, https:\/\/ayto.mutxamel.org\/wp-content\/uploads\/2023\/11\/Programacion-2024-CAS-283x400.jpg 283w, https:\/\/ayto.mutxamel.org\/wp-content\/uploads\/2023\/11\/Programacion-2024-CAS-scaled.jpg 1357w\" sizes=\"auto, (max-width: 212px) 100vw, 212px\" \/><\/a><\/div><\/div><\/div><\/div><\/div><\/section><section class=\"l-section wpb_row height_auto\"><div class=\"l-section-h i-cf\"><div class=\"g-cols vc_row via_grid cols_1 laptops-cols_inherit tablets-cols_inherit mobiles-cols_1 valign_top type_default stacking_default\"><div class=\"wpb_column vc_column_container\"><div class=\"vc_column-inner\"><div class=\"w-separator size_small with_line width_default thick_1 style_solid color_border align_center\"><div class=\"w-separator-h\"><\/div><\/div><\/div><\/div><\/div><\/div><\/section><section class=\"l-section wpb_row height_auto\"><div class=\"l-section-h i-cf\"><div class=\"g-cols vc_row via_grid cols_2-1 laptops-cols_inherit tablets-cols_inherit mobiles-cols_1 valign_top type_default stacking_default\"><div class=\"wpb_column vc_column_container\"><div class=\"vc_column-inner\"><div id=\"ultimate-heading-704469f36ab5430f1\" class=\"uvc-heading ult-adjust-bottom-margin ultimate-heading-704469f36ab5430f1 uvc-2497 mays\" data-hspacer=\"no_spacer\"  data-halign=\"left\" style=\"text-align:left\"><div class=\"uvc-heading-spacer no_spacer\" style=\"top\"><\/div><div class=\"uvc-main-heading ult-responsive\"  data-ultimate-target='.uvc-heading.ultimate-heading-704469f36ab5430f1 h2'  data-responsive-json-new='{\"font-size\":\"desktop:24px;tablet:21px;tablet_portrait:18px;mobile_landscape:16px;mobile:16px;\",\"line-height\":\"\"}' ><h2 style=\"font-family:&#039;Lato&#039;;font-weight:700;margin-top:36px;margin-bottom:28px;\">Club de lectura: Lluvia fina<\/h2><\/div><\/div><div class=\"wpb_text_column us_custom_7e53051d\"><div class=\"wpb_wrapper\"><div>\n<p>El llibre triat per al mes de juny, i amb el qual acabem la temporada fins a setembre, ha sigut &#8220;Pluja fina&#8221;. Un relat sobre l&#8217;intent de reparar vells rancors que han distanciat a una fam\u00edlia durant molts anys.<\/p>\n<\/div>\n<\/div><\/div><\/div><\/div><div class=\"wpb_column vc_column_container\"><div class=\"vc_column-inner\"><div class=\"w-image align_left\"><a ref=\"magnificPopup\" href=\"https:\/\/ayto.mutxamel.org\/wp-content\/uploads\/2024\/06\/cLUB-DE-LECTURA-LLUVIA-FINA-CAS-scaled.jpg\" aria-label=\"cLUB DE LECTURA LLUVIA FINA CAS\" class=\"w-image-h\"><img decoding=\"async\" width=\"212\" height=\"300\" src=\"https:\/\/ayto.mutxamel.org\/wp-content\/uploads\/2024\/06\/cLUB-DE-LECTURA-LLUVIA-FINA-CAS-212x300.jpg\" class=\"attachment-medium size-medium\" alt=\"lectura\" loading=\"lazy\" srcset=\"https:\/\/ayto.mutxamel.org\/wp-content\/uploads\/2024\/06\/cLUB-DE-LECTURA-LLUVIA-FINA-CAS-212x300.jpg 212w, https:\/\/ayto.mutxamel.org\/wp-content\/uploads\/2024\/06\/cLUB-DE-LECTURA-LLUVIA-FINA-CAS-724x1024.jpg 724w, https:\/\/ayto.mutxamel.org\/wp-content\/uploads\/2024\/06\/cLUB-DE-LECTURA-LLUVIA-FINA-CAS-283x400.jpg 283w, https:\/\/ayto.mutxamel.org\/wp-content\/uploads\/2024\/06\/cLUB-DE-LECTURA-LLUVIA-FINA-CAS-scaled.jpg 1357w\" sizes=\"auto, (max-width: 212px) 100vw, 212px\" \/><\/a><\/div><\/div><\/div><\/div><\/div><\/section><section class=\"l-section wpb_row height_auto\"><div class=\"l-section-h i-cf\"><div class=\"g-cols vc_row via_grid cols_1 laptops-cols_inherit tablets-cols_inherit mobiles-cols_1 valign_top type_default stacking_default\"><div class=\"wpb_column vc_column_container\"><div class=\"vc_column-inner\"><div class=\"w-separator size_small with_line width_default thick_1 style_solid color_border align_center\"><div class=\"w-separator-h\"><\/div><\/div><\/div><\/div><\/div><\/div><\/section><section class=\"l-section wpb_row height_auto\"><div class=\"l-section-h i-cf\"><div class=\"g-cols vc_row via_grid cols_2-1 laptops-cols_inherit tablets-cols_inherit mobiles-cols_1 valign_top type_default stacking_default\"><div class=\"wpb_column vc_column_container\"><div class=\"vc_column-inner\"><div id=\"ultimate-heading-725269f36ab544750\" class=\"uvc-heading ult-adjust-bottom-margin ultimate-heading-725269f36ab544750 uvc-9888 mays\" data-hspacer=\"no_spacer\"  data-halign=\"left\" style=\"text-align:left\"><div class=\"uvc-heading-spacer no_spacer\" style=\"top\"><\/div><div class=\"uvc-main-heading ult-responsive\"  data-ultimate-target='.uvc-heading.ultimate-heading-725269f36ab544750 h2'  data-responsive-json-new='{\"font-size\":\"desktop:24px;tablet:21px;tablet_portrait:18px;mobile_landscape:16px;mobile:16px;\",\"line-height\":\"\"}' ><h2 style=\"font-family:&#039;Lato&#039;;font-weight:700;margin-top:36px;margin-bottom:28px;\">Contacontes de Ver\u00f3nica Rubio<\/h2><\/div><\/div><div class=\"wpb_text_column us_custom_7e53051d\"><div class=\"wpb_wrapper\"><p>El divendres 10 de maig tenim el plaer de comptar amb una ve\u00efna del nostre municipi. Ver\u00f3nica Rubio presentar\u00e0 el seu \u00faltim conte dirigit als m\u00e9s xicotets i xicotetes utilitzant la m\u00fasica com a protagonista.<\/p>\n<\/div><\/div><\/div><\/div><div class=\"wpb_column vc_column_container\"><div class=\"vc_column-inner\"><div class=\"w-image align_left\"><a ref=\"magnificPopup\" href=\"https:\/\/ayto.mutxamel.org\/wp-content\/uploads\/2024\/04\/Insta.-cuentacuentos-Veronica-CAS-1.jpg\" aria-label=\"Insta. cuentacuentos Ver\u00f3nica CAS.\" class=\"w-image-h\"><img decoding=\"async\" width=\"300\" height=\"300\" src=\"https:\/\/ayto.mutxamel.org\/wp-content\/uploads\/2024\/04\/Insta.-cuentacuentos-Veronica-CAS-1-300x300.jpg\" class=\"attachment-medium size-medium\" alt=\"cuentacuentos\" loading=\"lazy\" srcset=\"https:\/\/ayto.mutxamel.org\/wp-content\/uploads\/2024\/04\/Insta.-cuentacuentos-Veronica-CAS-1-300x300.jpg 300w, https:\/\/ayto.mutxamel.org\/wp-content\/uploads\/2024\/04\/Insta.-cuentacuentos-Veronica-CAS-1-1024x1024.jpg 1024w, https:\/\/ayto.mutxamel.org\/wp-content\/uploads\/2024\/04\/Insta.-cuentacuentos-Veronica-CAS-1-150x150.jpg 150w, https:\/\/ayto.mutxamel.org\/wp-content\/uploads\/2024\/04\/Insta.-cuentacuentos-Veronica-CAS-1-400x400.jpg 400w, https:\/\/ayto.mutxamel.org\/wp-content\/uploads\/2024\/04\/Insta.-cuentacuentos-Veronica-CAS-1.jpg 1080w\" sizes=\"auto, (max-width: 300px) 100vw, 300px\" \/><\/a><\/div><\/div><\/div><\/div><\/div><\/section><section class=\"l-section wpb_row height_auto\"><div class=\"l-section-h i-cf\"><div class=\"g-cols vc_row via_grid cols_1 laptops-cols_inherit tablets-cols_inherit mobiles-cols_1 valign_top type_default stacking_default\"><div class=\"wpb_column vc_column_container\"><div class=\"vc_column-inner\"><div class=\"w-separator size_small with_line width_default thick_1 style_solid color_border align_center\"><div class=\"w-separator-h\"><\/div><\/div><\/div><\/div><\/div><\/div><\/section><section class=\"l-section wpb_row height_auto\"><div class=\"l-section-h i-cf\"><div class=\"g-cols vc_row via_grid cols_2-1 laptops-cols_inherit tablets-cols_inherit mobiles-cols_1 valign_top type_default stacking_default\"><div class=\"wpb_column vc_column_container\"><div class=\"vc_column-inner\"><div id=\"ultimate-heading-251269f36ab545fd2\" class=\"uvc-heading ult-adjust-bottom-margin ultimate-heading-251269f36ab545fd2 uvc-2670 mays\" data-hspacer=\"no_spacer\"  data-halign=\"left\" style=\"text-align:left\"><div class=\"uvc-heading-spacer no_spacer\" style=\"top\"><\/div><div class=\"uvc-main-heading ult-responsive\"  data-ultimate-target='.uvc-heading.ultimate-heading-251269f36ab545fd2 h2'  data-responsive-json-new='{\"font-size\":\"desktop:24px;tablet:21px;tablet_portrait:18px;mobile_landscape:16px;mobile:16px;\",\"line-height\":\"\"}' ><h2 style=\"font-family:&#039;Lato&#039;;font-weight:700;margin-top:36px;margin-bottom:28px;\">Club de Lectura: Baile de las Marionetas<\/h2><\/div><\/div><div class=\"wpb_text_column us_custom_7e53051d\"><div class=\"wpb_wrapper\"><p>El llibre triat per al mes de maig en el Club de Lectura ha sigut \u201cEl baile de las marionetas\u201d de Mercedes Guerrero. L&#8217;autora no podr\u00e0 estar presencialment amb nosaltres per\u00f2 comptarem amb ella de manera online perqu\u00e8 ens compte curiositats sobre este llibre tan interessant.<\/p>\n<\/div><\/div><\/div><\/div><div class=\"wpb_column vc_column_container\"><div class=\"vc_column-inner\"><div class=\"w-image align_left\"><a ref=\"magnificPopup\" href=\"https:\/\/ayto.mutxamel.org\/wp-content\/uploads\/2024\/04\/Club-de-lectura-CAS-scaled.jpg\" aria-label=\"Club de lectura CAS\" class=\"w-image-h\"><img decoding=\"async\" width=\"212\" height=\"300\" src=\"https:\/\/ayto.mutxamel.org\/wp-content\/uploads\/2024\/04\/Club-de-lectura-CAS-212x300.jpg\" class=\"attachment-medium size-medium\" alt=\"club lectura\" loading=\"lazy\" srcset=\"https:\/\/ayto.mutxamel.org\/wp-content\/uploads\/2024\/04\/Club-de-lectura-CAS-212x300.jpg 212w, https:\/\/ayto.mutxamel.org\/wp-content\/uploads\/2024\/04\/Club-de-lectura-CAS-724x1024.jpg 724w, https:\/\/ayto.mutxamel.org\/wp-content\/uploads\/2024\/04\/Club-de-lectura-CAS-283x400.jpg 283w, https:\/\/ayto.mutxamel.org\/wp-content\/uploads\/2024\/04\/Club-de-lectura-CAS-scaled.jpg 1357w\" sizes=\"auto, (max-width: 212px) 100vw, 212px\" \/><\/a><\/div><\/div><\/div><\/div><\/div><\/section><section class=\"l-section wpb_row height_auto\"><div class=\"l-section-h i-cf\"><div class=\"g-cols vc_row via_grid cols_1 laptops-cols_inherit tablets-cols_inherit mobiles-cols_1 valign_top type_default stacking_default\"><div class=\"wpb_column vc_column_container\"><div class=\"vc_column-inner\"><div class=\"w-separator size_small with_line width_default thick_1 style_solid color_border align_center\"><div class=\"w-separator-h\"><\/div><\/div><\/div><\/div><\/div><\/div><\/section><section class=\"l-section wpb_row height_auto\"><div class=\"l-section-h i-cf\"><div class=\"g-cols vc_row via_grid cols_2-1 laptops-cols_inherit tablets-cols_inherit mobiles-cols_1 valign_top type_default stacking_default\"><div class=\"wpb_column vc_column_container\"><div class=\"vc_column-inner\"><div id=\"ultimate-heading-908369f36ab547831\" class=\"uvc-heading ult-adjust-bottom-margin ultimate-heading-908369f36ab547831 uvc-5821 mays\" data-hspacer=\"no_spacer\"  data-halign=\"left\" style=\"text-align:left\"><div class=\"uvc-heading-spacer no_spacer\" style=\"top\"><\/div><div class=\"uvc-main-heading ult-responsive\"  data-ultimate-target='.uvc-heading.ultimate-heading-908369f36ab547831 h2'  data-responsive-json-new='{\"font-size\":\"desktop:24px;tablet:21px;tablet_portrait:18px;mobile_landscape:16px;mobile:16px;\",\"line-height\":\"\"}' ><h2 style=\"font-family:&#039;Lato&#039;;font-weight:700;margin-top:36px;margin-bottom:28px;\">Programaci\u00f3 activitats biblioteca mes d\u00b4abril<\/h2><\/div><\/div><div class=\"wpb_text_column us_custom_7e53051d\"><div class=\"wpb_wrapper\"><p>El mes d&#8217;abril \u00e9s especial per a les Biblioteques i per aix\u00f2, hem preparat activitats perqu\u00e8 els m\u00e9s xicotets puguen gaudir. No oblideu reservar la vostra pla\u00e7a per al taller que vulgueu.<\/p>\n<p><strong>Dimecres 10 d&#8217;abril &#8211; 17:30h<\/strong><br \/>\nTaller &#8220;Ens emocionem&#8221;.<br \/>\nPer a con\u00e9ixer i gestionar emocions.<br \/>\nDirigit a xiquets i xiquetes entre 7 i 11 anys.<\/p>\n<p><strong>Dimarts 23 d&#8217;abril &#8211; 17:00h<\/strong><br \/>\nTaller &#8220;Fusteria per a xiquets: dia del llibre&#8221;<br \/>\nPer a realitzar la tradicional rosa de Sant Jordi amb materials reciclats.<br \/>\nDirigit a xiquets i xiquetes entre 7 i 12 anys.<\/p>\n<p><strong>Dijous 25 d&#8217;abril &#8211; 17:30h<\/strong><br \/>\nContacontes en el qual es triaran llibres especials per a commemorar este mes tan important.<br \/>\nPer a xiquets i xiquetes a partir de 3 anys.<\/p>\n<p><strong>Divendres 26 d&#8217;abril &#8211; 17:30h<\/strong><br \/>\nNow in english!<br \/>\nSessi\u00f3 de contacontes en angl\u00e9s d&#8217;animaci\u00f3 a la lectura amb els companys de l&#8217;acad\u00e8mia Kids&amp;us.<br \/>\nPer a xiquets i xiquetes de 3 a 10 anys.<\/p>\n<p>Inscripcions en: biblioteca@mutxamel.org<\/p>\n<p><strong>Vos esperem!<\/strong><\/p>\n<\/div><\/div><\/div><\/div><div class=\"wpb_column vc_column_container\"><div class=\"vc_column-inner\"><div class=\"w-image align_left\"><a ref=\"magnificPopup\" href=\"https:\/\/ayto.mutxamel.org\/wp-content\/uploads\/2023\/11\/Programacion-abril-CAS-scaled.jpg\" aria-label=\"Programaci\u00f3n abril CAS\" class=\"w-image-h\"><img decoding=\"async\" width=\"724\" height=\"1024\" src=\"https:\/\/ayto.mutxamel.org\/wp-content\/uploads\/2023\/11\/Programacion-abril-CAS-724x1024.jpg\" class=\"attachment-large size-large\" alt=\"programacion biblioteca\" loading=\"lazy\" srcset=\"https:\/\/ayto.mutxamel.org\/wp-content\/uploads\/2023\/11\/Programacion-abril-CAS-724x1024.jpg 724w, https:\/\/ayto.mutxamel.org\/wp-content\/uploads\/2023\/11\/Programacion-abril-CAS-212x300.jpg 212w, https:\/\/ayto.mutxamel.org\/wp-content\/uploads\/2023\/11\/Programacion-abril-CAS-283x400.jpg 283w, https:\/\/ayto.mutxamel.org\/wp-content\/uploads\/2023\/11\/Programacion-abril-CAS-scaled.jpg 1357w\" sizes=\"auto, (max-width: 724px) 100vw, 724px\" \/><\/a><\/div><\/div><\/div><\/div><\/div><\/section><section class=\"l-section wpb_row height_auto\"><div class=\"l-section-h i-cf\"><div class=\"g-cols vc_row via_grid cols_1 laptops-cols_inherit tablets-cols_inherit mobiles-cols_1 valign_top type_default stacking_default\"><div class=\"wpb_column vc_column_container\"><div class=\"vc_column-inner\"><div class=\"w-separator size_small with_line width_default thick_1 style_solid color_border align_center\"><div class=\"w-separator-h\"><\/div><\/div><\/div><\/div><\/div><\/div><\/section><section class=\"l-section wpb_row height_auto\"><div class=\"l-section-h i-cf\"><div class=\"g-cols vc_row via_grid cols_2-1 laptops-cols_inherit tablets-cols_inherit mobiles-cols_1 valign_top type_default stacking_default\"><div class=\"wpb_column vc_column_container\"><div class=\"vc_column-inner\"><div id=\"ultimate-heading-845169f36ab548fc3\" class=\"uvc-heading ult-adjust-bottom-margin ultimate-heading-845169f36ab548fc3 uvc-2224 mays\" data-hspacer=\"no_spacer\"  data-halign=\"left\" style=\"text-align:left\"><div class=\"uvc-heading-spacer no_spacer\" style=\"top\"><\/div><div class=\"uvc-main-heading ult-responsive\"  data-ultimate-target='.uvc-heading.ultimate-heading-845169f36ab548fc3 h2'  data-responsive-json-new='{\"font-size\":\"desktop:24px;tablet:21px;tablet_portrait:18px;mobile_landscape:16px;mobile:16px;\",\"line-height\":\"\"}' ><h2 style=\"font-family:&#039;Lato&#039;;font-weight:700;margin-top:36px;margin-bottom:28px;\">Taller Ens Emocionem<\/h2><\/div><\/div><div class=\"wpb_text_column us_custom_7e53051d\"><div class=\"wpb_wrapper\"><p>Gr\u00e0cies a la Fundaci\u00f3 Casaverde podem comptar amb una activitat dirigida a xiquets i xiquetes d&#8217;entre 9 i 10 anys dedicada al coneixement i gesti\u00f3 de les emocions.<\/p>\n<\/div><\/div><\/div><\/div><div class=\"wpb_column vc_column_container\"><div class=\"vc_column-inner\"><div class=\"w-image align_left\"><a ref=\"magnificPopup\" href=\"https:\/\/ayto.mutxamel.org\/wp-content\/uploads\/2024\/03\/Nos-emocionamos-CAS-scaled.jpg\" aria-label=\"Nos emocionamos CAS\" class=\"w-image-h\"><img decoding=\"async\" width=\"212\" height=\"300\" src=\"https:\/\/ayto.mutxamel.org\/wp-content\/uploads\/2024\/03\/Nos-emocionamos-CAS-212x300.jpg\" class=\"attachment-medium size-medium\" alt=\"nos emocionamos\" loading=\"lazy\" srcset=\"https:\/\/ayto.mutxamel.org\/wp-content\/uploads\/2024\/03\/Nos-emocionamos-CAS-212x300.jpg 212w, https:\/\/ayto.mutxamel.org\/wp-content\/uploads\/2024\/03\/Nos-emocionamos-CAS-724x1024.jpg 724w, https:\/\/ayto.mutxamel.org\/wp-content\/uploads\/2024\/03\/Nos-emocionamos-CAS-283x400.jpg 283w, https:\/\/ayto.mutxamel.org\/wp-content\/uploads\/2024\/03\/Nos-emocionamos-CAS-scaled.jpg 1357w\" sizes=\"auto, (max-width: 212px) 100vw, 212px\" \/><\/a><\/div><\/div><\/div><\/div><\/div><\/section><section class=\"l-section wpb_row height_auto\"><div class=\"l-section-h i-cf\"><div class=\"g-cols vc_row via_grid cols_1 laptops-cols_inherit tablets-cols_inherit mobiles-cols_1 valign_top type_default stacking_default\"><div class=\"wpb_column vc_column_container\"><div class=\"vc_column-inner\"><div class=\"w-separator size_small with_line width_default thick_1 style_solid color_border align_center\"><div class=\"w-separator-h\"><\/div><\/div><\/div><\/div><\/div><\/div><\/section><section class=\"l-section wpb_row height_auto\"><div class=\"l-section-h i-cf\"><div class=\"g-cols vc_row via_grid cols_2-1 laptops-cols_inherit tablets-cols_inherit mobiles-cols_1 valign_top type_default stacking_default\"><div class=\"wpb_column vc_column_container\"><div class=\"vc_column-inner\"><div id=\"ultimate-heading-218169f36ab54a7bc\" class=\"uvc-heading ult-adjust-bottom-margin ultimate-heading-218169f36ab54a7bc uvc-8459 mays\" data-hspacer=\"no_spacer\"  data-halign=\"left\" style=\"text-align:left\"><div class=\"uvc-heading-spacer no_spacer\" style=\"top\"><\/div><div class=\"uvc-main-heading ult-responsive\"  data-ultimate-target='.uvc-heading.ultimate-heading-218169f36ab54a7bc h2'  data-responsive-json-new='{\"font-size\":\"desktop:24px;tablet:21px;tablet_portrait:18px;mobile_landscape:16px;mobile:16px;\",\"line-height\":\"\"}' ><h2 style=\"font-family:&#039;Lato&#039;;font-weight:700;margin-top:36px;margin-bottom:28px;\">Club de Lectura: La llave 104<\/h2><\/div><\/div><div class=\"wpb_text_column us_custom_7e53051d\"><div class=\"wpb_wrapper\"><p>El llibre triat per al mes d&#8217;abril en el Club de Lectura ha sigut \u201cLa llave 104\u201d de l&#8217;autora alacantina Paz Castell\u00f3, amb la qual podrem comptar el dia del comentari i que segur ens aportar\u00e0 dades molt curioses sobre este llibre.<\/p>\n<\/div><\/div><\/div><\/div><div class=\"wpb_column vc_column_container\"><div class=\"vc_column-inner\"><div class=\"w-image align_left\"><a ref=\"magnificPopup\" href=\"https:\/\/ayto.mutxamel.org\/wp-content\/uploads\/2024\/03\/Llave-104.-CAS-scaled.jpg\" aria-label=\"Llave 104. CAS.\" class=\"w-image-h\"><img decoding=\"async\" width=\"212\" height=\"300\" src=\"https:\/\/ayto.mutxamel.org\/wp-content\/uploads\/2024\/03\/Llave-104.-CAS-212x300.jpg\" class=\"attachment-medium size-medium\" alt=\"club de lectura\" loading=\"lazy\" srcset=\"https:\/\/ayto.mutxamel.org\/wp-content\/uploads\/2024\/03\/Llave-104.-CAS-212x300.jpg 212w, https:\/\/ayto.mutxamel.org\/wp-content\/uploads\/2024\/03\/Llave-104.-CAS-724x1024.jpg 724w, https:\/\/ayto.mutxamel.org\/wp-content\/uploads\/2024\/03\/Llave-104.-CAS-283x400.jpg 283w, https:\/\/ayto.mutxamel.org\/wp-content\/uploads\/2024\/03\/Llave-104.-CAS-scaled.jpg 1357w\" sizes=\"auto, (max-width: 212px) 100vw, 212px\" \/><\/a><\/div><\/div><\/div><\/div><\/div><\/section><section class=\"l-section wpb_row height_auto\"><div class=\"l-section-h i-cf\"><div class=\"g-cols vc_row via_grid cols_1 laptops-cols_inherit tablets-cols_inherit mobiles-cols_1 valign_top type_default stacking_default\"><div class=\"wpb_column vc_column_container\"><div class=\"vc_column-inner\"><div class=\"w-separator size_small with_line width_default thick_1 style_solid color_border align_center\"><div class=\"w-separator-h\"><\/div><\/div><\/div><\/div><\/div><\/div><\/section><section class=\"l-section wpb_row height_auto\"><div class=\"l-section-h i-cf\"><div class=\"g-cols vc_row via_grid cols_2-1 laptops-cols_inherit tablets-cols_inherit mobiles-cols_1 valign_top type_default stacking_default\"><div class=\"wpb_column vc_column_container\"><div class=\"vc_column-inner\"><div id=\"ultimate-heading-93969f36ab54bddb\" class=\"uvc-heading ult-adjust-bottom-margin ultimate-heading-93969f36ab54bddb uvc-7124 mays\" data-hspacer=\"no_spacer\"  data-halign=\"left\" style=\"text-align:left\"><div class=\"uvc-heading-spacer no_spacer\" style=\"top\"><\/div><div class=\"uvc-main-heading ult-responsive\"  data-ultimate-target='.uvc-heading.ultimate-heading-93969f36ab54bddb h2'  data-responsive-json-new='{\"font-size\":\"desktop:24px;tablet:21px;tablet_portrait:18px;mobile_landscape:16px;mobile:16px;\",\"line-height\":\"\"}' ><h2 style=\"font-family:&#039;Lato&#039;;font-weight:700;margin-top:36px;margin-bottom:28px;\">Contacontes 8M<\/h2><\/div><\/div><div class=\"wpb_text_column us_custom_7e53051d\"><div class=\"wpb_wrapper\"><p>El 8 de mar\u00e7 \u00e9s un dia molt especial i per aix\u00f2 us convidem a assistir a esta activitat de contacontes que es realitzar\u00e0 a la biblioteca infantil-juvenil. L\u2019encarregada de realitzar-la ser\u00e0 la nostra companya Chus de Llibres Chus. Si vols participar mana\u2019ns un correu a biblioteca@mutxamel.org.<\/p>\n<p><strong>Vos esperem!<\/strong><\/p>\n<\/div><\/div><\/div><\/div><div class=\"wpb_column vc_column_container\"><div class=\"vc_column-inner\"><div class=\"w-image hidden align_left\"><a ref=\"magnificPopup\" href=\"https:\/\/ayto.mutxamel.org\/wp-content\/uploads\/2024\/02\/Insta.-Cuentacuentos-8M-CAS.jpg\" aria-label=\"Insta. Cuentacuentos 8M CAS\" class=\"w-image-h\"><img decoding=\"async\" width=\"300\" height=\"300\" src=\"https:\/\/ayto.mutxamel.org\/wp-content\/uploads\/2024\/02\/Insta.-Cuentacuentos-8M-CAS-300x300.jpg\" class=\"attachment-medium size-medium\" alt=\"cuentacuentos\" loading=\"lazy\" srcset=\"https:\/\/ayto.mutxamel.org\/wp-content\/uploads\/2024\/02\/Insta.-Cuentacuentos-8M-CAS-300x300.jpg 300w, https:\/\/ayto.mutxamel.org\/wp-content\/uploads\/2024\/02\/Insta.-Cuentacuentos-8M-CAS-1024x1024.jpg 1024w, https:\/\/ayto.mutxamel.org\/wp-content\/uploads\/2024\/02\/Insta.-Cuentacuentos-8M-CAS-150x150.jpg 150w, https:\/\/ayto.mutxamel.org\/wp-content\/uploads\/2024\/02\/Insta.-Cuentacuentos-8M-CAS-400x400.jpg 400w, https:\/\/ayto.mutxamel.org\/wp-content\/uploads\/2024\/02\/Insta.-Cuentacuentos-8M-CAS.jpg 1080w\" sizes=\"auto, (max-width: 300px) 100vw, 300px\" \/><\/a><\/div><\/div><\/div><\/div><\/div><\/section><section class=\"l-section wpb_row height_auto\"><div class=\"l-section-h i-cf\"><div class=\"g-cols vc_row via_grid cols_1 laptops-cols_inherit tablets-cols_inherit mobiles-cols_1 valign_top type_default stacking_default\"><div class=\"wpb_column vc_column_container\"><div class=\"vc_column-inner\"><div class=\"w-separator size_small with_line width_default thick_1 style_solid color_border align_center\"><div class=\"w-separator-h\"><\/div><\/div><\/div><\/div><\/div><\/div><\/section><section class=\"l-section wpb_row height_auto\"><div class=\"l-section-h i-cf\"><div class=\"g-cols vc_row via_grid cols_2-1 laptops-cols_inherit tablets-cols_inherit mobiles-cols_1 valign_top type_default stacking_default\"><div class=\"wpb_column vc_column_container\"><div class=\"vc_column-inner\"><div id=\"ultimate-heading-12069f36ab54da2a\" class=\"uvc-heading ult-adjust-bottom-margin ultimate-heading-12069f36ab54da2a uvc-7831 mays\" data-hspacer=\"no_spacer\"  data-halign=\"left\" style=\"text-align:left\"><div class=\"uvc-heading-spacer no_spacer\" style=\"top\"><\/div><div class=\"uvc-main-heading ult-responsive\"  data-ultimate-target='.uvc-heading.ultimate-heading-12069f36ab54da2a h2'  data-responsive-json-new='{\"font-size\":\"desktop:24px;tablet:21px;tablet_portrait:18px;mobile_landscape:16px;mobile:16px;\",\"line-height\":\"\"}' ><h2 style=\"font-family:&#039;Lato&#039;;font-weight:700;margin-top:36px;margin-bottom:28px;\">Club de lectura ``Sin noticias de Gurb``<\/h2><\/div><\/div><div class=\"wpb_text_column us_custom_7e53051d\"><div class=\"wpb_wrapper\"><p>El libro elegido para el mes de marzo en el Club de Lectura ha sido &#8220;Sin noticias de Gurb&#8221;, cl\u00e1sico de la literatura humor\u00edstica de Eduardo Mendoza.<\/p>\n<\/div><\/div><\/div><\/div><div class=\"wpb_column vc_column_container\"><div class=\"vc_column-inner\"><div class=\"w-image align_left\"><a ref=\"magnificPopup\" href=\"https:\/\/ayto.mutxamel.org\/wp-content\/uploads\/2023\/11\/Club-Lectura-CAS-scaled.jpg\" aria-label=\"Club Lectura CAS\" class=\"w-image-h\"><img decoding=\"async\" width=\"212\" height=\"300\" src=\"https:\/\/ayto.mutxamel.org\/wp-content\/uploads\/2023\/11\/Club-Lectura-CAS-212x300.jpg\" class=\"attachment-medium size-medium\" alt=\"club de lectura\" loading=\"lazy\" srcset=\"https:\/\/ayto.mutxamel.org\/wp-content\/uploads\/2023\/11\/Club-Lectura-CAS-212x300.jpg 212w, https:\/\/ayto.mutxamel.org\/wp-content\/uploads\/2023\/11\/Club-Lectura-CAS-724x1024.jpg 724w, https:\/\/ayto.mutxamel.org\/wp-content\/uploads\/2023\/11\/Club-Lectura-CAS-283x400.jpg 283w, https:\/\/ayto.mutxamel.org\/wp-content\/uploads\/2023\/11\/Club-Lectura-CAS-scaled.jpg 1357w\" sizes=\"auto, (max-width: 212px) 100vw, 212px\" \/><\/a><\/div><\/div><\/div><\/div><\/div><\/section><section class=\"l-section wpb_row height_auto\"><div class=\"l-section-h i-cf\"><div class=\"g-cols vc_row via_grid cols_1 laptops-cols_inherit tablets-cols_inherit mobiles-cols_1 valign_top type_default stacking_default\"><div class=\"wpb_column vc_column_container\"><div class=\"vc_column-inner\"><div class=\"w-separator size_small with_line width_default thick_1 style_solid color_border align_center\"><div class=\"w-separator-h\"><\/div><\/div><\/div><\/div><\/div><\/div><\/section><section class=\"l-section wpb_row height_auto\"><div class=\"l-section-h i-cf\"><div class=\"g-cols vc_row via_grid cols_2-1 laptops-cols_inherit tablets-cols_inherit mobiles-cols_1 valign_top type_default stacking_default\"><div class=\"wpb_column vc_column_container\"><div class=\"vc_column-inner\"><div id=\"ultimate-heading-57269f36ab54f20f\" class=\"uvc-heading ult-adjust-bottom-margin ultimate-heading-57269f36ab54f20f uvc-7036 mays\" data-hspacer=\"no_spacer\"  data-halign=\"left\" style=\"text-align:left\"><div class=\"uvc-heading-spacer no_spacer\" style=\"top\"><\/div><div class=\"uvc-main-heading ult-responsive\"  data-ultimate-target='.uvc-heading.ultimate-heading-57269f36ab54f20f h2'  data-responsive-json-new='{\"font-size\":\"desktop:24px;tablet:21px;tablet_portrait:18px;mobile_landscape:16px;mobile:16px;\",\"line-height\":\"\"}' ><h2 style=\"font-family:&#039;Lato&#039;;font-weight:700;margin-top:36px;margin-bottom:28px;\">Contacontes<\/h2><\/div><\/div><div class=\"wpb_text_column us_custom_7e53051d\"><div class=\"wpb_wrapper\"><p>Acabem el mes de gener amb un contacontes d&#8217;animaci\u00f3 a la lectura que t\u00e9 com a protagonistes als m\u00e9s xicotets i xicotetes. Us esperem!<\/p>\n<\/div><\/div><\/div><\/div><div class=\"wpb_column vc_column_container\"><div class=\"vc_column-inner\"><div class=\"w-image align_left\"><a ref=\"magnificPopup\" href=\"https:\/\/ayto.mutxamel.org\/wp-content\/uploads\/2024\/01\/Cuentacuentos-CAS-scaled.jpg\" aria-label=\"Cuentacuentos CAS.\" class=\"w-image-h\"><img decoding=\"async\" width=\"212\" height=\"300\" src=\"https:\/\/ayto.mutxamel.org\/wp-content\/uploads\/2024\/01\/Cuentacuentos-CAS-212x300.jpg\" class=\"attachment-medium size-medium\" alt=\"cuentacuentos\" loading=\"lazy\" srcset=\"https:\/\/ayto.mutxamel.org\/wp-content\/uploads\/2024\/01\/Cuentacuentos-CAS-212x300.jpg 212w, https:\/\/ayto.mutxamel.org\/wp-content\/uploads\/2024\/01\/Cuentacuentos-CAS-724x1024.jpg 724w, https:\/\/ayto.mutxamel.org\/wp-content\/uploads\/2024\/01\/Cuentacuentos-CAS-283x400.jpg 283w, https:\/\/ayto.mutxamel.org\/wp-content\/uploads\/2024\/01\/Cuentacuentos-CAS-scaled.jpg 1357w\" sizes=\"auto, (max-width: 212px) 100vw, 212px\" \/><\/a><\/div><\/div><\/div><\/div><\/div><\/section><section class=\"l-section wpb_row height_auto\"><div class=\"l-section-h i-cf\"><div class=\"g-cols vc_row via_grid cols_1 laptops-cols_inherit tablets-cols_inherit mobiles-cols_1 valign_top type_default stacking_default\"><div class=\"wpb_column vc_column_container\"><div class=\"vc_column-inner\"><div class=\"w-separator size_small with_line width_default thick_1 style_solid color_border align_center\"><div class=\"w-separator-h\"><\/div><\/div><\/div><\/div><\/div><\/div><\/section><section class=\"l-section wpb_row height_auto\"><div class=\"l-section-h i-cf\"><div class=\"g-cols vc_row via_grid cols_2-1 laptops-cols_inherit tablets-cols_inherit mobiles-cols_1 valign_top type_default stacking_default\"><div class=\"wpb_column vc_column_container\"><div class=\"vc_column-inner\"><div id=\"ultimate-heading-146669f36ab550986\" class=\"uvc-heading ult-adjust-bottom-margin ultimate-heading-146669f36ab550986 uvc-8145 mays\" data-hspacer=\"no_spacer\"  data-halign=\"left\" style=\"text-align:left\"><div class=\"uvc-heading-spacer no_spacer\" style=\"top\"><\/div><div class=\"uvc-main-heading ult-responsive\"  data-ultimate-target='.uvc-heading.ultimate-heading-146669f36ab550986 h2'  data-responsive-json-new='{\"font-size\":\"desktop:24px;tablet:21px;tablet_portrait:18px;mobile_landscape:16px;mobile:16px;\",\"line-height\":\"\"}' ><h2 style=\"font-family:&#039;Lato&#039;;font-weight:700;margin-top:36px;margin-bottom:28px;\">Club de lectura: Madre Tierra<\/h2><\/div><\/div><div class=\"wpb_text_column us_custom_7e53051d\"><div class=\"wpb_wrapper\"><p>En el Club de Lectura del mes de gener tindrem el privilegi de comptar amb Manuel Mira Candel, guanyador del premi Azor\u00edn 2004, amb el qual comentarem el seu llibre \u201cMare Terra\u201d. Una novel\u00b7la hist\u00f2rica de ficci\u00f3 sobre els \u00faltims dies de la Guerra Civil Espanyola que comen\u00e7a en el port d&#8217;Alacant.<\/p>\n<\/div><\/div><\/div><\/div><div class=\"wpb_column vc_column_container\"><div class=\"vc_column-inner\"><div class=\"w-image align_left\"><a ref=\"magnificPopup\" href=\"https:\/\/ayto.mutxamel.org\/wp-content\/uploads\/2023\/11\/Club-de-lectura-madre-tierra-scaled.jpg\" aria-label=\"Club de lectura madre tierra\" class=\"w-image-h\"><img decoding=\"async\" width=\"212\" height=\"300\" src=\"https:\/\/ayto.mutxamel.org\/wp-content\/uploads\/2023\/11\/Club-de-lectura-madre-tierra-212x300.jpg\" class=\"attachment-medium size-medium\" alt=\"cluc lectura\" loading=\"lazy\" srcset=\"https:\/\/ayto.mutxamel.org\/wp-content\/uploads\/2023\/11\/Club-de-lectura-madre-tierra-212x300.jpg 212w, https:\/\/ayto.mutxamel.org\/wp-content\/uploads\/2023\/11\/Club-de-lectura-madre-tierra-724x1024.jpg 724w, https:\/\/ayto.mutxamel.org\/wp-content\/uploads\/2023\/11\/Club-de-lectura-madre-tierra-283x400.jpg 283w, https:\/\/ayto.mutxamel.org\/wp-content\/uploads\/2023\/11\/Club-de-lectura-madre-tierra-scaled.jpg 1357w\" sizes=\"auto, (max-width: 212px) 100vw, 212px\" \/><\/a><\/div><\/div><\/div><\/div><\/div><\/section><section class=\"l-section wpb_row height_auto\"><div class=\"l-section-h i-cf\"><div class=\"g-cols vc_row via_grid cols_1 laptops-cols_inherit tablets-cols_inherit mobiles-cols_1 valign_top type_default stacking_default\"><div class=\"wpb_column vc_column_container\"><div class=\"vc_column-inner\"><div class=\"w-separator size_small with_line width_default thick_1 style_solid color_border align_center\"><div class=\"w-separator-h\"><\/div><\/div><\/div><\/div><\/div><\/div><\/section>\n","protected":false},"featured_media":0,"parent":36796,"menu_order":0,"template":"","meta":{"_acf_changed":false,"footnotes":""},"categoria_area":[358],"ambito_area":[],"class_list":["post-37001","area","type-area","status-publish","hentry","categoria_area-biblioteca-ca"],"acf":[],"yoast_head":"<!-- This site is optimized with the Yoast SEO plugin v27.3 - https:\/\/yoast.com\/product\/yoast-seo-wordpress\/ -->\n<title>Activitats - Ayuntamiento de Mutxamel<\/title>\n<meta name=\"robots\" content=\"index, follow, max-snippet:-1, max-image-preview:large, max-video-preview:-1\" \/>\n<link rel=\"canonical\" href=\"https:\/\/ayto.mutxamel.org\/ca\/area\/biblioteca\/activitats\/\" \/>\n<meta property=\"og:locale\" content=\"ca_ES\" \/>\n<meta property=\"og:type\" content=\"article\" \/>\n<meta property=\"og:title\" content=\"Activitats - Ayuntamiento de Mutxamel\" \/>\n<meta property=\"og:url\" content=\"https:\/\/ayto.mutxamel.org\/ca\/area\/biblioteca\/activitats\/\" \/>\n<meta property=\"og:site_name\" content=\"Ayuntamiento de Mutxamel\" \/>\n<meta property=\"article:modified_time\" content=\"2026-04-02T09:08:33+00:00\" \/>\n<meta name=\"twitter:card\" content=\"summary_large_image\" \/>\n<meta name=\"twitter:label1\" content=\"Temps estimat de lectura\" \/>\n\t<meta name=\"twitter:data1\" content=\"14 minuts\" \/>\n<script type=\"application\/ld+json\" class=\"yoast-schema-graph\">{\"@context\":\"https:\\\/\\\/schema.org\",\"@graph\":[{\"@type\":\"WebPage\",\"@id\":\"https:\\\/\\\/ayto.mutxamel.org\\\/ca\\\/area\\\/biblioteca\\\/activitats\\\/\",\"url\":\"https:\\\/\\\/ayto.mutxamel.org\\\/ca\\\/area\\\/biblioteca\\\/activitats\\\/\",\"name\":\"Activitats - Ayuntamiento de Mutxamel\",\"isPartOf\":{\"@id\":\"https:\\\/\\\/ayto.mutxamel.org\\\/ca\\\/#website\"},\"datePublished\":\"2023-11-02T12:04:41+00:00\",\"dateModified\":\"2026-04-02T09:08:33+00:00\",\"breadcrumb\":{\"@id\":\"https:\\\/\\\/ayto.mutxamel.org\\\/ca\\\/area\\\/biblioteca\\\/activitats\\\/#breadcrumb\"},\"inLanguage\":\"ca\",\"potentialAction\":[{\"@type\":\"ReadAction\",\"target\":[\"https:\\\/\\\/ayto.mutxamel.org\\\/ca\\\/area\\\/biblioteca\\\/activitats\\\/\"]}]},{\"@type\":\"BreadcrumbList\",\"@id\":\"https:\\\/\\\/ayto.mutxamel.org\\\/ca\\\/area\\\/biblioteca\\\/activitats\\\/#breadcrumb\",\"itemListElement\":[{\"@type\":\"ListItem\",\"position\":1,\"name\":\"Portada\",\"item\":\"https:\\\/\\\/ayto.mutxamel.org\\\/ca\\\/\"},{\"@type\":\"ListItem\",\"position\":2,\"name\":\"areas\",\"item\":\"https:\\\/\\\/ayto.mutxamel.org\\\/ca\\\/area\\\/\"},{\"@type\":\"ListItem\",\"position\":3,\"name\":\"Biblioteca\",\"item\":\"https:\\\/\\\/ayto.mutxamel.org\\\/ca\\\/area\\\/biblioteca\\\/\"},{\"@type\":\"ListItem\",\"position\":4,\"name\":\"Activitats\"}]},{\"@type\":\"WebSite\",\"@id\":\"https:\\\/\\\/ayto.mutxamel.org\\\/ca\\\/#website\",\"url\":\"https:\\\/\\\/ayto.mutxamel.org\\\/ca\\\/\",\"name\":\"Ayuntamiento de Mutxamel\",\"description\":\"\",\"potentialAction\":[{\"@type\":\"SearchAction\",\"target\":{\"@type\":\"EntryPoint\",\"urlTemplate\":\"https:\\\/\\\/ayto.mutxamel.org\\\/ca\\\/?s={search_term_string}\"},\"query-input\":{\"@type\":\"PropertyValueSpecification\",\"valueRequired\":true,\"valueName\":\"search_term_string\"}}],\"inLanguage\":\"ca\"}]}<\/script>\n<!-- \/ Yoast SEO plugin. -->","yoast_head_json":{"title":"Activitats - Ayuntamiento de Mutxamel","robots":{"index":"index","follow":"follow","max-snippet":"max-snippet:-1","max-image-preview":"max-image-preview:large","max-video-preview":"max-video-preview:-1"},"canonical":"https:\/\/ayto.mutxamel.org\/ca\/area\/biblioteca\/activitats\/","og_locale":"ca_ES","og_type":"article","og_title":"Activitats - Ayuntamiento de Mutxamel","og_url":"https:\/\/ayto.mutxamel.org\/ca\/area\/biblioteca\/activitats\/","og_site_name":"Ayuntamiento de Mutxamel","article_modified_time":"2026-04-02T09:08:33+00:00","twitter_card":"summary_large_image","twitter_misc":{"Temps estimat de lectura":"14 minuts"},"schema":{"@context":"https:\/\/schema.org","@graph":[{"@type":"WebPage","@id":"https:\/\/ayto.mutxamel.org\/ca\/area\/biblioteca\/activitats\/","url":"https:\/\/ayto.mutxamel.org\/ca\/area\/biblioteca\/activitats\/","name":"Activitats - Ayuntamiento de Mutxamel","isPartOf":{"@id":"https:\/\/ayto.mutxamel.org\/ca\/#website"},"datePublished":"2023-11-02T12:04:41+00:00","dateModified":"2026-04-02T09:08:33+00:00","breadcrumb":{"@id":"https:\/\/ayto.mutxamel.org\/ca\/area\/biblioteca\/activitats\/#breadcrumb"},"inLanguage":"ca","potentialAction":[{"@type":"ReadAction","target":["https:\/\/ayto.mutxamel.org\/ca\/area\/biblioteca\/activitats\/"]}]},{"@type":"BreadcrumbList","@id":"https:\/\/ayto.mutxamel.org\/ca\/area\/biblioteca\/activitats\/#breadcrumb","itemListElement":[{"@type":"ListItem","position":1,"name":"Portada","item":"https:\/\/ayto.mutxamel.org\/ca\/"},{"@type":"ListItem","position":2,"name":"areas","item":"https:\/\/ayto.mutxamel.org\/ca\/area\/"},{"@type":"ListItem","position":3,"name":"Biblioteca","item":"https:\/\/ayto.mutxamel.org\/ca\/area\/biblioteca\/"},{"@type":"ListItem","position":4,"name":"Activitats"}]},{"@type":"WebSite","@id":"https:\/\/ayto.mutxamel.org\/ca\/#website","url":"https:\/\/ayto.mutxamel.org\/ca\/","name":"Ayuntamiento de Mutxamel","description":"","potentialAction":[{"@type":"SearchAction","target":{"@type":"EntryPoint","urlTemplate":"https:\/\/ayto.mutxamel.org\/ca\/?s={search_term_string}"},"query-input":{"@type":"PropertyValueSpecification","valueRequired":true,"valueName":"search_term_string"}}],"inLanguage":"ca"}]}},"_links":{"self":[{"href":"https:\/\/ayto.mutxamel.org\/ca\/wp-json\/wp\/v2\/area\/37001","targetHints":{"allow":["GET"]}}],"collection":[{"href":"https:\/\/ayto.mutxamel.org\/ca\/wp-json\/wp\/v2\/area"}],"about":[{"href":"https:\/\/ayto.mutxamel.org\/ca\/wp-json\/wp\/v2\/types\/area"}],"version-history":[{"count":97,"href":"https:\/\/ayto.mutxamel.org\/ca\/wp-json\/wp\/v2\/area\/37001\/revisions"}],"predecessor-version":[{"id":67079,"href":"https:\/\/ayto.mutxamel.org\/ca\/wp-json\/wp\/v2\/area\/37001\/revisions\/67079"}],"up":[{"embeddable":true,"href":"https:\/\/ayto.mutxamel.org\/ca\/wp-json\/wp\/v2\/area\/36796"}],"wp:attachment":[{"href":"https:\/\/ayto.mutxamel.org\/ca\/wp-json\/wp\/v2\/media?parent=37001"}],"wp:term":[{"taxonomy":"categoria_area","embeddable":true,"href":"https:\/\/ayto.mutxamel.org\/ca\/wp-json\/wp\/v2\/categoria_area?post=37001"},{"taxonomy":"ambito_area","embeddable":true,"href":"https:\/\/ayto.mutxamel.org\/ca\/wp-json\/wp\/v2\/ambito_area?post=37001"}],"curies":[{"name":"wp","href":"https:\/\/api.w.org\/{rel}","templated":true}]}}