{"id":36796,"date":"2023-10-06T11:41:19","date_gmt":"2023-10-06T09:41:19","guid":{"rendered":"https:\/\/ayto.mutxamel.org\/area\/biblioteca\/"},"modified":"2026-04-02T10:15:57","modified_gmt":"2026-04-02T08:15:57","slug":"biblioteca","status":"publish","type":"area","link":"https:\/\/ayto.mutxamel.org\/ca\/area\/biblioteca\/","title":{"rendered":"Biblioteca"},"content":{"rendered":"<section class=\"l-section wpb_row us_custom_9d1e26d6 height_medium width_full color_alternate with_img\"><div class=\"l-section-img\" role=\"img\" aria-label=\"Imatge\" data-img-width=\"1600\" data-img-height=\"600\" style=\"background-image: url(https:\/\/ayto.mutxamel.org\/wp-content\/uploads\/2023\/11\/CabArea_Biblioteca.jpg);background-position: top center;background-repeat: no-repeat;\"><\/div><div class=\"l-section-overlay\" style=\"background:rgba(228,235,233,0.55)\"><\/div><div class=\"l-section-h i-cf\"><div class=\"g-cols vc_row via_grid cols_1 laptops-cols_inherit tablets-cols_inherit mobiles-cols_1 valign_top type_default stacking_default\" style=\"--columns-gap:1rem;\"><div class=\"wpb_column vc_column_container\"><div class=\"vc_column-inner\"><div class=\"w-image align_center\"><div class=\"w-image-h\"><img decoding=\"async\" width=\"596\" height=\"341\" src=\"https:\/\/ayto.mutxamel.org\/wp-content\/uploads\/2023\/11\/Logo_va_bibliotecas.png\" class=\"attachment-us_600_400 size-us_600_400\" alt=\"Biblioteques\" loading=\"lazy\" srcset=\"https:\/\/ayto.mutxamel.org\/wp-content\/uploads\/2023\/11\/Logo_va_bibliotecas.png 596w, https:\/\/ayto.mutxamel.org\/wp-content\/uploads\/2023\/11\/Logo_va_bibliotecas-300x172.png 300w\" sizes=\"auto, (max-width: 596px) 100vw, 596px\" \/><\/div><\/div><\/div><\/div><\/div><\/div><\/section><section class=\"l-section wpb_row us_custom_d8087e8f hidden height_medium width_full color_alternate with_img\"><div class=\"l-section-img\" role=\"img\" aria-label=\"Imatge\" data-img-width=\"1600\" data-img-height=\"600\" style=\"background-image: url(https:\/\/ayto.mutxamel.org\/wp-content\/uploads\/2023\/11\/CabArea_Biblioteca.jpg);background-position: top center;background-repeat: no-repeat;\"><\/div><div class=\"l-section-overlay\" style=\"background:rgba(220,232,230,0.50)\"><\/div><div class=\"l-section-h i-cf\"><div class=\"g-cols vc_row via_grid cols_1 laptops-cols_inherit tablets-cols_inherit mobiles-cols_1 valign_top type_default stacking_default\" style=\"--columns-gap:1rem;\"><div class=\"wpb_column vc_column_container\"><div class=\"vc_column-inner\"><div id=\"ultimate-heading-574269f461c002982\" class=\"uvc-heading ult-adjust-bottom-margin ultimate-heading-574269f461c002982 uvc-1110 mays\" data-hspacer=\"no_spacer\"  data-halign=\"center\" style=\"text-align:center\"><div class=\"uvc-heading-spacer no_spacer\" style=\"top\"><\/div><div class=\"uvc-main-heading ult-responsive\"  data-ultimate-target='.uvc-heading.ultimate-heading-574269f461c002982 h1'  data-responsive-json-new='{\"font-size\":\"\",\"line-height\":\"\"}' ><h1 style=\"font-family:&#039;Lato&#039;;font-weight:300;color:#ffffff;\">Biblioteca<\/h1><\/div><\/div><\/div><\/div><\/div><\/div><\/section><section class=\"l-section wpb_row us_custom_78eeb0de height_auto\"><div class=\"l-section-h i-cf\"><div class=\"g-cols vc_row via_grid cols_1 laptops-cols_inherit tablets-cols_inherit mobiles-cols_1 valign_middle type_default stacking_default\"><div class=\"wpb_column vc_column_container\"><div class=\"vc_column-inner\"><div class=\"w-grid us_grid us_custom_ed79db5d has_text_color type_grid layout_25217 cols_5 preload_style_spinner\" id=\"us_grid_1\" style=\"--columns:5;--gap:0rem;\"><style>@media (max-width:1380px){#us_grid_1{--columns:4!important}}@media (max-width:1024px){#us_grid_1{--columns:2!important}}@media (max-width:600px){#us_grid_1{--columns:1!important}}.layout_25217 .w-grid-item-h{background:#cbe0d4}.layout_25217 .usg_post_title_1{transition-duration:0.3s;transform-origin:50% 50%;transform:scale(1) translate(0%,0%)}.layout_25217 .w-grid-item-h:focus-within .usg_post_title_1,.layout_25217 .w-grid-item-h:hover .usg_post_title_1{transform:scale(1) translate(0%,0%);opacity:0.6}.layout_25217 .usg_hwrapper_1{text-align:center!important;padding-top:12px!important;padding-bottom:12px!important;border-left-width:0.5px!important;border-right-width:0.5px!important;border-color:#a7c7b5!important;background:#cbe0d4!important}.layout_25217 .usg_post_title_1{color:#2a5c41!important;text-align:center!important;font-size:0.78rem!important;line-height:0.92rem!important;text-transform:uppercase!important;width:100%!important;height:100%!important;margin-left:-0.5px!important;margin-right:-0.5px!important;border-left-width:1px!important;border-right-width:1px!important;border-color:#a7c7b5!important;border-right-style:solid!important;border-left-style:solid!important;background:#cbe0d4!important}<\/style><div class=\"w-grid-list\">\t<article class=\"w-grid-item size_1x1 post-36998 area type-area status-publish hentry categoria_area-biblioteca-ca\" data-id=\"36998\">\r\n\t\t<div class=\"w-grid-item-h\">\r\n\t\t\t\t\t\t<div class=\"w-hwrapper usg_hwrapper_1 menu_subarea align_center valign_middle wrap stack_on_mobiles\" style=\"--hwrapper-gap:0px\"><span class=\"w-post-elm post_title usg_post_title_1 has_text_color align_center entry-title color_link_inherit\"><a href=\"https:\/\/ayto.mutxamel.org\/ca\/area\/biblioteca\/novetats\/\">Novetats<\/a><\/span><\/div>\t\t<\/div>\r\n\t\t\t<\/article>\r\n\t<article class=\"w-grid-item size_1x1 post-37001 area type-area status-publish hentry categoria_area-biblioteca-ca\" data-id=\"37001\">\r\n\t\t<div class=\"w-grid-item-h\">\r\n\t\t\t\t\t\t<div class=\"w-hwrapper usg_hwrapper_1 menu_subarea align_center valign_middle wrap stack_on_mobiles\" style=\"--hwrapper-gap:0px\"><span class=\"w-post-elm post_title usg_post_title_1 has_text_color align_center entry-title color_link_inherit\"><a href=\"https:\/\/ayto.mutxamel.org\/ca\/area\/biblioteca\/activitats\/\">Activitats<\/a><\/span><\/div>\t\t<\/div>\r\n\t\t\t<\/article>\r\n\t<article class=\"w-grid-item size_1x1 post-37005 area type-area status-publish hentry categoria_area-biblioteca-ca\" data-id=\"37005\">\r\n\t\t<div class=\"w-grid-item-h\">\r\n\t\t\t\t\t\t<div class=\"w-hwrapper usg_hwrapper_1 menu_subarea align_center valign_middle wrap stack_on_mobiles\" style=\"--hwrapper-gap:0px\"><span class=\"w-post-elm post_title usg_post_title_1 has_text_color align_center entry-title color_link_inherit\"><a href=\"https:\/\/ayto.mutxamel.org\/ca\/area\/biblioteca\/recursos\/\">Recursos<\/a><\/span><\/div>\t\t<\/div>\r\n\t\t\t<\/article>\r\n<\/div>\t<div class=\"w-grid-preloader\">\r\n\t\t<div class=\"g-preloader type_1\">\r\n\t\t\t<div><\/div>\r\n\t\t<\/div>\r\n\t<\/div>\r\n\t\t<div class=\"w-grid-json hidden\" onclick='return {&quot;action&quot;:&quot;us_ajax_grid&quot;,&quot;infinite_scroll&quot;:0,&quot;max_num_pages&quot;:1,&quot;pagination&quot;:&quot;none&quot;,&quot;template_vars&quot;:{&quot;columns&quot;:&quot;5&quot;,&quot;exclude_items&quot;:&quot;none&quot;,&quot;img_size&quot;:&quot;default&quot;,&quot;ignore_items_size&quot;:0,&quot;items_layout&quot;:&quot;25217&quot;,&quot;items_offset&quot;:&quot;1&quot;,&quot;load_animation&quot;:&quot;none&quot;,&quot;overriding_link&quot;:&quot;%7B%22url%22%3A%22%22%7D&quot;,&quot;post_id&quot;:34084,&quot;query_args&quot;:{&quot;ignore_sticky_posts&quot;:1,&quot;post_type&quot;:&quot;any&quot;,&quot;post__in&quot;:[&quot;26663&quot;,&quot;26736&quot;,&quot;26740&quot;,&quot;26750&quot;,&quot;26785&quot;],&quot;posts_per_page&quot;:&quot;18&quot;},&quot;orderby_query_args&quot;:{&quot;orderby&quot;:{&quot;post__in&quot;:&quot;ASC&quot;},&quot;order&quot;:&quot;ASC&quot;},&quot;type&quot;:&quot;grid&quot;,&quot;us_grid_post_type&quot;:&quot;ids&quot;,&quot;us_grid_ajax_index&quot;:1,&quot;us_grid_filter_query_string&quot;:null,&quot;us_grid_index&quot;:1,&quot;page_args&quot;:[],&quot;lang&quot;:&quot;ca&quot;}}'><\/div>\r\n\t<\/div><\/div><\/div><\/div><\/div><\/section><!-- Row Backgrounds --><div class=\"upb_color\" data-bg-override=\"0\" data-bg-color=\"rgba(112,165,136,0.36)\" data-fadeout=\"\" data-fadeout-percentage=\"30\" data-parallax-content=\"\" data-parallax-content-sense=\"30\" data-row-effect-mobile-disable=\"true\" data-img-parallax-mobile-disable=\"true\" data-rtl=\"false\"  data-custom-vc-row=\"\"  data-vc=\"8.7.2\"  data-is_old_vc=\"\"  data-theme-support=\"\"   data-overlay=\"false\" data-overlay-color=\"\" data-overlay-pattern=\"\" data-overlay-pattern-opacity=\"\" data-overlay-pattern-size=\"\"    ><\/div><section class=\"l-section wpb_row height_auto\" id=\"mtxcontent\"><div class=\"l-section-h i-cf\"><div class=\"g-cols vc_row via_grid cols_1 laptops-cols_inherit tablets-cols_inherit mobiles-cols_1 valign_top type_default stacking_default\"><div class=\"wpb_column vc_column_container\"><div class=\"vc_column-inner\"><div class=\"wpb_text_column us_custom_dbce126d\"><div class=\"wpb_wrapper\"><nav aria-label=\"breadcrumbs\">\n            <div class=\"breadcrumb-container theme1\">\n                <ol>\n                                    <\/ol>\n            <\/div>\n        <\/nav>    <script type=\"application\/ld+json\">\n        {\n            \"@context\": \"http:\/\/schema.org\",\n            \"@type\": \"BreadcrumbList\",\n            \"itemListElement\": [\n                            ]\n        }\n    <\/script>\n   \n    <script>\n            <\/script>\n\n<\/div><\/div><\/div><\/div><\/div><\/div><\/section><!-- Row Backgrounds --><div class=\"upb_color\" data-bg-override=\"0\" data-bg-color=\"#eeeeee\" data-fadeout=\"\" data-fadeout-percentage=\"30\" data-parallax-content=\"\" data-parallax-content-sense=\"30\" data-row-effect-mobile-disable=\"true\" data-img-parallax-mobile-disable=\"true\" data-rtl=\"false\"  data-custom-vc-row=\"\"  data-vc=\"8.7.2\"  data-is_old_vc=\"\"  data-theme-support=\"\"   data-overlay=\"false\" data-overlay-color=\"\" data-overlay-pattern=\"\" data-overlay-pattern-opacity=\"\" data-overlay-pattern-size=\"\"    ><\/div>\n\n<section class=\"l-section wpb_row height_small\"><div class=\"l-section-h i-cf\"><div class=\"g-cols vc_row via_grid cols_1 laptops-cols_inherit tablets-cols_inherit mobiles-cols_1 valign_top type_default stacking_default\"><div class=\"wpb_column vc_column_container\"><div class=\"vc_column-inner\"><div class=\"g-cols wpb_row via_grid cols_1 laptops-cols_inherit tablets-cols_inherit mobiles-cols_1 valign_middle type_default stacking_default\" style=\"--columns-gap:3rem;\"><div class=\"wpb_column vc_column_container\"><div class=\"vc_column-inner\"><h1 class=\"w-post-elm post_title us_custom_ab5202c7 has_text_color align_center entry-title\">Recursos<\/h1><\/div><\/div><\/div><\/div><\/div><\/div><\/div><\/section>\n<section class=\"l-section wpb_row height_auto\"><div class=\"l-section-h i-cf\"><div class=\"g-cols vc_row via_grid cols_1 laptops-cols_inherit tablets-cols_inherit mobiles-cols_1 valign_top type_default stacking_default\"><div class=\"wpb_column vc_column_container\"><div class=\"vc_column-inner\"><div class=\"wpb_text_column us_custom_7e53051d\"><div class=\"wpb_wrapper\"><p>Mutxamel compta amb dues biblioteques p\u00fabliques situades a la Casa de la Cultura: la biblioteca \u201cNotari Josep Blanquer\u201d, en la qual es troba tot el material per al p\u00fablic adult; i la \u201cAg\u00e8ncia de Lectura Infantil-Juvenil\u201d on trobem material per als m\u00e9s xicotets i joves. L&#8217;objectiu d&#8217;ambdues \u00e9s actuar com a centres d&#8217;informaci\u00f3, formaci\u00f3 i oci de la poblaci\u00f3, contribuint a la integraci\u00f3 social, a la participaci\u00f3 de la comunitat i a la transmissi\u00f3 de l&#8217;her\u00e8ncia cultural local.<\/p>\n<\/div><\/div><\/div><\/div><\/div><\/div><\/section><section class=\"l-section wpb_row height_auto\" id=\"biblioteques\"><div class=\"l-section-h i-cf\"><div class=\"g-cols vc_row via_grid cols_1 laptops-cols_inherit tablets-cols_inherit mobiles-cols_1 valign_top type_default stacking_default\"><div class=\"wpb_column vc_column_container\"><div class=\"vc_column-inner\"><div class=\"w-separator size_small with_line width_default thick_1 style_solid color_border align_center\"><div class=\"w-separator-h\"><\/div><\/div><div class=\"g-cols wpb_row via_grid cols_1-2 laptops-cols_inherit tablets-cols_inherit mobiles-cols_1 valign_top type_default stacking_default\" style=\"--columns-gap:3rem;\"><div class=\"wpb_column vc_column_container\"><div class=\"vc_column-inner\"><div id=\"ultimate-heading-690569f461c026072\" class=\"uvc-heading ult-adjust-bottom-margin ultimate-heading-690569f461c026072 uvc-1734 mays\" data-hspacer=\"no_spacer\"  data-halign=\"left\" style=\"text-align:left\"><div class=\"uvc-heading-spacer no_spacer\" style=\"top\"><\/div><\/div><\/div><\/div><div class=\"wpb_column vc_column_container\"><div class=\"vc_column-inner\"><div class=\"w-hwrapper us_custom_99390c8a datos_area valign_middle wrap align_none\" style=\"--hwrapper-gap:2rem\"><div class=\"w-iconbox iconpos_left style_default color_primary align_center no_text\"><a target=\"_blank\" href=\"https:\/\/maps.app.goo.gl\/yysxFb6sLri7VTwXA\" class=\"w-iconbox-link\" aria-label=\"C\/ Ram\u00f3n y Cajal, s\/n, 03110\"><div class=\"w-iconbox-icon\" style=\"font-size:1.1rem;\"><i class=\"fas fa-map-marker-alt\"><\/i><\/div><\/a><div class=\"w-iconbox-meta\"><span class=\"w-iconbox-title\" style=\"font-size:0.69rem;\"><a target=\"_blank\" href=\"https:\/\/maps.app.goo.gl\/yysxFb6sLri7VTwXA\" class=\"w-iconbox-link\" aria-label=\"C\/ Ram\u00f3n y Cajal, s\/n, 03110\">C\/ Ram\u00f3n y Cajal, s\/n, 03110<\/a><\/span><\/div><\/div><div class=\"w-iconbox iconpos_left style_default color_primary align_center no_text\"><a target=\"_blank\" href=\"tel:0034965955328\" class=\"w-iconbox-link\" aria-label=\"965 955 328\"><div class=\"w-iconbox-icon\" style=\"font-size:1.1rem;\"><i class=\"fas fa-phone-alt\"><\/i><\/div><\/a><div class=\"w-iconbox-meta\"><span class=\"w-iconbox-title\" style=\"font-size:0.69rem;\"><a target=\"_blank\" href=\"tel:0034965955328\" class=\"w-iconbox-link\" aria-label=\"965 955 328\">965 955 328<\/a><\/span><\/div><\/div><div class=\"w-iconbox iconpos_left style_default color_primary align_center no_text\"><a target=\"_blank\" href=\"mailto:biblioteca@mutxamel.org\" class=\"w-iconbox-link\" aria-label=\"biblioteca@mutxamel.org\"><div class=\"w-iconbox-icon\" style=\"font-size:1.1rem;\"><i class=\"fas fa-envelope\"><\/i><\/div><\/a><div class=\"w-iconbox-meta\"><span class=\"w-iconbox-title\" style=\"font-size:0.69rem;\"><a target=\"_blank\" href=\"mailto:biblioteca@mutxamel.org\" class=\"w-iconbox-link\" aria-label=\"biblioteca@mutxamel.org\">biblioteca@mutxamel.org<\/a><\/span><\/div><\/div><\/div><div class=\"w-hwrapper datos_area valign_middle wrap align_none\" style=\"--hwrapper-gap:2rem\"><div class=\"w-iconbox us_custom_55b0d5f0 linkext iconpos_left style_default color_primary align_center no_text\"><div class=\"w-iconbox-icon\" style=\"font-size:1.1rem;\"><i class=\"fas fa-clock\"><\/i><\/div><div class=\"w-iconbox-meta\"><p class=\"w-iconbox-title\" style=\"font-size:0.69rem;\">Horari d&#8217;hivern: <b>8:00 a 14:30 h i de 16:00 a 20:00 h (dilluns a divendres)<\/b><\/p><\/div><\/div><div class=\"w-iconbox us_custom_55b0d5f0 linkext iconpos_left style_default color_primary align_center no_text\"><div class=\"w-iconbox-icon\" style=\"font-size:1.1rem;\"><i class=\"fas fa-clock\"><\/i><\/div><div class=\"w-iconbox-meta\"><p class=\"w-iconbox-title\" style=\"font-size:0.69rem;\">Horari d&#8217;estiu: <b>del 1 de juliol al 13 de setembre de 8:00 a 14:00 h (dilluns a divendres). Tardes tancat<\/b><\/p><\/div><\/div><div class=\"w-iconbox us_custom_55b0d5f0 linkext iconpos_left style_default color_primary align_center no_text\"><div class=\"w-iconbox-icon\" style=\"font-size:1.1rem;\"><i class=\"fas fa-clock\"><\/i><\/div><div class=\"w-iconbox-meta\"><p class=\"w-iconbox-title\" style=\"font-size:0.69rem;\">Horari de servici de pr\u00e9stec i devoluci\u00f3: <b>8:00 a 14:25 h i de 16:00 a 19:55 h (dilluns a divendres)<\/b><\/p><\/div><\/div><div class=\"w-iconbox us_custom_55b0d5f0 linkext iconpos_left style_default color_primary align_center no_text\"><div class=\"w-iconbox-icon\" style=\"font-size:1.1rem;\"><i class=\"fas fa-clock\"><\/i><\/div><div class=\"w-iconbox-meta\"><p class=\"w-iconbox-title\" style=\"font-size:0.69rem;\">Horari de servici de pr\u00e9stec i devoluci\u00f3 d&#8217;estiu: <b>8:00 a 13:55 h (dilluns a divendres)<\/b><\/p><\/div><\/div><\/div><\/div><\/div><\/div><div class=\"w-separator size_small with_line width_default thick_1 style_solid color_border align_center\"><div class=\"w-separator-h\"><\/div><\/div><div class=\"g-cols wpb_row via_grid cols_1-2 laptops-cols_inherit tablets-cols_inherit mobiles-cols_1 valign_top type_default stacking_default\" style=\"--columns-gap:3rem;\"><div class=\"wpb_column vc_column_container\"><div class=\"vc_column-inner\"><div id=\"ultimate-heading-506069f461c027777\" class=\"uvc-heading ult-adjust-bottom-margin ultimate-heading-506069f461c027777 uvc-9991 mays\" data-hspacer=\"no_spacer\"  data-halign=\"left\" style=\"text-align:left\"><div class=\"uvc-heading-spacer no_spacer\" style=\"top\"><\/div><div class=\"uvc-main-heading ult-responsive\"  data-ultimate-target='.uvc-heading.ultimate-heading-506069f461c027777 div'  data-responsive-json-new='{\"font-size\":\"desktop:18px;tablet:15px;tablet_portrait:12px;mobile_landscape:12px;mobile:12px;\",\"line-height\":\"\"}' ><div style=\"font-family:&#039;Lato&#039;;font-weight:700;\">Ag\u00e8ncia de Lectura P\u00fablica Municipal Infantil-Juvenil de Mutxamel (Biblioteca Infantil-Juvenil)<\/div><\/div><\/div><\/div><\/div><div class=\"wpb_column vc_column_container\"><div class=\"vc_column-inner\"><div class=\"w-hwrapper us_custom_99390c8a datos_area valign_middle wrap align_none\" style=\"--hwrapper-gap:2rem\"><div class=\"w-iconbox iconpos_left style_default color_primary align_center no_text\"><a target=\"_blank\" href=\"https:\/\/maps.app.goo.gl\/8pnmJQoo75W5zk2r5\" class=\"w-iconbox-link\" aria-label=\"C\/ Ram\u00f3n y Cajal, s\/n, 03110\"><div class=\"w-iconbox-icon\" style=\"font-size:1.1rem;\"><i class=\"fas fa-map-marker-alt\"><\/i><\/div><\/a><div class=\"w-iconbox-meta\"><span class=\"w-iconbox-title\" style=\"font-size:0.69rem;\"><a target=\"_blank\" href=\"https:\/\/maps.app.goo.gl\/8pnmJQoo75W5zk2r5\" class=\"w-iconbox-link\" aria-label=\"C\/ Ram\u00f3n y Cajal, s\/n, 03110\">C\/ Ram\u00f3n y Cajal, s\/n, 03110<\/a><\/span><\/div><\/div><div class=\"w-iconbox iconpos_left style_default color_primary align_center no_text\"><a target=\"_blank\" href=\"tel:0034965955328\" class=\"w-iconbox-link\" aria-label=\"965 955 328\"><div class=\"w-iconbox-icon\" style=\"font-size:1.1rem;\"><i class=\"fas fa-phone-alt\"><\/i><\/div><\/a><div class=\"w-iconbox-meta\"><span class=\"w-iconbox-title\" style=\"font-size:0.69rem;\"><a target=\"_blank\" href=\"tel:0034965955328\" class=\"w-iconbox-link\" aria-label=\"965 955 328\">965 955 328<\/a><\/span><\/div><\/div><div class=\"w-iconbox iconpos_left style_default color_primary align_center no_text\"><a target=\"_blank\" href=\"mailto:biblioteca@mutxamel.org\" class=\"w-iconbox-link\" aria-label=\"biblioteca@mutxamel.org\"><div class=\"w-iconbox-icon\" style=\"font-size:1.1rem;\"><i class=\"fas fa-envelope\"><\/i><\/div><\/a><div class=\"w-iconbox-meta\"><span class=\"w-iconbox-title\" style=\"font-size:0.69rem;\"><a target=\"_blank\" href=\"mailto:biblioteca@mutxamel.org\" class=\"w-iconbox-link\" aria-label=\"biblioteca@mutxamel.org\">biblioteca@mutxamel.org<\/a><\/span><\/div><\/div><\/div><div class=\"w-hwrapper datos_area valign_middle wrap align_none\" style=\"--hwrapper-gap:2rem\"><div class=\"w-iconbox us_custom_55b0d5f0 linkext iconpos_left style_default color_primary align_center no_text\"><div class=\"w-iconbox-icon\" style=\"font-size:1.1rem;\"><i class=\"fas fa-clock\"><\/i><\/div><div class=\"w-iconbox-meta\"><p class=\"w-iconbox-title\" style=\"font-size:0.69rem;\">Horari d&#8217;hivern: <b>16:00 a 20:00 h (dilluns a divendres)<\/b><\/p><\/div><\/div><div class=\"w-iconbox us_custom_55b0d5f0 linkext iconpos_left style_default color_primary align_center no_text\"><div class=\"w-iconbox-icon\" style=\"font-size:1.1rem;\"><i class=\"fas fa-clock\"><\/i><\/div><div class=\"w-iconbox-meta\"><p class=\"w-iconbox-title\" style=\"font-size:0.69rem;\">Horari d&#8217;estiu: <b> del 19 de juny al 15 de setembre de 10.00 a 13.30 h. Tardes tancat<\/b><\/p><\/div><\/div><div class=\"w-iconbox us_custom_55b0d5f0 linkext iconpos_left style_default color_primary align_center no_text\"><div class=\"w-iconbox-icon\" style=\"font-size:1.1rem;\"><i class=\"fas fa-clock\"><\/i><\/div><div class=\"w-iconbox-meta\"><p class=\"w-iconbox-title\" style=\"font-size:0.69rem;\">Horari de servici de pr\u00e9stec i devoluci\u00f3: <b>16:00 a 19:55 h (dilluns a divendres)<\/b><\/p><\/div><\/div><div class=\"w-iconbox us_custom_55b0d5f0 linkext iconpos_left style_default color_primary align_center no_text\"><div class=\"w-iconbox-icon\" style=\"font-size:1.1rem;\"><i class=\"fas fa-clock\"><\/i><\/div><div class=\"w-iconbox-meta\"><p class=\"w-iconbox-title\" style=\"font-size:0.69rem;\">Horari de servici de pr\u00e9stec i devoluci\u00f3 d&#8217;estiu: <b>10:00 a 13:25 h (dilluns a divendres)<\/b><\/p><\/div><\/div><\/div><\/div><\/div><\/div><div class=\"w-separator size_small with_line width_default thick_1 style_solid color_border align_center\"><div class=\"w-separator-h\"><\/div><\/div><\/div><\/div><\/div><\/div><\/section><section class=\"l-section wpb_row height_auto\"><div class=\"l-section-h i-cf\"><div class=\"g-cols vc_row via_grid cols_1 laptops-cols_inherit tablets-cols_inherit mobiles-cols_1 valign_top type_default stacking_default\"><div class=\"wpb_column vc_column_container\"><div class=\"vc_column-inner\"><div class=\"w-separator size_small with_line width_default thick_1 style_solid color_border align_center\"><div class=\"w-separator-h\"><\/div><\/div><div class=\"g-cols wpb_row via_grid cols_2-1 laptops-cols_inherit tablets-cols_inherit mobiles-cols_1 valign_top type_default stacking_default\" style=\"--columns-gap:3rem;\"><div class=\"wpb_column vc_column_container\"><div class=\"vc_column-inner\"><div id=\"ultimate-heading-529869f461c028aa7\" class=\"uvc-heading ult-adjust-bottom-margin ultimate-heading-529869f461c028aa7 uvc-2834 mays\" data-hspacer=\"no_spacer\"  data-halign=\"left\" style=\"text-align:left\"><div class=\"uvc-heading-spacer no_spacer\" style=\"top\"><\/div><div class=\"uvc-main-heading ult-responsive\"  data-ultimate-target='.uvc-heading.ultimate-heading-529869f461c028aa7 div'  data-responsive-json-new='{\"font-size\":\"desktop:18px;tablet:15px;tablet_portrait:12px;mobile_landscape:12px;mobile:12px;\",\"line-height\":\"\"}' ><div style=\"font-family:&#039;Lato&#039;;font-weight:700;\">TU OPINI\u00d3N NOS IMPORTA - LA TEUA OPINI\u00d3 ENS IMPORTA<\/div><\/div><\/div><\/div><\/div><div class=\"wpb_column vc_column_container\"><div class=\"vc_column-inner\"><div class=\"w-image align_none\"><a href=\"https:\/\/likeik.eu\/qwlqk\" aria-label=\"ENCUESTA QR1\" class=\"w-image-h\"><img decoding=\"async\" width=\"300\" height=\"212\" src=\"https:\/\/ayto.mutxamel.org\/wp-content\/uploads\/2025\/05\/ENCUESTA-QR1-300x212.png\" class=\"attachment-medium size-medium\" alt=\"\" loading=\"lazy\" srcset=\"https:\/\/ayto.mutxamel.org\/wp-content\/uploads\/2025\/05\/ENCUESTA-QR1-300x212.png 300w, https:\/\/ayto.mutxamel.org\/wp-content\/uploads\/2025\/05\/ENCUESTA-QR1-1024x724.png 1024w, https:\/\/ayto.mutxamel.org\/wp-content\/uploads\/2025\/05\/ENCUESTA-QR1-566x400.png 566w, https:\/\/ayto.mutxamel.org\/wp-content\/uploads\/2025\/05\/ENCUESTA-QR1-scaled.png 1920w\" sizes=\"auto, (max-width: 300px) 100vw, 300px\" \/><\/a><\/div><\/div><\/div><\/div><div class=\"w-separator size_small with_line width_default thick_1 style_solid color_border align_center\"><div class=\"w-separator-h\"><\/div><\/div><\/div><\/div><\/div><\/div><\/section><section class=\"l-section wpb_row hide_on_default hide_on_laptops hide_on_tablets hide_on_mobiles height_auto\" id=\"biblioteques\"><div class=\"l-section-h i-cf\"><div class=\"g-cols vc_row via_grid cols_1 laptops-cols_inherit tablets-cols_inherit mobiles-cols_1 valign_top type_default stacking_default\"><div class=\"wpb_column vc_column_container\"><div class=\"vc_column-inner\"><div class=\"w-separator size_small with_line width_default thick_1 style_solid color_border align_center\"><div class=\"w-separator-h\"><\/div><\/div><div class=\"g-cols wpb_row via_grid cols_2-1 laptops-cols_inherit tablets-cols_inherit mobiles-cols_1 valign_top type_default stacking_default\" style=\"--columns-gap:3rem;\"><div class=\"wpb_column vc_column_container\"><div class=\"vc_column-inner\"><div id=\"ultimate-heading-677369f461c02c881\" class=\"uvc-heading ult-adjust-bottom-margin ultimate-heading-677369f461c02c881 uvc-3348 mays\" data-hspacer=\"no_spacer\"  data-halign=\"left\" style=\"text-align:left\"><div class=\"uvc-heading-spacer no_spacer\" style=\"top\"><\/div><div class=\"uvc-main-heading ult-responsive\"  data-ultimate-target='.uvc-heading.ultimate-heading-677369f461c02c881 div'  data-responsive-json-new='{\"font-size\":\"desktop:18px;tablet:15px;tablet_portrait:12px;mobile_landscape:12px;mobile:12px;\",\"line-height\":\"\"}' ><div style=\"font-family:&#039;Lato&#039;;font-weight:700;\">Tanque Biblioteca Infantil 10 de maig de 17.30 a 19:30h<\/div><\/div><\/div><\/div><\/div><div class=\"wpb_column vc_column_container\"><div class=\"vc_column-inner\"><div class=\"w-image align_none\"><div class=\"w-image-h\"><img loading=\"lazy\" decoding=\"async\" width=\"300\" height=\"300\" src=\"https:\/\/ayto.mutxamel.org\/wp-content\/uploads\/2023\/08\/img_null_alt-300x300.jpg\" class=\"g-placeholder\" alt=\"\" srcset=\"https:\/\/ayto.mutxamel.org\/wp-content\/uploads\/2023\/08\/img_null_alt-300x300.jpg 300w, https:\/\/ayto.mutxamel.org\/wp-content\/uploads\/2023\/08\/img_null_alt-150x150.jpg 150w, https:\/\/ayto.mutxamel.org\/wp-content\/uploads\/2023\/08\/img_null_alt.jpg 690w, https:\/\/ayto.mutxamel.org\/wp-content\/uploads\/2023\/08\/img_null_alt-400x400.jpg 400w\" sizes=\"auto, (max-width: 300px) 100vw, 300px\" \/><\/div><\/div><\/div><\/div><\/div><div class=\"w-separator size_small with_line width_default thick_1 style_solid color_border align_center\"><div class=\"w-separator-h\"><\/div><\/div><\/div><\/div><\/div><\/div><\/section><section class=\"l-section wpb_row height_auto\"><div class=\"l-section-h i-cf\"><div class=\"g-cols vc_row via_grid cols_1 laptops-cols_inherit tablets-cols_inherit mobiles-cols_1 valign_top type_default stacking_default\"><div class=\"wpb_column vc_column_container\"><div class=\"vc_column-inner\"><div class=\"g-cols wpb_row via_grid cols_2-1 laptops-cols_inherit tablets-cols_inherit mobiles-cols_1 valign_top type_default stacking_default\" style=\"--columns-gap:3rem;\"><div class=\"wpb_column vc_column_container\"><div class=\"vc_column-inner\"><div id=\"ultimate-heading-351869f461c0309a5\" class=\"uvc-heading ult-adjust-bottom-margin ultimate-heading-351869f461c0309a5 uvc-2540 mays\" data-hspacer=\"no_spacer\"  data-halign=\"left\" style=\"text-align:left\"><div class=\"uvc-heading-spacer no_spacer\" style=\"top\"><\/div><div class=\"uvc-main-heading ult-responsive\"  data-ultimate-target='.uvc-heading.ultimate-heading-351869f461c0309a5 h2'  data-responsive-json-new='{\"font-size\":\"desktop:24px;tablet:21px;tablet_portrait:18px;mobile_landscape:16px;mobile:16px;\",\"line-height\":\"\"}' ><h2 style=\"font-family:&#039;Lato&#039;;font-weight:700;margin-top:0px;margin-bottom:28px;\">Horari de Setmana Santa de les Biblioteques P\u00fabliques<\/h2><\/div><\/div><div class=\"wpb_text_column us_custom_7e53051d linkext\"><div class=\"wpb_wrapper\"><p>Horari de Setmana Santa de les Biblioteques P\u00fabliques<\/p>\n<p>del 2 al 13 d&#8217;abril<\/p>\n<p>Biblioteca &#8220;Notari Josep Blanquer&#8221;: de 08:00 a 14:30 h.<\/p>\n<p>Ag\u00e8ncia de Lectura Infantil-Juvenil: de 10:00 a 14:00 h.<\/p>\n<p>Vesprada tancat<\/p>\n<\/div><\/div><\/div><\/div><div class=\"wpb_column vc_column_container\"><div class=\"vc_column-inner\"><div class=\"w-image align_left\"><a ref=\"magnificPopup\" href=\"https:\/\/ayto.mutxamel.org\/wp-content\/uploads\/2023\/11\/CARTEL-VALENCIA-scaled.jpg\" aria-label=\"CARTEL VALENCIA\" class=\"w-image-h\"><img decoding=\"async\" width=\"566\" height=\"400\" src=\"https:\/\/ayto.mutxamel.org\/wp-content\/uploads\/2023\/11\/CARTEL-VALENCIA-566x400.jpg\" class=\"attachment-us_600_400 size-us_600_400\" alt=\"\" loading=\"lazy\" srcset=\"https:\/\/ayto.mutxamel.org\/wp-content\/uploads\/2023\/11\/CARTEL-VALENCIA-566x400.jpg 566w, https:\/\/ayto.mutxamel.org\/wp-content\/uploads\/2023\/11\/CARTEL-VALENCIA-300x212.jpg 300w, https:\/\/ayto.mutxamel.org\/wp-content\/uploads\/2023\/11\/CARTEL-VALENCIA-1024x724.jpg 1024w, https:\/\/ayto.mutxamel.org\/wp-content\/uploads\/2023\/11\/CARTEL-VALENCIA-scaled.jpg 1920w\" sizes=\"auto, (max-width: 566px) 100vw, 566px\" \/><\/a><\/div><\/div><\/div><\/div><div class=\"g-cols wpb_row us_custom_09833249 via_grid cols_2-1 laptops-cols_inherit tablets-cols_inherit mobiles-cols_1 valign_top type_default stacking_default\" style=\"--columns-gap:3rem;\"><div class=\"wpb_column vc_column_container\"><div class=\"vc_column-inner\"><div id=\"ultimate-heading-766869f461c03402d\" class=\"uvc-heading ult-adjust-bottom-margin ultimate-heading-766869f461c03402d uvc-9078 mays\" data-hspacer=\"no_spacer\"  data-halign=\"left\" style=\"text-align:left\"><div class=\"uvc-heading-spacer no_spacer\" style=\"top\"><\/div><div class=\"uvc-main-heading ult-responsive\"  data-ultimate-target='.uvc-heading.ultimate-heading-766869f461c03402d h2'  data-responsive-json-new='{\"font-size\":\"desktop:24px;tablet:21px;tablet_portrait:18px;mobile_landscape:16px;mobile:16px;\",\"line-height\":\"\"}' ><h2 style=\"font-family:&#039;Lato&#039;;font-weight:700;margin-top:36px;margin-bottom:28px;\">El horario del servicio de pr\u00e9stamo y devoluci\u00f3n quedar\u00e1 cerrado cinco minutos antes del cierre de las bibliotecas.<\/h2><\/div><\/div><\/div><\/div><div class=\"wpb_column vc_column_container\"><div class=\"vc_column-inner\"><div class=\"w-image align_none\"><a ref=\"magnificPopup\" href=\"https:\/\/ayto.mutxamel.org\/wp-content\/uploads\/2023\/10\/Prestamo-y-devolucion-CAS-scaled.jpg\" aria-label=\"Pr\u00e9stamo y devoluci\u00f3n CAS.\" class=\"w-image-h\"><img decoding=\"async\" width=\"300\" height=\"212\" src=\"https:\/\/ayto.mutxamel.org\/wp-content\/uploads\/2023\/10\/Prestamo-y-devolucion-CAS-300x212.jpg\" class=\"attachment-medium size-medium\" alt=\"horario prestamo\" loading=\"lazy\" srcset=\"https:\/\/ayto.mutxamel.org\/wp-content\/uploads\/2023\/10\/Prestamo-y-devolucion-CAS-300x212.jpg 300w, https:\/\/ayto.mutxamel.org\/wp-content\/uploads\/2023\/10\/Prestamo-y-devolucion-CAS-1024x724.jpg 1024w, https:\/\/ayto.mutxamel.org\/wp-content\/uploads\/2023\/10\/Prestamo-y-devolucion-CAS-566x400.jpg 566w, https:\/\/ayto.mutxamel.org\/wp-content\/uploads\/2023\/10\/Prestamo-y-devolucion-CAS-scaled.jpg 1920w\" sizes=\"auto, (max-width: 300px) 100vw, 300px\" \/><\/a><\/div><\/div><\/div><\/div><div class=\"w-separator size_small\"><\/div><div class=\"g-cols wpb_row us_custom_09833249 via_grid cols_1 laptops-cols_inherit tablets-cols_inherit mobiles-cols_1 valign_top type_default stacking_default\" style=\"--columns-gap:3rem;\"><div class=\"wpb_column vc_column_container\"><div class=\"vc_column-inner\"><div id=\"ultimate-heading-730569f461c035b86\" class=\"uvc-heading ult-adjust-bottom-margin ultimate-heading-730569f461c035b86 uvc-77 mays\" data-hspacer=\"no_spacer\"  data-halign=\"left\" style=\"text-align:left\"><div class=\"uvc-heading-spacer no_spacer\" style=\"top\"><\/div><div class=\"uvc-main-heading ult-responsive\"  data-ultimate-target='.uvc-heading.ultimate-heading-730569f461c035b86 h2'  data-responsive-json-new='{\"font-size\":\"desktop:24px;tablet:21px;tablet_portrait:18px;mobile_landscape:16px;mobile:16px;\",\"line-height\":\"\"}' ><h2 style=\"font-family:&#039;Lato&#039;;font-weight:700;margin-top:36px;margin-bottom:28px;\">Biblioteca: Com consultar i renovar els meus pr\u00e9stecs<\/h2><\/div><\/div><div class=\"w-btn-wrapper align_left\"><a class=\"w-btn us-btn-style_3 us_custom_1f257949 icon_atleft\" target=\"_blank\" href=\"https:\/\/ayto.mutxamel.org\/wp-content\/uploads\/2023\/11\/CONSULTAR-Y-RENOVAR-MIS-PRESTAMOS.pdf\"><i class=\"fal fa-file-pdf\"><\/i><span class=\"w-btn-label\">Consultar i renovar els meus pr\u00e9stecs<\/span><\/a><\/div><div class=\"w-separator size_small\"><\/div><\/div><\/div><\/div><div class=\"g-cols wpb_row us_custom_09833249 via_grid cols_1 laptops-cols_inherit tablets-cols_inherit mobiles-cols_1 valign_top type_default stacking_default\" style=\"--columns-gap:3rem;\"><div class=\"wpb_column vc_column_container\"><div class=\"vc_column-inner\"><div id=\"ultimate-heading-720069f461c036150\" class=\"uvc-heading ult-adjust-bottom-margin ultimate-heading-720069f461c036150 uvc-657 mays\" data-hspacer=\"no_spacer\"  data-halign=\"left\" style=\"text-align:left\"><div class=\"uvc-heading-spacer no_spacer\" style=\"top\"><\/div><div class=\"uvc-main-heading ult-responsive\"  data-ultimate-target='.uvc-heading.ultimate-heading-720069f461c036150 h2'  data-responsive-json-new='{\"font-size\":\"desktop:24px;tablet:21px;tablet_portrait:18px;mobile_landscape:16px;mobile:16px;\",\"line-height\":\"\"}' ><h2 style=\"font-family:&#039;Lato&#039;;font-weight:700;margin-top:36px;margin-bottom:28px;\">Pr\u00e9stec interbibliotecari<\/h2><\/div><\/div><div class=\"w-btn-wrapper align_left\"><a class=\"w-btn us-btn-style_3 us_custom_1f257949 icon_atleft\" target=\"_blank\" href=\"https:\/\/ayto.mutxamel.org\/wp-content\/uploads\/2023\/11\/prestinterbib.pdf\"><i class=\"fal fa-file-pdf\"><\/i><span class=\"w-btn-label\">Sol\u00b7licitud pr\u00e9stec interbibliotecari<\/span><\/a><\/div><div class=\"w-separator size_small\"><\/div><\/div><\/div><\/div><div class=\"g-cols wpb_row us_custom_09833249 via_grid cols_1 laptops-cols_inherit tablets-cols_inherit mobiles-cols_1 valign_top type_default stacking_default\" style=\"--columns-gap:3rem;\"><div class=\"wpb_column vc_column_container\"><div class=\"vc_column-inner\"><div id=\"ultimate-heading-967069f461c0365ef\" class=\"uvc-heading ult-adjust-bottom-margin ultimate-heading-967069f461c0365ef uvc-1794 mays\" data-hspacer=\"no_spacer\"  data-halign=\"left\" style=\"text-align:left\"><div class=\"uvc-heading-spacer no_spacer\" style=\"top\"><\/div><div class=\"uvc-main-heading ult-responsive\"  data-ultimate-target='.uvc-heading.ultimate-heading-967069f461c0365ef h2'  data-responsive-json-new='{\"font-size\":\"desktop:24px;tablet:21px;tablet_portrait:18px;mobile_landscape:16px;mobile:16px;\",\"line-height\":\"\"}' ><h2 style=\"font-family:&#039;Lato&#039;;font-weight:700;margin-top:36px;margin-bottom:28px;\">Pr\u00e9stec de Llibres Electr\u00f2nics: eBiblio Comunitat Valenciana<\/h2><\/div><\/div><div class=\"w-btn-wrapper align_left\"><a class=\"w-btn us-btn-style_3 us_custom_1f257949 icon_atleft\" target=\"_blank\" href=\"https:\/\/ayto.mutxamel.org\/wp-content\/uploads\/2023\/11\/Prestamo-de-Libros-Electronicos.pdf\"><i class=\"fal fa-file-pdf\"><\/i><span class=\"w-btn-label\">Instruccions per a usar la Plataforma de Pr\u00e9stec<\/span><\/a><\/div><div class=\"w-separator size_small\"><\/div><\/div><\/div><\/div><div class=\"g-cols wpb_row us_custom_09833249 via_grid cols_1 laptops-cols_inherit tablets-cols_inherit mobiles-cols_1 valign_top type_default stacking_default\" style=\"--columns-gap:3rem;\"><div class=\"wpb_column vc_column_container\"><div class=\"vc_column-inner\"><div id=\"ultimate-heading-446169f461c036a6d\" class=\"uvc-heading ult-adjust-bottom-margin ultimate-heading-446169f461c036a6d uvc-8802 mays\" data-hspacer=\"no_spacer\"  data-halign=\"left\" style=\"text-align:left\"><div class=\"uvc-heading-spacer no_spacer\" style=\"top\"><\/div><div class=\"uvc-main-heading ult-responsive\"  data-ultimate-target='.uvc-heading.ultimate-heading-446169f461c036a6d h2'  data-responsive-json-new='{\"font-size\":\"desktop:24px;tablet:21px;tablet_portrait:18px;mobile_landscape:16px;mobile:16px;\",\"line-height\":\"\"}' ><h2 style=\"font-family:&#039;Lato&#039;;font-weight:700;margin-top:36px;margin-bottom:28px;\">Carnet usuari Biblioteca<\/h2><\/div><\/div><div class=\"w-btn-wrapper align_left\"><a class=\"w-btn us-btn-style_3 us_custom_1f257949 icon_atleft\" target=\"_blank\" href=\"https:\/\/ayto.mutxamel.org\/wp-content\/uploads\/2023\/11\/formularicarnets.pdf\"><i class=\"fal fa-file-pdf\"><\/i><span class=\"w-btn-label\">Sol\u00b7licitud Usuari Xarxa Electr\u00f2nica de Lectura P\u00fablica Valenciana<\/span><\/a><\/div><div class=\"w-separator size_small\"><\/div><\/div><\/div><\/div><div class=\"g-cols wpb_row us_custom_09833249 via_grid cols_1 laptops-cols_inherit tablets-cols_inherit mobiles-cols_1 valign_top type_default stacking_default\" style=\"--columns-gap:3rem;\"><div class=\"wpb_column vc_column_container\"><div class=\"vc_column-inner\"><div id=\"ultimate-heading-532669f461c036ed4\" class=\"uvc-heading ult-adjust-bottom-margin ultimate-heading-532669f461c036ed4 uvc-8348 mays\" data-hspacer=\"no_spacer\"  data-halign=\"left\" style=\"text-align:left\"><div class=\"uvc-heading-spacer no_spacer\" style=\"top\"><\/div><div class=\"uvc-main-heading ult-responsive\"  data-ultimate-target='.uvc-heading.ultimate-heading-532669f461c036ed4 h2'  data-responsive-json-new='{\"font-size\":\"desktop:24px;tablet:21px;tablet_portrait:18px;mobile_landscape:16px;mobile:16px;\",\"line-height\":\"\"}' ><h2 style=\"font-family:&#039;Lato&#039;;font-weight:700;margin-top:36px;margin-bottom:28px;\">Biblioteca: Guia d\u2019\u00fas del Cat\u00e0leg Col\u00b7lectiu de la Xarxa Electr\u00f2nica de Lectura P\u00fablica Valenciana<\/h2><\/div><\/div><div class=\"w-btn-wrapper align_left\"><a class=\"w-btn us-btn-style_3 us_custom_1f257949 icon_atleft\" id=\"redlectura\" target=\"_blank\" href=\"https:\/\/ayto.mutxamel.org\/wp-content\/uploads\/2023\/11\/Guia-de-uso-redlectura.pdf\"><i class=\"fal fa-file-pdf\"><\/i><span class=\"w-btn-label\">Guia d&#8217;\u00fas Redlectura<\/span><\/a><\/div><div class=\"w-separator size_small\"><\/div><\/div><\/div><\/div><\/div><\/div><\/div><\/div><\/section><section class=\"l-section wpb_row us_custom_1b69be1f height_auto\"><div class=\"l-section-h i-cf\"><div class=\"g-cols vc_row via_grid cols_1 laptops-cols_inherit tablets-cols_inherit mobiles-cols_1 valign_top type_default stacking_default\"><div class=\"wpb_column vc_column_container\"><div class=\"vc_column-inner\"><div class=\"w-separator size_medium with_line width_default thick_1 style_solid color_border align_center\"><div class=\"w-separator-h\"><\/div><\/div><div id=\"ultimate-heading-868869f461c03762d\" class=\"uvc-heading ult-adjust-bottom-margin ultimate-heading-868869f461c03762d uvc-1568 \" data-hspacer=\"no_spacer\"  data-halign=\"center\" style=\"text-align:center\"><div class=\"uvc-heading-spacer no_spacer\" style=\"top\"><\/div><div class=\"uvc-main-heading ult-responsive\"  data-ultimate-target='.uvc-heading.ultimate-heading-868869f461c03762d h2'  data-responsive-json-new='{\"font-size\":\"desktop:24px;tablet:21px;tablet_portrait:18px;mobile_landscape:16px;mobile:16px;\",\"line-height\":\"\"}' ><h2 style=\"font-family:&#039;Lato&#039;;font-weight:700;\">NOTICIES<\/h2><\/div><\/div><div class=\"w-grid us_grid us_custom_3d2438d2 type_grid layout_123 news_grid cols_3 pagination_ajax preload_style_spinner with_css_animation\" id=\"us_grid_2\" style=\"--columns:3;--gap:1.1rem;\" data-filterable=\"true\"><style>@media (max-width:1024px){#us_grid_2{--columns:2!important}}@media (max-width:600px){#us_grid_2{--columns:1!important}}.layout_123 .w-grid-item-h{}.layout_123 .usg_post_image_1{position:static!important}.layout_123 .usg_post_date_1{color:var(--color-header-middle-text)!important;font-size:0.69rem!important;font-family:var(--h1-font-family)!important;font-weight:600!important;text-transform:uppercase!important;padding-left:2px!important;padding-top:12px!important;position:static!important}.layout_123 .usg_post_title_1{font-size:1.1em!important;line-height:1.2rem!important;font-family:var(--h1-font-family)!important;font-weight:600!important;text-transform:uppercase!important;padding-left:2px!important;padding-top:6px!important;position:static!important}.layout_123 .usg_post_content_1{color:var(--color-header-middle-text)!important;font-size:0.69rem!important;line-height:0.96rem!important;font-family:var(--font-family)!important;font-weight:400!important;text-transform:none!important;padding-left:2px!important;padding-top:15px!important;position:static!important}.layout_123 .usg_btn_1{color:var(--color-header-middle-text-hover)!important;font-size:0.6rem!important;font-family:var(--h1-font-family)!important;font-weight:600!important;text-transform:uppercase!important;margin-top:12px!important;position:static!important;padding:2px!important}<\/style><div class=\"w-grid-list\">\t<article class=\"w-grid-item us_animate_afb size_1x1 post-52113 post type-post status-publish format-standard has-post-thumbnail hentry category-biblioteca-ca category-noticies\" data-id=\"52113\" style=\"animation-delay:0s\">\r\n\t\t<div class=\"w-grid-item-h\">\r\n\t\t\t\t\t\t<div class=\"w-post-elm post_image usg_post_image_1 stretched\"><a href=\"https:\/\/ayto.mutxamel.org\/ca\/dona-li-el-teu-propi-toc-artistic-a-nadal-amb-els-tallers-de-la-biblioteca-infantil-juvenil\/\" aria-label=\"DONA-LI EL TEU PROPI TOC ART\u00cdSTIC A NADAL AMB ELS TALLERS DE LA BIBLIOTECA INFANTIL-JUVENIL\"><img loading=\"lazy\" decoding=\"async\" width=\"400\" height=\"400\" src=\"https:\/\/ayto.mutxamel.org\/wp-content\/uploads\/2024\/12\/lettering-400x400.jpg\" class=\"attachment-us_600_400 size-us_600_400 wp-post-image\" alt=\"lettering\" srcset=\"https:\/\/ayto.mutxamel.org\/wp-content\/uploads\/2024\/12\/lettering-400x400.jpg 400w, https:\/\/ayto.mutxamel.org\/wp-content\/uploads\/2024\/12\/lettering-300x300.jpg 300w, https:\/\/ayto.mutxamel.org\/wp-content\/uploads\/2024\/12\/lettering-1024x1024.jpg 1024w, https:\/\/ayto.mutxamel.org\/wp-content\/uploads\/2024\/12\/lettering-150x150.jpg 150w, https:\/\/ayto.mutxamel.org\/wp-content\/uploads\/2024\/12\/lettering.jpg 1080w\" sizes=\"auto, (max-width: 400px) 100vw, 400px\" \/><\/a><\/div><time class=\"w-post-elm post_date usg_post_date_1 has_text_color entry-date published\" datetime=\"2024-12-16T19:29:38+01:00\">16 des. 2024<\/time><h3 class=\"w-post-elm post_title usg_post_title_1 entry-title color_link_inherit\"><a href=\"https:\/\/ayto.mutxamel.org\/ca\/dona-li-el-teu-propi-toc-artistic-a-nadal-amb-els-tallers-de-la-biblioteca-infantil-juvenil\/\">DONA-LI EL TEU PROPI TOC ART\u00cdSTIC A NADAL AMB ELS TALLERS DE LA BIBLI&hellip;<\/a><\/h3><p class=\"w-post-elm post_content usg_post_content_1 has_text_color\" role=\"article\">\u00c9s el moment perfecte perqu\u00e8 els m\u00e9s xicotets de la casa es preparen per a Nadal d&#8217;una manera creativa i divertida! La Biblioteca Infantil-Juvenil&hellip;<\/p><a class=\"w-btn us-btn-style_1 usg_btn_1 has_text_color\" href=\"https:\/\/ayto.mutxamel.org\/ca\/dona-li-el-teu-propi-toc-artistic-a-nadal-amb-els-tallers-de-la-biblioteca-infantil-juvenil\/\"><span class=\"w-btn-label\">M\u00e9s info&#8230;<\/span><\/a>\t\t<\/div>\r\n\t\t\t<\/article>\r\n\t<article class=\"w-grid-item us_animate_afb size_1x1 post-51351 post type-post status-publish format-standard has-post-thumbnail hentry category-biblioteca-ca category-cultura-ca category-educacio category-esports category-igualtat category-joventut category-noticies category-participacio-ciutadana category-serveis-socials category-turimtx-va category-turisme\" data-id=\"51351\" style=\"animation-delay:0.1s\">\r\n\t\t<div class=\"w-grid-item-h\">\r\n\t\t\t\t\t\t<div class=\"w-post-elm post_image usg_post_image_1 stretched\"><a href=\"https:\/\/ayto.mutxamel.org\/ca\/gaudix-dun-final-de-setmana-carregat-democions-amb-les-activitats-que-lajuntament-et-proposa\/\" aria-label=\"GAUDIX D&#8217;UN FINAL DE SETMANA CARREGAT D&#8217;EMOCIONS AMB LES ACTIVITATS QUE L&#8217;AJUNTAMENT ET PROPOSA\"><img loading=\"lazy\" decoding=\"async\" width=\"566\" height=\"400\" src=\"https:\/\/ayto.mutxamel.org\/wp-content\/uploads\/2024\/11\/Canyar-566x400.jpg\" class=\"attachment-us_600_400 size-us_600_400 wp-post-image\" alt=\"canyar de les portelles\" srcset=\"https:\/\/ayto.mutxamel.org\/wp-content\/uploads\/2024\/11\/Canyar-566x400.jpg 566w, https:\/\/ayto.mutxamel.org\/wp-content\/uploads\/2024\/11\/Canyar-300x212.jpg 300w, https:\/\/ayto.mutxamel.org\/wp-content\/uploads\/2024\/11\/Canyar-1024x724.jpg 1024w, https:\/\/ayto.mutxamel.org\/wp-content\/uploads\/2024\/11\/Canyar-scaled.jpg 1920w\" sizes=\"auto, (max-width: 566px) 100vw, 566px\" \/><\/a><\/div><time class=\"w-post-elm post_date usg_post_date_1 has_text_color entry-date published\" datetime=\"2024-11-21T11:49:41+01:00\">21 nov. 2024<\/time><h3 class=\"w-post-elm post_title usg_post_title_1 entry-title color_link_inherit\"><a href=\"https:\/\/ayto.mutxamel.org\/ca\/gaudix-dun-final-de-setmana-carregat-democions-amb-les-activitats-que-lajuntament-et-proposa\/\">GAUDIX D&#8217;UN FINAL DE SETMANA CARREGAT D&#8217;EMOCIONS AMB LES&hellip;<\/a><\/h3><p class=\"w-post-elm post_content usg_post_content_1 has_text_color\" role=\"article\">Agafa paper i boli, perqu\u00e8 l&#8217;Ajuntament de Mutxamel presenta de divendres a diumenge una programaci\u00f3 carregada d&#8217;activitats per a tothom: una fuita room, una&hellip;<\/p><a class=\"w-btn us-btn-style_1 usg_btn_1 has_text_color\" href=\"https:\/\/ayto.mutxamel.org\/ca\/gaudix-dun-final-de-setmana-carregat-democions-amb-les-activitats-que-lajuntament-et-proposa\/\"><span class=\"w-btn-label\">M\u00e9s info&#8230;<\/span><\/a>\t\t<\/div>\r\n\t\t\t<\/article>\r\n\t<article class=\"w-grid-item us_animate_afb size_1x1 post-51193 post type-post status-publish format-standard has-post-thumbnail hentry category-biblioteca-ca category-noticies\" data-id=\"51193\" style=\"animation-delay:0.2s\">\r\n\t\t<div class=\"w-grid-item-h\">\r\n\t\t\t\t\t\t<div class=\"w-post-elm post_image usg_post_image_1 stretched\"><a href=\"https:\/\/ayto.mutxamel.org\/ca\/mutxamel-fomenta-la-lectura-mitjancant-lectu-mel-el-nou-bo-lliure\/\" aria-label=\"Mutxamel fomenta la lectura mitjan\u00e7ant \u201cLectu-mel\u201d el nou bo lliure\"><img loading=\"lazy\" decoding=\"async\" width=\"283\" height=\"400\" src=\"https:\/\/ayto.mutxamel.org\/wp-content\/uploads\/2024\/11\/Lectu-Mel-CAS-283x400.jpg\" class=\"attachment-us_600_400 size-us_600_400 wp-post-image\" alt=\"bono libro\" srcset=\"https:\/\/ayto.mutxamel.org\/wp-content\/uploads\/2024\/11\/Lectu-Mel-CAS-283x400.jpg 283w, https:\/\/ayto.mutxamel.org\/wp-content\/uploads\/2024\/11\/Lectu-Mel-CAS-212x300.jpg 212w, https:\/\/ayto.mutxamel.org\/wp-content\/uploads\/2024\/11\/Lectu-Mel-CAS-724x1024.jpg 724w, https:\/\/ayto.mutxamel.org\/wp-content\/uploads\/2024\/11\/Lectu-Mel-CAS-scaled.jpg 1357w\" sizes=\"auto, (max-width: 283px) 100vw, 283px\" \/><\/a><\/div><time class=\"w-post-elm post_date usg_post_date_1 has_text_color entry-date published\" datetime=\"2024-11-19T11:26:43+01:00\">19 nov. 2024<\/time><h3 class=\"w-post-elm post_title usg_post_title_1 entry-title color_link_inherit\"><a href=\"https:\/\/ayto.mutxamel.org\/ca\/mutxamel-fomenta-la-lectura-mitjancant-lectu-mel-el-nou-bo-lliure\/\">Mutxamel fomenta la lectura mitjan\u00e7ant \u201cLectu-mel\u201d el nou bo lliure<\/a><\/h3><p class=\"w-post-elm post_content usg_post_content_1 has_text_color\" role=\"article\">Es podran sol\u00b7licitar fins a un m\u00e0xim de 3 bons per persona des del 20 de novembre fins a l&#8217;1 de desembre. L&#8217;Ajuntament de&hellip;<\/p><a class=\"w-btn us-btn-style_1 usg_btn_1 has_text_color\" href=\"https:\/\/ayto.mutxamel.org\/ca\/mutxamel-fomenta-la-lectura-mitjancant-lectu-mel-el-nou-bo-lliure\/\"><span class=\"w-btn-label\">M\u00e9s info&#8230;<\/span><\/a>\t\t<\/div>\r\n\t\t\t<\/article>\r\n\t<article class=\"w-grid-item us_animate_afb size_1x1 post-40002 post type-post status-publish format-standard has-post-thumbnail hentry category-biblioteca-ca category-comunicacio category-notes-de-premsa category-urbanisme\" data-id=\"40002\" style=\"animation-delay:0.3s\">\r\n\t\t<div class=\"w-grid-item-h\">\r\n\t\t\t\t\t\t<div class=\"w-post-elm post_image usg_post_image_1 stretched\"><a href=\"https:\/\/ayto.mutxamel.org\/ca\/lajuntament-de-mutxamel-inicia-les-obres-per-a-la-construccio-duna-nova-biblioteca-municipal\/\" aria-label=\"L&#8217;Ajuntament de Mutxamel inicia les obres per a la construcci\u00f3 d&#8217;una nova biblioteca municipal\"><img loading=\"lazy\" decoding=\"async\" width=\"300\" height=\"400\" src=\"https:\/\/ayto.mutxamel.org\/wp-content\/uploads\/2024\/01\/Obras-biblioteca-3-300x400.jpg\" class=\"attachment-us_600_400 size-us_600_400 wp-post-image\" alt=\"Obras biblioteca\" srcset=\"https:\/\/ayto.mutxamel.org\/wp-content\/uploads\/2024\/01\/Obras-biblioteca-3-300x400.jpg 300w, https:\/\/ayto.mutxamel.org\/wp-content\/uploads\/2024\/01\/Obras-biblioteca-3-225x300.jpg 225w, https:\/\/ayto.mutxamel.org\/wp-content\/uploads\/2024\/01\/Obras-biblioteca-3-768x1024.jpg 768w, https:\/\/ayto.mutxamel.org\/wp-content\/uploads\/2024\/01\/Obras-biblioteca-3-scaled.jpg 1440w\" sizes=\"auto, (max-width: 300px) 100vw, 300px\" \/><\/a><\/div><time class=\"w-post-elm post_date usg_post_date_1 has_text_color entry-date published\" datetime=\"2024-01-12T14:50:30+01:00\">12 gen. 2024<\/time><h3 class=\"w-post-elm post_title usg_post_title_1 entry-title color_link_inherit\"><a href=\"https:\/\/ayto.mutxamel.org\/ca\/lajuntament-de-mutxamel-inicia-les-obres-per-a-la-construccio-duna-nova-biblioteca-municipal\/\">L&#8217;Ajuntament de Mutxamel inicia les obres per a la construcci\u00f3&hellip;<\/a><\/h3><p class=\"w-post-elm post_content usg_post_content_1 has_text_color\" role=\"article\">Mutxamel, 12 de gener 2024 El nou servici estar\u00e0 situat en els edificis protegits situats en la c\u00e8ntrica pla\u00e7a de Ruzafa. Els treballs tenen&hellip;<\/p><a class=\"w-btn us-btn-style_1 usg_btn_1 has_text_color\" href=\"https:\/\/ayto.mutxamel.org\/ca\/lajuntament-de-mutxamel-inicia-les-obres-per-a-la-construccio-duna-nova-biblioteca-municipal\/\"><span class=\"w-btn-label\">M\u00e9s info&#8230;<\/span><\/a>\t\t<\/div>\r\n\t\t\t<\/article>\r\n\t<article class=\"w-grid-item us_animate_afb size_1x1 post-23984 post type-post status-publish format-standard has-post-thumbnail hentry category-biblioteca-ca category-noticies tag-bibliotecamunicipalv\" data-id=\"23984\" style=\"animation-delay:0.4s\">\r\n\t\t<div class=\"w-grid-item-h\">\r\n\t\t\t\t\t\t<div class=\"w-post-elm post_image usg_post_image_1 stretched\"><a href=\"https:\/\/ayto.mutxamel.org\/ca\/promogramacio-dactivitats-biblioteques-municipals\/\" aria-label=\"Promogramaci\u00f3 d\u00b4activitats Biblioteques Municipals\"><img loading=\"lazy\" decoding=\"async\" width=\"283\" height=\"400\" src=\"https:\/\/ayto.mutxamel.org\/wp-content\/uploads\/2023\/12\/VALENCIANO.-Programa-de-actividades-1-283x400.jpg\" class=\"attachment-us_600_400 size-us_600_400 wp-post-image\" alt=\"Promogramaci\u00f3 d\u00b4activitats Biblioteques Municipals\" srcset=\"https:\/\/ayto.mutxamel.org\/wp-content\/uploads\/2023\/12\/VALENCIANO.-Programa-de-actividades-1-283x400.jpg 283w, https:\/\/ayto.mutxamel.org\/wp-content\/uploads\/2023\/12\/VALENCIANO.-Programa-de-actividades-1-212x300.jpg 212w, https:\/\/ayto.mutxamel.org\/wp-content\/uploads\/2023\/12\/VALENCIANO.-Programa-de-actividades-1-724x1024.jpg 724w, https:\/\/ayto.mutxamel.org\/wp-content\/uploads\/2023\/12\/VALENCIANO.-Programa-de-actividades-1.jpg 880w\" sizes=\"auto, (max-width: 283px) 100vw, 283px\" \/><\/a><\/div><time class=\"w-post-elm post_date usg_post_date_1 has_text_color entry-date published\" datetime=\"2023-09-15T09:41:13+02:00\">15 set. 2023<\/time><h3 class=\"w-post-elm post_title usg_post_title_1 entry-title color_link_inherit\"><a href=\"https:\/\/ayto.mutxamel.org\/ca\/promogramacio-dactivitats-biblioteques-municipals\/\">Promogramaci\u00f3 d\u00b4activitats Biblioteques Municipals<\/a><\/h3><p class=\"w-post-elm post_content usg_post_content_1 has_text_color\" role=\"article\">Despr\u00e9s de l&#8217;estiu tornen les activitats i tallers a les nostres biblioteques. Ac\u00ed teniu la programaci\u00f3 des de setembre fins a desembre en la&hellip;<\/p><a class=\"w-btn us-btn-style_1 usg_btn_1 has_text_color\" href=\"https:\/\/ayto.mutxamel.org\/ca\/promogramacio-dactivitats-biblioteques-municipals\/\"><span class=\"w-btn-label\">M\u00e9s info&#8230;<\/span><\/a>\t\t<\/div>\r\n\t\t\t<\/article>\r\n<\/div>\t<div class=\"w-grid-preloader\">\r\n\t\t<div class=\"g-preloader type_1\">\r\n\t\t\t<div><\/div>\r\n\t\t<\/div>\r\n\t<\/div>\r\n\t\t<div class=\"w-grid-json hidden\" onclick='return {&quot;action&quot;:&quot;us_ajax_grid&quot;,&quot;infinite_scroll&quot;:0,&quot;max_num_pages&quot;:1,&quot;pagination&quot;:&quot;ajax&quot;,&quot;template_vars&quot;:{&quot;columns&quot;:&quot;3&quot;,&quot;exclude_items&quot;:&quot;none&quot;,&quot;img_size&quot;:&quot;us_600_400&quot;,&quot;ignore_items_size&quot;:0,&quot;items_layout&quot;:&quot;123&quot;,&quot;items_offset&quot;:&quot;1&quot;,&quot;load_animation&quot;:&quot;afb&quot;,&quot;overriding_link&quot;:&quot;%7B%22url%22%3A%22%22%7D&quot;,&quot;post_id&quot;:0,&quot;query_args&quot;:{&quot;post_type&quot;:[&quot;post&quot;],&quot;tax_query&quot;:[{&quot;taxonomy&quot;:&quot;category&quot;,&quot;field&quot;:&quot;slug&quot;,&quot;terms&quot;:[&quot;biblioteca&quot;]}],&quot;post_status&quot;:[&quot;publish&quot;,&quot;acf-disabled&quot;],&quot;posts_per_page&quot;:&quot;6&quot;},&quot;orderby_query_args&quot;:{&quot;orderby&quot;:{&quot;date&quot;:&quot;DESC&quot;}},&quot;type&quot;:&quot;grid&quot;,&quot;us_grid_post_type&quot;:&quot;post&quot;,&quot;us_grid_ajax_index&quot;:2,&quot;us_grid_filter_query_string&quot;:null,&quot;us_grid_index&quot;:2,&quot;page_args&quot;:[],&quot;lang&quot;:&quot;ca&quot;}}'><\/div>\r\n\t<\/div><div class=\"w-separator size_small with_line width_default thick_1 style_solid color_border align_center\"><div class=\"w-separator-h\"><\/div><\/div><\/div><\/div><\/div><\/div><\/section><section class=\"l-section wpb_row us_custom_1b69be1f height_auto\"><div class=\"l-section-h i-cf\"><div class=\"g-cols vc_row via_grid cols_1 laptops-cols_inherit tablets-cols_inherit mobiles-cols_1 valign_top type_default stacking_default\"><div class=\"wpb_column vc_column_container\"><div class=\"vc_column-inner\"><div id=\"ultimate-heading-635169f461c056331\" class=\"uvc-heading ult-adjust-bottom-margin ultimate-heading-635169f461c056331 uvc-2697 mays\" data-hspacer=\"no_spacer\"  data-halign=\"center\" style=\"text-align:center\"><div class=\"uvc-heading-spacer no_spacer\" style=\"top\"><\/div><div class=\"uvc-main-heading ult-responsive\"  data-ultimate-target='.uvc-heading.ultimate-heading-635169f461c056331 h2'  data-responsive-json-new='{\"font-size\":\"desktop:24px;tablet:21px;tablet_portrait:18px;mobile_landscape:16px;mobile:16px;\",\"line-height\":\"\"}' ><h2 style=\"font-family:&#039;Lato&#039;;font-weight:700;\">ESDEVENIMENTS<\/h2><\/div><\/div><div class=\"w-grid us_grid us_custom_3d2438d2 type_grid layout_25418 news_grid cols_4 pagination_ajax preload_style_spinner with_css_animation\" id=\"us_grid_3\" style=\"--columns:4;--gap:1.1rem;\" data-filterable=\"true\"><style>@media (max-width:1380px){#us_grid_3{--columns:3!important}}@media (max-width:1024px){#us_grid_3{--columns:2!important}}@media (max-width:600px){#us_grid_3{--columns:1!important}}.layout_25418 .w-grid-item-h{}.layout_25418 .usg_post_image_1{transition-duration:0.3s;transform-origin:50% 50%;transform:scale(0.99) translate(0%,0%)}.layout_25418 .w-grid-item-h:focus-within .usg_post_image_1,.layout_25418 .w-grid-item-h:hover .usg_post_image_1{transform:scale(1) translate(0%,0%);opacity:0.69}.layout_25418 .usg_post_title_1{transition-duration:0.3s;transform-origin:50% 50%;transform:scale(1) translate(0%,0%)}.layout_25418 .w-grid-item-h:focus-within .usg_post_title_1,.layout_25418 .w-grid-item-h:hover .usg_post_title_1{transform:scale(1) translate(0%,0%);opacity:1;color:#70a588!important}.layout_25418 .usg_post_image_1{position:static!important}.layout_25418 .usg_post_title_1{font-size:1.2rem!important;line-height:1.24rem!important;font-family:var(--h1-font-family)!important;font-weight:600!important;text-transform:uppercase!important;margin-top:6px!important;padding-left:2px!important;padding-top:6px!important;position:static!important}.layout_25418 .usg_btn_1{color:var(--color-content-primary)!important;font-size:0.6rem!important;font-family:var(--h1-font-family)!important;font-weight:600!important;text-transform:uppercase!important;margin-top:12px!important;position:static!important;padding:2px!important}.layout_25418 .usg_post_custom_field_1{color:var(--color-content-primary)!important;font-size:0.8rem!important}.layout_25418 .usg_hwrapper_1{margin-top:3px!important}.layout_25418 .usg_post_custom_field_3{color:#666666!important;font-size:0.8rem!important;font-family:var(--font-family)!important;font-weight:500!important}.layout_25418 .usg_post_custom_field_2{color:var(--color-content-primary)!important;font-size:0.8rem!important;margin-left:6px!important}.layout_25418 .usg_text_1{color:#666666!important;font-size:0.8rem!important;font-family:var(--font-family)!important;font-weight:400!important;text-transform:none!important;margin-top:0!important;margin-bottom:0!important}.layout_25418 .usg_text_2{color:var(--color-content-primary)!important;text-align:center!important;font-size:0.8rem!important}.layout_25418 .usg_text_3{color:var(--color-content-primary)!important;text-align:center!important;font-size:0.8rem!important}.layout_25418 .usg_post_custom_field_5{color:var(--color-content-primary)!important;font-size:0.8rem!important}.layout_25418 .usg_post_custom_field_6{color:var(--color-content-primary)!important;font-size:0.8rem!important}<\/style><div class=\"w-grid-list\">\t<article class=\"w-grid-item us_animate_afb size_1x1 post-63152 mec-events type-mec-events status-publish has-post-thumbnail hentry mec_category-biblioteca-va mec_category-turimtx-va mec_category-turisme\" data-id=\"63152\" style=\"animation-delay:0s\">\r\n\t\t<div class=\"w-grid-item-h\">\r\n\t\t\t\t\t\t<div class=\"w-post-elm post_image usg_post_image_1\"><a href=\"https:\/\/ayto.mutxamel.org\/ca\/eventos\/gymkana-del-terror-halloween-2025\/\" aria-label=\"Gymkana del terror. Halloween 2025\"><img loading=\"lazy\" decoding=\"async\" width=\"400\" height=\"400\" src=\"https:\/\/ayto.mutxamel.org\/wp-content\/uploads\/2023\/11\/Halloween-2025-VAL-400x400.jpg\" class=\"attachment-us_600_400 size-us_600_400 wp-post-image\" alt=\"\" srcset=\"https:\/\/ayto.mutxamel.org\/wp-content\/uploads\/2023\/11\/Halloween-2025-VAL-400x400.jpg 400w, https:\/\/ayto.mutxamel.org\/wp-content\/uploads\/2023\/11\/Halloween-2025-VAL-300x300.jpg 300w, https:\/\/ayto.mutxamel.org\/wp-content\/uploads\/2023\/11\/Halloween-2025-VAL-1024x1024.jpg 1024w, https:\/\/ayto.mutxamel.org\/wp-content\/uploads\/2023\/11\/Halloween-2025-VAL-150x150.jpg 150w, https:\/\/ayto.mutxamel.org\/wp-content\/uploads\/2023\/11\/Halloween-2025-VAL.jpg 1080w\" sizes=\"auto, (max-width: 400px) 100vw, 400px\" \/><\/a><\/div><h3 class=\"w-post-elm post_title usg_post_title_1 entry-title color_link_inherit\"><a href=\"https:\/\/ayto.mutxamel.org\/ca\/eventos\/gymkana-del-terror-halloween-2025\/\">Gymkana del terror. Halloween 2025<\/a><\/h3><div class=\"w-hwrapper usg_hwrapper_1 align_none valign_middle\" style=\"--hwrapper-gap:0.1rem\"><div class=\"w-post-elm post_custom_field usg_post_custom_field_1 has_text_color type_text mec_start_date color_link_inherit\"><i class=\"fas fa-calendar-alt\"><\/i><span class=\"w-post-elm-value\">30\/10\/2025<\/span><\/div><div class=\"w-text usg_text_2 hidden has_text_color\"><span class=\"w-text-h\"><span class=\"w-text-value\">\/ HORA<\/span><\/span><\/div><div class=\"w-post-elm post_custom_field usg_post_custom_field_2 has_text_color type_text mec_start_time_hour color_link_inherit\"><i class=\"fal fa-clock\"><\/i><span class=\"w-post-elm-value\">05<\/span><\/div><div class=\"w-text usg_text_3 has_text_color\"><span class=\"w-text-h\"><span class=\"w-text-value\">:<\/span><\/span><\/div><div class=\"w-post-elm post_custom_field usg_post_custom_field_5 has_text_color type_text mec_start_time_minutes color_link_inherit\"><span class=\"w-post-elm-value\">30<\/span><\/div><div class=\"w-post-elm post_custom_field usg_post_custom_field_6 has_text_color type_text mec_start_time_ampm color_link_inherit\"><span class=\"w-post-elm-value\">PM<\/span><\/div><div class=\"w-post-elm post_custom_field usg_post_custom_field_4 type_text mec-events-abbr color_link_inherit\"><span class=\"w-post-elm-value\"><\/span><\/div><\/div><div class=\"w-text usg_text_1 hidden has_text_color\"><span class=\"w-text-h\"><span class=\"w-text-value\">Lloc de l&#8217;esdeveniment<\/span><\/span><\/div><div class=\"w-post-elm post_custom_field usg_post_custom_field_3 has_text_color type_text mec_location_id color_link_inherit\"><i class=\"fas fa-map-marker-alt\"><\/i><span class=\"w-post-elm-value\">Biblioteca Infantil<\/span><\/div><a class=\"w-btn us-btn-style_1 usg_btn_1 has_text_color\" href=\"https:\/\/ayto.mutxamel.org\/ca\/eventos\/gymkana-del-terror-halloween-2025\/\"><span class=\"w-btn-label\">M\u00e9s info&#8230;<\/span><\/a>\t\t<\/div>\r\n\t\t\t<\/article>\r\n\t<article class=\"w-grid-item us_animate_afb size_1x1 post-58493 mec-events type-mec-events status-publish has-post-thumbnail hentry mec_category-biblioteca-va\" data-id=\"58493\" style=\"animation-delay:0.1s\">\r\n\t\t<div class=\"w-grid-item-h\">\r\n\t\t\t\t\t\t<div class=\"w-post-elm post_image usg_post_image_1\"><a href=\"https:\/\/ayto.mutxamel.org\/ca\/eventos\/presentacio-del-llibre-relats-de-la-vida-quotidiana-i-altres-histories\/\" aria-label=\"Presentaci\u00f3 del llibre &#8220;Relats de la vida quotidiana i altres hist\u00f2ries&#8221;\"><img loading=\"lazy\" decoding=\"async\" width=\"400\" height=\"400\" src=\"https:\/\/ayto.mutxamel.org\/wp-content\/uploads\/2025\/05\/68394a39087736.87139214RAQUEL-CUENCA-cartel-Version-en-VAL-400x400.jpg\" class=\"attachment-us_600_400 size-us_600_400 wp-post-image\" alt=\"\" srcset=\"https:\/\/ayto.mutxamel.org\/wp-content\/uploads\/2025\/05\/68394a39087736.87139214RAQUEL-CUENCA-cartel-Version-en-VAL-400x400.jpg 400w, https:\/\/ayto.mutxamel.org\/wp-content\/uploads\/2025\/05\/68394a39087736.87139214RAQUEL-CUENCA-cartel-Version-en-VAL-300x300.jpg 300w, https:\/\/ayto.mutxamel.org\/wp-content\/uploads\/2025\/05\/68394a39087736.87139214RAQUEL-CUENCA-cartel-Version-en-VAL-1024x1024.jpg 1024w, https:\/\/ayto.mutxamel.org\/wp-content\/uploads\/2025\/05\/68394a39087736.87139214RAQUEL-CUENCA-cartel-Version-en-VAL-150x150.jpg 150w, https:\/\/ayto.mutxamel.org\/wp-content\/uploads\/2025\/05\/68394a39087736.87139214RAQUEL-CUENCA-cartel-Version-en-VAL.jpg 1080w\" sizes=\"auto, (max-width: 400px) 100vw, 400px\" \/><\/a><\/div><h3 class=\"w-post-elm post_title usg_post_title_1 entry-title color_link_inherit\"><a href=\"https:\/\/ayto.mutxamel.org\/ca\/eventos\/presentacio-del-llibre-relats-de-la-vida-quotidiana-i-altres-histories\/\">Presentaci\u00f3 del llibre &#8220;Relats de la vida quotidiana i altres hist\u00f2ries&#8221;<\/a><\/h3><div class=\"w-hwrapper usg_hwrapper_1 align_none valign_middle\" style=\"--hwrapper-gap:0.1rem\"><div class=\"w-post-elm post_custom_field usg_post_custom_field_1 has_text_color type_text mec_start_date color_link_inherit\"><i class=\"fas fa-calendar-alt\"><\/i><span class=\"w-post-elm-value\">05\/06\/2025<\/span><\/div><div class=\"w-text usg_text_2 hidden has_text_color\"><span class=\"w-text-h\"><span class=\"w-text-value\">\/ HORA<\/span><\/span><\/div><div class=\"w-post-elm post_custom_field usg_post_custom_field_2 has_text_color type_text mec_start_time_hour color_link_inherit\"><i class=\"fal fa-clock\"><\/i><span class=\"w-post-elm-value\">06<\/span><\/div><div class=\"w-text usg_text_3 has_text_color\"><span class=\"w-text-h\"><span class=\"w-text-value\">:<\/span><\/span><\/div><div class=\"w-post-elm post_custom_field usg_post_custom_field_5 has_text_color type_text mec_start_time_minutes color_link_inherit\"><span class=\"w-post-elm-value\">30<\/span><\/div><div class=\"w-post-elm post_custom_field usg_post_custom_field_6 has_text_color type_text mec_start_time_ampm color_link_inherit\"><span class=\"w-post-elm-value\">PM<\/span><\/div><div class=\"w-post-elm post_custom_field usg_post_custom_field_4 type_text mec-events-abbr color_link_inherit\"><span class=\"w-post-elm-value\"><\/span><\/div><\/div><div class=\"w-text usg_text_1 hidden has_text_color\"><span class=\"w-text-h\"><span class=\"w-text-value\">Lloc de l&#8217;esdeveniment<\/span><\/span><\/div><div class=\"w-post-elm post_custom_field usg_post_custom_field_3 has_text_color type_text mec_location_id color_link_inherit\"><i class=\"fas fa-map-marker-alt\"><\/i><span class=\"w-post-elm-value\">Biblioteca Municipal<\/span><\/div><a class=\"w-btn us-btn-style_1 usg_btn_1 has_text_color\" href=\"https:\/\/ayto.mutxamel.org\/ca\/eventos\/presentacio-del-llibre-relats-de-la-vida-quotidiana-i-altres-histories\/\"><span class=\"w-btn-label\">M\u00e9s info&#8230;<\/span><\/a>\t\t<\/div>\r\n\t\t\t<\/article>\r\n\t<article class=\"w-grid-item us_animate_afb size_1x1 post-57358 mec-events type-mec-events status-publish has-post-thumbnail hentry mec_category-biblioteca-va\" data-id=\"57358\" style=\"animation-delay:0.2s\">\r\n\t\t<div class=\"w-grid-item-h\">\r\n\t\t\t\t\t\t<div class=\"w-post-elm post_image usg_post_image_1\"><a href=\"https:\/\/ayto.mutxamel.org\/ca\/eventos\/taller-de-ex-libris\/\" aria-label=\"Taller de Ex-Libris\"><img loading=\"lazy\" decoding=\"async\" width=\"400\" height=\"400\" src=\"https:\/\/ayto.mutxamel.org\/wp-content\/uploads\/2025\/05\/6821b7decbdbf5.93275412Ex-Libris-VAL-400x400.webp\" class=\"attachment-us_600_400 size-us_600_400 wp-post-image\" alt=\"\" srcset=\"https:\/\/ayto.mutxamel.org\/wp-content\/uploads\/2025\/05\/6821b7decbdbf5.93275412Ex-Libris-VAL-400x400.webp 400w, https:\/\/ayto.mutxamel.org\/wp-content\/uploads\/2025\/05\/6821b7decbdbf5.93275412Ex-Libris-VAL-300x300.webp 300w, https:\/\/ayto.mutxamel.org\/wp-content\/uploads\/2025\/05\/6821b7decbdbf5.93275412Ex-Libris-VAL-1024x1024.webp 1024w, https:\/\/ayto.mutxamel.org\/wp-content\/uploads\/2025\/05\/6821b7decbdbf5.93275412Ex-Libris-VAL-150x150.webp 150w, https:\/\/ayto.mutxamel.org\/wp-content\/uploads\/2025\/05\/6821b7decbdbf5.93275412Ex-Libris-VAL.webp 1080w\" sizes=\"auto, (max-width: 400px) 100vw, 400px\" \/><\/a><\/div><h3 class=\"w-post-elm post_title usg_post_title_1 entry-title color_link_inherit\"><a href=\"https:\/\/ayto.mutxamel.org\/ca\/eventos\/taller-de-ex-libris\/\">Taller de Ex-Libris<\/a><\/h3><div class=\"w-hwrapper usg_hwrapper_1 align_none valign_middle\" style=\"--hwrapper-gap:0.1rem\"><div class=\"w-post-elm post_custom_field usg_post_custom_field_1 has_text_color type_text mec_start_date color_link_inherit\"><i class=\"fas fa-calendar-alt\"><\/i><span class=\"w-post-elm-value\">21\/05\/2025<\/span><\/div><div class=\"w-text usg_text_2 hidden has_text_color\"><span class=\"w-text-h\"><span class=\"w-text-value\">\/ HORA<\/span><\/span><\/div><div class=\"w-post-elm post_custom_field usg_post_custom_field_2 has_text_color type_text mec_start_time_hour color_link_inherit\"><i class=\"fal fa-clock\"><\/i><span class=\"w-post-elm-value\">05<\/span><\/div><div class=\"w-text usg_text_3 has_text_color\"><span class=\"w-text-h\"><span class=\"w-text-value\">:<\/span><\/span><\/div><div class=\"w-post-elm post_custom_field usg_post_custom_field_5 has_text_color type_text mec_start_time_minutes color_link_inherit\"><span class=\"w-post-elm-value\">30<\/span><\/div><div class=\"w-post-elm post_custom_field usg_post_custom_field_6 has_text_color type_text mec_start_time_ampm color_link_inherit\"><span class=\"w-post-elm-value\">PM<\/span><\/div><div class=\"w-post-elm post_custom_field usg_post_custom_field_4 type_text mec-events-abbr color_link_inherit\"><span class=\"w-post-elm-value\"><\/span><\/div><\/div><div class=\"w-text usg_text_1 hidden has_text_color\"><span class=\"w-text-h\"><span class=\"w-text-value\">Lloc de l&#8217;esdeveniment<\/span><\/span><\/div><div class=\"w-post-elm post_custom_field usg_post_custom_field_3 has_text_color type_text mec_location_id color_link_inherit\"><i class=\"fas fa-map-marker-alt\"><\/i><span class=\"w-post-elm-value\">Biblioteca Municipal<\/span><\/div><a class=\"w-btn us-btn-style_1 usg_btn_1 has_text_color\" href=\"https:\/\/ayto.mutxamel.org\/ca\/eventos\/taller-de-ex-libris\/\"><span class=\"w-btn-label\">M\u00e9s info&#8230;<\/span><\/a>\t\t<\/div>\r\n\t\t\t<\/article>\r\n\t<article class=\"w-grid-item us_animate_afb size_1x1 post-57018 mec-events type-mec-events status-publish has-post-thumbnail hentry mec_category-biblioteca-va\" data-id=\"57018\" style=\"animation-delay:0.3s\">\r\n\t\t<div class=\"w-grid-item-h\">\r\n\t\t\t\t\t\t<div class=\"w-post-elm post_image usg_post_image_1\"><a href=\"https:\/\/ayto.mutxamel.org\/ca\/eventos\/xarrada-amb-lautora-nina-sweet\/\" aria-label=\"Xarrada amb l&#8217;autora Nina Sweet\"><img loading=\"lazy\" decoding=\"async\" width=\"400\" height=\"400\" src=\"https:\/\/ayto.mutxamel.org\/wp-content\/uploads\/2025\/05\/681877d5ed6260.38410720NINA-SWEET-VAL-1-400x400.jpg\" class=\"attachment-us_600_400 size-us_600_400 wp-post-image\" alt=\"\" srcset=\"https:\/\/ayto.mutxamel.org\/wp-content\/uploads\/2025\/05\/681877d5ed6260.38410720NINA-SWEET-VAL-1-400x400.jpg 400w, https:\/\/ayto.mutxamel.org\/wp-content\/uploads\/2025\/05\/681877d5ed6260.38410720NINA-SWEET-VAL-1-300x300.jpg 300w, https:\/\/ayto.mutxamel.org\/wp-content\/uploads\/2025\/05\/681877d5ed6260.38410720NINA-SWEET-VAL-1-1024x1024.jpg 1024w, https:\/\/ayto.mutxamel.org\/wp-content\/uploads\/2025\/05\/681877d5ed6260.38410720NINA-SWEET-VAL-1-150x150.jpg 150w, https:\/\/ayto.mutxamel.org\/wp-content\/uploads\/2025\/05\/681877d5ed6260.38410720NINA-SWEET-VAL-1.jpg 1080w\" sizes=\"auto, (max-width: 400px) 100vw, 400px\" \/><\/a><\/div><h3 class=\"w-post-elm post_title usg_post_title_1 entry-title color_link_inherit\"><a href=\"https:\/\/ayto.mutxamel.org\/ca\/eventos\/xarrada-amb-lautora-nina-sweet\/\">Xarrada amb l&#8217;autora Nina Sweet<\/a><\/h3><div class=\"w-hwrapper usg_hwrapper_1 align_none valign_middle\" style=\"--hwrapper-gap:0.1rem\"><div class=\"w-post-elm post_custom_field usg_post_custom_field_1 has_text_color type_text mec_start_date color_link_inherit\"><i class=\"fas fa-calendar-alt\"><\/i><span class=\"w-post-elm-value\">16\/05\/2025<\/span><\/div><div class=\"w-text usg_text_2 hidden has_text_color\"><span class=\"w-text-h\"><span class=\"w-text-value\">\/ HORA<\/span><\/span><\/div><div class=\"w-post-elm post_custom_field usg_post_custom_field_2 has_text_color type_text mec_start_time_hour color_link_inherit\"><i class=\"fal fa-clock\"><\/i><span class=\"w-post-elm-value\">06<\/span><\/div><div class=\"w-text usg_text_3 has_text_color\"><span class=\"w-text-h\"><span class=\"w-text-value\">:<\/span><\/span><\/div><div class=\"w-post-elm post_custom_field usg_post_custom_field_5 has_text_color type_text mec_start_time_minutes color_link_inherit\"><span class=\"w-post-elm-value\">30<\/span><\/div><div class=\"w-post-elm post_custom_field usg_post_custom_field_6 has_text_color type_text mec_start_time_ampm color_link_inherit\"><span class=\"w-post-elm-value\">PM<\/span><\/div><div class=\"w-post-elm post_custom_field usg_post_custom_field_4 type_text mec-events-abbr color_link_inherit\"><span class=\"w-post-elm-value\"><\/span><\/div><\/div><div class=\"w-text usg_text_1 hidden has_text_color\"><span class=\"w-text-h\"><span class=\"w-text-value\">Lloc de l&#8217;esdeveniment<\/span><\/span><\/div><div class=\"w-post-elm post_custom_field usg_post_custom_field_3 has_text_color type_text mec_location_id color_link_inherit\"><i class=\"fas fa-map-marker-alt\"><\/i><span class=\"w-post-elm-value\">Biblioteca Municipal<\/span><\/div><a class=\"w-btn us-btn-style_1 usg_btn_1 has_text_color\" href=\"https:\/\/ayto.mutxamel.org\/ca\/eventos\/xarrada-amb-lautora-nina-sweet\/\"><span class=\"w-btn-label\">M\u00e9s info&#8230;<\/span><\/a>\t\t<\/div>\r\n\t\t\t<\/article>\r\n<\/div>\t<div class=\"w-grid-preloader\">\r\n\t\t<div class=\"g-preloader type_1\">\r\n\t\t\t<div><\/div>\r\n\t\t<\/div>\r\n\t<\/div>\r\n\t\t\t\t<div class=\"g-loadmore \">\r\n\t\t\t\t<div class=\"g-preloader type_1\">\r\n\t\t\t\t\t<div><\/div>\r\n\t\t\t\t<\/div>\r\n\t\t\t\t<button class=\"w-btn us-btn-style_2\">\r\n\t\t\t\t\t<span class=\"w-btn-label\">Load More<\/span>\r\n\t\t\t\t<\/button>\r\n\t\t\t<\/div>\r\n\t\t\t\t<div class=\"w-grid-json hidden\" onclick='return {&quot;action&quot;:&quot;us_ajax_grid&quot;,&quot;infinite_scroll&quot;:0,&quot;max_num_pages&quot;:6,&quot;pagination&quot;:&quot;ajax&quot;,&quot;template_vars&quot;:{&quot;columns&quot;:&quot;4&quot;,&quot;exclude_items&quot;:&quot;none&quot;,&quot;img_size&quot;:&quot;us_600_400&quot;,&quot;ignore_items_size&quot;:0,&quot;items_layout&quot;:&quot;25418&quot;,&quot;items_offset&quot;:&quot;1&quot;,&quot;load_animation&quot;:&quot;afb&quot;,&quot;overriding_link&quot;:&quot;%7B%22url%22%3A%22%22%7D&quot;,&quot;post_id&quot;:0,&quot;query_args&quot;:{&quot;post_type&quot;:[&quot;mec-events&quot;],&quot;tax_query&quot;:[{&quot;taxonomy&quot;:&quot;mec_category&quot;,&quot;field&quot;:&quot;slug&quot;,&quot;terms&quot;:[&quot;biblioteca&quot;]}],&quot;post_status&quot;:[&quot;publish&quot;,&quot;acf-disabled&quot;],&quot;posts_per_page&quot;:&quot;4&quot;},&quot;orderby_query_args&quot;:{&quot;orderby&quot;:&quot;custom_field&quot;,&quot;meta_key&quot;:&quot;mec_start_from_today&quot;,&quot;order&quot;:&quot;DESC&quot;},&quot;type&quot;:&quot;grid&quot;,&quot;us_grid_post_type&quot;:&quot;mec-events&quot;,&quot;us_grid_ajax_index&quot;:3,&quot;us_grid_filter_query_string&quot;:null,&quot;us_grid_index&quot;:3,&quot;page_args&quot;:[],&quot;lang&quot;:&quot;ca&quot;}}'><\/div>\r\n\t<\/div><div class=\"w-separator size_small\"><\/div><\/div><\/div><\/div><\/div><\/section>\n","protected":false},"featured_media":25086,"parent":0,"menu_order":0,"template":"","meta":{"_acf_changed":false,"footnotes":""},"categoria_area":[358],"ambito_area":[434],"class_list":["post-36796","area","type-area","status-publish","has-post-thumbnail","hentry","categoria_area-biblioteca-ca","ambito_area-cultura-i-educacio"],"acf":[],"yoast_head":"<!-- This site is optimized with the Yoast SEO plugin v27.3 - https:\/\/yoast.com\/product\/yoast-seo-wordpress\/ -->\n<title>Biblioteca - Ayuntamiento de Mutxamel<\/title>\n<meta name=\"robots\" content=\"index, follow, max-snippet:-1, max-image-preview:large, max-video-preview:-1\" \/>\n<link rel=\"canonical\" href=\"https:\/\/ayto.mutxamel.org\/ca\/area\/biblioteca\/\" \/>\n<meta property=\"og:locale\" content=\"ca_ES\" \/>\n<meta property=\"og:type\" content=\"article\" \/>\n<meta property=\"og:title\" content=\"Biblioteca - Ayuntamiento de Mutxamel\" \/>\n<meta property=\"og:url\" content=\"https:\/\/ayto.mutxamel.org\/ca\/area\/biblioteca\/\" \/>\n<meta property=\"og:site_name\" content=\"Ayuntamiento de Mutxamel\" \/>\n<meta property=\"article:modified_time\" content=\"2026-04-02T08:15:57+00:00\" \/>\n<meta name=\"twitter:card\" content=\"summary_large_image\" \/>\n<meta name=\"twitter:label1\" content=\"Temps estimat de lectura\" \/>\n\t<meta name=\"twitter:data1\" content=\"4 minuts\" \/>\n<script type=\"application\/ld+json\" class=\"yoast-schema-graph\">{\"@context\":\"https:\\\/\\\/schema.org\",\"@graph\":[{\"@type\":\"WebPage\",\"@id\":\"https:\\\/\\\/ayto.mutxamel.org\\\/ca\\\/area\\\/biblioteca\\\/\",\"url\":\"https:\\\/\\\/ayto.mutxamel.org\\\/ca\\\/area\\\/biblioteca\\\/\",\"name\":\"Biblioteca - Ayuntamiento de Mutxamel\",\"isPartOf\":{\"@id\":\"https:\\\/\\\/ayto.mutxamel.org\\\/ca\\\/#website\"},\"primaryImageOfPage\":{\"@id\":\"https:\\\/\\\/ayto.mutxamel.org\\\/ca\\\/area\\\/biblioteca\\\/#primaryimage\"},\"image\":{\"@id\":\"https:\\\/\\\/ayto.mutxamel.org\\\/ca\\\/area\\\/biblioteca\\\/#primaryimage\"},\"thumbnailUrl\":\"https:\\\/\\\/ayto.mutxamel.org\\\/wp-content\\\/uploads\\\/2023\\\/10\\\/Rosae_neg.svg\",\"datePublished\":\"2023-10-06T09:41:19+00:00\",\"dateModified\":\"2026-04-02T08:15:57+00:00\",\"breadcrumb\":{\"@id\":\"https:\\\/\\\/ayto.mutxamel.org\\\/ca\\\/area\\\/biblioteca\\\/#breadcrumb\"},\"inLanguage\":\"ca\",\"potentialAction\":[{\"@type\":\"ReadAction\",\"target\":[\"https:\\\/\\\/ayto.mutxamel.org\\\/ca\\\/area\\\/biblioteca\\\/\"]}]},{\"@type\":\"ImageObject\",\"inLanguage\":\"ca\",\"@id\":\"https:\\\/\\\/ayto.mutxamel.org\\\/ca\\\/area\\\/biblioteca\\\/#primaryimage\",\"url\":\"https:\\\/\\\/ayto.mutxamel.org\\\/wp-content\\\/uploads\\\/2023\\\/10\\\/Rosae_neg.svg\",\"contentUrl\":\"https:\\\/\\\/ayto.mutxamel.org\\\/wp-content\\\/uploads\\\/2023\\\/10\\\/Rosae_neg.svg\",\"caption\":\"\u00c1rea\"},{\"@type\":\"BreadcrumbList\",\"@id\":\"https:\\\/\\\/ayto.mutxamel.org\\\/ca\\\/area\\\/biblioteca\\\/#breadcrumb\",\"itemListElement\":[{\"@type\":\"ListItem\",\"position\":1,\"name\":\"Portada\",\"item\":\"https:\\\/\\\/ayto.mutxamel.org\\\/ca\\\/\"},{\"@type\":\"ListItem\",\"position\":2,\"name\":\"areas\",\"item\":\"https:\\\/\\\/ayto.mutxamel.org\\\/ca\\\/area\\\/\"},{\"@type\":\"ListItem\",\"position\":3,\"name\":\"Biblioteca\"}]},{\"@type\":\"WebSite\",\"@id\":\"https:\\\/\\\/ayto.mutxamel.org\\\/ca\\\/#website\",\"url\":\"https:\\\/\\\/ayto.mutxamel.org\\\/ca\\\/\",\"name\":\"Ayuntamiento de Mutxamel\",\"description\":\"\",\"potentialAction\":[{\"@type\":\"SearchAction\",\"target\":{\"@type\":\"EntryPoint\",\"urlTemplate\":\"https:\\\/\\\/ayto.mutxamel.org\\\/ca\\\/?s={search_term_string}\"},\"query-input\":{\"@type\":\"PropertyValueSpecification\",\"valueRequired\":true,\"valueName\":\"search_term_string\"}}],\"inLanguage\":\"ca\"}]}<\/script>\n<!-- \/ Yoast SEO plugin. -->","yoast_head_json":{"title":"Biblioteca - Ayuntamiento de Mutxamel","robots":{"index":"index","follow":"follow","max-snippet":"max-snippet:-1","max-image-preview":"max-image-preview:large","max-video-preview":"max-video-preview:-1"},"canonical":"https:\/\/ayto.mutxamel.org\/ca\/area\/biblioteca\/","og_locale":"ca_ES","og_type":"article","og_title":"Biblioteca - Ayuntamiento de Mutxamel","og_url":"https:\/\/ayto.mutxamel.org\/ca\/area\/biblioteca\/","og_site_name":"Ayuntamiento de Mutxamel","article_modified_time":"2026-04-02T08:15:57+00:00","twitter_card":"summary_large_image","twitter_misc":{"Temps estimat de lectura":"4 minuts"},"schema":{"@context":"https:\/\/schema.org","@graph":[{"@type":"WebPage","@id":"https:\/\/ayto.mutxamel.org\/ca\/area\/biblioteca\/","url":"https:\/\/ayto.mutxamel.org\/ca\/area\/biblioteca\/","name":"Biblioteca - Ayuntamiento de Mutxamel","isPartOf":{"@id":"https:\/\/ayto.mutxamel.org\/ca\/#website"},"primaryImageOfPage":{"@id":"https:\/\/ayto.mutxamel.org\/ca\/area\/biblioteca\/#primaryimage"},"image":{"@id":"https:\/\/ayto.mutxamel.org\/ca\/area\/biblioteca\/#primaryimage"},"thumbnailUrl":"https:\/\/ayto.mutxamel.org\/wp-content\/uploads\/2023\/10\/Rosae_neg.svg","datePublished":"2023-10-06T09:41:19+00:00","dateModified":"2026-04-02T08:15:57+00:00","breadcrumb":{"@id":"https:\/\/ayto.mutxamel.org\/ca\/area\/biblioteca\/#breadcrumb"},"inLanguage":"ca","potentialAction":[{"@type":"ReadAction","target":["https:\/\/ayto.mutxamel.org\/ca\/area\/biblioteca\/"]}]},{"@type":"ImageObject","inLanguage":"ca","@id":"https:\/\/ayto.mutxamel.org\/ca\/area\/biblioteca\/#primaryimage","url":"https:\/\/ayto.mutxamel.org\/wp-content\/uploads\/2023\/10\/Rosae_neg.svg","contentUrl":"https:\/\/ayto.mutxamel.org\/wp-content\/uploads\/2023\/10\/Rosae_neg.svg","caption":"\u00c1rea"},{"@type":"BreadcrumbList","@id":"https:\/\/ayto.mutxamel.org\/ca\/area\/biblioteca\/#breadcrumb","itemListElement":[{"@type":"ListItem","position":1,"name":"Portada","item":"https:\/\/ayto.mutxamel.org\/ca\/"},{"@type":"ListItem","position":2,"name":"areas","item":"https:\/\/ayto.mutxamel.org\/ca\/area\/"},{"@type":"ListItem","position":3,"name":"Biblioteca"}]},{"@type":"WebSite","@id":"https:\/\/ayto.mutxamel.org\/ca\/#website","url":"https:\/\/ayto.mutxamel.org\/ca\/","name":"Ayuntamiento de Mutxamel","description":"","potentialAction":[{"@type":"SearchAction","target":{"@type":"EntryPoint","urlTemplate":"https:\/\/ayto.mutxamel.org\/ca\/?s={search_term_string}"},"query-input":{"@type":"PropertyValueSpecification","valueRequired":true,"valueName":"search_term_string"}}],"inLanguage":"ca"}]}},"_links":{"self":[{"href":"https:\/\/ayto.mutxamel.org\/ca\/wp-json\/wp\/v2\/area\/36796","targetHints":{"allow":["GET"]}}],"collection":[{"href":"https:\/\/ayto.mutxamel.org\/ca\/wp-json\/wp\/v2\/area"}],"about":[{"href":"https:\/\/ayto.mutxamel.org\/ca\/wp-json\/wp\/v2\/types\/area"}],"version-history":[{"count":61,"href":"https:\/\/ayto.mutxamel.org\/ca\/wp-json\/wp\/v2\/area\/36796\/revisions"}],"predecessor-version":[{"id":67065,"href":"https:\/\/ayto.mutxamel.org\/ca\/wp-json\/wp\/v2\/area\/36796\/revisions\/67065"}],"wp:featuredmedia":[{"embeddable":true,"href":"https:\/\/ayto.mutxamel.org\/ca\/wp-json\/wp\/v2\/media\/25086"}],"wp:attachment":[{"href":"https:\/\/ayto.mutxamel.org\/ca\/wp-json\/wp\/v2\/media?parent=36796"}],"wp:term":[{"taxonomy":"categoria_area","embeddable":true,"href":"https:\/\/ayto.mutxamel.org\/ca\/wp-json\/wp\/v2\/categoria_area?post=36796"},{"taxonomy":"ambito_area","embeddable":true,"href":"https:\/\/ayto.mutxamel.org\/ca\/wp-json\/wp\/v2\/ambito_area?post=36796"}],"curies":[{"name":"wp","href":"https:\/\/api.w.org\/{rel}","templated":true}]}}